{"id":32,"date":"2013-02-04T16:13:42","date_gmt":"2013-02-04T15:13:42","guid":{"rendered":"http:\/\/wp.kristdemokraterna.se\/ljungby\/?page_id=32"},"modified":"2026-04-20T14:52:05","modified_gmt":"2026-04-20T12:52:05","slug":"var-politik","status":"publish","type":"page","link":"https:\/\/wp.kristdemokraterna.se\/ljungby\/var-politik\/","title":{"rendered":"V\u00e5r politik"},"content":{"rendered":"<div id=\"body_layer\">\n<div id=\"id3\">\n<p>Emil Torstensson, Frida Bondesson och Bo-Lennart Jonasson \u00e4r Kristdemokraternas huvudkandidater till kommunfullm\u00e4ktige i Ljungby.<\/p>\n<p>KD g\u00e5r till val med en tydlig riktning \u2013 att st\u00e4rka det som betyder mest f\u00f6r m\u00e4nniskor.<\/p>\n<p>Det \u00e4r V\u00e5rd, Vardag och V\u00e4rderingar.<\/p>\n<p>V\u00e5ra viktigaste prioriteringar \u00e4r V\u00e5rden, Skolan och N\u00e4ringslivet.<br \/>\nVi vill se en n\u00e4ra och trygg v\u00e5rd, en skola d\u00e4r varje enskilt barn f\u00e5r r\u00e4tt f\u00f6ruts\u00e4ttningar att lyckas och ett f\u00f6retagsklimat som st\u00f6ttas f\u00f6r jobb och utveckling i hela kommunen.<\/p>\n<p>Vi tror p\u00e5 Ljungby&#8217;s m\u00f6jligheter. Vi tror p\u00e5 kraften hos m\u00e4nniskor som vill bo, arbeta och bygga sin framtid h\u00e4r.<\/p>\n<p>Med r\u00e4tt prioriteringar kan vi skapa en kommun som v\u00e4xer \u2013 med trygghet, ansvar och tydlig framtidstro.<\/p>\n<p>Tro p\u00e5 Sverige!<\/p>\n<p style=\"color: inherit;font-style: inherit\"><strong>Ljungby kommun ska bli Sveriges b\u00e4sta kommun att v\u00e4xa upp och leva i!<\/strong><\/p>\n<p>&nbsp;<\/p>\n<p style=\"color: inherit;font-style: inherit\">\n<\/div>\n<\/div>\n","protected":false},"excerpt":{"rendered":"<p>Emil Torstensson, Frida Bondesson och Bo-Lennart Jonasson \u00e4r Kristdemokraternas huvudkandidater till kommunfullm\u00e4ktige i Ljungby. KD g\u00e5r till val med en tydlig riktning \u2013 att st\u00e4rka det som betyder mest f\u00f6r m\u00e4nniskor. Det \u00e4r V\u00e5rd, Vardag och V\u00e4rderingar. V\u00e5ra viktigaste prioriteringar \u00e4r V\u00e5rden, Skolan och N\u00e4ringslivet. Vi vill se en n\u00e4ra och trygg v\u00e5rd, en skola <a class=\"read-more-link\" href=\"https:\/\/wp.kristdemokraterna.se\/ljungby\/var-politik\/\">Read More<\/a><\/p>\n","protected":false},"author":434,"featured_media":0,"parent":0,"menu_order":5,"comment_status":"closed","ping_status":"closed","template":"","meta":{"_acf_changed":false,"footnotes":""},"class_list":["post-32","page","type-page","status-publish","hentry"],"acf":[],"yoast_head":"<!-- This site is optimized with the Yoast SEO plugin v27.4 - https:\/\/yoast.com\/product\/yoast-seo-wordpress\/ -->\n<title>V\u00e5r politik - Kristdemokraterna Ljungby<\/title>\n<meta name=\"robots\" content=\"index, follow, max-snippet:-1, max-image-preview:large, max-video-preview:-1\" \/>\n<link rel=\"canonical\" href=\"https:\/\/wp.kristdemokraterna.se\/ljungby\/var-politik\/\" \/>\n<meta property=\"og:locale\" content=\"sv_SE\" \/>\n<meta property=\"og:type\" content=\"article\" \/>\n<meta property=\"og:title\" content=\"V\u00e5r politik - Kristdemokraterna Ljungby\" \/>\n<meta property=\"og:description\" content=\"Emil Torstensson, Frida Bondesson och Bo-Lennart Jonasson \u00e4r Kristdemokraternas huvudkandidater till kommunfullm\u00e4ktige i Ljungby. KD g\u00e5r till val med en tydlig riktning \u2013 att st\u00e4rka det som betyder mest f\u00f6r m\u00e4nniskor. Det \u00e4r V\u00e5rd, Vardag och V\u00e4rderingar. V\u00e5ra viktigaste prioriteringar \u00e4r V\u00e5rden, Skolan och N\u00e4ringslivet. Vi vill se en n\u00e4ra och trygg v\u00e5rd, en skola Read More\" \/>\n<meta property=\"og:url\" content=\"https:\/\/wp.kristdemokraterna.se\/ljungby\/var-politik\/\" \/>\n<meta property=\"og:site_name\" content=\"Kristdemokraterna Ljungby\" \/>\n<meta property=\"article:modified_time\" content=\"2026-04-20T12:52:05+00:00\" \/>\n<meta name=\"twitter:card\" content=\"summary_large_image\" \/>\n<meta name=\"twitter:label1\" content=\"Ber\u00e4knad l\u00e4stid\" \/>\n\t<meta name=\"twitter:data1\" content=\"1 minut\" \/>\n<script type=\"application\/ld+json\" class=\"yoast-schema-graph\">{\"@context\":\"https:\\\/\\\/schema.org\",\"@graph\":[{\"@type\":\"WebPage\",\"@id\":\"https:\\\/\\\/wp.kristdemokraterna.se\\\/ljungby\\\/var-politik\\\/\",\"url\":\"https:\\\/\\\/wp.kristdemokraterna.se\\\/ljungby\\\/var-politik\\\/\",\"name\":\"V\u00e5r politik - Kristdemokraterna Ljungby\",\"isPartOf\":{\"@id\":\"https:\\\/\\\/wp.kristdemokraterna.se\\\/ljungby\\\/#website\"},\"datePublished\":\"2013-02-04T15:13:42+00:00\",\"dateModified\":\"2026-04-20T12:52:05+00:00\",\"breadcrumb\":{\"@id\":\"https:\\\/\\\/wp.kristdemokraterna.se\\\/ljungby\\\/var-politik\\\/#breadcrumb\"},\"inLanguage\":\"sv-SE\",\"potentialAction\":[{\"@type\":\"ReadAction\",\"target\":[\"https:\\\/\\\/wp.kristdemokraterna.se\\\/ljungby\\\/var-politik\\\/\"]}]},{\"@type\":\"BreadcrumbList\",\"@id\":\"https:\\\/\\\/wp.kristdemokraterna.se\\\/ljungby\\\/var-politik\\\/#breadcrumb\",\"itemListElement\":[{\"@type\":\"ListItem\",\"position\":1,\"name\":\"Hem\",\"item\":\"https:\\\/\\\/wp.kristdemokraterna.se\\\/ljungby\\\/\"},{\"@type\":\"ListItem\",\"position\":2,\"name\":\"V\u00e5r politik\"}]},{\"@type\":\"WebSite\",\"@id\":\"https:\\\/\\\/wp.kristdemokraterna.se\\\/ljungby\\\/#website\",\"url\":\"https:\\\/\\\/wp.kristdemokraterna.se\\\/ljungby\\\/\",\"name\":\"Kristdemokraterna Ljungby\",\"description\":\"\",\"inLanguage\":\"sv-SE\"}]}<\/script>\n<!-- \/ Yoast SEO plugin. -->","yoast_head_json":{"title":"V\u00e5r politik - Kristdemokraterna Ljungby","robots":{"index":"index","follow":"follow","max-snippet":"max-snippet:-1","max-image-preview":"max-image-preview:large","max-video-preview":"max-video-preview:-1"},"canonical":"https:\/\/wp.kristdemokraterna.se\/ljungby\/var-politik\/","og_locale":"sv_SE","og_type":"article","og_title":"V\u00e5r politik - Kristdemokraterna Ljungby","og_description":"Emil Torstensson, Frida Bondesson och Bo-Lennart Jonasson \u00e4r Kristdemokraternas huvudkandidater till kommunfullm\u00e4ktige i Ljungby. KD g\u00e5r till val med en tydlig riktning \u2013 att st\u00e4rka det som betyder mest f\u00f6r m\u00e4nniskor. Det \u00e4r V\u00e5rd, Vardag och V\u00e4rderingar. V\u00e5ra viktigaste prioriteringar \u00e4r V\u00e5rden, Skolan och N\u00e4ringslivet. Vi vill se en n\u00e4ra och trygg v\u00e5rd, en skola Read More","og_url":"https:\/\/wp.kristdemokraterna.se\/ljungby\/var-politik\/","og_site_name":"Kristdemokraterna Ljungby","article_modified_time":"2026-04-20T12:52:05+00:00","twitter_card":"summary_large_image","twitter_misc":{"Ber\u00e4knad l\u00e4stid":"1 minut"},"schema":{"@context":"https:\/\/schema.org","@graph":[{"@type":"WebPage","@id":"https:\/\/wp.kristdemokraterna.se\/ljungby\/var-politik\/","url":"https:\/\/wp.kristdemokraterna.se\/ljungby\/var-politik\/","name":"V\u00e5r politik - Kristdemokraterna Ljungby","isPartOf":{"@id":"https:\/\/wp.kristdemokraterna.se\/ljungby\/#website"},"datePublished":"2013-02-04T15:13:42+00:00","dateModified":"2026-04-20T12:52:05+00:00","breadcrumb":{"@id":"https:\/\/wp.kristdemokraterna.se\/ljungby\/var-politik\/#breadcrumb"},"inLanguage":"sv-SE","potentialAction":[{"@type":"ReadAction","target":["https:\/\/wp.kristdemokraterna.se\/ljungby\/var-politik\/"]}]},{"@type":"BreadcrumbList","@id":"https:\/\/wp.kristdemokraterna.se\/ljungby\/var-politik\/#breadcrumb","itemListElement":[{"@type":"ListItem","position":1,"name":"Hem","item":"https:\/\/wp.kristdemokraterna.se\/ljungby\/"},{"@type":"ListItem","position":2,"name":"V\u00e5r politik"}]},{"@type":"WebSite","@id":"https:\/\/wp.kristdemokraterna.se\/ljungby\/#website","url":"https:\/\/wp.kristdemokraterna.se\/ljungby\/","name":"Kristdemokraterna Ljungby","description":"","inLanguage":"sv-SE"}]}},"_links":{"self":[{"href":"https:\/\/wp.kristdemokraterna.se\/ljungby\/wp-json\/wp\/v2\/pages\/32","targetHints":{"allow":["GET"]}}],"collection":[{"href":"https:\/\/wp.kristdemokraterna.se\/ljungby\/wp-json\/wp\/v2\/pages"}],"about":[{"href":"https:\/\/wp.kristdemokraterna.se\/ljungby\/wp-json\/wp\/v2\/types\/page"}],"author":[{"embeddable":true,"href":"https:\/\/wp.kristdemokraterna.se\/ljungby\/wp-json\/wp\/v2\/users\/434"}],"replies":[{"embeddable":true,"href":"https:\/\/wp.kristdemokraterna.se\/ljungby\/wp-json\/wp\/v2\/comments?post=32"}],"version-history":[{"count":15,"href":"https:\/\/wp.kristdemokraterna.se\/ljungby\/wp-json\/wp\/v2\/pages\/32\/revisions"}],"predecessor-version":[{"id":1181,"href":"https:\/\/wp.kristdemokraterna.se\/ljungby\/wp-json\/wp\/v2\/pages\/32\/revisions\/1181"}],"wp:attachment":[{"href":"https:\/\/wp.kristdemokraterna.se\/ljungby\/wp-json\/wp\/v2\/media?parent=32"}],"curies":[{"name":"wp","href":"https:\/\/api.w.org\/{rel}","templated":true}]}}