{"version":"1.0","provider_name":"Kristdemokraterna | Lund","provider_url":"https:\/\/wp.kristdemokraterna.se\/lund","title":"BEH\u00c5LL KONSTUTSKOTTET! - Kristdemokraterna | Lund","type":"rich","width":600,"height":338,"html":"<blockquote class=\"wp-embedded-content\" data-secret=\"ubaGsssYTk\"><a href=\"https:\/\/wp.kristdemokraterna.se\/lund\/3361-2\/\">BEH\u00c5LL KONSTUTSKOTTET!<\/a><\/blockquote><iframe sandbox=\"allow-scripts\" security=\"restricted\" src=\"https:\/\/wp.kristdemokraterna.se\/lund\/3361-2\/embed\/#?secret=ubaGsssYTk\" width=\"600\" height=\"338\" title=\"\u201dBEH\u00c5LL KONSTUTSKOTTET!\u201d &ndash; Kristdemokraterna | Lund\" data-secret=\"ubaGsssYTk\" frameborder=\"0\" marginwidth=\"0\" marginheight=\"0\" scrolling=\"no\" class=\"wp-embedded-content\"><\/iframe><script type=\"text\/javascript\">\n\/* <![CDATA[ *\/\n\/*! This file is auto-generated *\/\n!function(d,l){\"use strict\";l.querySelector&&d.addEventListener&&\"undefined\"!=typeof URL&&(d.wp=d.wp||{},d.wp.receiveEmbedMessage||(d.wp.receiveEmbedMessage=function(e){var t=e.data;if((t||t.secret||t.message||t.value)&&!\/[^a-zA-Z0-9]\/.test(t.secret)){for(var s,r,n,a=l.querySelectorAll('iframe[data-secret=\"'+t.secret+'\"]'),o=l.querySelectorAll('blockquote[data-secret=\"'+t.secret+'\"]'),c=new RegExp(\"^https?:$\",\"i\"),i=0;i<o.length;i++)o[i].style.display=\"none\";for(i=0;i<a.length;i++)s=a[i],e.source===s.contentWindow&&(s.removeAttribute(\"style\"),\"height\"===t.message?(1e3<(r=parseInt(t.value,10))?r=1e3:~~r<200&&(r=200),s.height=r):\"link\"===t.message&&(r=new URL(s.getAttribute(\"src\")),n=new URL(t.value),c.test(n.protocol))&&n.host===r.host&&l.activeElement===s&&(d.top.location.href=t.value))}},d.addEventListener(\"message\",d.wp.receiveEmbedMessage,!1),l.addEventListener(\"DOMContentLoaded\",function(){for(var e,t,s=l.querySelectorAll(\"iframe.wp-embedded-content\"),r=0;r<s.length;r++)(t=(e=s[r]).getAttribute(\"data-secret\"))||(t=Math.random().toString(36).substring(2,12),e.src+=\"#?secret=\"+t,e.setAttribute(\"data-secret\",t)),e.contentWindow.postMessage({message:\"ready\",secret:t},\"*\")},!1)))}(window,document);\n\/\/# sourceURL=https:\/\/wp.kristdemokraterna.se\/lund\/wp-includes\/js\/wp-embed.min.js\n\/* ]]> *\/\n<\/script>\n","description":"Beh\u00e5ll konstutskottet P\u00e5 Kultur- och fritidsn\u00e4mndens sammantr\u00e4de 15 augusti 2013 tillsattes ett konstutskott. Bakgrunden till detta var att Kultur- och fritidsn\u00e4mnden den 18 april 2012 gett f\u00f6rvaltningen i uppdrag att ta fram rutiner f\u00f6r att s\u00e4kerst\u00e4lla att upphandling av konst sker p\u00e5 ett h\u00e5llbart s\u00e4tt. F\u00f6re detta har det funnits liknande uppl\u00e4gg i Lunds kommun, L\u00e4s mer","thumbnail_url":"http:\/\/wp.kristdemokraterna.se\/lund\/files\/2023\/03\/dsc_9073-scaled-e1678270106290-223x300.jpg"}