{"version":"1.0","provider_name":"Kristdemokraterna | Lund","provider_url":"https:\/\/wp.kristdemokraterna.se\/lund","title":"Lunds kommun ska f\u00f6lja kommunallagen! - Kristdemokraterna | Lund","type":"rich","width":600,"height":338,"html":"<blockquote class=\"wp-embedded-content\" data-secret=\"WzcpTHTP7m\"><a href=\"https:\/\/wp.kristdemokraterna.se\/lund\/lunds-kommun-ska-folja-kommunallagen\/\">Lunds kommun ska f\u00f6lja kommunallagen!<\/a><\/blockquote><iframe sandbox=\"allow-scripts\" security=\"restricted\" src=\"https:\/\/wp.kristdemokraterna.se\/lund\/lunds-kommun-ska-folja-kommunallagen\/embed\/#?secret=WzcpTHTP7m\" width=\"600\" height=\"338\" title=\"\u201dLunds kommun ska f\u00f6lja kommunallagen!\u201d &ndash; Kristdemokraterna | Lund\" data-secret=\"WzcpTHTP7m\" frameborder=\"0\" marginwidth=\"0\" marginheight=\"0\" scrolling=\"no\" class=\"wp-embedded-content\"><\/iframe><script type=\"text\/javascript\">\n\/* <![CDATA[ *\/\n\/*! This file is auto-generated *\/\n!function(d,l){\"use strict\";l.querySelector&&d.addEventListener&&\"undefined\"!=typeof URL&&(d.wp=d.wp||{},d.wp.receiveEmbedMessage||(d.wp.receiveEmbedMessage=function(e){var t=e.data;if((t||t.secret||t.message||t.value)&&!\/[^a-zA-Z0-9]\/.test(t.secret)){for(var s,r,n,a=l.querySelectorAll('iframe[data-secret=\"'+t.secret+'\"]'),o=l.querySelectorAll('blockquote[data-secret=\"'+t.secret+'\"]'),c=new RegExp(\"^https?:$\",\"i\"),i=0;i<o.length;i++)o[i].style.display=\"none\";for(i=0;i<a.length;i++)s=a[i],e.source===s.contentWindow&&(s.removeAttribute(\"style\"),\"height\"===t.message?(1e3<(r=parseInt(t.value,10))?r=1e3:~~r<200&&(r=200),s.height=r):\"link\"===t.message&&(r=new URL(s.getAttribute(\"src\")),n=new URL(t.value),c.test(n.protocol))&&n.host===r.host&&l.activeElement===s&&(d.top.location.href=t.value))}},d.addEventListener(\"message\",d.wp.receiveEmbedMessage,!1),l.addEventListener(\"DOMContentLoaded\",function(){for(var e,t,s=l.querySelectorAll(\"iframe.wp-embedded-content\"),r=0;r<s.length;r++)(t=(e=s[r]).getAttribute(\"data-secret\"))||(t=Math.random().toString(36).substring(2,12),e.src+=\"#?secret=\"+t,e.setAttribute(\"data-secret\",t)),e.contentWindow.postMessage({message:\"ready\",secret:t},\"*\")},!1)))}(window,document);\n\/\/# sourceURL=https:\/\/wp.kristdemokraterna.se\/lund\/wp-includes\/js\/wp-embed.min.js\n\/* ]]> *\/\n<\/script>\n","description":"GUNNAR BR\u00c5DVIK, ers i Kommunstyrelsen, tycker det slarvas med besluten och har \u00f6verklagat fullm\u00e4ktigebeslutet om Strategin f\u00f6r utveckling av stadsk\u00e4rnan. Ett s\u00e5 viktigt beslut ska inte slarvas igenom Kommunfullm\u00e4ktige utan att det \u00e4r ordentligt f\u00f6rberett i ber\u00f6rd fackn\u00e4mnd. &#8221;Kommunfullm\u00e4ktige har i strid med 5 kap. 26\u201328 \u00a7\u00a7 kommunallagen antagit Strategin f\u00f6r utveckling av Lunds stadsk\u00e4rna L\u00e4s mer"}