{"version":"1.0","provider_name":"Kristdemokraterna | Lund","provider_url":"https:\/\/wp.kristdemokraterna.se\/lund","title":"St\u00e4ng inte av Lunds innerstad f\u00f6r biltrafik ! - Kristdemokraterna | Lund","type":"rich","width":600,"height":338,"html":"<blockquote class=\"wp-embedded-content\" data-secret=\"cgL4T7rp2v\"><a href=\"https:\/\/wp.kristdemokraterna.se\/lund\/stang-inte-av-lunds-innerstad-for-biltrafik\/\">St\u00e4ng inte av Lunds innerstad f\u00f6r biltrafik !<\/a><\/blockquote><iframe sandbox=\"allow-scripts\" security=\"restricted\" src=\"https:\/\/wp.kristdemokraterna.se\/lund\/stang-inte-av-lunds-innerstad-for-biltrafik\/embed\/#?secret=cgL4T7rp2v\" width=\"600\" height=\"338\" title=\"\u201dSt\u00e4ng inte av Lunds innerstad f\u00f6r biltrafik !\u201d &ndash; Kristdemokraterna | Lund\" data-secret=\"cgL4T7rp2v\" frameborder=\"0\" marginwidth=\"0\" marginheight=\"0\" scrolling=\"no\" class=\"wp-embedded-content\"><\/iframe><script type=\"text\/javascript\">\n\/* <![CDATA[ *\/\n\/*! This file is auto-generated *\/\n!function(d,l){\"use strict\";l.querySelector&&d.addEventListener&&\"undefined\"!=typeof URL&&(d.wp=d.wp||{},d.wp.receiveEmbedMessage||(d.wp.receiveEmbedMessage=function(e){var t=e.data;if((t||t.secret||t.message||t.value)&&!\/[^a-zA-Z0-9]\/.test(t.secret)){for(var s,r,n,a=l.querySelectorAll('iframe[data-secret=\"'+t.secret+'\"]'),o=l.querySelectorAll('blockquote[data-secret=\"'+t.secret+'\"]'),c=new RegExp(\"^https?:$\",\"i\"),i=0;i<o.length;i++)o[i].style.display=\"none\";for(i=0;i<a.length;i++)s=a[i],e.source===s.contentWindow&&(s.removeAttribute(\"style\"),\"height\"===t.message?(1e3<(r=parseInt(t.value,10))?r=1e3:~~r<200&&(r=200),s.height=r):\"link\"===t.message&&(r=new URL(s.getAttribute(\"src\")),n=new URL(t.value),c.test(n.protocol))&&n.host===r.host&&l.activeElement===s&&(d.top.location.href=t.value))}},d.addEventListener(\"message\",d.wp.receiveEmbedMessage,!1),l.addEventListener(\"DOMContentLoaded\",function(){for(var e,t,s=l.querySelectorAll(\"iframe.wp-embedded-content\"),r=0;r<s.length;r++)(t=(e=s[r]).getAttribute(\"data-secret\"))||(t=Math.random().toString(36).substring(2,12),e.src+=\"#?secret=\"+t,e.setAttribute(\"data-secret\",t)),e.contentWindow.postMessage({message:\"ready\",secret:t},\"*\")},!1)))}(window,document);\n\/\/# sourceURL=https:\/\/wp.kristdemokraterna.se\/lund\/wp-includes\/js\/wp-embed.min.js\n\/* ]]> *\/\n<\/script>\n","description":"Johanna Ros\u00e9n, KD, vice ordf\u00f6rande i Milj\u00f6n\u00e4mnden H\u00c5LL STADEN LEVANDE!\u00a0 \u00e4r\u00a0 mottot i dagens ins\u00e4ndare i Sydsvenskan I Lund f\u00f6resl\u00e5r Milj\u00f6partiet att staden ska inf\u00f6ra en s\u00e5 kallad milj\u00f6zon klass 3, att centrum ska kunna st\u00e4ngas f\u00f6r biltrafik. Det \u00e4r ingen bra id\u00e9. Milj\u00f6partiets bevekelsegrund \u00e4r att en milj\u00f6zon 3 minskar utsl\u00e4ppen i innerstaden. En L\u00e4s mer"}