{"id":363,"date":"2017-12-04T16:11:27","date_gmt":"2017-12-04T15:11:27","guid":{"rendered":"http:\/\/wp.kristdemokraterna.se\/malmo\/?page_id=363"},"modified":"2025-07-22T15:03:31","modified_gmt":"2025-07-22T13:03:31","slug":"kontakta-oss-2","status":"publish","type":"page","link":"https:\/\/wp.kristdemokraterna.se\/malmo\/?page_id=363","title":{"rendered":"Kontakta oss"},"content":{"rendered":"<p>&nbsp;<\/p>\n<h3><strong>Kristdemokraterna Malm\u00f6<\/strong><\/h3>\n<p>V\u00e4stra R\u00f6nneholmsv\u00e4gen 59 B<br \/>\n217 41 Malm\u00f6<\/p>\n<p><strong>Epost:<\/strong> <a href=\"mailto:malmo@kristdemokraterna.se\">malmo@kristdemokraterna.se<\/a><\/p>\n","protected":false},"excerpt":{"rendered":"<p>&nbsp; Kristdemokraterna Malm\u00f6 V\u00e4stra R\u00f6nneholmsv\u00e4gen 59 B 217 41 Malm\u00f6 Epost: malmo@kristdemokraterna.se<\/p>\n","protected":false},"author":882,"featured_media":0,"parent":0,"menu_order":0,"comment_status":"closed","ping_status":"closed","template":"page.php","meta":{"_acf_changed":false,"footnotes":""},"class_list":["post-363","page","type-page","status-publish","hentry"],"acf":[],"yoast_head":"<!-- This site is optimized with the Yoast SEO plugin v27.5 - https:\/\/yoast.com\/product\/yoast-seo-wordpress\/ -->\n<title>Kontakta oss - Kristdemokraterna | Malm\u00f6<\/title>\n<meta name=\"robots\" content=\"index, follow, max-snippet:-1, max-image-preview:large, max-video-preview:-1\" \/>\n<link rel=\"canonical\" href=\"https:\/\/wp.kristdemokraterna.se\/malmo\/?page_id=363\" \/>\n<meta property=\"og:locale\" content=\"sv_SE\" \/>\n<meta property=\"og:type\" content=\"article\" \/>\n<meta property=\"og:title\" content=\"Kontakta oss - Kristdemokraterna | Malm\u00f6\" \/>\n<meta property=\"og:description\" content=\"&nbsp; Kristdemokraterna Malm\u00f6 V\u00e4stra R\u00f6nneholmsv\u00e4gen 59 B 217 41 Malm\u00f6 Epost: malmo@kristdemokraterna.se\" \/>\n<meta property=\"og:url\" content=\"https:\/\/wp.kristdemokraterna.se\/malmo\/?page_id=363\" \/>\n<meta property=\"og:site_name\" content=\"Kristdemokraterna | Malm\u00f6\" \/>\n<meta property=\"article:modified_time\" content=\"2025-07-22T13:03:31+00:00\" \/>\n<meta name=\"twitter:card\" content=\"summary_large_image\" \/>\n<meta name=\"twitter:label1\" content=\"Ber\u00e4knad l\u00e4stid\" \/>\n\t<meta name=\"twitter:data1\" content=\"1 minut\" \/>\n<script type=\"application\/ld+json\" class=\"yoast-schema-graph\">{\"@context\":\"https:\\\/\\\/schema.org\",\"@graph\":[{\"@type\":\"WebPage\",\"@id\":\"https:\\\/\\\/wp.kristdemokraterna.se\\\/malmo\\\/?page_id=363\",\"url\":\"https:\\\/\\\/wp.kristdemokraterna.se\\\/malmo\\\/?page_id=363\",\"name\":\"Kontakta oss - Kristdemokraterna | Malm\u00f6\",\"isPartOf\":{\"@id\":\"https:\\\/\\\/wp.kristdemokraterna.se\\\/malmo\\\/#website\"},\"datePublished\":\"2017-12-04T15:11:27+00:00\",\"dateModified\":\"2025-07-22T13:03:31+00:00\",\"breadcrumb\":{\"@id\":\"https:\\\/\\\/wp.kristdemokraterna.se\\\/malmo\\\/?page_id=363#breadcrumb\"},\"inLanguage\":\"sv-SE\",\"potentialAction\":[{\"@type\":\"ReadAction\",\"target\":[\"https:\\\/\\\/wp.kristdemokraterna.se\\\/malmo\\\/?page_id=363\"]}]},{\"@type\":\"BreadcrumbList\",\"@id\":\"https:\\\/\\\/wp.kristdemokraterna.se\\\/malmo\\\/?page_id=363#breadcrumb\",\"itemListElement\":[{\"@type\":\"ListItem\",\"position\":1,\"name\":\"Hem\",\"item\":\"https:\\\/\\\/wp.kristdemokraterna.se\\\/malmo\\\/\"},{\"@type\":\"ListItem\",\"position\":2,\"name\":\"Kontakta oss\"}]},{\"@type\":\"WebSite\",\"@id\":\"https:\\\/\\\/wp.kristdemokraterna.se\\\/malmo\\\/#website\",\"url\":\"https:\\\/\\\/wp.kristdemokraterna.se\\\/malmo\\\/\",\"name\":\"Kristdemokraterna | Malm\u00f6\",\"description\":\"\",\"inLanguage\":\"sv-SE\"}]}<\/script>\n<!-- \/ Yoast SEO plugin. -->","yoast_head_json":{"title":"Kontakta oss - Kristdemokraterna | Malm\u00f6","robots":{"index":"index","follow":"follow","max-snippet":"max-snippet:-1","max-image-preview":"max-image-preview:large","max-video-preview":"max-video-preview:-1"},"canonical":"https:\/\/wp.kristdemokraterna.se\/malmo\/?page_id=363","og_locale":"sv_SE","og_type":"article","og_title":"Kontakta oss - Kristdemokraterna | Malm\u00f6","og_description":"&nbsp; Kristdemokraterna Malm\u00f6 V\u00e4stra R\u00f6nneholmsv\u00e4gen 59 B 217 41 Malm\u00f6 Epost: malmo@kristdemokraterna.se","og_url":"https:\/\/wp.kristdemokraterna.se\/malmo\/?page_id=363","og_site_name":"Kristdemokraterna | Malm\u00f6","article_modified_time":"2025-07-22T13:03:31+00:00","twitter_card":"summary_large_image","twitter_misc":{"Ber\u00e4knad l\u00e4stid":"1 minut"},"schema":{"@context":"https:\/\/schema.org","@graph":[{"@type":"WebPage","@id":"https:\/\/wp.kristdemokraterna.se\/malmo\/?page_id=363","url":"https:\/\/wp.kristdemokraterna.se\/malmo\/?page_id=363","name":"Kontakta oss - Kristdemokraterna | Malm\u00f6","isPartOf":{"@id":"https:\/\/wp.kristdemokraterna.se\/malmo\/#website"},"datePublished":"2017-12-04T15:11:27+00:00","dateModified":"2025-07-22T13:03:31+00:00","breadcrumb":{"@id":"https:\/\/wp.kristdemokraterna.se\/malmo\/?page_id=363#breadcrumb"},"inLanguage":"sv-SE","potentialAction":[{"@type":"ReadAction","target":["https:\/\/wp.kristdemokraterna.se\/malmo\/?page_id=363"]}]},{"@type":"BreadcrumbList","@id":"https:\/\/wp.kristdemokraterna.se\/malmo\/?page_id=363#breadcrumb","itemListElement":[{"@type":"ListItem","position":1,"name":"Hem","item":"https:\/\/wp.kristdemokraterna.se\/malmo\/"},{"@type":"ListItem","position":2,"name":"Kontakta oss"}]},{"@type":"WebSite","@id":"https:\/\/wp.kristdemokraterna.se\/malmo\/#website","url":"https:\/\/wp.kristdemokraterna.se\/malmo\/","name":"Kristdemokraterna | Malm\u00f6","description":"","inLanguage":"sv-SE"}]}},"_links":{"self":[{"href":"https:\/\/wp.kristdemokraterna.se\/malmo\/index.php?rest_route=\/wp\/v2\/pages\/363","targetHints":{"allow":["GET"]}}],"collection":[{"href":"https:\/\/wp.kristdemokraterna.se\/malmo\/index.php?rest_route=\/wp\/v2\/pages"}],"about":[{"href":"https:\/\/wp.kristdemokraterna.se\/malmo\/index.php?rest_route=\/wp\/v2\/types\/page"}],"author":[{"embeddable":true,"href":"https:\/\/wp.kristdemokraterna.se\/malmo\/index.php?rest_route=\/wp\/v2\/users\/882"}],"replies":[{"embeddable":true,"href":"https:\/\/wp.kristdemokraterna.se\/malmo\/index.php?rest_route=%2Fwp%2Fv2%2Fcomments&post=363"}],"version-history":[{"count":6,"href":"https:\/\/wp.kristdemokraterna.se\/malmo\/index.php?rest_route=\/wp\/v2\/pages\/363\/revisions"}],"predecessor-version":[{"id":5255,"href":"https:\/\/wp.kristdemokraterna.se\/malmo\/index.php?rest_route=\/wp\/v2\/pages\/363\/revisions\/5255"}],"wp:attachment":[{"href":"https:\/\/wp.kristdemokraterna.se\/malmo\/index.php?rest_route=%2Fwp%2Fv2%2Fmedia&parent=363"}],"curies":[{"name":"wp","href":"https:\/\/api.w.org\/{rel}","templated":true}]}}