{"id":4928,"date":"2022-08-08T21:36:45","date_gmt":"2022-08-08T19:36:45","guid":{"rendered":"https:\/\/wp.kristdemokraterna.se\/malmo\/?page_id=4928"},"modified":"2022-08-09T12:22:32","modified_gmt":"2022-08-09T10:22:32","slug":"jobb-och-naringsliv","status":"publish","type":"page","link":"https:\/\/wp.kristdemokraterna.se\/malmo\/?page_id=4928","title":{"rendered":"Jobb och n\u00e4ringsliv"},"content":{"rendered":"<blockquote><p><strong><em>\u201dEtt konkurrenskraftigt och differentierat n\u00e4ringsliv \u00e4r en f\u00f6ruts\u00e4ttning f\u00f6r det goda samh\u00e4llet och en god v\u00e4lf\u00e4rd. Detta inneb\u00e4r i sin tur att ett gott klimat m\u00e5ste skapas och vidmakth\u00e5llas f\u00f6r ett dynamiskt sm\u00e5f\u00f6retagande, d\u00e4r enskilda m\u00e4nniskors id\u00e9er, kreativitet och entrepren\u00f6rskap f\u00e5r m\u00f6jlighet att blomma ut.\u201d<\/em><\/strong><\/p><\/blockquote>\n<p><a href=\"http:\/\/wp.kristdemokraterna.se\/malmo\/files\/2022\/08\/bild8.jpg\"><img loading=\"lazy\" decoding=\"async\" class=\"alignright wp-image-4925 size-medium\" src=\"http:\/\/wp.kristdemokraterna.se\/malmo\/files\/2022\/08\/bild8-300x225.jpg\" alt=\"\" width=\"300\" height=\"225\" srcset=\"https:\/\/wp.kristdemokraterna.se\/malmo\/files\/2022\/08\/bild8-300x225.jpg 300w, https:\/\/wp.kristdemokraterna.se\/malmo\/files\/2022\/08\/bild8-267x200.jpg 267w, https:\/\/wp.kristdemokraterna.se\/malmo\/files\/2022\/08\/bild8-370x277.jpg 370w, https:\/\/wp.kristdemokraterna.se\/malmo\/files\/2022\/08\/bild8-450x337.jpg 450w, https:\/\/wp.kristdemokraterna.se\/malmo\/files\/2022\/08\/bild8-280x210.jpg 280w, https:\/\/wp.kristdemokraterna.se\/malmo\/files\/2022\/08\/bild8-340x255.jpg 340w, https:\/\/wp.kristdemokraterna.se\/malmo\/files\/2022\/08\/bild8-200x150.jpg 200w, https:\/\/wp.kristdemokraterna.se\/malmo\/files\/2022\/08\/bild8-75x56.jpg 75w, https:\/\/wp.kristdemokraterna.se\/malmo\/files\/2022\/08\/bild8.jpg 735w\" sizes=\"auto, (max-width: 300px) 100vw, 300px\" \/><\/a><\/p>\n<p>Politiken ska bidra till att det blir l\u00e4ttare att driva f\u00f6retag. Med v\u00e4lm\u00e5ende och framg\u00e5ngsrika f\u00f6retag i ett v\u00e4l diversifierat n\u00e4ringsliv f\u00e5r vi l\u00e4gre arbetsl\u00f6shet, h\u00f6gre tillv\u00e4xt och b\u00e4ttre f\u00f6ruts\u00e4ttningar att finansiera v\u00e4lf\u00e4rden.<\/p>\n<p>Malm\u00f6 stads n\u00e4ringsliv pr\u00e4glas av tj\u00e4nstesektorn. Flest arbetstillf\u00e4llen finns inom f\u00f6retagstj\u00e4nster, v\u00e5rd- och omsorg samt handel. Malm\u00f6 har en v\u00e4sentligt l\u00e4gre andel tillverkande industri \u00e4n genomsnittet f\u00f6r Sverige. Med den dominans av arbetstillf\u00e4llen som finns inom f\u00f6retagstj\u00e4nster och v\u00e5rd- och omsorg finns ett stort glapp mellan krav p\u00e5 utbildning och de arbetss\u00f6kandes kompetens.<\/p>\n<p>Samtidigt s\u00e4ger f\u00f6retagen i Svenskt N\u00e4ringslivs \u00e5rliga enk\u00e4t att just tillg\u00e5ngen p\u00e5 kvalificerad arbetskraft i Malm\u00f6 inte \u00e4r en negativ faktor, tv\u00e4rtom s\u00e5 \u00e4r tillg\u00e5ngen god. En slutsats av detta \u00e4r att f\u00f6r att minska antalet arbetss\u00f6kande i Malm\u00f6 m\u00e5ste n\u00e4ringslivet bli mer diversifierat. En viktig del i detta \u00e4r att underl\u00e4tta f\u00f6r de sm\u00e5 och medelstora f\u00f6retagen.<\/p>\n<p>Den verklighet vi har att m\u00f6ta i Malm\u00f6 best\u00e5r av:<\/p>\n<ul>\n<li>Under l\u00e5ng tid h\u00f6gst, eller n\u00e4st h\u00f6gst, arbetsl\u00f6shet i Sverige.<\/li>\n<li>En stor del av de arbetsl\u00f6sa saknar gymnasieutbildning.<\/li>\n<li>F\u00e5 arbetstillf\u00e4llen f\u00f6r l\u00e5gutbildade.<\/li>\n<li>F\u00f6retagare \u00e4r otrygga p\u00e5 grund av utbredd kriminalitet.<\/li>\n<li>F\u00f6retagare upplever d\u00e5lig f\u00f6rst\u00e5else fr\u00e5n Malm\u00f6 stad.<\/li>\n<li>F\u00f6retagare upplever att kommunen har l\u00e5nga handl\u00e4ggningstider.<\/li>\n<\/ul>\n<h4>Kristdemokraterna i Malm\u00f6 anser att<\/h4>\n<ul>\n<li>F\u00f6retagarens vardag ska f\u00f6renklas.<\/li>\n<li>Tryggheten f\u00f6r f\u00f6retagare m\u00e5ste \u00f6ka.<\/li>\n<li>Ett arbete p\u00e5b\u00f6rjas tillsammans med f\u00f6retagare, polis, socialtj\u00e4nst och N\u00e4ringslivsenheten f\u00f6r att utarbeta en strategi f\u00f6r minskad kriminalitet.<\/li>\n<li>Brott mot f\u00f6retagare synligg\u00f6rs genom att b\u00f6rja m\u00e4ta dem.<\/li>\n<li>N\u00e4ringslivsenheten ska ges en nystart.<\/li>\n<li>Arbetet att skapa ett diversifierat n\u00e4ringsliv prioriteras.<\/li>\n<li>Tj\u00e4nstepersonerna i kommunen ska utbildas i f\u00f6retagande f\u00f6r att kunna till\u00e4mpa ett l\u00f6sningsorienterat syns\u00e4tt gentemot f\u00f6retagen.<\/li>\n<li>Entrepren\u00f6rskap m\u00f6jligg\u00f6rs i yrkesinriktade linjer p\u00e5 gymnasieskolan, exempelvis genom samverkan med Ung F\u00f6retagsamhet.<\/li>\n<li>Samarbetet med Malm\u00f6 yrkesh\u00f6gskolor och deras samarbete med f\u00f6retagen fr\u00e4mjas.<\/li>\n<li>\u00d6resundsmetron mellan Malm\u00f6 och K\u00f6penhamn ska byggas.<\/li>\n<li>Malm\u00f6 stad ska bli mer arbetsv\u00e4nligt.<\/li>\n<li>Alla kommunala f\u00f6rvaltningar ska ha en v\u00e4lkomnande attityd och skapa enkla kontaktv\u00e4gar gentemot n\u00e4ringslivet.<\/li>\n<li>Kommunen ska i samverkan med n\u00e4ringslivet intensifiera arbetet f\u00f6r att fler personer l\u00e5ngt fr\u00e5n arbetsmarknaden ska f\u00e5 praktikplats.<\/li>\n<li>Kommunen ska ta initiativ f\u00f6r samverkan mellan olika akt\u00f6rer som kommun, region, arbetsf\u00f6rmedling och f\u00f6rs\u00e4kringskassa f\u00f6r att m\u00e4nniskor ska kunna g\u00e5 fr\u00e5n arbetsl\u00f6shet till studier eller arbete.<\/li>\n<li>Det ska st\u00e4llas krav p\u00e5 kvalitet i upphandlingarna och det ska g\u00e5 att f\u00f6lja upp vilken kvalitet som levereras s\u00e5 att kommunen kan s\u00e4kerst\u00e4lla att r\u00e4tt pris och kvalitet alltid uppn\u00e5s.<\/li>\n<li>Kommunens verksamheter ska utmanas genom inf\u00f6rande av Lagen om valfrihetssystem, LOV. Uppmuntra privata och kooperativa v\u00e4lf\u00e4rdsf\u00f6retag.<\/li>\n<li>Malm\u00f6 ska bli en av Sveriges mest f\u00f6retagsv\u00e4nliga st\u00e4der till 2030.<\/li>\n<li>Kommunens regelverk ska revideras. Implementera f\u00f6resatsen \u201den regel in, tv\u00e5 regler ut\u201d.<\/li>\n<li>Malm\u00f6 stads service till f\u00f6retagen ska tydligg\u00f6ras genom att det inf\u00f6rs servicegarantier, med tydliga besked om vilka effekter det blir f\u00f6r kommunen om garantin inte uppfylls.<\/li>\n<li>En f\u00f6retagslots per stadsdel inf\u00f6rs f\u00f6r att underl\u00e4tta f\u00f6retagares kommunikation med kommunen.<\/li>\n<\/ul>\n","protected":false},"excerpt":{"rendered":"<p>\u201dEtt konkurrenskraftigt och differentierat n\u00e4ringsliv \u00e4r en f\u00f6ruts\u00e4ttning f\u00f6r det goda samh\u00e4llet och en god v\u00e4lf\u00e4rd. Detta inneb\u00e4r i sin tur att ett gott klimat m\u00e5ste skapas och vidmakth\u00e5llas f\u00f6r ett dynamiskt sm\u00e5f\u00f6retagande, d\u00e4r enskilda m\u00e4nniskors id\u00e9er, kreativitet och entrepren\u00f6rskap f\u00e5r m\u00f6jlighet att blomma ut.\u201d Politiken ska bidra till att det blir l\u00e4ttare att driva <a class=\"read-more-link\" href=\"https:\/\/wp.kristdemokraterna.se\/malmo\/?page_id=4928\">L\u00e4s mer<\/a><\/p>\n","protected":false},"author":1039,"featured_media":0,"parent":342,"menu_order":0,"comment_status":"closed","ping_status":"closed","template":"page.php","meta":{"_acf_changed":false,"footnotes":""},"class_list":["post-4928","page","type-page","status-publish","hentry"],"acf":[],"yoast_head":"<!-- This site is optimized with the Yoast SEO plugin v27.5 - https:\/\/yoast.com\/product\/yoast-seo-wordpress\/ -->\n<title>Jobb och n\u00e4ringsliv - Kristdemokraterna | Malm\u00f6<\/title>\n<meta name=\"robots\" content=\"index, follow, max-snippet:-1, max-image-preview:large, max-video-preview:-1\" \/>\n<link rel=\"canonical\" href=\"https:\/\/wp.kristdemokraterna.se\/malmo\/?page_id=4928\" \/>\n<meta property=\"og:locale\" content=\"sv_SE\" \/>\n<meta property=\"og:type\" content=\"article\" \/>\n<meta property=\"og:title\" content=\"Jobb och n\u00e4ringsliv - Kristdemokraterna | Malm\u00f6\" \/>\n<meta property=\"og:description\" content=\"\u201dEtt konkurrenskraftigt och differentierat n\u00e4ringsliv \u00e4r en f\u00f6ruts\u00e4ttning f\u00f6r det goda samh\u00e4llet och en god v\u00e4lf\u00e4rd. Detta inneb\u00e4r i sin tur att ett gott klimat m\u00e5ste skapas och vidmakth\u00e5llas f\u00f6r ett dynamiskt sm\u00e5f\u00f6retagande, d\u00e4r enskilda m\u00e4nniskors id\u00e9er, kreativitet och entrepren\u00f6rskap f\u00e5r m\u00f6jlighet att blomma ut.\u201d Politiken ska bidra till att det blir l\u00e4ttare att driva L\u00e4s mer\" \/>\n<meta property=\"og:url\" content=\"https:\/\/wp.kristdemokraterna.se\/malmo\/?page_id=4928\" \/>\n<meta property=\"og:site_name\" content=\"Kristdemokraterna | Malm\u00f6\" \/>\n<meta property=\"article:modified_time\" content=\"2022-08-09T10:22:32+00:00\" \/>\n<meta property=\"og:image\" content=\"http:\/\/wp.kristdemokraterna.se\/malmo\/files\/2022\/08\/bild8-300x225.jpg\" \/>\n<meta name=\"twitter:card\" content=\"summary_large_image\" \/>\n<meta name=\"twitter:label1\" content=\"Ber\u00e4knad l\u00e4stid\" \/>\n\t<meta name=\"twitter:data1\" content=\"3 minuter\" \/>\n<script type=\"application\/ld+json\" class=\"yoast-schema-graph\">{\"@context\":\"https:\\\/\\\/schema.org\",\"@graph\":[{\"@type\":\"WebPage\",\"@id\":\"https:\\\/\\\/wp.kristdemokraterna.se\\\/malmo\\\/?page_id=4928\",\"url\":\"https:\\\/\\\/wp.kristdemokraterna.se\\\/malmo\\\/?page_id=4928\",\"name\":\"Jobb och n\u00e4ringsliv - Kristdemokraterna | Malm\u00f6\",\"isPartOf\":{\"@id\":\"https:\\\/\\\/wp.kristdemokraterna.se\\\/malmo\\\/#website\"},\"primaryImageOfPage\":{\"@id\":\"https:\\\/\\\/wp.kristdemokraterna.se\\\/malmo\\\/?page_id=4928#primaryimage\"},\"image\":{\"@id\":\"https:\\\/\\\/wp.kristdemokraterna.se\\\/malmo\\\/?page_id=4928#primaryimage\"},\"thumbnailUrl\":\"http:\\\/\\\/wp.kristdemokraterna.se\\\/malmo\\\/files\\\/2022\\\/08\\\/bild8-300x225.jpg\",\"datePublished\":\"2022-08-08T19:36:45+00:00\",\"dateModified\":\"2022-08-09T10:22:32+00:00\",\"breadcrumb\":{\"@id\":\"https:\\\/\\\/wp.kristdemokraterna.se\\\/malmo\\\/?page_id=4928#breadcrumb\"},\"inLanguage\":\"sv-SE\",\"potentialAction\":[{\"@type\":\"ReadAction\",\"target\":[\"https:\\\/\\\/wp.kristdemokraterna.se\\\/malmo\\\/?page_id=4928\"]}]},{\"@type\":\"ImageObject\",\"inLanguage\":\"sv-SE\",\"@id\":\"https:\\\/\\\/wp.kristdemokraterna.se\\\/malmo\\\/?page_id=4928#primaryimage\",\"url\":\"http:\\\/\\\/wp.kristdemokraterna.se\\\/malmo\\\/files\\\/2022\\\/08\\\/bild8-300x225.jpg\",\"contentUrl\":\"http:\\\/\\\/wp.kristdemokraterna.se\\\/malmo\\\/files\\\/2022\\\/08\\\/bild8-300x225.jpg\"},{\"@type\":\"BreadcrumbList\",\"@id\":\"https:\\\/\\\/wp.kristdemokraterna.se\\\/malmo\\\/?page_id=4928#breadcrumb\",\"itemListElement\":[{\"@type\":\"ListItem\",\"position\":1,\"name\":\"Hem\",\"item\":\"https:\\\/\\\/wp.kristdemokraterna.se\\\/malmo\\\/\"},{\"@type\":\"ListItem\",\"position\":2,\"name\":\"Politik f\u00f6r Malm\u00f6\",\"item\":\"https:\\\/\\\/wp.kristdemokraterna.se\\\/malmo\\\/?page_id=342\"},{\"@type\":\"ListItem\",\"position\":3,\"name\":\"Jobb och n\u00e4ringsliv\"}]},{\"@type\":\"WebSite\",\"@id\":\"https:\\\/\\\/wp.kristdemokraterna.se\\\/malmo\\\/#website\",\"url\":\"https:\\\/\\\/wp.kristdemokraterna.se\\\/malmo\\\/\",\"name\":\"Kristdemokraterna | Malm\u00f6\",\"description\":\"\",\"inLanguage\":\"sv-SE\"}]}<\/script>\n<!-- \/ Yoast SEO plugin. -->","yoast_head_json":{"title":"Jobb och n\u00e4ringsliv - Kristdemokraterna | Malm\u00f6","robots":{"index":"index","follow":"follow","max-snippet":"max-snippet:-1","max-image-preview":"max-image-preview:large","max-video-preview":"max-video-preview:-1"},"canonical":"https:\/\/wp.kristdemokraterna.se\/malmo\/?page_id=4928","og_locale":"sv_SE","og_type":"article","og_title":"Jobb och n\u00e4ringsliv - Kristdemokraterna | Malm\u00f6","og_description":"\u201dEtt konkurrenskraftigt och differentierat n\u00e4ringsliv \u00e4r en f\u00f6ruts\u00e4ttning f\u00f6r det goda samh\u00e4llet och en god v\u00e4lf\u00e4rd. Detta inneb\u00e4r i sin tur att ett gott klimat m\u00e5ste skapas och vidmakth\u00e5llas f\u00f6r ett dynamiskt sm\u00e5f\u00f6retagande, d\u00e4r enskilda m\u00e4nniskors id\u00e9er, kreativitet och entrepren\u00f6rskap f\u00e5r m\u00f6jlighet att blomma ut.\u201d Politiken ska bidra till att det blir l\u00e4ttare att driva L\u00e4s mer","og_url":"https:\/\/wp.kristdemokraterna.se\/malmo\/?page_id=4928","og_site_name":"Kristdemokraterna | Malm\u00f6","article_modified_time":"2022-08-09T10:22:32+00:00","og_image":[{"url":"http:\/\/wp.kristdemokraterna.se\/malmo\/files\/2022\/08\/bild8-300x225.jpg","type":"","width":"","height":""}],"twitter_card":"summary_large_image","twitter_misc":{"Ber\u00e4knad l\u00e4stid":"3 minuter"},"schema":{"@context":"https:\/\/schema.org","@graph":[{"@type":"WebPage","@id":"https:\/\/wp.kristdemokraterna.se\/malmo\/?page_id=4928","url":"https:\/\/wp.kristdemokraterna.se\/malmo\/?page_id=4928","name":"Jobb och n\u00e4ringsliv - Kristdemokraterna | Malm\u00f6","isPartOf":{"@id":"https:\/\/wp.kristdemokraterna.se\/malmo\/#website"},"primaryImageOfPage":{"@id":"https:\/\/wp.kristdemokraterna.se\/malmo\/?page_id=4928#primaryimage"},"image":{"@id":"https:\/\/wp.kristdemokraterna.se\/malmo\/?page_id=4928#primaryimage"},"thumbnailUrl":"http:\/\/wp.kristdemokraterna.se\/malmo\/files\/2022\/08\/bild8-300x225.jpg","datePublished":"2022-08-08T19:36:45+00:00","dateModified":"2022-08-09T10:22:32+00:00","breadcrumb":{"@id":"https:\/\/wp.kristdemokraterna.se\/malmo\/?page_id=4928#breadcrumb"},"inLanguage":"sv-SE","potentialAction":[{"@type":"ReadAction","target":["https:\/\/wp.kristdemokraterna.se\/malmo\/?page_id=4928"]}]},{"@type":"ImageObject","inLanguage":"sv-SE","@id":"https:\/\/wp.kristdemokraterna.se\/malmo\/?page_id=4928#primaryimage","url":"http:\/\/wp.kristdemokraterna.se\/malmo\/files\/2022\/08\/bild8-300x225.jpg","contentUrl":"http:\/\/wp.kristdemokraterna.se\/malmo\/files\/2022\/08\/bild8-300x225.jpg"},{"@type":"BreadcrumbList","@id":"https:\/\/wp.kristdemokraterna.se\/malmo\/?page_id=4928#breadcrumb","itemListElement":[{"@type":"ListItem","position":1,"name":"Hem","item":"https:\/\/wp.kristdemokraterna.se\/malmo\/"},{"@type":"ListItem","position":2,"name":"Politik f\u00f6r Malm\u00f6","item":"https:\/\/wp.kristdemokraterna.se\/malmo\/?page_id=342"},{"@type":"ListItem","position":3,"name":"Jobb och n\u00e4ringsliv"}]},{"@type":"WebSite","@id":"https:\/\/wp.kristdemokraterna.se\/malmo\/#website","url":"https:\/\/wp.kristdemokraterna.se\/malmo\/","name":"Kristdemokraterna | Malm\u00f6","description":"","inLanguage":"sv-SE"}]}},"_links":{"self":[{"href":"https:\/\/wp.kristdemokraterna.se\/malmo\/index.php?rest_route=\/wp\/v2\/pages\/4928","targetHints":{"allow":["GET"]}}],"collection":[{"href":"https:\/\/wp.kristdemokraterna.se\/malmo\/index.php?rest_route=\/wp\/v2\/pages"}],"about":[{"href":"https:\/\/wp.kristdemokraterna.se\/malmo\/index.php?rest_route=\/wp\/v2\/types\/page"}],"author":[{"embeddable":true,"href":"https:\/\/wp.kristdemokraterna.se\/malmo\/index.php?rest_route=\/wp\/v2\/users\/1039"}],"replies":[{"embeddable":true,"href":"https:\/\/wp.kristdemokraterna.se\/malmo\/index.php?rest_route=%2Fwp%2Fv2%2Fcomments&post=4928"}],"version-history":[{"count":1,"href":"https:\/\/wp.kristdemokraterna.se\/malmo\/index.php?rest_route=\/wp\/v2\/pages\/4928\/revisions"}],"predecessor-version":[{"id":4929,"href":"https:\/\/wp.kristdemokraterna.se\/malmo\/index.php?rest_route=\/wp\/v2\/pages\/4928\/revisions\/4929"}],"up":[{"embeddable":true,"href":"https:\/\/wp.kristdemokraterna.se\/malmo\/index.php?rest_route=\/wp\/v2\/pages\/342"}],"wp:attachment":[{"href":"https:\/\/wp.kristdemokraterna.se\/malmo\/index.php?rest_route=%2Fwp%2Fv2%2Fmedia&parent=4928"}],"curies":[{"name":"wp","href":"https:\/\/api.w.org\/{rel}","templated":true}]}}