{"id":1209,"date":"2014-09-04T15:17:59","date_gmt":"2014-09-04T13:17:59","guid":{"rendered":"http:\/\/wp.kristdemokraterna.se\/mjolby\/?page_id=1209"},"modified":"2014-09-04T16:06:00","modified_gmt":"2014-09-04T14:06:00","slug":"for-alla-mjolbybor","status":"publish","type":"page","link":"https:\/\/wp.kristdemokraterna.se\/mjolby\/valet2014\/for-alla-mjolbybor\/","title":{"rendered":"F\u00f6r alla mj\u00f6lbybor!"},"content":{"rendered":"<p><img loading=\"lazy\" decoding=\"async\" class=\"alignleft wp-image-1222\" src=\"http:\/\/wp.kristdemokraterna.se\/mjolby\/files\/2014\/09\/forallamjolbybor_valet2014-212x300.jpg\" alt=\"F\u00f6r alla mj\u00f6lbybor! Vi \u00e4r dina kandidater i kommunvalet den 14 september | forallamjolbybor_valet2014\" width=\"217\" height=\"302\" \/><\/p>\n<p><strong>Vi \u00e4r dina kandidater i kommunvalet den 14 september<br \/>\n<\/strong>En stark och stabil kommunekonomi!<br \/>\nVi \u00e4r stolta \u00f6ver v\u00e5r stad och kommun. Det finns mycket vi kan vara glada \u00f6ver,<br \/>\nsamtidigt som det finns framtida utmaningar och omr\u00e5den d\u00e4r vi m\u00e5ste hitta l\u00f6sningar.<br \/>\nVi vill bedriva en politik som s\u00e4tter medborgaren i centrum. En politik som<br \/>\nkan bygga en stark ekonomi i kommunen. V\u00e5r f\u00f6rhoppning \u00e4r att du skall kryssa en<br \/>\nkristdemokrat p\u00e5 valsedeln 2014 &#8211; en r\u00f6st som vi skall g\u00f6ra allt f\u00f6r att f\u00f6rvalta med<br \/>\ndjup respekt och stort engagemang.<\/p>\n<p><strong>Vi vill arbeta med f\u00f6ljande:<\/strong><br \/>\nOmsorgen<br \/>\n\u2022 Bygga trygghetsboende i de kommundelar som inte redan har det.<br \/>\n\u2022 L\u00e4genheter till de som inte orkar eller vill bo kvar i sin villa.<br \/>\n\u2022 Ha \u00e4ldreboende som alternativ till v\u00e5rdboende, s\u00e5 att fler som vill kan f\u00e5 bo d\u00e4r.<br \/>\n\u2022 F\u00f6ra upp LOV (lagen om valfrihet) p\u00e5 agendan, f\u00f6r delar i omsorgen.<\/p>\n<p>Skolan<br \/>\n\u2022 Mer resurser till skolan, redan p\u00e5 f\u00f6rskolan.<br \/>\n\u2022 Satsa p\u00e5 sm\u00e5 grupper. Extrapersonal i klassrummen.<br \/>\n\u2022 St\u00f6d till elever som beh\u00f6ver det. (M\u00e5ste inte alltid kosta pengar)<br \/>\n\u2022 Satsa p\u00e5 att \u00e5terta v\u00e5rdnadshavare ansvar. St\u00e4rka och hj\u00e4lpa!<\/p>\n<p>Milj\u00f6n<br \/>\n\u2022 N\u00e4rproducerade matvaror till skola och omsorg.<br \/>\n\u2022 Laga maten s\u00e5 n\u00e4ra serveringsst\u00e4llet som m\u00f6jligt.<br \/>\n\u2022 Vi vill satsa p\u00e5 solenergi f\u00f6r uppv\u00e4rmning och varmvattenproduktion i villor och hyresbost\u00e4der. Utbyggnad av fj\u00e4rrv\u00e4rme.<br \/>\n\u2022 Vi f\u00f6respr\u00e5kar sm\u00e5skalig vindkraft typ g\u00e5rdsverk, max 30 m h\u00f6ga (torn +<br \/>\nrotor) f\u00f6r att st\u00f6tta energif\u00f6rs\u00f6rjningen vid t. ex lantbruksfastigheter.<\/p>\n<p>Missbrukarna<br \/>\n\u2022 Missbruk \u00e4r ett problem f\u00f6r den drabbade och f\u00f6r samh\u00e4llet. Ska kommunen backa i fr\u00e5gan? Det tycker inte vi!<\/p>\n<p style=\"text-align: center\"><strong>Valfrihet &amp; h\u00e4nsyn!<\/strong><br \/>\n<em>\u201dVi vill bedriva en politik som s\u00e4tter <\/em><em>medborgaren i centrum.\u201d<\/em><\/p>\n<p>\u00a0<a href=\"http:\/\/wp.kristdemokraterna.se\/mjolby\/files\/2014\/09\/12-valfolder-mjolby.pdf\" target=\"_blank\">12-Valfolder Mj\u00f6lby<\/a> (pdf)<br \/>\n&gt; <a title=\"Kommunlistan\" href=\"http:\/\/wp.kristdemokraterna.se\/mjolby\/kommunlistan-ar-faststalld\/\">V\u00e5ra Kommunkanidater <\/a><br \/>\n&gt; <a title=\"Valet 14 sept 2014\" href=\"http:\/\/wp.kristdemokraterna.se\/mjolby\/valet2014\/\">Valet 2014 <\/a><\/p>\n","protected":false},"excerpt":{"rendered":"<p>Vi \u00e4r dina kandidater i kommunvalet den 14 september En stark och stabil kommunekonomi! Vi \u00e4r stolta \u00f6ver v\u00e5r stad och kommun. Det finns mycket vi kan vara glada \u00f6ver, samtidigt som det finns framtida utmaningar och omr\u00e5den d\u00e4r vi m\u00e5ste hitta l\u00f6sningar. Vi vill bedriva en politik som s\u00e4tter medborgaren i centrum. En politik <a class=\"read-more-link\" href=\"https:\/\/wp.kristdemokraterna.se\/mjolby\/valet2014\/for-alla-mjolbybor\/\">Read More<\/a><\/p>\n","protected":false},"author":433,"featured_media":0,"parent":1076,"menu_order":0,"comment_status":"closed","ping_status":"closed","template":"","meta":{"_acf_changed":false,"footnotes":""},"class_list":["post-1209","page","type-page","status-publish","hentry"],"acf":[],"yoast_head":"<!-- This site is optimized with the Yoast SEO plugin v27.5 - https:\/\/yoast.com\/product\/yoast-seo-wordpress\/ -->\n<title>F\u00f6r alla mj\u00f6lbybor! - Mj\u00f6lby<\/title>\n<meta name=\"robots\" content=\"index, follow, max-snippet:-1, max-image-preview:large, max-video-preview:-1\" \/>\n<link rel=\"canonical\" href=\"https:\/\/wp.kristdemokraterna.se\/mjolby\/valet2014\/for-alla-mjolbybor\/\" \/>\n<meta property=\"og:locale\" content=\"sv_SE\" \/>\n<meta property=\"og:type\" content=\"article\" \/>\n<meta property=\"og:title\" content=\"F\u00f6r alla mj\u00f6lbybor! - Mj\u00f6lby\" \/>\n<meta property=\"og:description\" content=\"Vi \u00e4r dina kandidater i kommunvalet den 14 september En stark och stabil kommunekonomi! Vi \u00e4r stolta \u00f6ver v\u00e5r stad och kommun. Det finns mycket vi kan vara glada \u00f6ver, samtidigt som det finns framtida utmaningar och omr\u00e5den d\u00e4r vi m\u00e5ste hitta l\u00f6sningar. Vi vill bedriva en politik som s\u00e4tter medborgaren i centrum. En politik Read More\" \/>\n<meta property=\"og:url\" content=\"https:\/\/wp.kristdemokraterna.se\/mjolby\/valet2014\/for-alla-mjolbybor\/\" \/>\n<meta property=\"og:site_name\" content=\"Mj\u00f6lby\" \/>\n<meta property=\"article:modified_time\" content=\"2014-09-04T14:06:00+00:00\" \/>\n<meta property=\"og:image\" content=\"http:\/\/wp.kristdemokraterna.se\/mjolby\/files\/2014\/09\/forallamjolbybor_valet2014-212x300.jpg\" \/>\n<meta name=\"twitter:card\" content=\"summary_large_image\" \/>\n<meta name=\"twitter:label1\" content=\"Ber\u00e4knad l\u00e4stid\" \/>\n\t<meta name=\"twitter:data1\" content=\"2 minuter\" \/>\n<script type=\"application\/ld+json\" class=\"yoast-schema-graph\">{\"@context\":\"https:\\\/\\\/schema.org\",\"@graph\":[{\"@type\":\"WebPage\",\"@id\":\"https:\\\/\\\/wp.kristdemokraterna.se\\\/mjolby\\\/valet2014\\\/for-alla-mjolbybor\\\/\",\"url\":\"https:\\\/\\\/wp.kristdemokraterna.se\\\/mjolby\\\/valet2014\\\/for-alla-mjolbybor\\\/\",\"name\":\"F\u00f6r alla mj\u00f6lbybor! - Mj\u00f6lby\",\"isPartOf\":{\"@id\":\"https:\\\/\\\/wp.kristdemokraterna.se\\\/mjolby\\\/#website\"},\"primaryImageOfPage\":{\"@id\":\"https:\\\/\\\/wp.kristdemokraterna.se\\\/mjolby\\\/valet2014\\\/for-alla-mjolbybor\\\/#primaryimage\"},\"image\":{\"@id\":\"https:\\\/\\\/wp.kristdemokraterna.se\\\/mjolby\\\/valet2014\\\/for-alla-mjolbybor\\\/#primaryimage\"},\"thumbnailUrl\":\"http:\\\/\\\/wp.kristdemokraterna.se\\\/mjolby\\\/files\\\/2014\\\/09\\\/forallamjolbybor_valet2014-212x300.jpg\",\"datePublished\":\"2014-09-04T13:17:59+00:00\",\"dateModified\":\"2014-09-04T14:06:00+00:00\",\"breadcrumb\":{\"@id\":\"https:\\\/\\\/wp.kristdemokraterna.se\\\/mjolby\\\/valet2014\\\/for-alla-mjolbybor\\\/#breadcrumb\"},\"inLanguage\":\"sv-SE\",\"potentialAction\":[{\"@type\":\"ReadAction\",\"target\":[\"https:\\\/\\\/wp.kristdemokraterna.se\\\/mjolby\\\/valet2014\\\/for-alla-mjolbybor\\\/\"]}]},{\"@type\":\"ImageObject\",\"inLanguage\":\"sv-SE\",\"@id\":\"https:\\\/\\\/wp.kristdemokraterna.se\\\/mjolby\\\/valet2014\\\/for-alla-mjolbybor\\\/#primaryimage\",\"url\":\"https:\\\/\\\/wp.kristdemokraterna.se\\\/mjolby\\\/files\\\/2014\\\/09\\\/forallamjolbybor_valet2014.jpg\",\"contentUrl\":\"https:\\\/\\\/wp.kristdemokraterna.se\\\/mjolby\\\/files\\\/2014\\\/09\\\/forallamjolbybor_valet2014.jpg\",\"width\":639,\"height\":901},{\"@type\":\"BreadcrumbList\",\"@id\":\"https:\\\/\\\/wp.kristdemokraterna.se\\\/mjolby\\\/valet2014\\\/for-alla-mjolbybor\\\/#breadcrumb\",\"itemListElement\":[{\"@type\":\"ListItem\",\"position\":1,\"name\":\"Hem\",\"item\":\"https:\\\/\\\/wp.kristdemokraterna.se\\\/mjolby\\\/\"},{\"@type\":\"ListItem\",\"position\":2,\"name\":\"Valet 14 sept 2014\",\"item\":\"https:\\\/\\\/wp.kristdemokraterna.se\\\/mjolby\\\/valet2014\\\/\"},{\"@type\":\"ListItem\",\"position\":3,\"name\":\"F\u00f6r alla mj\u00f6lbybor!\"}]},{\"@type\":\"WebSite\",\"@id\":\"https:\\\/\\\/wp.kristdemokraterna.se\\\/mjolby\\\/#website\",\"url\":\"https:\\\/\\\/wp.kristdemokraterna.se\\\/mjolby\\\/\",\"name\":\"Mj\u00f6lby\",\"description\":\"Kristdemokraterna\",\"inLanguage\":\"sv-SE\"}]}<\/script>\n<!-- \/ Yoast SEO plugin. -->","yoast_head_json":{"title":"F\u00f6r alla mj\u00f6lbybor! - Mj\u00f6lby","robots":{"index":"index","follow":"follow","max-snippet":"max-snippet:-1","max-image-preview":"max-image-preview:large","max-video-preview":"max-video-preview:-1"},"canonical":"https:\/\/wp.kristdemokraterna.se\/mjolby\/valet2014\/for-alla-mjolbybor\/","og_locale":"sv_SE","og_type":"article","og_title":"F\u00f6r alla mj\u00f6lbybor! - Mj\u00f6lby","og_description":"Vi \u00e4r dina kandidater i kommunvalet den 14 september En stark och stabil kommunekonomi! Vi \u00e4r stolta \u00f6ver v\u00e5r stad och kommun. Det finns mycket vi kan vara glada \u00f6ver, samtidigt som det finns framtida utmaningar och omr\u00e5den d\u00e4r vi m\u00e5ste hitta l\u00f6sningar. Vi vill bedriva en politik som s\u00e4tter medborgaren i centrum. En politik Read More","og_url":"https:\/\/wp.kristdemokraterna.se\/mjolby\/valet2014\/for-alla-mjolbybor\/","og_site_name":"Mj\u00f6lby","article_modified_time":"2014-09-04T14:06:00+00:00","og_image":[{"url":"http:\/\/wp.kristdemokraterna.se\/mjolby\/files\/2014\/09\/forallamjolbybor_valet2014-212x300.jpg","type":"","width":"","height":""}],"twitter_card":"summary_large_image","twitter_misc":{"Ber\u00e4knad l\u00e4stid":"2 minuter"},"schema":{"@context":"https:\/\/schema.org","@graph":[{"@type":"WebPage","@id":"https:\/\/wp.kristdemokraterna.se\/mjolby\/valet2014\/for-alla-mjolbybor\/","url":"https:\/\/wp.kristdemokraterna.se\/mjolby\/valet2014\/for-alla-mjolbybor\/","name":"F\u00f6r alla mj\u00f6lbybor! - Mj\u00f6lby","isPartOf":{"@id":"https:\/\/wp.kristdemokraterna.se\/mjolby\/#website"},"primaryImageOfPage":{"@id":"https:\/\/wp.kristdemokraterna.se\/mjolby\/valet2014\/for-alla-mjolbybor\/#primaryimage"},"image":{"@id":"https:\/\/wp.kristdemokraterna.se\/mjolby\/valet2014\/for-alla-mjolbybor\/#primaryimage"},"thumbnailUrl":"http:\/\/wp.kristdemokraterna.se\/mjolby\/files\/2014\/09\/forallamjolbybor_valet2014-212x300.jpg","datePublished":"2014-09-04T13:17:59+00:00","dateModified":"2014-09-04T14:06:00+00:00","breadcrumb":{"@id":"https:\/\/wp.kristdemokraterna.se\/mjolby\/valet2014\/for-alla-mjolbybor\/#breadcrumb"},"inLanguage":"sv-SE","potentialAction":[{"@type":"ReadAction","target":["https:\/\/wp.kristdemokraterna.se\/mjolby\/valet2014\/for-alla-mjolbybor\/"]}]},{"@type":"ImageObject","inLanguage":"sv-SE","@id":"https:\/\/wp.kristdemokraterna.se\/mjolby\/valet2014\/for-alla-mjolbybor\/#primaryimage","url":"https:\/\/wp.kristdemokraterna.se\/mjolby\/files\/2014\/09\/forallamjolbybor_valet2014.jpg","contentUrl":"https:\/\/wp.kristdemokraterna.se\/mjolby\/files\/2014\/09\/forallamjolbybor_valet2014.jpg","width":639,"height":901},{"@type":"BreadcrumbList","@id":"https:\/\/wp.kristdemokraterna.se\/mjolby\/valet2014\/for-alla-mjolbybor\/#breadcrumb","itemListElement":[{"@type":"ListItem","position":1,"name":"Hem","item":"https:\/\/wp.kristdemokraterna.se\/mjolby\/"},{"@type":"ListItem","position":2,"name":"Valet 14 sept 2014","item":"https:\/\/wp.kristdemokraterna.se\/mjolby\/valet2014\/"},{"@type":"ListItem","position":3,"name":"F\u00f6r alla mj\u00f6lbybor!"}]},{"@type":"WebSite","@id":"https:\/\/wp.kristdemokraterna.se\/mjolby\/#website","url":"https:\/\/wp.kristdemokraterna.se\/mjolby\/","name":"Mj\u00f6lby","description":"Kristdemokraterna","inLanguage":"sv-SE"}]}},"_links":{"self":[{"href":"https:\/\/wp.kristdemokraterna.se\/mjolby\/wp-json\/wp\/v2\/pages\/1209","targetHints":{"allow":["GET"]}}],"collection":[{"href":"https:\/\/wp.kristdemokraterna.se\/mjolby\/wp-json\/wp\/v2\/pages"}],"about":[{"href":"https:\/\/wp.kristdemokraterna.se\/mjolby\/wp-json\/wp\/v2\/types\/page"}],"author":[{"embeddable":true,"href":"https:\/\/wp.kristdemokraterna.se\/mjolby\/wp-json\/wp\/v2\/users\/433"}],"replies":[{"embeddable":true,"href":"https:\/\/wp.kristdemokraterna.se\/mjolby\/wp-json\/wp\/v2\/comments?post=1209"}],"version-history":[{"count":19,"href":"https:\/\/wp.kristdemokraterna.se\/mjolby\/wp-json\/wp\/v2\/pages\/1209\/revisions"}],"predecessor-version":[{"id":1235,"href":"https:\/\/wp.kristdemokraterna.se\/mjolby\/wp-json\/wp\/v2\/pages\/1209\/revisions\/1235"}],"up":[{"embeddable":true,"href":"https:\/\/wp.kristdemokraterna.se\/mjolby\/wp-json\/wp\/v2\/pages\/1076"}],"wp:attachment":[{"href":"https:\/\/wp.kristdemokraterna.se\/mjolby\/wp-json\/wp\/v2\/media?parent=1209"}],"curies":[{"name":"wp","href":"https:\/\/api.w.org\/{rel}","templated":true}]}}