{"id":1568,"date":"2018-07-23T19:14:29","date_gmt":"2018-07-23T17:14:29","guid":{"rendered":"http:\/\/wp.kristdemokraterna.se\/mjolby\/?page_id=1568"},"modified":"2019-02-10T18:27:51","modified_gmt":"2019-02-10T17:27:51","slug":"styrelsen-2018-2019","status":"publish","type":"page","link":"https:\/\/wp.kristdemokraterna.se\/mjolby\/styrelsen\/styrelsen-2018-2019\/","title":{"rendered":"Styrelsen 2018-2019"},"content":{"rendered":"<p><em>Valdes in p\u00e5 lokalavdelningens \u00e5rsm\u00f6te f\u00f6r perioden 2018\/2019.<\/em><\/p>\n<p><strong>Ordf\u00f6rande<\/strong><br \/>\n<img loading=\"lazy\" decoding=\"async\" class=\"alignnone wp-image-1581\" src=\"http:\/\/wp.kristdemokraterna.se\/mjolby\/files\/2018\/07\/kd_birgerhagstrom.jpg\" alt=\"\" width=\"200\" height=\"200\" srcset=\"https:\/\/wp.kristdemokraterna.se\/mjolby\/files\/2018\/07\/kd_birgerhagstrom.jpg 2362w, https:\/\/wp.kristdemokraterna.se\/mjolby\/files\/2018\/07\/kd_birgerhagstrom-150x150.jpg 150w, https:\/\/wp.kristdemokraterna.se\/mjolby\/files\/2018\/07\/kd_birgerhagstrom-300x300.jpg 300w, https:\/\/wp.kristdemokraterna.se\/mjolby\/files\/2018\/07\/kd_birgerhagstrom-768x768.jpg 768w, https:\/\/wp.kristdemokraterna.se\/mjolby\/files\/2018\/07\/kd_birgerhagstrom-540x540.jpg 540w, https:\/\/wp.kristdemokraterna.se\/mjolby\/files\/2018\/07\/kd_birgerhagstrom-200x200.jpg 200w, https:\/\/wp.kristdemokraterna.se\/mjolby\/files\/2018\/07\/kd_birgerhagstrom-370x370.jpg 370w, https:\/\/wp.kristdemokraterna.se\/mjolby\/files\/2018\/07\/kd_birgerhagstrom-90x90.jpg 90w, https:\/\/wp.kristdemokraterna.se\/mjolby\/files\/2018\/07\/kd_birgerhagstrom-770x770.jpg 770w, https:\/\/wp.kristdemokraterna.se\/mjolby\/files\/2018\/07\/kd_birgerhagstrom-450x450.jpg 450w, https:\/\/wp.kristdemokraterna.se\/mjolby\/files\/2018\/07\/kd_birgerhagstrom-280x280.jpg 280w, https:\/\/wp.kristdemokraterna.se\/mjolby\/files\/2018\/07\/kd_birgerhagstrom-340x340.jpg 340w, https:\/\/wp.kristdemokraterna.se\/mjolby\/files\/2018\/07\/kd_birgerhagstrom-56x56.jpg 56w\" sizes=\"auto, (max-width: 200px) 100vw, 200px\" \/><br \/>\nBirger Hagstr\u00f6m (<a href=\"https:\/\/kristdemokraterna.se\/om-oss\/foretradare\/?pid=534\" target=\"_blank\" rel=\"noopener\">&gt;&gt;<\/a>)<br \/>\nTel: 0142-213 32 (hem), 0736-732 285 (mobil)<br \/>\nbirger.hagstrom@kristdemokraterna.se<\/p>\n<p><strong>Vice ordf\u00f6rande<\/strong><br \/>\nBengt Olof Idmyr (<a href=\"https:\/\/kristdemokraterna.se\/om-oss\/foretradare\/?pid=20613\" target=\"_blank\" rel=\"noopener\">&gt;&gt;<\/a>)<br \/>\nTel: 0142-407 37 (hem), 0705-515 469 (mobil)<br \/>\ntdlidmyr@telia.com<\/p>\n<p><strong>Kass\u00f6r<\/strong><br \/>\n<em>??<\/em><\/p>\n<p><strong>Ledam\u00f6ter<\/strong><br \/>\nTommy Engback (<a href=\"https:\/\/kristdemokraterna.se\/om-oss\/foretradare\/?pid=73704\" target=\"_blank\" rel=\"noopener\">&gt;&gt;<\/a>)<br \/>\nTel: 0703-640 690 (mobil)<br \/>\ntmengback@hotmail.com<\/p>\n<p>Therese Gustafsson (<a href=\"https:\/\/kristdemokraterna.se\/om-oss\/foretradare\/?pid=73706\" target=\"_blank\" rel=\"noopener\">&gt;&gt;<\/a>)<br \/>\nTel: 0705-495 191 (mobil)<br \/>\ntherese.gustafsson@kristdemokraterna.se<\/p>\n<p>Isac Gustafsson (<a href=\"https:\/\/kristdemokraterna.se\/om-oss\/foretradare\/?pid=101078\" target=\"_blank\" rel=\"noopener\">&gt;&gt;<\/a>)<br \/>\nTel: 0760-15 15 25 (mobil)<br \/>\nisacgust@hotmail.com<\/p>\n<p>Torgil Slatte (<a href=\"https:\/\/kristdemokraterna.se\/om-oss\/foretradare\/?pid=100939\" target=\"_blank\" rel=\"noopener\">&gt;&gt;<\/a>)<br \/>\nTel: 0727-31 10 88 (mobil)<br \/>\ntorgil.slatte@gmail.com<\/p>\n","protected":false},"excerpt":{"rendered":"<p>Valdes in p\u00e5 lokalavdelningens \u00e5rsm\u00f6te f\u00f6r perioden 2018\/2019. Ordf\u00f6rande Birger Hagstr\u00f6m (&gt;&gt;) Tel: 0142-213 32 (hem), 0736-732 285 (mobil) birger.hagstrom@kristdemokraterna.se Vice ordf\u00f6rande Bengt Olof Idmyr (&gt;&gt;) Tel: 0142-407 37 (hem), 0705-515 469 (mobil) tdlidmyr@telia.com Kass\u00f6r ?? Ledam\u00f6ter Tommy Engback (&gt;&gt;) Tel: 0703-640 690 (mobil) tmengback@hotmail.com Therese Gustafsson (&gt;&gt;) Tel: 0705-495 191 (mobil) therese.gustafsson@kristdemokraterna.se Isac Gustafsson <a class=\"read-more-link\" href=\"https:\/\/wp.kristdemokraterna.se\/mjolby\/styrelsen\/styrelsen-2018-2019\/\">Read More<\/a><\/p>\n","protected":false},"author":433,"featured_media":0,"parent":1682,"menu_order":0,"comment_status":"closed","ping_status":"closed","template":"","meta":{"_acf_changed":false,"footnotes":""},"class_list":["post-1568","page","type-page","status-publish","hentry"],"acf":[],"yoast_head":"<!-- This site is optimized with the Yoast SEO plugin v27.5 - https:\/\/yoast.com\/product\/yoast-seo-wordpress\/ -->\n<title>Styrelsen 2018-2019 - Mj\u00f6lby<\/title>\n<meta name=\"robots\" content=\"index, follow, max-snippet:-1, max-image-preview:large, max-video-preview:-1\" \/>\n<link rel=\"canonical\" href=\"https:\/\/wp.kristdemokraterna.se\/mjolby\/styrelsen\/styrelsen-2018-2019\/\" \/>\n<meta property=\"og:locale\" content=\"sv_SE\" \/>\n<meta property=\"og:type\" content=\"article\" \/>\n<meta property=\"og:title\" content=\"Styrelsen 2018-2019 - Mj\u00f6lby\" \/>\n<meta property=\"og:description\" content=\"Valdes in p\u00e5 lokalavdelningens \u00e5rsm\u00f6te f\u00f6r perioden 2018\/2019. Ordf\u00f6rande Birger Hagstr\u00f6m (&gt;&gt;) Tel: 0142-213 32 (hem), 0736-732 285 (mobil) birger.hagstrom@kristdemokraterna.se Vice ordf\u00f6rande Bengt Olof Idmyr (&gt;&gt;) Tel: 0142-407 37 (hem), 0705-515 469 (mobil) tdlidmyr@telia.com Kass\u00f6r ?? Ledam\u00f6ter Tommy Engback (&gt;&gt;) Tel: 0703-640 690 (mobil) tmengback@hotmail.com Therese Gustafsson (&gt;&gt;) Tel: 0705-495 191 (mobil) therese.gustafsson@kristdemokraterna.se Isac Gustafsson Read More\" \/>\n<meta property=\"og:url\" content=\"https:\/\/wp.kristdemokraterna.se\/mjolby\/styrelsen\/styrelsen-2018-2019\/\" \/>\n<meta property=\"og:site_name\" content=\"Mj\u00f6lby\" \/>\n<meta property=\"article:modified_time\" content=\"2019-02-10T17:27:51+00:00\" \/>\n<meta property=\"og:image\" content=\"http:\/\/wp.kristdemokraterna.se\/mjolby\/files\/2018\/07\/kd_birgerhagstrom.jpg\" \/>\n<meta name=\"twitter:card\" content=\"summary_large_image\" \/>\n<script type=\"application\/ld+json\" class=\"yoast-schema-graph\">{\"@context\":\"https:\\\/\\\/schema.org\",\"@graph\":[{\"@type\":\"WebPage\",\"@id\":\"https:\\\/\\\/wp.kristdemokraterna.se\\\/mjolby\\\/styrelsen\\\/styrelsen-2018-2019\\\/\",\"url\":\"https:\\\/\\\/wp.kristdemokraterna.se\\\/mjolby\\\/styrelsen\\\/styrelsen-2018-2019\\\/\",\"name\":\"Styrelsen 2018-2019 - Mj\u00f6lby\",\"isPartOf\":{\"@id\":\"https:\\\/\\\/wp.kristdemokraterna.se\\\/mjolby\\\/#website\"},\"primaryImageOfPage\":{\"@id\":\"https:\\\/\\\/wp.kristdemokraterna.se\\\/mjolby\\\/styrelsen\\\/styrelsen-2018-2019\\\/#primaryimage\"},\"image\":{\"@id\":\"https:\\\/\\\/wp.kristdemokraterna.se\\\/mjolby\\\/styrelsen\\\/styrelsen-2018-2019\\\/#primaryimage\"},\"thumbnailUrl\":\"http:\\\/\\\/wp.kristdemokraterna.se\\\/mjolby\\\/files\\\/2018\\\/07\\\/kd_birgerhagstrom.jpg\",\"datePublished\":\"2018-07-23T17:14:29+00:00\",\"dateModified\":\"2019-02-10T17:27:51+00:00\",\"breadcrumb\":{\"@id\":\"https:\\\/\\\/wp.kristdemokraterna.se\\\/mjolby\\\/styrelsen\\\/styrelsen-2018-2019\\\/#breadcrumb\"},\"inLanguage\":\"sv-SE\",\"potentialAction\":[{\"@type\":\"ReadAction\",\"target\":[\"https:\\\/\\\/wp.kristdemokraterna.se\\\/mjolby\\\/styrelsen\\\/styrelsen-2018-2019\\\/\"]}]},{\"@type\":\"ImageObject\",\"inLanguage\":\"sv-SE\",\"@id\":\"https:\\\/\\\/wp.kristdemokraterna.se\\\/mjolby\\\/styrelsen\\\/styrelsen-2018-2019\\\/#primaryimage\",\"url\":\"http:\\\/\\\/wp.kristdemokraterna.se\\\/mjolby\\\/files\\\/2018\\\/07\\\/kd_birgerhagstrom.jpg\",\"contentUrl\":\"http:\\\/\\\/wp.kristdemokraterna.se\\\/mjolby\\\/files\\\/2018\\\/07\\\/kd_birgerhagstrom.jpg\"},{\"@type\":\"BreadcrumbList\",\"@id\":\"https:\\\/\\\/wp.kristdemokraterna.se\\\/mjolby\\\/styrelsen\\\/styrelsen-2018-2019\\\/#breadcrumb\",\"itemListElement\":[{\"@type\":\"ListItem\",\"position\":1,\"name\":\"Hem\",\"item\":\"https:\\\/\\\/wp.kristdemokraterna.se\\\/mjolby\\\/\"},{\"@type\":\"ListItem\",\"position\":2,\"name\":\"Styrelserna\",\"item\":\"https:\\\/\\\/wp.kristdemokraterna.se\\\/mjolby\\\/styrelsen\\\/\"},{\"@type\":\"ListItem\",\"position\":3,\"name\":\"Styrelsen 2018-2019\"}]},{\"@type\":\"WebSite\",\"@id\":\"https:\\\/\\\/wp.kristdemokraterna.se\\\/mjolby\\\/#website\",\"url\":\"https:\\\/\\\/wp.kristdemokraterna.se\\\/mjolby\\\/\",\"name\":\"Mj\u00f6lby\",\"description\":\"Kristdemokraterna\",\"inLanguage\":\"sv-SE\"}]}<\/script>\n<!-- \/ Yoast SEO plugin. -->","yoast_head_json":{"title":"Styrelsen 2018-2019 - Mj\u00f6lby","robots":{"index":"index","follow":"follow","max-snippet":"max-snippet:-1","max-image-preview":"max-image-preview:large","max-video-preview":"max-video-preview:-1"},"canonical":"https:\/\/wp.kristdemokraterna.se\/mjolby\/styrelsen\/styrelsen-2018-2019\/","og_locale":"sv_SE","og_type":"article","og_title":"Styrelsen 2018-2019 - Mj\u00f6lby","og_description":"Valdes in p\u00e5 lokalavdelningens \u00e5rsm\u00f6te f\u00f6r perioden 2018\/2019. Ordf\u00f6rande Birger Hagstr\u00f6m (&gt;&gt;) Tel: 0142-213 32 (hem), 0736-732 285 (mobil) birger.hagstrom@kristdemokraterna.se Vice ordf\u00f6rande Bengt Olof Idmyr (&gt;&gt;) Tel: 0142-407 37 (hem), 0705-515 469 (mobil) tdlidmyr@telia.com Kass\u00f6r ?? Ledam\u00f6ter Tommy Engback (&gt;&gt;) Tel: 0703-640 690 (mobil) tmengback@hotmail.com Therese Gustafsson (&gt;&gt;) Tel: 0705-495 191 (mobil) therese.gustafsson@kristdemokraterna.se Isac Gustafsson Read More","og_url":"https:\/\/wp.kristdemokraterna.se\/mjolby\/styrelsen\/styrelsen-2018-2019\/","og_site_name":"Mj\u00f6lby","article_modified_time":"2019-02-10T17:27:51+00:00","og_image":[{"url":"http:\/\/wp.kristdemokraterna.se\/mjolby\/files\/2018\/07\/kd_birgerhagstrom.jpg","type":"","width":"","height":""}],"twitter_card":"summary_large_image","schema":{"@context":"https:\/\/schema.org","@graph":[{"@type":"WebPage","@id":"https:\/\/wp.kristdemokraterna.se\/mjolby\/styrelsen\/styrelsen-2018-2019\/","url":"https:\/\/wp.kristdemokraterna.se\/mjolby\/styrelsen\/styrelsen-2018-2019\/","name":"Styrelsen 2018-2019 - Mj\u00f6lby","isPartOf":{"@id":"https:\/\/wp.kristdemokraterna.se\/mjolby\/#website"},"primaryImageOfPage":{"@id":"https:\/\/wp.kristdemokraterna.se\/mjolby\/styrelsen\/styrelsen-2018-2019\/#primaryimage"},"image":{"@id":"https:\/\/wp.kristdemokraterna.se\/mjolby\/styrelsen\/styrelsen-2018-2019\/#primaryimage"},"thumbnailUrl":"http:\/\/wp.kristdemokraterna.se\/mjolby\/files\/2018\/07\/kd_birgerhagstrom.jpg","datePublished":"2018-07-23T17:14:29+00:00","dateModified":"2019-02-10T17:27:51+00:00","breadcrumb":{"@id":"https:\/\/wp.kristdemokraterna.se\/mjolby\/styrelsen\/styrelsen-2018-2019\/#breadcrumb"},"inLanguage":"sv-SE","potentialAction":[{"@type":"ReadAction","target":["https:\/\/wp.kristdemokraterna.se\/mjolby\/styrelsen\/styrelsen-2018-2019\/"]}]},{"@type":"ImageObject","inLanguage":"sv-SE","@id":"https:\/\/wp.kristdemokraterna.se\/mjolby\/styrelsen\/styrelsen-2018-2019\/#primaryimage","url":"http:\/\/wp.kristdemokraterna.se\/mjolby\/files\/2018\/07\/kd_birgerhagstrom.jpg","contentUrl":"http:\/\/wp.kristdemokraterna.se\/mjolby\/files\/2018\/07\/kd_birgerhagstrom.jpg"},{"@type":"BreadcrumbList","@id":"https:\/\/wp.kristdemokraterna.se\/mjolby\/styrelsen\/styrelsen-2018-2019\/#breadcrumb","itemListElement":[{"@type":"ListItem","position":1,"name":"Hem","item":"https:\/\/wp.kristdemokraterna.se\/mjolby\/"},{"@type":"ListItem","position":2,"name":"Styrelserna","item":"https:\/\/wp.kristdemokraterna.se\/mjolby\/styrelsen\/"},{"@type":"ListItem","position":3,"name":"Styrelsen 2018-2019"}]},{"@type":"WebSite","@id":"https:\/\/wp.kristdemokraterna.se\/mjolby\/#website","url":"https:\/\/wp.kristdemokraterna.se\/mjolby\/","name":"Mj\u00f6lby","description":"Kristdemokraterna","inLanguage":"sv-SE"}]}},"_links":{"self":[{"href":"https:\/\/wp.kristdemokraterna.se\/mjolby\/wp-json\/wp\/v2\/pages\/1568","targetHints":{"allow":["GET"]}}],"collection":[{"href":"https:\/\/wp.kristdemokraterna.se\/mjolby\/wp-json\/wp\/v2\/pages"}],"about":[{"href":"https:\/\/wp.kristdemokraterna.se\/mjolby\/wp-json\/wp\/v2\/types\/page"}],"author":[{"embeddable":true,"href":"https:\/\/wp.kristdemokraterna.se\/mjolby\/wp-json\/wp\/v2\/users\/433"}],"replies":[{"embeddable":true,"href":"https:\/\/wp.kristdemokraterna.se\/mjolby\/wp-json\/wp\/v2\/comments?post=1568"}],"version-history":[{"count":7,"href":"https:\/\/wp.kristdemokraterna.se\/mjolby\/wp-json\/wp\/v2\/pages\/1568\/revisions"}],"predecessor-version":[{"id":1672,"href":"https:\/\/wp.kristdemokraterna.se\/mjolby\/wp-json\/wp\/v2\/pages\/1568\/revisions\/1672"}],"up":[{"embeddable":true,"href":"https:\/\/wp.kristdemokraterna.se\/mjolby\/wp-json\/wp\/v2\/pages\/1682"}],"wp:attachment":[{"href":"https:\/\/wp.kristdemokraterna.se\/mjolby\/wp-json\/wp\/v2\/media?parent=1568"}],"curies":[{"name":"wp","href":"https:\/\/api.w.org\/{rel}","templated":true}]}}