{"id":338,"date":"2010-07-03T18:42:50","date_gmt":"2010-07-03T16:42:50","guid":{"rendered":"http:\/\/wp.kristdemokraterna.se\/mjolby\/?page_id=338"},"modified":"2013-10-23T18:40:59","modified_gmt":"2013-10-23T16:40:59","slug":"trygg-skola","status":"publish","type":"page","link":"https:\/\/wp.kristdemokraterna.se\/mjolby\/var-politik\/trygg-skola\/","title":{"rendered":"Trygg skola"},"content":{"rendered":"<p><strong>Trygg skola med tydlig v\u00e4rdegrund<\/strong><br \/>\n<em>Kristdemokraterna vill att\u2026<\/em><\/p>\n<ul>\n<li>skolan ska skapa f\u00f6ruts\u00e4ttningar f\u00f6r att alla elever ska n\u00e5 kunskapsm\u00e5len<\/li>\n<li>skolan ska erbjuda en v\u00e4l utvecklad flexibel skolg\u00e5ng, d\u00e4r eleverna kan n\u00e5 utbildningens m\u00e5l under b\u00e5de kortare och l\u00e4ngre tid \u00e4n nio skol\u00e5r.<\/li>\n<li>systematiska och tidiga kunskapsuppf\u00f6ljningar ska ske under hela grundskoletiden och ska tillf\u00f6rs\u00e4kra varje elev det st\u00f6d som beh\u00f6vs f\u00f6r att n\u00e5 de nationella m\u00e5len.<\/li>\n<li>kommunen ska ha en l\u00e5ngsiktig lokalplan f\u00f6r att s\u00e4kerst\u00e4lla den b\u00e4sta fysiska och pedagogiska arbetsmilj\u00f6n f\u00f6r elever och personal<\/li>\n<li>skolorna erbjuder f\u00f6r\u00e4ldracirklar, som ett st\u00f6d f\u00f6r elevernas l\u00e4rande<\/li>\n<li>alla elever ska ha r\u00e4tt att v\u00e4lja skola och lokalerna ska vara tillg\u00e4ngliga \u00e4ven f\u00f6r personer med funktionsneds\u00e4ttning, s\u00e5v\u00e4l frist\u00e5ende som kommunala skolor<\/li>\n<li>likabehandlingsplanen st\u00e4ndigt utvecklas och utv\u00e4rderas f\u00f6r att ingen elev ska uts\u00e4ttas f\u00f6r mobbing eller annan kr\u00e4nkande behandling<\/li>\n<li>v\u00e4rdegrundsarbetet st\u00e4rks genom \u00f6verenskommelser mellan elev, skola och f\u00f6r\u00e4ldrar<\/li>\n<li>vi vill verka f\u00f6r att det finns god tillg\u00e5ng till personal inom elevh\u00e4lsan<\/li>\n<li>varje elev ska f\u00e5 r\u00e4tt till god undervisning p\u00e5 sitt modersm\u00e5l, r\u00e4tt till studiehandledning ska ocks\u00e5 finnas<\/li>\n<li>den enskilda skolan ska utveckla samarbetet med det omgivande samh\u00e4llet<\/li>\n<li>rektorer ges administrativt st\u00f6d s\u00e5 att de kan l\u00e4gga huvuddelen av sin arbetstid till pedagogiskt st\u00f6d f\u00f6r l\u00e4rare och elever.<\/li>\n<li>att det i alla skolor finns tillr\u00e4cklig pedagogisk \u00e4mneskompetens inom alla omr\u00e5den<\/li>\n<li>att samarbetet mellan skola och socialtj\u00e4nst kring barn i behov av s\u00e4rskilt st\u00f6d och barn i riskzonen vidareutvecklas.<\/li>\n<li>att kontinuerlig fortbildning genomf\u00f6rs f\u00f6r all personal<\/li>\n<li>M\u00f6jligheterna f\u00f6r och behovet av en h\u00f6gskoleutbildning i Mj\u00f6lby ska utredas<\/li>\n<\/ul>\n","protected":false},"excerpt":{"rendered":"<p>Trygg skola med tydlig v\u00e4rdegrund Kristdemokraterna vill att\u2026 skolan ska skapa f\u00f6ruts\u00e4ttningar f\u00f6r att alla elever ska n\u00e5 kunskapsm\u00e5len skolan ska erbjuda en v\u00e4l utvecklad flexibel skolg\u00e5ng, d\u00e4r eleverna kan n\u00e5 utbildningens m\u00e5l under b\u00e5de kortare och l\u00e4ngre tid \u00e4n nio skol\u00e5r. systematiska och tidiga kunskapsuppf\u00f6ljningar ska ske under hela grundskoletiden och ska tillf\u00f6rs\u00e4kra varje <a class=\"read-more-link\" href=\"https:\/\/wp.kristdemokraterna.se\/mjolby\/var-politik\/trygg-skola\/\">Read More<\/a><\/p>\n","protected":false},"author":433,"featured_media":0,"parent":206,"menu_order":5,"comment_status":"closed","ping_status":"open","template":"","meta":{"_acf_changed":false,"footnotes":""},"class_list":["post-338","page","type-page","status-publish","hentry"],"acf":[],"yoast_head":"<!-- This site is optimized with the Yoast SEO plugin v27.4 - https:\/\/yoast.com\/product\/yoast-seo-wordpress\/ -->\n<title>Trygg skola - Mj\u00f6lby<\/title>\n<meta name=\"robots\" content=\"index, follow, max-snippet:-1, max-image-preview:large, max-video-preview:-1\" \/>\n<link rel=\"canonical\" href=\"https:\/\/wp.kristdemokraterna.se\/mjolby\/var-politik\/trygg-skola\/\" \/>\n<meta property=\"og:locale\" content=\"sv_SE\" \/>\n<meta property=\"og:type\" content=\"article\" \/>\n<meta property=\"og:title\" content=\"Trygg skola - Mj\u00f6lby\" \/>\n<meta property=\"og:description\" content=\"Trygg skola med tydlig v\u00e4rdegrund Kristdemokraterna vill att\u2026 skolan ska skapa f\u00f6ruts\u00e4ttningar f\u00f6r att alla elever ska n\u00e5 kunskapsm\u00e5len skolan ska erbjuda en v\u00e4l utvecklad flexibel skolg\u00e5ng, d\u00e4r eleverna kan n\u00e5 utbildningens m\u00e5l under b\u00e5de kortare och l\u00e4ngre tid \u00e4n nio skol\u00e5r. systematiska och tidiga kunskapsuppf\u00f6ljningar ska ske under hela grundskoletiden och ska tillf\u00f6rs\u00e4kra varje Read More\" \/>\n<meta property=\"og:url\" content=\"https:\/\/wp.kristdemokraterna.se\/mjolby\/var-politik\/trygg-skola\/\" \/>\n<meta property=\"og:site_name\" content=\"Mj\u00f6lby\" \/>\n<meta property=\"article:modified_time\" content=\"2013-10-23T16:40:59+00:00\" \/>\n<meta name=\"twitter:card\" content=\"summary_large_image\" \/>\n<meta name=\"twitter:label1\" content=\"Ber\u00e4knad l\u00e4stid\" \/>\n\t<meta name=\"twitter:data1\" content=\"2 minuter\" \/>\n<script type=\"application\/ld+json\" class=\"yoast-schema-graph\">{\"@context\":\"https:\\\/\\\/schema.org\",\"@graph\":[{\"@type\":\"WebPage\",\"@id\":\"https:\\\/\\\/wp.kristdemokraterna.se\\\/mjolby\\\/var-politik\\\/trygg-skola\\\/\",\"url\":\"https:\\\/\\\/wp.kristdemokraterna.se\\\/mjolby\\\/var-politik\\\/trygg-skola\\\/\",\"name\":\"Trygg skola - Mj\u00f6lby\",\"isPartOf\":{\"@id\":\"https:\\\/\\\/wp.kristdemokraterna.se\\\/mjolby\\\/#website\"},\"datePublished\":\"2010-07-03T16:42:50+00:00\",\"dateModified\":\"2013-10-23T16:40:59+00:00\",\"breadcrumb\":{\"@id\":\"https:\\\/\\\/wp.kristdemokraterna.se\\\/mjolby\\\/var-politik\\\/trygg-skola\\\/#breadcrumb\"},\"inLanguage\":\"sv-SE\",\"potentialAction\":[{\"@type\":\"ReadAction\",\"target\":[\"https:\\\/\\\/wp.kristdemokraterna.se\\\/mjolby\\\/var-politik\\\/trygg-skola\\\/\"]}]},{\"@type\":\"BreadcrumbList\",\"@id\":\"https:\\\/\\\/wp.kristdemokraterna.se\\\/mjolby\\\/var-politik\\\/trygg-skola\\\/#breadcrumb\",\"itemListElement\":[{\"@type\":\"ListItem\",\"position\":1,\"name\":\"Hem\",\"item\":\"https:\\\/\\\/wp.kristdemokraterna.se\\\/mjolby\\\/\"},{\"@type\":\"ListItem\",\"position\":2,\"name\":\"V\u00e5r politik\",\"item\":\"https:\\\/\\\/wp.kristdemokraterna.se\\\/mjolby\\\/var-politik\\\/\"},{\"@type\":\"ListItem\",\"position\":3,\"name\":\"Trygg skola\"}]},{\"@type\":\"WebSite\",\"@id\":\"https:\\\/\\\/wp.kristdemokraterna.se\\\/mjolby\\\/#website\",\"url\":\"https:\\\/\\\/wp.kristdemokraterna.se\\\/mjolby\\\/\",\"name\":\"Mj\u00f6lby\",\"description\":\"Kristdemokraterna\",\"inLanguage\":\"sv-SE\"}]}<\/script>\n<!-- \/ Yoast SEO plugin. -->","yoast_head_json":{"title":"Trygg skola - Mj\u00f6lby","robots":{"index":"index","follow":"follow","max-snippet":"max-snippet:-1","max-image-preview":"max-image-preview:large","max-video-preview":"max-video-preview:-1"},"canonical":"https:\/\/wp.kristdemokraterna.se\/mjolby\/var-politik\/trygg-skola\/","og_locale":"sv_SE","og_type":"article","og_title":"Trygg skola - Mj\u00f6lby","og_description":"Trygg skola med tydlig v\u00e4rdegrund Kristdemokraterna vill att\u2026 skolan ska skapa f\u00f6ruts\u00e4ttningar f\u00f6r att alla elever ska n\u00e5 kunskapsm\u00e5len skolan ska erbjuda en v\u00e4l utvecklad flexibel skolg\u00e5ng, d\u00e4r eleverna kan n\u00e5 utbildningens m\u00e5l under b\u00e5de kortare och l\u00e4ngre tid \u00e4n nio skol\u00e5r. systematiska och tidiga kunskapsuppf\u00f6ljningar ska ske under hela grundskoletiden och ska tillf\u00f6rs\u00e4kra varje Read More","og_url":"https:\/\/wp.kristdemokraterna.se\/mjolby\/var-politik\/trygg-skola\/","og_site_name":"Mj\u00f6lby","article_modified_time":"2013-10-23T16:40:59+00:00","twitter_card":"summary_large_image","twitter_misc":{"Ber\u00e4knad l\u00e4stid":"2 minuter"},"schema":{"@context":"https:\/\/schema.org","@graph":[{"@type":"WebPage","@id":"https:\/\/wp.kristdemokraterna.se\/mjolby\/var-politik\/trygg-skola\/","url":"https:\/\/wp.kristdemokraterna.se\/mjolby\/var-politik\/trygg-skola\/","name":"Trygg skola - Mj\u00f6lby","isPartOf":{"@id":"https:\/\/wp.kristdemokraterna.se\/mjolby\/#website"},"datePublished":"2010-07-03T16:42:50+00:00","dateModified":"2013-10-23T16:40:59+00:00","breadcrumb":{"@id":"https:\/\/wp.kristdemokraterna.se\/mjolby\/var-politik\/trygg-skola\/#breadcrumb"},"inLanguage":"sv-SE","potentialAction":[{"@type":"ReadAction","target":["https:\/\/wp.kristdemokraterna.se\/mjolby\/var-politik\/trygg-skola\/"]}]},{"@type":"BreadcrumbList","@id":"https:\/\/wp.kristdemokraterna.se\/mjolby\/var-politik\/trygg-skola\/#breadcrumb","itemListElement":[{"@type":"ListItem","position":1,"name":"Hem","item":"https:\/\/wp.kristdemokraterna.se\/mjolby\/"},{"@type":"ListItem","position":2,"name":"V\u00e5r politik","item":"https:\/\/wp.kristdemokraterna.se\/mjolby\/var-politik\/"},{"@type":"ListItem","position":3,"name":"Trygg skola"}]},{"@type":"WebSite","@id":"https:\/\/wp.kristdemokraterna.se\/mjolby\/#website","url":"https:\/\/wp.kristdemokraterna.se\/mjolby\/","name":"Mj\u00f6lby","description":"Kristdemokraterna","inLanguage":"sv-SE"}]}},"_links":{"self":[{"href":"https:\/\/wp.kristdemokraterna.se\/mjolby\/wp-json\/wp\/v2\/pages\/338","targetHints":{"allow":["GET"]}}],"collection":[{"href":"https:\/\/wp.kristdemokraterna.se\/mjolby\/wp-json\/wp\/v2\/pages"}],"about":[{"href":"https:\/\/wp.kristdemokraterna.se\/mjolby\/wp-json\/wp\/v2\/types\/page"}],"author":[{"embeddable":true,"href":"https:\/\/wp.kristdemokraterna.se\/mjolby\/wp-json\/wp\/v2\/users\/433"}],"replies":[{"embeddable":true,"href":"https:\/\/wp.kristdemokraterna.se\/mjolby\/wp-json\/wp\/v2\/comments?post=338"}],"version-history":[{"count":3,"href":"https:\/\/wp.kristdemokraterna.se\/mjolby\/wp-json\/wp\/v2\/pages\/338\/revisions"}],"predecessor-version":[{"id":340,"href":"https:\/\/wp.kristdemokraterna.se\/mjolby\/wp-json\/wp\/v2\/pages\/338\/revisions\/340"}],"up":[{"embeddable":true,"href":"https:\/\/wp.kristdemokraterna.se\/mjolby\/wp-json\/wp\/v2\/pages\/206"}],"wp:attachment":[{"href":"https:\/\/wp.kristdemokraterna.se\/mjolby\/wp-json\/wp\/v2\/media?parent=338"}],"curies":[{"name":"wp","href":"https:\/\/api.w.org\/{rel}","templated":true}]}}