{"id":384,"date":"2010-07-03T18:34:48","date_gmt":"2010-07-03T16:34:48","guid":{"rendered":"http:\/\/wp.kristdemokraterna.se\/mjolby\/?page_id=384"},"modified":"2013-10-08T15:36:30","modified_gmt":"2013-10-08T13:36:30","slug":"integration-och-mangfald","status":"publish","type":"page","link":"https:\/\/wp.kristdemokraterna.se\/mjolby\/var-politik\/integration-och-mangfald\/","title":{"rendered":"Integration och m\u00e5ngfald"},"content":{"rendered":"<p><strong>Integration och m\u00e5ngfald ist\u00e4llet f\u00f6r segregation och enfald<\/strong><br \/>\n<em>Kristdemokraterna vill att\u2026 <\/em><\/p>\n<ul>\n<li>nyinvandrade erbjuds en gedigen utbildning i svenska spr\u00e5ket<\/li>\n<li>att kommunens fadderverksamhet f\u00f6r nyanl\u00e4nda utvecklas<\/li>\n<li>s\u00e5 m\u00e5nga som m\u00f6jligt f\u00e5r en praktikplats f\u00f6r att l\u00e4ttare komma in i samh\u00e4llet och f\u00e5 in en fot p\u00e5 arbetsmarknaden<\/li>\n<li>f\u00f6reningar som tydligt arbetar med att f\u00f6rb\u00e4ttra integrationen i samh\u00e4llet s\u00e4rskilt ska uppmuntras och st\u00f6djas<\/li>\n<li>kommunen g\u00e5r i spetsen f\u00f6r att \u00f6ka den etniska m\u00e5ngfalden bland anst\u00e4llda genom att f\u00f6rvaltningar och kommun\u00e4gda bolag uppr\u00e4ttar handlingsplaner f\u00f6r detta<\/li>\n<li>regeringens arbetsmarknadssatsning \u201dLyftet\u201d ska f\u00e5 en viktig roll i v\u00e5r kommun s\u00e5 att nyanl\u00e4nda flyktingar kan f\u00e5 in en f\u00f6rsta fot p\u00e5 arbetsmarknaden<\/li>\n<\/ul>\n","protected":false},"excerpt":{"rendered":"<p>Integration och m\u00e5ngfald ist\u00e4llet f\u00f6r segregation och enfald Kristdemokraterna vill att\u2026 nyinvandrade erbjuds en gedigen utbildning i svenska spr\u00e5ket att kommunens fadderverksamhet f\u00f6r nyanl\u00e4nda utvecklas s\u00e5 m\u00e5nga som m\u00f6jligt f\u00e5r en praktikplats f\u00f6r att l\u00e4ttare komma in i samh\u00e4llet och f\u00e5 in en fot p\u00e5 arbetsmarknaden f\u00f6reningar som tydligt arbetar med att f\u00f6rb\u00e4ttra integrationen i <a class=\"read-more-link\" href=\"https:\/\/wp.kristdemokraterna.se\/mjolby\/var-politik\/integration-och-mangfald\/\">Read More<\/a><\/p>\n","protected":false},"author":433,"featured_media":0,"parent":206,"menu_order":11,"comment_status":"closed","ping_status":"open","template":"","meta":{"_acf_changed":false,"footnotes":""},"class_list":["post-384","page","type-page","status-publish","hentry"],"acf":[],"yoast_head":"<!-- This site is optimized with the Yoast SEO plugin v27.4 - https:\/\/yoast.com\/product\/yoast-seo-wordpress\/ -->\n<title>Integration och m\u00e5ngfald - Mj\u00f6lby<\/title>\n<meta name=\"robots\" content=\"index, follow, max-snippet:-1, max-image-preview:large, max-video-preview:-1\" \/>\n<link rel=\"canonical\" href=\"https:\/\/wp.kristdemokraterna.se\/mjolby\/var-politik\/integration-och-mangfald\/\" \/>\n<meta property=\"og:locale\" content=\"sv_SE\" \/>\n<meta property=\"og:type\" content=\"article\" \/>\n<meta property=\"og:title\" content=\"Integration och m\u00e5ngfald - Mj\u00f6lby\" \/>\n<meta property=\"og:description\" content=\"Integration och m\u00e5ngfald ist\u00e4llet f\u00f6r segregation och enfald Kristdemokraterna vill att\u2026 nyinvandrade erbjuds en gedigen utbildning i svenska spr\u00e5ket att kommunens fadderverksamhet f\u00f6r nyanl\u00e4nda utvecklas s\u00e5 m\u00e5nga som m\u00f6jligt f\u00e5r en praktikplats f\u00f6r att l\u00e4ttare komma in i samh\u00e4llet och f\u00e5 in en fot p\u00e5 arbetsmarknaden f\u00f6reningar som tydligt arbetar med att f\u00f6rb\u00e4ttra integrationen i Read More\" \/>\n<meta property=\"og:url\" content=\"https:\/\/wp.kristdemokraterna.se\/mjolby\/var-politik\/integration-och-mangfald\/\" \/>\n<meta property=\"og:site_name\" content=\"Mj\u00f6lby\" \/>\n<meta property=\"article:modified_time\" content=\"2013-10-08T13:36:30+00:00\" \/>\n<meta name=\"twitter:card\" content=\"summary_large_image\" \/>\n<meta name=\"twitter:label1\" content=\"Ber\u00e4knad l\u00e4stid\" \/>\n\t<meta name=\"twitter:data1\" content=\"1 minut\" \/>\n<script type=\"application\/ld+json\" class=\"yoast-schema-graph\">{\"@context\":\"https:\\\/\\\/schema.org\",\"@graph\":[{\"@type\":\"WebPage\",\"@id\":\"https:\\\/\\\/wp.kristdemokraterna.se\\\/mjolby\\\/var-politik\\\/integration-och-mangfald\\\/\",\"url\":\"https:\\\/\\\/wp.kristdemokraterna.se\\\/mjolby\\\/var-politik\\\/integration-och-mangfald\\\/\",\"name\":\"Integration och m\u00e5ngfald - Mj\u00f6lby\",\"isPartOf\":{\"@id\":\"https:\\\/\\\/wp.kristdemokraterna.se\\\/mjolby\\\/#website\"},\"datePublished\":\"2010-07-03T16:34:48+00:00\",\"dateModified\":\"2013-10-08T13:36:30+00:00\",\"breadcrumb\":{\"@id\":\"https:\\\/\\\/wp.kristdemokraterna.se\\\/mjolby\\\/var-politik\\\/integration-och-mangfald\\\/#breadcrumb\"},\"inLanguage\":\"sv-SE\",\"potentialAction\":[{\"@type\":\"ReadAction\",\"target\":[\"https:\\\/\\\/wp.kristdemokraterna.se\\\/mjolby\\\/var-politik\\\/integration-och-mangfald\\\/\"]}]},{\"@type\":\"BreadcrumbList\",\"@id\":\"https:\\\/\\\/wp.kristdemokraterna.se\\\/mjolby\\\/var-politik\\\/integration-och-mangfald\\\/#breadcrumb\",\"itemListElement\":[{\"@type\":\"ListItem\",\"position\":1,\"name\":\"Hem\",\"item\":\"https:\\\/\\\/wp.kristdemokraterna.se\\\/mjolby\\\/\"},{\"@type\":\"ListItem\",\"position\":2,\"name\":\"V\u00e5r politik\",\"item\":\"https:\\\/\\\/wp.kristdemokraterna.se\\\/mjolby\\\/var-politik\\\/\"},{\"@type\":\"ListItem\",\"position\":3,\"name\":\"Integration och m\u00e5ngfald\"}]},{\"@type\":\"WebSite\",\"@id\":\"https:\\\/\\\/wp.kristdemokraterna.se\\\/mjolby\\\/#website\",\"url\":\"https:\\\/\\\/wp.kristdemokraterna.se\\\/mjolby\\\/\",\"name\":\"Mj\u00f6lby\",\"description\":\"Kristdemokraterna\",\"inLanguage\":\"sv-SE\"}]}<\/script>\n<!-- \/ Yoast SEO plugin. -->","yoast_head_json":{"title":"Integration och m\u00e5ngfald - Mj\u00f6lby","robots":{"index":"index","follow":"follow","max-snippet":"max-snippet:-1","max-image-preview":"max-image-preview:large","max-video-preview":"max-video-preview:-1"},"canonical":"https:\/\/wp.kristdemokraterna.se\/mjolby\/var-politik\/integration-och-mangfald\/","og_locale":"sv_SE","og_type":"article","og_title":"Integration och m\u00e5ngfald - Mj\u00f6lby","og_description":"Integration och m\u00e5ngfald ist\u00e4llet f\u00f6r segregation och enfald Kristdemokraterna vill att\u2026 nyinvandrade erbjuds en gedigen utbildning i svenska spr\u00e5ket att kommunens fadderverksamhet f\u00f6r nyanl\u00e4nda utvecklas s\u00e5 m\u00e5nga som m\u00f6jligt f\u00e5r en praktikplats f\u00f6r att l\u00e4ttare komma in i samh\u00e4llet och f\u00e5 in en fot p\u00e5 arbetsmarknaden f\u00f6reningar som tydligt arbetar med att f\u00f6rb\u00e4ttra integrationen i Read More","og_url":"https:\/\/wp.kristdemokraterna.se\/mjolby\/var-politik\/integration-och-mangfald\/","og_site_name":"Mj\u00f6lby","article_modified_time":"2013-10-08T13:36:30+00:00","twitter_card":"summary_large_image","twitter_misc":{"Ber\u00e4knad l\u00e4stid":"1 minut"},"schema":{"@context":"https:\/\/schema.org","@graph":[{"@type":"WebPage","@id":"https:\/\/wp.kristdemokraterna.se\/mjolby\/var-politik\/integration-och-mangfald\/","url":"https:\/\/wp.kristdemokraterna.se\/mjolby\/var-politik\/integration-och-mangfald\/","name":"Integration och m\u00e5ngfald - Mj\u00f6lby","isPartOf":{"@id":"https:\/\/wp.kristdemokraterna.se\/mjolby\/#website"},"datePublished":"2010-07-03T16:34:48+00:00","dateModified":"2013-10-08T13:36:30+00:00","breadcrumb":{"@id":"https:\/\/wp.kristdemokraterna.se\/mjolby\/var-politik\/integration-och-mangfald\/#breadcrumb"},"inLanguage":"sv-SE","potentialAction":[{"@type":"ReadAction","target":["https:\/\/wp.kristdemokraterna.se\/mjolby\/var-politik\/integration-och-mangfald\/"]}]},{"@type":"BreadcrumbList","@id":"https:\/\/wp.kristdemokraterna.se\/mjolby\/var-politik\/integration-och-mangfald\/#breadcrumb","itemListElement":[{"@type":"ListItem","position":1,"name":"Hem","item":"https:\/\/wp.kristdemokraterna.se\/mjolby\/"},{"@type":"ListItem","position":2,"name":"V\u00e5r politik","item":"https:\/\/wp.kristdemokraterna.se\/mjolby\/var-politik\/"},{"@type":"ListItem","position":3,"name":"Integration och m\u00e5ngfald"}]},{"@type":"WebSite","@id":"https:\/\/wp.kristdemokraterna.se\/mjolby\/#website","url":"https:\/\/wp.kristdemokraterna.se\/mjolby\/","name":"Mj\u00f6lby","description":"Kristdemokraterna","inLanguage":"sv-SE"}]}},"_links":{"self":[{"href":"https:\/\/wp.kristdemokraterna.se\/mjolby\/wp-json\/wp\/v2\/pages\/384","targetHints":{"allow":["GET"]}}],"collection":[{"href":"https:\/\/wp.kristdemokraterna.se\/mjolby\/wp-json\/wp\/v2\/pages"}],"about":[{"href":"https:\/\/wp.kristdemokraterna.se\/mjolby\/wp-json\/wp\/v2\/types\/page"}],"author":[{"embeddable":true,"href":"https:\/\/wp.kristdemokraterna.se\/mjolby\/wp-json\/wp\/v2\/users\/433"}],"replies":[{"embeddable":true,"href":"https:\/\/wp.kristdemokraterna.se\/mjolby\/wp-json\/wp\/v2\/comments?post=384"}],"version-history":[{"count":2,"href":"https:\/\/wp.kristdemokraterna.se\/mjolby\/wp-json\/wp\/v2\/pages\/384\/revisions"}],"predecessor-version":[{"id":386,"href":"https:\/\/wp.kristdemokraterna.se\/mjolby\/wp-json\/wp\/v2\/pages\/384\/revisions\/386"}],"up":[{"embeddable":true,"href":"https:\/\/wp.kristdemokraterna.se\/mjolby\/wp-json\/wp\/v2\/pages\/206"}],"wp:attachment":[{"href":"https:\/\/wp.kristdemokraterna.se\/mjolby\/wp-json\/wp\/v2\/media?parent=384"}],"curies":[{"name":"wp","href":"https:\/\/api.w.org\/{rel}","templated":true}]}}