{"id":454,"date":"2010-07-06T17:17:11","date_gmt":"2010-07-06T15:17:11","guid":{"rendered":"http:\/\/wp.kristdemokraterna.se\/mjolby\/?page_id=454"},"modified":"2013-10-07T16:47:59","modified_gmt":"2013-10-07T14:47:59","slug":"naringslivet-kommunens-livsnerv","status":"publish","type":"page","link":"https:\/\/wp.kristdemokraterna.se\/mjolby\/valet2010\/naringslivet-kommunens-livsnerv\/","title":{"rendered":"N\u00e4ringslivet &#8211; kommunens livsnerv"},"content":{"rendered":"<p>Om kommunen har ett v\u00e4l utvecklat n\u00e4ringsliv s\u00e5 finns det goda m\u00f6jligheter till en god kommunal service. F\u00f6r att det ska bli m\u00f6jligt m\u00e5ste n\u00e4ringslivsfr\u00e5gorna ha h\u00f6g prioritet s\u00e5 att nyetableringar, f\u00f6rnyelse och expansion av f\u00f6retag fr\u00e4mjas.<\/p>\n<p>Att skapa f\u00f6ruts\u00e4ttningar f\u00f6r ett gott f\u00f6retagsklimat i Mj\u00f6lby och d\u00e4rmed fler jobb och god ekonomisk tillv\u00e4xt handlar ocks\u00e5 i h\u00f6g grad om att se f\u00f6retagande som ett viktigt och naturligt alternativ n\u00e4r det g\u00e4lle yrkesval f\u00f6r unga medborgare. Skolan beh\u00f6ver l\u00e4gga mer fokus p\u00e5 den del av v\u00e5rt samh\u00e4llsengagemang som \u00e4r f\u00f6retagande och n\u00e4ringsliv.<\/p>\n<p>Vi vill bland annat verka f\u00f6r att:<\/p>\n<ul>\n<li>Kommunens service till f\u00f6retagen f\u00f6rtydligas genom att inf\u00f6ra tj\u00e4nstegarantier<\/li>\n<li>Kommunen satsar p\u00e5 entrepren\u00f6rskap i grundskolan och gymnasieskolan<\/li>\n<li>Resurser avs\u00e4tts f\u00f6r utbildningsinsatser inom den offentliga sektorn f\u00f6r att st\u00f6dja entrepren\u00f6rskap\u00a0 &#8211; ett s\u00e5 kallat entrepren\u00f6rskapslyft.<\/li>\n<\/ul>\n<p>L\u00e4s mer om v\u00e5rt n\u00e4ringslivsprogram <a title=\"N\u00e4ringslivsklimat\" href=\"http:\/\/wp.kristdemokraterna.se\/mjolby\/var-politik\/naringslivsklimat\/\">h\u00e4r<\/a>!<\/p>\n","protected":false},"excerpt":{"rendered":"<p>Om kommunen har ett v\u00e4l utvecklat n\u00e4ringsliv s\u00e5 finns det goda m\u00f6jligheter till en god kommunal service. F\u00f6r att det ska bli m\u00f6jligt m\u00e5ste n\u00e4ringslivsfr\u00e5gorna ha h\u00f6g prioritet s\u00e5 att nyetableringar, f\u00f6rnyelse och expansion av f\u00f6retag fr\u00e4mjas. Att skapa f\u00f6ruts\u00e4ttningar f\u00f6r ett gott f\u00f6retagsklimat i Mj\u00f6lby och d\u00e4rmed fler jobb och god ekonomisk tillv\u00e4xt handlar <a class=\"read-more-link\" href=\"https:\/\/wp.kristdemokraterna.se\/mjolby\/valet2010\/naringslivet-kommunens-livsnerv\/\">Read More<\/a><\/p>\n","protected":false},"author":433,"featured_media":0,"parent":446,"menu_order":0,"comment_status":"closed","ping_status":"open","template":"","meta":{"_acf_changed":false,"footnotes":""},"class_list":["post-454","page","type-page","status-publish","hentry"],"acf":[],"yoast_head":"<!-- This site is optimized with the Yoast SEO plugin v27.4 - https:\/\/yoast.com\/product\/yoast-seo-wordpress\/ -->\n<title>N\u00e4ringslivet - kommunens livsnerv - Mj\u00f6lby<\/title>\n<meta name=\"robots\" content=\"index, follow, max-snippet:-1, max-image-preview:large, max-video-preview:-1\" \/>\n<link rel=\"canonical\" href=\"https:\/\/wp.kristdemokraterna.se\/mjolby\/valet2010\/naringslivet-kommunens-livsnerv\/\" \/>\n<meta property=\"og:locale\" content=\"sv_SE\" \/>\n<meta property=\"og:type\" content=\"article\" \/>\n<meta property=\"og:title\" content=\"N\u00e4ringslivet - kommunens livsnerv - Mj\u00f6lby\" \/>\n<meta property=\"og:description\" content=\"Om kommunen har ett v\u00e4l utvecklat n\u00e4ringsliv s\u00e5 finns det goda m\u00f6jligheter till en god kommunal service. F\u00f6r att det ska bli m\u00f6jligt m\u00e5ste n\u00e4ringslivsfr\u00e5gorna ha h\u00f6g prioritet s\u00e5 att nyetableringar, f\u00f6rnyelse och expansion av f\u00f6retag fr\u00e4mjas. Att skapa f\u00f6ruts\u00e4ttningar f\u00f6r ett gott f\u00f6retagsklimat i Mj\u00f6lby och d\u00e4rmed fler jobb och god ekonomisk tillv\u00e4xt handlar Read More\" \/>\n<meta property=\"og:url\" content=\"https:\/\/wp.kristdemokraterna.se\/mjolby\/valet2010\/naringslivet-kommunens-livsnerv\/\" \/>\n<meta property=\"og:site_name\" content=\"Mj\u00f6lby\" \/>\n<meta property=\"article:modified_time\" content=\"2013-10-07T14:47:59+00:00\" \/>\n<meta name=\"twitter:card\" content=\"summary_large_image\" \/>\n<meta name=\"twitter:label1\" content=\"Ber\u00e4knad l\u00e4stid\" \/>\n\t<meta name=\"twitter:data1\" content=\"1 minut\" \/>\n<script type=\"application\/ld+json\" class=\"yoast-schema-graph\">{\"@context\":\"https:\\\/\\\/schema.org\",\"@graph\":[{\"@type\":\"WebPage\",\"@id\":\"https:\\\/\\\/wp.kristdemokraterna.se\\\/mjolby\\\/valet2010\\\/naringslivet-kommunens-livsnerv\\\/\",\"url\":\"https:\\\/\\\/wp.kristdemokraterna.se\\\/mjolby\\\/valet2010\\\/naringslivet-kommunens-livsnerv\\\/\",\"name\":\"N\u00e4ringslivet - kommunens livsnerv - Mj\u00f6lby\",\"isPartOf\":{\"@id\":\"https:\\\/\\\/wp.kristdemokraterna.se\\\/mjolby\\\/#website\"},\"datePublished\":\"2010-07-06T15:17:11+00:00\",\"dateModified\":\"2013-10-07T14:47:59+00:00\",\"breadcrumb\":{\"@id\":\"https:\\\/\\\/wp.kristdemokraterna.se\\\/mjolby\\\/valet2010\\\/naringslivet-kommunens-livsnerv\\\/#breadcrumb\"},\"inLanguage\":\"sv-SE\",\"potentialAction\":[{\"@type\":\"ReadAction\",\"target\":[\"https:\\\/\\\/wp.kristdemokraterna.se\\\/mjolby\\\/valet2010\\\/naringslivet-kommunens-livsnerv\\\/\"]}]},{\"@type\":\"BreadcrumbList\",\"@id\":\"https:\\\/\\\/wp.kristdemokraterna.se\\\/mjolby\\\/valet2010\\\/naringslivet-kommunens-livsnerv\\\/#breadcrumb\",\"itemListElement\":[{\"@type\":\"ListItem\",\"position\":1,\"name\":\"Hem\",\"item\":\"https:\\\/\\\/wp.kristdemokraterna.se\\\/mjolby\\\/\"},{\"@type\":\"ListItem\",\"position\":2,\"name\":\"Valet 2010\",\"item\":\"https:\\\/\\\/wp.kristdemokraterna.se\\\/mjolby\\\/valet2010\\\/\"},{\"@type\":\"ListItem\",\"position\":3,\"name\":\"N\u00e4ringslivet &#8211; kommunens livsnerv\"}]},{\"@type\":\"WebSite\",\"@id\":\"https:\\\/\\\/wp.kristdemokraterna.se\\\/mjolby\\\/#website\",\"url\":\"https:\\\/\\\/wp.kristdemokraterna.se\\\/mjolby\\\/\",\"name\":\"Mj\u00f6lby\",\"description\":\"Kristdemokraterna\",\"inLanguage\":\"sv-SE\"}]}<\/script>\n<!-- \/ Yoast SEO plugin. -->","yoast_head_json":{"title":"N\u00e4ringslivet - kommunens livsnerv - Mj\u00f6lby","robots":{"index":"index","follow":"follow","max-snippet":"max-snippet:-1","max-image-preview":"max-image-preview:large","max-video-preview":"max-video-preview:-1"},"canonical":"https:\/\/wp.kristdemokraterna.se\/mjolby\/valet2010\/naringslivet-kommunens-livsnerv\/","og_locale":"sv_SE","og_type":"article","og_title":"N\u00e4ringslivet - kommunens livsnerv - Mj\u00f6lby","og_description":"Om kommunen har ett v\u00e4l utvecklat n\u00e4ringsliv s\u00e5 finns det goda m\u00f6jligheter till en god kommunal service. F\u00f6r att det ska bli m\u00f6jligt m\u00e5ste n\u00e4ringslivsfr\u00e5gorna ha h\u00f6g prioritet s\u00e5 att nyetableringar, f\u00f6rnyelse och expansion av f\u00f6retag fr\u00e4mjas. Att skapa f\u00f6ruts\u00e4ttningar f\u00f6r ett gott f\u00f6retagsklimat i Mj\u00f6lby och d\u00e4rmed fler jobb och god ekonomisk tillv\u00e4xt handlar Read More","og_url":"https:\/\/wp.kristdemokraterna.se\/mjolby\/valet2010\/naringslivet-kommunens-livsnerv\/","og_site_name":"Mj\u00f6lby","article_modified_time":"2013-10-07T14:47:59+00:00","twitter_card":"summary_large_image","twitter_misc":{"Ber\u00e4knad l\u00e4stid":"1 minut"},"schema":{"@context":"https:\/\/schema.org","@graph":[{"@type":"WebPage","@id":"https:\/\/wp.kristdemokraterna.se\/mjolby\/valet2010\/naringslivet-kommunens-livsnerv\/","url":"https:\/\/wp.kristdemokraterna.se\/mjolby\/valet2010\/naringslivet-kommunens-livsnerv\/","name":"N\u00e4ringslivet - kommunens livsnerv - Mj\u00f6lby","isPartOf":{"@id":"https:\/\/wp.kristdemokraterna.se\/mjolby\/#website"},"datePublished":"2010-07-06T15:17:11+00:00","dateModified":"2013-10-07T14:47:59+00:00","breadcrumb":{"@id":"https:\/\/wp.kristdemokraterna.se\/mjolby\/valet2010\/naringslivet-kommunens-livsnerv\/#breadcrumb"},"inLanguage":"sv-SE","potentialAction":[{"@type":"ReadAction","target":["https:\/\/wp.kristdemokraterna.se\/mjolby\/valet2010\/naringslivet-kommunens-livsnerv\/"]}]},{"@type":"BreadcrumbList","@id":"https:\/\/wp.kristdemokraterna.se\/mjolby\/valet2010\/naringslivet-kommunens-livsnerv\/#breadcrumb","itemListElement":[{"@type":"ListItem","position":1,"name":"Hem","item":"https:\/\/wp.kristdemokraterna.se\/mjolby\/"},{"@type":"ListItem","position":2,"name":"Valet 2010","item":"https:\/\/wp.kristdemokraterna.se\/mjolby\/valet2010\/"},{"@type":"ListItem","position":3,"name":"N\u00e4ringslivet &#8211; kommunens livsnerv"}]},{"@type":"WebSite","@id":"https:\/\/wp.kristdemokraterna.se\/mjolby\/#website","url":"https:\/\/wp.kristdemokraterna.se\/mjolby\/","name":"Mj\u00f6lby","description":"Kristdemokraterna","inLanguage":"sv-SE"}]}},"_links":{"self":[{"href":"https:\/\/wp.kristdemokraterna.se\/mjolby\/wp-json\/wp\/v2\/pages\/454","targetHints":{"allow":["GET"]}}],"collection":[{"href":"https:\/\/wp.kristdemokraterna.se\/mjolby\/wp-json\/wp\/v2\/pages"}],"about":[{"href":"https:\/\/wp.kristdemokraterna.se\/mjolby\/wp-json\/wp\/v2\/types\/page"}],"author":[{"embeddable":true,"href":"https:\/\/wp.kristdemokraterna.se\/mjolby\/wp-json\/wp\/v2\/users\/433"}],"replies":[{"embeddable":true,"href":"https:\/\/wp.kristdemokraterna.se\/mjolby\/wp-json\/wp\/v2\/comments?post=454"}],"version-history":[{"count":3,"href":"https:\/\/wp.kristdemokraterna.se\/mjolby\/wp-json\/wp\/v2\/pages\/454\/revisions"}],"predecessor-version":[{"id":457,"href":"https:\/\/wp.kristdemokraterna.se\/mjolby\/wp-json\/wp\/v2\/pages\/454\/revisions\/457"}],"up":[{"embeddable":true,"href":"https:\/\/wp.kristdemokraterna.se\/mjolby\/wp-json\/wp\/v2\/pages\/446"}],"wp:attachment":[{"href":"https:\/\/wp.kristdemokraterna.se\/mjolby\/wp-json\/wp\/v2\/media?parent=454"}],"curies":[{"name":"wp","href":"https:\/\/api.w.org\/{rel}","templated":true}]}}