{"id":459,"date":"2010-07-06T17:16:27","date_gmt":"2010-07-06T15:16:27","guid":{"rendered":"http:\/\/wp.kristdemokraterna.se\/mjolby\/?page_id=459"},"modified":"2013-10-07T16:54:59","modified_gmt":"2013-10-07T14:54:59","slug":"respekt-for-de-aldre","status":"publish","type":"page","link":"https:\/\/wp.kristdemokraterna.se\/mjolby\/valet2010\/respekt-for-de-aldre\/","title":{"rendered":"Respekt f\u00f6r de \u00e4ldre"},"content":{"rendered":"<p>Alla ska kunna \u00e5ldras med v\u00e4rdighet, d\u00e4rf\u00f6r m\u00e5ste v\u00e5rden och omsorgen pr\u00e4glas av valfrihet och respekt inf\u00f6r den \u00e4ldres individuella behov.<\/p>\n<p>F\u00f6r oss kristdemokrater \u00e4r det en sj\u00e4lvklarhet att \u00e4ldre sj\u00e4lva ska kunna v\u00e4lja vem som ska utf\u00f6ra v\u00e5rden och ocks\u00e5 kunna p\u00e5verka inneh\u00e5llet i v\u00e5rden.<\/p>\n<p>Vi vill bland annat verka f\u00f6r att:<\/p>\n<ul>\n<li>Den enskilde sj\u00e4lv f\u00e5r st\u00f6rre utrymme att p\u00e5verka inneh\u00e5llet i hemtj\u00e4nstinsatserna<\/li>\n<li>Valfrihetssystem finns inom \u00e4ldreomsorgen<\/li>\n<li>Utbyggnaden av Trygghetsboende forts\u00e4tter s\u00e5 att denna boendeform finns p\u00e5 fler platser i kommunen<\/li>\n<li>En v\u00e4rdighetsgaranti inf\u00f6rs inom \u00e4ldreomsorgen<\/li>\n<li>Frivilligorganisationernas engagemang och kraft stimuleras och tillvaratas<\/li>\n<\/ul>\n<p>L\u00e4s mer om vad vi vill inom v\u00e5rd och omsorg <a title=\"V\u00e5rd och omsorg\" href=\"http:\/\/wp.kristdemokraterna.se\/mjolby\/var-politik\/vard-och-omsorg\/\">h\u00e4r<\/a>!<\/p>\n","protected":false},"excerpt":{"rendered":"<p>Alla ska kunna \u00e5ldras med v\u00e4rdighet, d\u00e4rf\u00f6r m\u00e5ste v\u00e5rden och omsorgen pr\u00e4glas av valfrihet och respekt inf\u00f6r den \u00e4ldres individuella behov. F\u00f6r oss kristdemokrater \u00e4r det en sj\u00e4lvklarhet att \u00e4ldre sj\u00e4lva ska kunna v\u00e4lja vem som ska utf\u00f6ra v\u00e5rden och ocks\u00e5 kunna p\u00e5verka inneh\u00e5llet i v\u00e5rden. Vi vill bland annat verka f\u00f6r att: Den enskilde <a class=\"read-more-link\" href=\"https:\/\/wp.kristdemokraterna.se\/mjolby\/valet2010\/respekt-for-de-aldre\/\">Read More<\/a><\/p>\n","protected":false},"author":433,"featured_media":0,"parent":446,"menu_order":0,"comment_status":"closed","ping_status":"open","template":"","meta":{"_acf_changed":false,"footnotes":""},"class_list":["post-459","page","type-page","status-publish","hentry"],"acf":[],"yoast_head":"<!-- This site is optimized with the Yoast SEO plugin v27.4 - https:\/\/yoast.com\/product\/yoast-seo-wordpress\/ -->\n<title>Respekt f\u00f6r de \u00e4ldre - Mj\u00f6lby<\/title>\n<meta name=\"robots\" content=\"index, follow, max-snippet:-1, max-image-preview:large, max-video-preview:-1\" \/>\n<link rel=\"canonical\" href=\"https:\/\/wp.kristdemokraterna.se\/mjolby\/valet2010\/respekt-for-de-aldre\/\" \/>\n<meta property=\"og:locale\" content=\"sv_SE\" \/>\n<meta property=\"og:type\" content=\"article\" \/>\n<meta property=\"og:title\" content=\"Respekt f\u00f6r de \u00e4ldre - Mj\u00f6lby\" \/>\n<meta property=\"og:description\" content=\"Alla ska kunna \u00e5ldras med v\u00e4rdighet, d\u00e4rf\u00f6r m\u00e5ste v\u00e5rden och omsorgen pr\u00e4glas av valfrihet och respekt inf\u00f6r den \u00e4ldres individuella behov. F\u00f6r oss kristdemokrater \u00e4r det en sj\u00e4lvklarhet att \u00e4ldre sj\u00e4lva ska kunna v\u00e4lja vem som ska utf\u00f6ra v\u00e5rden och ocks\u00e5 kunna p\u00e5verka inneh\u00e5llet i v\u00e5rden. Vi vill bland annat verka f\u00f6r att: Den enskilde Read More\" \/>\n<meta property=\"og:url\" content=\"https:\/\/wp.kristdemokraterna.se\/mjolby\/valet2010\/respekt-for-de-aldre\/\" \/>\n<meta property=\"og:site_name\" content=\"Mj\u00f6lby\" \/>\n<meta property=\"article:modified_time\" content=\"2013-10-07T14:54:59+00:00\" \/>\n<meta name=\"twitter:card\" content=\"summary_large_image\" \/>\n<meta name=\"twitter:label1\" content=\"Ber\u00e4knad l\u00e4stid\" \/>\n\t<meta name=\"twitter:data1\" content=\"1 minut\" \/>\n<script type=\"application\/ld+json\" class=\"yoast-schema-graph\">{\"@context\":\"https:\\\/\\\/schema.org\",\"@graph\":[{\"@type\":\"WebPage\",\"@id\":\"https:\\\/\\\/wp.kristdemokraterna.se\\\/mjolby\\\/valet2010\\\/respekt-for-de-aldre\\\/\",\"url\":\"https:\\\/\\\/wp.kristdemokraterna.se\\\/mjolby\\\/valet2010\\\/respekt-for-de-aldre\\\/\",\"name\":\"Respekt f\u00f6r de \u00e4ldre - Mj\u00f6lby\",\"isPartOf\":{\"@id\":\"https:\\\/\\\/wp.kristdemokraterna.se\\\/mjolby\\\/#website\"},\"datePublished\":\"2010-07-06T15:16:27+00:00\",\"dateModified\":\"2013-10-07T14:54:59+00:00\",\"breadcrumb\":{\"@id\":\"https:\\\/\\\/wp.kristdemokraterna.se\\\/mjolby\\\/valet2010\\\/respekt-for-de-aldre\\\/#breadcrumb\"},\"inLanguage\":\"sv-SE\",\"potentialAction\":[{\"@type\":\"ReadAction\",\"target\":[\"https:\\\/\\\/wp.kristdemokraterna.se\\\/mjolby\\\/valet2010\\\/respekt-for-de-aldre\\\/\"]}]},{\"@type\":\"BreadcrumbList\",\"@id\":\"https:\\\/\\\/wp.kristdemokraterna.se\\\/mjolby\\\/valet2010\\\/respekt-for-de-aldre\\\/#breadcrumb\",\"itemListElement\":[{\"@type\":\"ListItem\",\"position\":1,\"name\":\"Hem\",\"item\":\"https:\\\/\\\/wp.kristdemokraterna.se\\\/mjolby\\\/\"},{\"@type\":\"ListItem\",\"position\":2,\"name\":\"Valet 2010\",\"item\":\"https:\\\/\\\/wp.kristdemokraterna.se\\\/mjolby\\\/valet2010\\\/\"},{\"@type\":\"ListItem\",\"position\":3,\"name\":\"Respekt f\u00f6r de \u00e4ldre\"}]},{\"@type\":\"WebSite\",\"@id\":\"https:\\\/\\\/wp.kristdemokraterna.se\\\/mjolby\\\/#website\",\"url\":\"https:\\\/\\\/wp.kristdemokraterna.se\\\/mjolby\\\/\",\"name\":\"Mj\u00f6lby\",\"description\":\"Kristdemokraterna\",\"inLanguage\":\"sv-SE\"}]}<\/script>\n<!-- \/ Yoast SEO plugin. -->","yoast_head_json":{"title":"Respekt f\u00f6r de \u00e4ldre - Mj\u00f6lby","robots":{"index":"index","follow":"follow","max-snippet":"max-snippet:-1","max-image-preview":"max-image-preview:large","max-video-preview":"max-video-preview:-1"},"canonical":"https:\/\/wp.kristdemokraterna.se\/mjolby\/valet2010\/respekt-for-de-aldre\/","og_locale":"sv_SE","og_type":"article","og_title":"Respekt f\u00f6r de \u00e4ldre - Mj\u00f6lby","og_description":"Alla ska kunna \u00e5ldras med v\u00e4rdighet, d\u00e4rf\u00f6r m\u00e5ste v\u00e5rden och omsorgen pr\u00e4glas av valfrihet och respekt inf\u00f6r den \u00e4ldres individuella behov. F\u00f6r oss kristdemokrater \u00e4r det en sj\u00e4lvklarhet att \u00e4ldre sj\u00e4lva ska kunna v\u00e4lja vem som ska utf\u00f6ra v\u00e5rden och ocks\u00e5 kunna p\u00e5verka inneh\u00e5llet i v\u00e5rden. Vi vill bland annat verka f\u00f6r att: Den enskilde Read More","og_url":"https:\/\/wp.kristdemokraterna.se\/mjolby\/valet2010\/respekt-for-de-aldre\/","og_site_name":"Mj\u00f6lby","article_modified_time":"2013-10-07T14:54:59+00:00","twitter_card":"summary_large_image","twitter_misc":{"Ber\u00e4knad l\u00e4stid":"1 minut"},"schema":{"@context":"https:\/\/schema.org","@graph":[{"@type":"WebPage","@id":"https:\/\/wp.kristdemokraterna.se\/mjolby\/valet2010\/respekt-for-de-aldre\/","url":"https:\/\/wp.kristdemokraterna.se\/mjolby\/valet2010\/respekt-for-de-aldre\/","name":"Respekt f\u00f6r de \u00e4ldre - Mj\u00f6lby","isPartOf":{"@id":"https:\/\/wp.kristdemokraterna.se\/mjolby\/#website"},"datePublished":"2010-07-06T15:16:27+00:00","dateModified":"2013-10-07T14:54:59+00:00","breadcrumb":{"@id":"https:\/\/wp.kristdemokraterna.se\/mjolby\/valet2010\/respekt-for-de-aldre\/#breadcrumb"},"inLanguage":"sv-SE","potentialAction":[{"@type":"ReadAction","target":["https:\/\/wp.kristdemokraterna.se\/mjolby\/valet2010\/respekt-for-de-aldre\/"]}]},{"@type":"BreadcrumbList","@id":"https:\/\/wp.kristdemokraterna.se\/mjolby\/valet2010\/respekt-for-de-aldre\/#breadcrumb","itemListElement":[{"@type":"ListItem","position":1,"name":"Hem","item":"https:\/\/wp.kristdemokraterna.se\/mjolby\/"},{"@type":"ListItem","position":2,"name":"Valet 2010","item":"https:\/\/wp.kristdemokraterna.se\/mjolby\/valet2010\/"},{"@type":"ListItem","position":3,"name":"Respekt f\u00f6r de \u00e4ldre"}]},{"@type":"WebSite","@id":"https:\/\/wp.kristdemokraterna.se\/mjolby\/#website","url":"https:\/\/wp.kristdemokraterna.se\/mjolby\/","name":"Mj\u00f6lby","description":"Kristdemokraterna","inLanguage":"sv-SE"}]}},"_links":{"self":[{"href":"https:\/\/wp.kristdemokraterna.se\/mjolby\/wp-json\/wp\/v2\/pages\/459","targetHints":{"allow":["GET"]}}],"collection":[{"href":"https:\/\/wp.kristdemokraterna.se\/mjolby\/wp-json\/wp\/v2\/pages"}],"about":[{"href":"https:\/\/wp.kristdemokraterna.se\/mjolby\/wp-json\/wp\/v2\/types\/page"}],"author":[{"embeddable":true,"href":"https:\/\/wp.kristdemokraterna.se\/mjolby\/wp-json\/wp\/v2\/users\/433"}],"replies":[{"embeddable":true,"href":"https:\/\/wp.kristdemokraterna.se\/mjolby\/wp-json\/wp\/v2\/comments?post=459"}],"version-history":[{"count":1,"href":"https:\/\/wp.kristdemokraterna.se\/mjolby\/wp-json\/wp\/v2\/pages\/459\/revisions"}],"predecessor-version":[{"id":460,"href":"https:\/\/wp.kristdemokraterna.se\/mjolby\/wp-json\/wp\/v2\/pages\/459\/revisions\/460"}],"up":[{"embeddable":true,"href":"https:\/\/wp.kristdemokraterna.se\/mjolby\/wp-json\/wp\/v2\/pages\/446"}],"wp:attachment":[{"href":"https:\/\/wp.kristdemokraterna.se\/mjolby\/wp-json\/wp\/v2\/media?parent=459"}],"curies":[{"name":"wp","href":"https:\/\/api.w.org\/{rel}","templated":true}]}}