{"version":"1.0","provider_name":"M\u00f6lndal","provider_url":"https:\/\/wp.kristdemokraterna.se\/molndal","title":"KD vill bek\u00e4mpa den psykiska oh\u00e4lsan - M\u00f6lndal","type":"rich","width":600,"height":338,"html":"<blockquote class=\"wp-embedded-content\" data-secret=\"EO1RnwoLAP\"><a href=\"https:\/\/wp.kristdemokraterna.se\/molndal\/kd-vill-bekampa-den-psykiska-ohalsan\/\">KD vill bek\u00e4mpa den psykiska oh\u00e4lsan<\/a><\/blockquote><iframe sandbox=\"allow-scripts\" security=\"restricted\" src=\"https:\/\/wp.kristdemokraterna.se\/molndal\/kd-vill-bekampa-den-psykiska-ohalsan\/embed\/#?secret=EO1RnwoLAP\" width=\"600\" height=\"338\" title=\"\u201dKD vill bek\u00e4mpa den psykiska oh\u00e4lsan\u201d &ndash; M\u00f6lndal\" data-secret=\"EO1RnwoLAP\" frameborder=\"0\" marginwidth=\"0\" marginheight=\"0\" scrolling=\"no\" class=\"wp-embedded-content\"><\/iframe><script type=\"text\/javascript\">\n\/* <![CDATA[ *\/\n\/*! This file is auto-generated *\/\n!function(d,l){\"use strict\";l.querySelector&&d.addEventListener&&\"undefined\"!=typeof URL&&(d.wp=d.wp||{},d.wp.receiveEmbedMessage||(d.wp.receiveEmbedMessage=function(e){var t=e.data;if((t||t.secret||t.message||t.value)&&!\/[^a-zA-Z0-9]\/.test(t.secret)){for(var s,r,n,a=l.querySelectorAll('iframe[data-secret=\"'+t.secret+'\"]'),o=l.querySelectorAll('blockquote[data-secret=\"'+t.secret+'\"]'),c=new RegExp(\"^https?:$\",\"i\"),i=0;i<o.length;i++)o[i].style.display=\"none\";for(i=0;i<a.length;i++)s=a[i],e.source===s.contentWindow&&(s.removeAttribute(\"style\"),\"height\"===t.message?(1e3<(r=parseInt(t.value,10))?r=1e3:~~r<200&&(r=200),s.height=r):\"link\"===t.message&&(r=new URL(s.getAttribute(\"src\")),n=new URL(t.value),c.test(n.protocol))&&n.host===r.host&&l.activeElement===s&&(d.top.location.href=t.value))}},d.addEventListener(\"message\",d.wp.receiveEmbedMessage,!1),l.addEventListener(\"DOMContentLoaded\",function(){for(var e,t,s=l.querySelectorAll(\"iframe.wp-embedded-content\"),r=0;r<s.length;r++)(t=(e=s[r]).getAttribute(\"data-secret\"))||(t=Math.random().toString(36).substring(2,12),e.src+=\"#?secret=\"+t,e.setAttribute(\"data-secret\",t)),e.contentWindow.postMessage({message:\"ready\",secret:t},\"*\")},!1)))}(window,document);\n\/\/# sourceURL=https:\/\/wp.kristdemokraterna.se\/molndal\/wp-includes\/js\/wp-embed.min.js\n\/* ]]> *\/\n<\/script>\n","description":"Kristdemokraternas femte namn till regionfullm\u00e4ktige Anders Karlsson, ber\u00e4ttar att KD vill bek\u00e4mpa den psykiska oh\u00e4lsan i V\u00e4stra G\u00f6taland. &#8221;I mitt arbete som l\u00e4rare har jag sett hur den psykiska oh\u00e4lsan bland barn och ungdomar har \u00f6kat. Fyra av tio kontakter med v\u00e5rdcentraler har n\u00e5gonting med psykisk oh\u00e4lsa att g\u00f6ra. D\u00e4rf\u00f6r vill vi kristdemokrater \u00f6ka tillg\u00e4ngligheten Read More"}