{"version":"1.0","provider_name":"Kristdemokraterna i Motala","provider_url":"https:\/\/wp.kristdemokraterna.se\/motala","title":"Motalas \u00e4ldre v\u00e4ntar \u00e4n p\u00e5 nytt boende - Kristdemokraterna i Motala","type":"rich","width":600,"height":338,"html":"<blockquote class=\"wp-embedded-content\" data-secret=\"klzzdJeP3M\"><a href=\"https:\/\/wp.kristdemokraterna.se\/motala\/motalas-aldre-vantar-an-pa-nytt-boende\/\">Motalas \u00e4ldre v\u00e4ntar \u00e4n p\u00e5 nytt boende<\/a><\/blockquote><iframe sandbox=\"allow-scripts\" security=\"restricted\" src=\"https:\/\/wp.kristdemokraterna.se\/motala\/motalas-aldre-vantar-an-pa-nytt-boende\/embed\/#?secret=klzzdJeP3M\" width=\"600\" height=\"338\" title=\"\u201dMotalas \u00e4ldre v\u00e4ntar \u00e4n p\u00e5 nytt boende\u201d &ndash; Kristdemokraterna i Motala\" data-secret=\"klzzdJeP3M\" frameborder=\"0\" marginwidth=\"0\" marginheight=\"0\" scrolling=\"no\" class=\"wp-embedded-content\"><\/iframe><script type=\"text\/javascript\">\n\/* <![CDATA[ *\/\n\/*! This file is auto-generated *\/\n!function(d,l){\"use strict\";l.querySelector&&d.addEventListener&&\"undefined\"!=typeof URL&&(d.wp=d.wp||{},d.wp.receiveEmbedMessage||(d.wp.receiveEmbedMessage=function(e){var t=e.data;if((t||t.secret||t.message||t.value)&&!\/[^a-zA-Z0-9]\/.test(t.secret)){for(var s,r,n,a=l.querySelectorAll('iframe[data-secret=\"'+t.secret+'\"]'),o=l.querySelectorAll('blockquote[data-secret=\"'+t.secret+'\"]'),c=new RegExp(\"^https?:$\",\"i\"),i=0;i<o.length;i++)o[i].style.display=\"none\";for(i=0;i<a.length;i++)s=a[i],e.source===s.contentWindow&&(s.removeAttribute(\"style\"),\"height\"===t.message?(1e3<(r=parseInt(t.value,10))?r=1e3:~~r<200&&(r=200),s.height=r):\"link\"===t.message&&(r=new URL(s.getAttribute(\"src\")),n=new URL(t.value),c.test(n.protocol))&&n.host===r.host&&l.activeElement===s&&(d.top.location.href=t.value))}},d.addEventListener(\"message\",d.wp.receiveEmbedMessage,!1),l.addEventListener(\"DOMContentLoaded\",function(){for(var e,t,s=l.querySelectorAll(\"iframe.wp-embedded-content\"),r=0;r<s.length;r++)(t=(e=s[r]).getAttribute(\"data-secret\"))||(t=Math.random().toString(36).substring(2,12),e.src+=\"#?secret=\"+t,e.setAttribute(\"data-secret\",t)),e.contentWindow.postMessage({message:\"ready\",secret:t},\"*\")},!1)))}(window,document);\n\/\/# sourceURL=https:\/\/wp.kristdemokraterna.se\/motala\/wp-includes\/js\/wp-embed.min.js\n\/* ]]> *\/\n<\/script>\n","description":"MVT Debattartikel Nya \u00e4ldreboenden har diskuterats under flera \u00e5r och att behovet kommer finnas har vi vetat sedan l\u00e4nge. Trots tydliga prognoser g\u00e4llande befolkning och v\u00e5rdbehov s\u00e5 verkar den politiska ledningen helt tagits p\u00e5 s\u00e4ngen. Nu \u00e4r det k\u00f6er \u2013 k\u00f6er som v\u00e4xer f\u00f6r varje m\u00e5nad. Socialn\u00e4mndens of\u00f6rm\u00e5ga att fatta beslut lyser igenom. Hur l\u00e4nge Read More","thumbnail_url":"http:\/\/wp.kristdemokraterna.se\/motala\/files\/2017\/03\/20170301_mvtdebatt_aldrevantarpaboende-300x163.jpg"}