{"version":"1.0","provider_name":"Kristdemokraterna i Motala","provider_url":"https:\/\/wp.kristdemokraterna.se\/motala","title":"Steg 12 - En stark r\u00f6st i v\u00e4rlden - Kristdemokraterna i Motala","type":"rich","width":600,"height":338,"html":"<blockquote class=\"wp-embedded-content\" data-secret=\"cbsvJnSdyO\"><a href=\"https:\/\/wp.kristdemokraterna.se\/motala\/valet2010\/ett-manskligare-sverige\/steg-12\/\">Steg 12 &#8211; En stark r\u00f6st i v\u00e4rlden<\/a><\/blockquote><iframe sandbox=\"allow-scripts\" security=\"restricted\" src=\"https:\/\/wp.kristdemokraterna.se\/motala\/valet2010\/ett-manskligare-sverige\/steg-12\/embed\/#?secret=cbsvJnSdyO\" width=\"600\" height=\"338\" title=\"\u201dSteg 12 &#8211; En stark r\u00f6st i v\u00e4rlden\u201d &ndash; Kristdemokraterna i Motala\" data-secret=\"cbsvJnSdyO\" frameborder=\"0\" marginwidth=\"0\" marginheight=\"0\" scrolling=\"no\" class=\"wp-embedded-content\"><\/iframe><script type=\"text\/javascript\">\n\/* <![CDATA[ *\/\n\/*! This file is auto-generated *\/\n!function(d,l){\"use strict\";l.querySelector&&d.addEventListener&&\"undefined\"!=typeof URL&&(d.wp=d.wp||{},d.wp.receiveEmbedMessage||(d.wp.receiveEmbedMessage=function(e){var t=e.data;if((t||t.secret||t.message||t.value)&&!\/[^a-zA-Z0-9]\/.test(t.secret)){for(var s,r,n,a=l.querySelectorAll('iframe[data-secret=\"'+t.secret+'\"]'),o=l.querySelectorAll('blockquote[data-secret=\"'+t.secret+'\"]'),c=new RegExp(\"^https?:$\",\"i\"),i=0;i<o.length;i++)o[i].style.display=\"none\";for(i=0;i<a.length;i++)s=a[i],e.source===s.contentWindow&&(s.removeAttribute(\"style\"),\"height\"===t.message?(1e3<(r=parseInt(t.value,10))?r=1e3:~~r<200&&(r=200),s.height=r):\"link\"===t.message&&(r=new URL(s.getAttribute(\"src\")),n=new URL(t.value),c.test(n.protocol))&&n.host===r.host&&l.activeElement===s&&(d.top.location.href=t.value))}},d.addEventListener(\"message\",d.wp.receiveEmbedMessage,!1),l.addEventListener(\"DOMContentLoaded\",function(){for(var e,t,s=l.querySelectorAll(\"iframe.wp-embedded-content\"),r=0;r<s.length;r++)(t=(e=s[r]).getAttribute(\"data-secret\"))||(t=Math.random().toString(36).substring(2,12),e.src+=\"#?secret=\"+t,e.setAttribute(\"data-secret\",t)),e.contentWindow.postMessage({message:\"ready\",secret:t},\"*\")},!1)))}(window,document);\n\/\/# sourceURL=https:\/\/wp.kristdemokraterna.se\/motala\/wp-includes\/js\/wp-embed.min.js\n\/* ]]> *\/\n<\/script>\n","description":"Sveriges bist\u00e5nd ska vara gener\u00f6st. Vi k\u00e4mpar f\u00f6r r\u00e4ttvis och h\u00e5llbar global utveckling, j\u00e4mst\u00e4lldhet och demokrati. Men att bek\u00e4mpa fattigdom handlar om mer \u00e4n bist\u00e5nd. Vi ska ha jordens fattiga, f\u00f6rf\u00f6ljda och f\u00f6rtryckta f\u00f6r \u00f6gonen n\u00e4r vi formar v\u00e5r politik p\u00e5 alla omr\u00e5den. Vi vill riva ner EU:s handelshinder. Vi ska arbeta f\u00f6r att EU Read More","thumbnail_url":"http:\/\/wp.kristdemokraterna.se\/motala\/files\/2010\/07\/steg12.jpg"}