{"version":"1.0","provider_name":"Kristdemokraterna i Motala","provider_url":"https:\/\/wp.kristdemokraterna.se\/motala","title":"Steg 5 - Fler f\u00f6retag ger fler jobb! - Kristdemokraterna i Motala","type":"rich","width":600,"height":338,"html":"<blockquote class=\"wp-embedded-content\" data-secret=\"29SqCcrPa2\"><a href=\"https:\/\/wp.kristdemokraterna.se\/motala\/valet2010\/ett-manskligare-sverige\/steg-5\/\">Steg 5 &#8211; Fler f\u00f6retag ger fler jobb!<\/a><\/blockquote><iframe sandbox=\"allow-scripts\" security=\"restricted\" src=\"https:\/\/wp.kristdemokraterna.se\/motala\/valet2010\/ett-manskligare-sverige\/steg-5\/embed\/#?secret=29SqCcrPa2\" width=\"600\" height=\"338\" title=\"\u201dSteg 5 &#8211; Fler f\u00f6retag ger fler jobb!\u201d &ndash; Kristdemokraterna i Motala\" data-secret=\"29SqCcrPa2\" frameborder=\"0\" marginwidth=\"0\" marginheight=\"0\" scrolling=\"no\" class=\"wp-embedded-content\"><\/iframe><script type=\"text\/javascript\">\n\/* <![CDATA[ *\/\n\/*! This file is auto-generated *\/\n!function(d,l){\"use strict\";l.querySelector&&d.addEventListener&&\"undefined\"!=typeof URL&&(d.wp=d.wp||{},d.wp.receiveEmbedMessage||(d.wp.receiveEmbedMessage=function(e){var t=e.data;if((t||t.secret||t.message||t.value)&&!\/[^a-zA-Z0-9]\/.test(t.secret)){for(var s,r,n,a=l.querySelectorAll('iframe[data-secret=\"'+t.secret+'\"]'),o=l.querySelectorAll('blockquote[data-secret=\"'+t.secret+'\"]'),c=new RegExp(\"^https?:$\",\"i\"),i=0;i<o.length;i++)o[i].style.display=\"none\";for(i=0;i<a.length;i++)s=a[i],e.source===s.contentWindow&&(s.removeAttribute(\"style\"),\"height\"===t.message?(1e3<(r=parseInt(t.value,10))?r=1e3:~~r<200&&(r=200),s.height=r):\"link\"===t.message&&(r=new URL(s.getAttribute(\"src\")),n=new URL(t.value),c.test(n.protocol))&&n.host===r.host&&l.activeElement===s&&(d.top.location.href=t.value))}},d.addEventListener(\"message\",d.wp.receiveEmbedMessage,!1),l.addEventListener(\"DOMContentLoaded\",function(){for(var e,t,s=l.querySelectorAll(\"iframe.wp-embedded-content\"),r=0;r<s.length;r++)(t=(e=s[r]).getAttribute(\"data-secret\"))||(t=Math.random().toString(36).substring(2,12),e.src+=\"#?secret=\"+t,e.setAttribute(\"data-secret\",t)),e.contentWindow.postMessage({message:\"ready\",secret:t},\"*\")},!1)))}(window,document);\n\/\/# sourceURL=https:\/\/wp.kristdemokraterna.se\/motala\/wp-includes\/js\/wp-embed.min.js\n\/* ]]> *\/\n<\/script>\n","description":"Nya och v\u00e4xande f\u00f6retag skapar arbetstillf\u00e4llen, b\u00e4ttre ekonomi och mer v\u00e4lf\u00e4rd. D\u00e4rf\u00f6r vill vi att fler ska v\u00e5ga satsa p\u00e5 sina id\u00e9er och starta eget. Arbetsl\u00f6sheten kan bara bek\u00e4mpas med hj\u00e4lp av fler och v\u00e4xande f\u00f6retag. Vi har inf\u00f6rt RUT &#8211; och ROT -avdrag, s\u00e4nkt skatter och avgifter och f\u00f6renklat regler. Vi vill forts\u00e4tta att Read More","thumbnail_url":"http:\/\/wp.kristdemokraterna.se\/motala\/files\/2010\/07\/steg5.jpg"}