{"id":3684,"date":"2020-02-17T18:22:53","date_gmt":"2020-02-17T17:22:53","guid":{"rendered":"http:\/\/wp.kristdemokraterna.se\/motala\/?page_id=3684"},"modified":"2024-12-06T15:24:11","modified_gmt":"2024-12-06T14:24:11","slug":"ingalill-johansson","status":"publish","type":"page","link":"https:\/\/wp.kristdemokraterna.se\/motala\/vart-parti\/fortroendevalda-2022-2026\/ingalill-johansson\/","title":{"rendered":"IngaLill Johansson"},"content":{"rendered":"<p><strong><a href=\"http:\/\/wp.kristdemokraterna.se\/motala\/files\/2020\/04\/ingalill.jpg\"><img loading=\"lazy\" decoding=\"async\" class=\"alignnone size-medium wp-image-3727\" src=\"http:\/\/wp.kristdemokraterna.se\/motala\/files\/2020\/04\/ingalill-251x300.jpg\" alt=\"\" width=\"251\" height=\"300\" srcset=\"https:\/\/wp.kristdemokraterna.se\/motala\/files\/2020\/04\/ingalill-251x300.jpg 251w, https:\/\/wp.kristdemokraterna.se\/motala\/files\/2020\/04\/ingalill-168x200.jpg 168w, https:\/\/wp.kristdemokraterna.se\/motala\/files\/2020\/04\/ingalill-47x56.jpg 47w, https:\/\/wp.kristdemokraterna.se\/motala\/files\/2020\/04\/ingalill.jpg 268w\" sizes=\"auto, (max-width: 251px) 100vw, 251px\" \/><\/a><\/strong><\/p>\n<p><strong>Namn:<\/strong> IngaLill Johansson<br \/>\n<strong>F\u00f6dd:<\/strong> 1964<br \/>\n<strong>Familj:<\/strong> Gift med Mats<br \/>\n<strong>Uppvuxen:<\/strong> \u00c5tvidaberg och bor nu utanf\u00f6r Motala<\/p>\n<p><strong>Vad har du f\u00f6r bakgrund utanf\u00f6r politiken?<\/strong><br \/>\nJag har en bakgrund i landstingets sjukv\u00e5rd och som bondmora.<br \/>\nJag \u00e4r politiskt intresserad och uppt\u00e4ckte att Kristdemokraterna delade min v\u00e4rdegrund.<\/p>\n<p><strong>Vilken fr\u00e5ga brinner du extra f\u00f6r?<\/strong><br \/>\nJag brinner f\u00f6r att alla ska ha r\u00e4tt till en likv\u00e4rdig v\u00e5rd oavsett var i landet man bor. Jag vill att all bassjukv\u00e5rd ska vara gratis och kan t\u00e4nka mig att avskaffa landstingen. Jag \u00e4r ocks\u00e5 intresserad av svensk matproduktion och bra mat till alla.<\/p>\n<p><strong>Vad \u00e4r styrkan med kristdemokraternas grupp av f\u00f6rtroendevalda?<\/strong><br \/>\nV\u00e5r grupp sp\u00e4nner \u00f6ver olika \u00e5ldrar och yrkesomr\u00e5den vilket \u00e4r en bra grund. Vi har h\u00f6gt i tak i v\u00e5r grupp och vi tycker inte alltid lika, men v\u00e5r gemensamma v\u00e4rdering \u00e4r kristdemokratin och Ebba \u00e4r v\u00e5r f\u00f6rebild. Lagom \u00e4r b\u00e4st!<\/p>\n<p><strong>Vilka politiska uppdrag har du?<\/strong><br \/>\n\u2022 Kommunfullm\u00e4ktige, vice gruppledare.<br \/>\n\u2022 Socialn\u00e4mnden, ledamot.<br \/>\n\u2022 Funktionshinder r\u00e5det, ordf\u00f6rande.<br \/>\n\u2022 KD Motala Partiavdelning, ledamot i styrelsen.<br \/>\n\u2022 Myndighetsutskott, ledamot.<\/p>\n<p>Kontaktuppgifter: <a href=\"mailto:Inga-Lill.johansson@kristdemokraterna.se\">Inga-Lill.johansson@kristdemokraterna.se<\/a><\/p>\n","protected":false},"excerpt":{"rendered":"<p>Namn: IngaLill Johansson F\u00f6dd: 1964 Familj: Gift med Mats Uppvuxen: \u00c5tvidaberg och bor nu utanf\u00f6r Motala Vad har du f\u00f6r bakgrund utanf\u00f6r politiken? Jag har en bakgrund i landstingets sjukv\u00e5rd och som bondmora. Jag \u00e4r politiskt intresserad och uppt\u00e4ckte att Kristdemokraterna delade min v\u00e4rdegrund. Vilken fr\u00e5ga brinner du extra f\u00f6r? Jag brinner f\u00f6r att alla <a class=\"read-more-link\" href=\"https:\/\/wp.kristdemokraterna.se\/motala\/vart-parti\/fortroendevalda-2022-2026\/ingalill-johansson\/\">Read More<\/a><\/p>\n","protected":false},"author":686,"featured_media":0,"parent":4086,"menu_order":2,"comment_status":"closed","ping_status":"closed","template":"","meta":{"_acf_changed":false,"footnotes":""},"class_list":["post-3684","page","type-page","status-publish","hentry"],"acf":[],"yoast_head":"<!-- This site is optimized with the Yoast SEO plugin v27.5 - https:\/\/yoast.com\/product\/yoast-seo-wordpress\/ -->\n<title>IngaLill Johansson - Kristdemokraterna i Motala<\/title>\n<meta name=\"robots\" content=\"index, follow, max-snippet:-1, max-image-preview:large, max-video-preview:-1\" \/>\n<link rel=\"canonical\" href=\"https:\/\/wp.kristdemokraterna.se\/motala\/vart-parti\/fortroendevalda-2022-2026\/ingalill-johansson\/\" \/>\n<meta property=\"og:locale\" content=\"sv_SE\" \/>\n<meta property=\"og:type\" content=\"article\" \/>\n<meta property=\"og:title\" content=\"IngaLill Johansson - Kristdemokraterna i Motala\" \/>\n<meta property=\"og:description\" content=\"Namn: IngaLill Johansson F\u00f6dd: 1964 Familj: Gift med Mats Uppvuxen: \u00c5tvidaberg och bor nu utanf\u00f6r Motala Vad har du f\u00f6r bakgrund utanf\u00f6r politiken? Jag har en bakgrund i landstingets sjukv\u00e5rd och som bondmora. Jag \u00e4r politiskt intresserad och uppt\u00e4ckte att Kristdemokraterna delade min v\u00e4rdegrund. Vilken fr\u00e5ga brinner du extra f\u00f6r? Jag brinner f\u00f6r att alla Read More\" \/>\n<meta property=\"og:url\" content=\"https:\/\/wp.kristdemokraterna.se\/motala\/vart-parti\/fortroendevalda-2022-2026\/ingalill-johansson\/\" \/>\n<meta property=\"og:site_name\" content=\"Kristdemokraterna i Motala\" \/>\n<meta property=\"article:modified_time\" content=\"2024-12-06T14:24:11+00:00\" \/>\n<meta property=\"og:image\" content=\"https:\/\/wp.kristdemokraterna.se\/motala\/files\/2020\/04\/ingalill.jpg\" \/>\n\t<meta property=\"og:image:width\" content=\"268\" \/>\n\t<meta property=\"og:image:height\" content=\"320\" \/>\n\t<meta property=\"og:image:type\" content=\"image\/jpeg\" \/>\n<meta name=\"twitter:card\" content=\"summary_large_image\" \/>\n<meta name=\"twitter:label1\" content=\"Ber\u00e4knad l\u00e4stid\" \/>\n\t<meta name=\"twitter:data1\" content=\"2 minuter\" \/>\n<script type=\"application\/ld+json\" class=\"yoast-schema-graph\">{\"@context\":\"https:\\\/\\\/schema.org\",\"@graph\":[{\"@type\":\"WebPage\",\"@id\":\"https:\\\/\\\/wp.kristdemokraterna.se\\\/motala\\\/vart-parti\\\/fortroendevalda-2022-2026\\\/ingalill-johansson\\\/\",\"url\":\"https:\\\/\\\/wp.kristdemokraterna.se\\\/motala\\\/vart-parti\\\/fortroendevalda-2022-2026\\\/ingalill-johansson\\\/\",\"name\":\"IngaLill Johansson - Kristdemokraterna i Motala\",\"isPartOf\":{\"@id\":\"https:\\\/\\\/wp.kristdemokraterna.se\\\/motala\\\/#website\"},\"primaryImageOfPage\":{\"@id\":\"https:\\\/\\\/wp.kristdemokraterna.se\\\/motala\\\/vart-parti\\\/fortroendevalda-2022-2026\\\/ingalill-johansson\\\/#primaryimage\"},\"image\":{\"@id\":\"https:\\\/\\\/wp.kristdemokraterna.se\\\/motala\\\/vart-parti\\\/fortroendevalda-2022-2026\\\/ingalill-johansson\\\/#primaryimage\"},\"thumbnailUrl\":\"http:\\\/\\\/wp.kristdemokraterna.se\\\/motala\\\/files\\\/2020\\\/04\\\/ingalill-251x300.jpg\",\"datePublished\":\"2020-02-17T17:22:53+00:00\",\"dateModified\":\"2024-12-06T14:24:11+00:00\",\"breadcrumb\":{\"@id\":\"https:\\\/\\\/wp.kristdemokraterna.se\\\/motala\\\/vart-parti\\\/fortroendevalda-2022-2026\\\/ingalill-johansson\\\/#breadcrumb\"},\"inLanguage\":\"sv-SE\",\"potentialAction\":[{\"@type\":\"ReadAction\",\"target\":[\"https:\\\/\\\/wp.kristdemokraterna.se\\\/motala\\\/vart-parti\\\/fortroendevalda-2022-2026\\\/ingalill-johansson\\\/\"]}]},{\"@type\":\"ImageObject\",\"inLanguage\":\"sv-SE\",\"@id\":\"https:\\\/\\\/wp.kristdemokraterna.se\\\/motala\\\/vart-parti\\\/fortroendevalda-2022-2026\\\/ingalill-johansson\\\/#primaryimage\",\"url\":\"http:\\\/\\\/wp.kristdemokraterna.se\\\/motala\\\/files\\\/2020\\\/04\\\/ingalill-251x300.jpg\",\"contentUrl\":\"http:\\\/\\\/wp.kristdemokraterna.se\\\/motala\\\/files\\\/2020\\\/04\\\/ingalill-251x300.jpg\"},{\"@type\":\"BreadcrumbList\",\"@id\":\"https:\\\/\\\/wp.kristdemokraterna.se\\\/motala\\\/vart-parti\\\/fortroendevalda-2022-2026\\\/ingalill-johansson\\\/#breadcrumb\",\"itemListElement\":[{\"@type\":\"ListItem\",\"position\":1,\"name\":\"Hem\",\"item\":\"https:\\\/\\\/wp.kristdemokraterna.se\\\/motala\\\/\"},{\"@type\":\"ListItem\",\"position\":2,\"name\":\"V\u00e5rt parti\",\"item\":\"https:\\\/\\\/wp.kristdemokraterna.se\\\/motala\\\/vart-parti\\\/\"},{\"@type\":\"ListItem\",\"position\":3,\"name\":\"F\u00f6rtroendevalda 2022-2026\",\"item\":\"https:\\\/\\\/wp.kristdemokraterna.se\\\/motala\\\/vart-parti\\\/fortroendevalda-2022-2026\\\/\"},{\"@type\":\"ListItem\",\"position\":4,\"name\":\"IngaLill Johansson\"}]},{\"@type\":\"WebSite\",\"@id\":\"https:\\\/\\\/wp.kristdemokraterna.se\\\/motala\\\/#website\",\"url\":\"https:\\\/\\\/wp.kristdemokraterna.se\\\/motala\\\/\",\"name\":\"Kristdemokraterna i Motala\",\"description\":\"Kristdemokraterna\",\"inLanguage\":\"sv-SE\"}]}<\/script>\n<!-- \/ Yoast SEO plugin. -->","yoast_head_json":{"title":"IngaLill Johansson - Kristdemokraterna i Motala","robots":{"index":"index","follow":"follow","max-snippet":"max-snippet:-1","max-image-preview":"max-image-preview:large","max-video-preview":"max-video-preview:-1"},"canonical":"https:\/\/wp.kristdemokraterna.se\/motala\/vart-parti\/fortroendevalda-2022-2026\/ingalill-johansson\/","og_locale":"sv_SE","og_type":"article","og_title":"IngaLill Johansson - Kristdemokraterna i Motala","og_description":"Namn: IngaLill Johansson F\u00f6dd: 1964 Familj: Gift med Mats Uppvuxen: \u00c5tvidaberg och bor nu utanf\u00f6r Motala Vad har du f\u00f6r bakgrund utanf\u00f6r politiken? Jag har en bakgrund i landstingets sjukv\u00e5rd och som bondmora. Jag \u00e4r politiskt intresserad och uppt\u00e4ckte att Kristdemokraterna delade min v\u00e4rdegrund. Vilken fr\u00e5ga brinner du extra f\u00f6r? Jag brinner f\u00f6r att alla Read More","og_url":"https:\/\/wp.kristdemokraterna.se\/motala\/vart-parti\/fortroendevalda-2022-2026\/ingalill-johansson\/","og_site_name":"Kristdemokraterna i Motala","article_modified_time":"2024-12-06T14:24:11+00:00","og_image":[{"width":268,"height":320,"url":"https:\/\/wp.kristdemokraterna.se\/motala\/files\/2020\/04\/ingalill.jpg","type":"image\/jpeg"}],"twitter_card":"summary_large_image","twitter_misc":{"Ber\u00e4knad l\u00e4stid":"2 minuter"},"schema":{"@context":"https:\/\/schema.org","@graph":[{"@type":"WebPage","@id":"https:\/\/wp.kristdemokraterna.se\/motala\/vart-parti\/fortroendevalda-2022-2026\/ingalill-johansson\/","url":"https:\/\/wp.kristdemokraterna.se\/motala\/vart-parti\/fortroendevalda-2022-2026\/ingalill-johansson\/","name":"IngaLill Johansson - Kristdemokraterna i Motala","isPartOf":{"@id":"https:\/\/wp.kristdemokraterna.se\/motala\/#website"},"primaryImageOfPage":{"@id":"https:\/\/wp.kristdemokraterna.se\/motala\/vart-parti\/fortroendevalda-2022-2026\/ingalill-johansson\/#primaryimage"},"image":{"@id":"https:\/\/wp.kristdemokraterna.se\/motala\/vart-parti\/fortroendevalda-2022-2026\/ingalill-johansson\/#primaryimage"},"thumbnailUrl":"http:\/\/wp.kristdemokraterna.se\/motala\/files\/2020\/04\/ingalill-251x300.jpg","datePublished":"2020-02-17T17:22:53+00:00","dateModified":"2024-12-06T14:24:11+00:00","breadcrumb":{"@id":"https:\/\/wp.kristdemokraterna.se\/motala\/vart-parti\/fortroendevalda-2022-2026\/ingalill-johansson\/#breadcrumb"},"inLanguage":"sv-SE","potentialAction":[{"@type":"ReadAction","target":["https:\/\/wp.kristdemokraterna.se\/motala\/vart-parti\/fortroendevalda-2022-2026\/ingalill-johansson\/"]}]},{"@type":"ImageObject","inLanguage":"sv-SE","@id":"https:\/\/wp.kristdemokraterna.se\/motala\/vart-parti\/fortroendevalda-2022-2026\/ingalill-johansson\/#primaryimage","url":"http:\/\/wp.kristdemokraterna.se\/motala\/files\/2020\/04\/ingalill-251x300.jpg","contentUrl":"http:\/\/wp.kristdemokraterna.se\/motala\/files\/2020\/04\/ingalill-251x300.jpg"},{"@type":"BreadcrumbList","@id":"https:\/\/wp.kristdemokraterna.se\/motala\/vart-parti\/fortroendevalda-2022-2026\/ingalill-johansson\/#breadcrumb","itemListElement":[{"@type":"ListItem","position":1,"name":"Hem","item":"https:\/\/wp.kristdemokraterna.se\/motala\/"},{"@type":"ListItem","position":2,"name":"V\u00e5rt parti","item":"https:\/\/wp.kristdemokraterna.se\/motala\/vart-parti\/"},{"@type":"ListItem","position":3,"name":"F\u00f6rtroendevalda 2022-2026","item":"https:\/\/wp.kristdemokraterna.se\/motala\/vart-parti\/fortroendevalda-2022-2026\/"},{"@type":"ListItem","position":4,"name":"IngaLill Johansson"}]},{"@type":"WebSite","@id":"https:\/\/wp.kristdemokraterna.se\/motala\/#website","url":"https:\/\/wp.kristdemokraterna.se\/motala\/","name":"Kristdemokraterna i Motala","description":"Kristdemokraterna","inLanguage":"sv-SE"}]}},"_links":{"self":[{"href":"https:\/\/wp.kristdemokraterna.se\/motala\/wp-json\/wp\/v2\/pages\/3684","targetHints":{"allow":["GET"]}}],"collection":[{"href":"https:\/\/wp.kristdemokraterna.se\/motala\/wp-json\/wp\/v2\/pages"}],"about":[{"href":"https:\/\/wp.kristdemokraterna.se\/motala\/wp-json\/wp\/v2\/types\/page"}],"author":[{"embeddable":true,"href":"https:\/\/wp.kristdemokraterna.se\/motala\/wp-json\/wp\/v2\/users\/686"}],"replies":[{"embeddable":true,"href":"https:\/\/wp.kristdemokraterna.se\/motala\/wp-json\/wp\/v2\/comments?post=3684"}],"version-history":[{"count":21,"href":"https:\/\/wp.kristdemokraterna.se\/motala\/wp-json\/wp\/v2\/pages\/3684\/revisions"}],"predecessor-version":[{"id":4284,"href":"https:\/\/wp.kristdemokraterna.se\/motala\/wp-json\/wp\/v2\/pages\/3684\/revisions\/4284"}],"up":[{"embeddable":true,"href":"https:\/\/wp.kristdemokraterna.se\/motala\/wp-json\/wp\/v2\/pages\/4086"}],"wp:attachment":[{"href":"https:\/\/wp.kristdemokraterna.se\/motala\/wp-json\/wp\/v2\/media?parent=3684"}],"curies":[{"name":"wp","href":"https:\/\/api.w.org\/{rel}","templated":true}]}}