{"id":964,"date":"2010-08-04T19:30:21","date_gmt":"2010-08-04T17:30:21","guid":{"rendered":"http:\/\/wp.kristdemokraterna.se\/motala\/?page_id=964"},"modified":"2015-04-08T13:47:08","modified_gmt":"2015-04-08T11:47:08","slug":"sommarkampanj-motala-beach","status":"publish","type":"page","link":"https:\/\/wp.kristdemokraterna.se\/motala\/valet2010\/sommarkampanj-motala-beach\/","title":{"rendered":"Sommarkampanj Motala beach"},"content":{"rendered":"<p>2010-07-11<br \/>\n<img loading=\"lazy\" decoding=\"async\" class=\"alignnone size-full wp-image-967\" src=\"http:\/\/wp.kristdemokraterna.se\/motala\/files\/2010\/08\/bildstartsida_varamon.jpg\" alt=\"bildstartsida_varamon\" width=\"400\" height=\"267\" srcset=\"https:\/\/wp.kristdemokraterna.se\/motala\/files\/2010\/08\/bildstartsida_varamon.jpg 400w, https:\/\/wp.kristdemokraterna.se\/motala\/files\/2010\/08\/bildstartsida_varamon-300x200.jpg 300w, https:\/\/wp.kristdemokraterna.se\/motala\/files\/2010\/08\/bildstartsida_varamon-168x112.jpg 168w\" sizes=\"auto, (max-width: 400px) 100vw, 400px\" \/><br \/>\n<strong>Vi hade i den heta sommarv\u00e4rmen storbes\u00f6k i Motala av Kristdemokraternas rikssommar kampanjteam som \u00e4r ute och turnerar Sverige runt denna sommaren.<\/strong><\/p>\n<p><img loading=\"lazy\" decoding=\"async\" class=\"alignnone wp-image-968\" src=\"http:\/\/wp.kristdemokraterna.se\/motala\/files\/2010\/08\/201007113266_24.jpg\" alt=\"201007113266_24\" width=\"423\" height=\"317\" srcset=\"https:\/\/wp.kristdemokraterna.se\/motala\/files\/2010\/08\/201007113266_24.jpg 623w, https:\/\/wp.kristdemokraterna.se\/motala\/files\/2010\/08\/201007113266_24-300x225.jpg 300w, https:\/\/wp.kristdemokraterna.se\/motala\/files\/2010\/08\/201007113266_24-462x346.jpg 462w, https:\/\/wp.kristdemokraterna.se\/motala\/files\/2010\/08\/201007113266_24-149x112.jpg 149w\" sizes=\"auto, (max-width: 423px) 100vw, 423px\" \/><br \/>\nNu var deras kampanjsikte inst\u00e4llt att vara i Varmobaden, Motala och d\u00e4r gick varenda hink och spade och \u00e4ven ocks\u00e5 tidningen Vardagsliv \u00e5t i sommarv\u00e4rmen som l\u00e5g omkring mellan 30-35 grader varmt i luften.<\/p>\n<p><img loading=\"lazy\" decoding=\"async\" class=\"alignnone wp-image-970\" src=\"http:\/\/wp.kristdemokraterna.se\/motala\/files\/2010\/08\/img_0351_25.jpg\" alt=\"IMG_0351_25\" width=\"424\" height=\"283\" srcset=\"https:\/\/wp.kristdemokraterna.se\/motala\/files\/2010\/08\/img_0351_25.jpg 624w, https:\/\/wp.kristdemokraterna.se\/motala\/files\/2010\/08\/img_0351_25-300x200.jpg 300w, https:\/\/wp.kristdemokraterna.se\/motala\/files\/2010\/08\/img_0351_25-519x346.jpg 519w, https:\/\/wp.kristdemokraterna.se\/motala\/files\/2010\/08\/img_0351_25-168x112.jpg 168w\" sizes=\"auto, (max-width: 424px) 100vw, 424px\" \/><br \/>\nDaniel fyller p\u00e5 med mera hink och spade f\u00f6r att g\u00e5 ut och dela ut dem till de badande barnen i varamobaden, som uppskattades v\u00e4ldigt mycket av de badande.<\/p>\n<p><img loading=\"lazy\" decoding=\"async\" class=\"alignnone wp-image-971\" src=\"http:\/\/wp.kristdemokraterna.se\/motala\/files\/2010\/08\/img_0355_25.jpg\" alt=\"IMG_0355_25\" width=\"424\" height=\"283\" srcset=\"https:\/\/wp.kristdemokraterna.se\/motala\/files\/2010\/08\/img_0355_25.jpg 624w, https:\/\/wp.kristdemokraterna.se\/motala\/files\/2010\/08\/img_0355_25-300x200.jpg 300w, https:\/\/wp.kristdemokraterna.se\/motala\/files\/2010\/08\/img_0355_25-519x346.jpg 519w, https:\/\/wp.kristdemokraterna.se\/motala\/files\/2010\/08\/img_0355_25-168x112.jpg 168w\" sizes=\"auto, (max-width: 424px) 100vw, 424px\" \/><br \/>\nAnibal har h\u00e4mtat mera av tidningen vardagsliv f\u00f6r att dela ut dem efter att f\u00f6rsta omg\u00e5ngen tog slut v\u00e4ldigt snabbt.<\/p>\n<p><img loading=\"lazy\" decoding=\"async\" class=\"alignnone wp-image-972\" src=\"http:\/\/wp.kristdemokraterna.se\/motala\/files\/2010\/08\/img_0359_25.jpg\" alt=\"IMG_0359_25\" width=\"424\" height=\"283\" srcset=\"https:\/\/wp.kristdemokraterna.se\/motala\/files\/2010\/08\/img_0359_25.jpg 624w, https:\/\/wp.kristdemokraterna.se\/motala\/files\/2010\/08\/img_0359_25-300x200.jpg 300w, https:\/\/wp.kristdemokraterna.se\/motala\/files\/2010\/08\/img_0359_25-519x346.jpg 519w, https:\/\/wp.kristdemokraterna.se\/motala\/files\/2010\/08\/img_0359_25-168x112.jpg 168w\" sizes=\"auto, (max-width: 424px) 100vw, 424px\" \/><br \/>\nNoah klistrar ju p\u00e5 mera hinkar med kristdemokraternas parti logga p\u00e5.<\/p>\n<p><img loading=\"lazy\" decoding=\"async\" class=\"alignnone wp-image-973\" src=\"http:\/\/wp.kristdemokraterna.se\/motala\/files\/2010\/08\/img_0368_25.jpg\" alt=\"IMG_0368_25\" width=\"424\" height=\"283\" srcset=\"https:\/\/wp.kristdemokraterna.se\/motala\/files\/2010\/08\/img_0368_25.jpg 624w, https:\/\/wp.kristdemokraterna.se\/motala\/files\/2010\/08\/img_0368_25-300x200.jpg 300w, https:\/\/wp.kristdemokraterna.se\/motala\/files\/2010\/08\/img_0368_25-519x346.jpg 519w, https:\/\/wp.kristdemokraterna.se\/motala\/files\/2010\/08\/img_0368_25-168x112.jpg 168w\" sizes=\"auto, (max-width: 424px) 100vw, 424px\" \/><br \/>\nH\u00e4r tar sommarkampanjteamet med Noah Good, Daniel Holmdahl, Anibal Rojas, Sofia Agrell, Anna Theodossiou &#8221;<em>saknas p\u00e5 bilden<\/em>&#8221; en kort paus och l\u00e4gger upp en strategi f\u00f6r n\u00e4sta etapp p\u00e5 sommarkampanjens varamon i Motala.<\/p>\n<p>F\u00f6lj deras h\u00e4rliga kampanj i sommarv\u00e4rmen p\u00e5 deras egna blogg:<br \/>\n&gt; <a title=\"http:\/\/sommarkampanj.blogspot.com\/2010\/07\/kampanj-motala-beach.html\" href=\"http:\/\/sommarkampanj.blogspot.com\/2010\/07\/kampanj-motala-beach.html\" target=\"_blank\">www.sommarkampanj.blogspot.com<\/a><\/p>\n<p>\/Lars-Johan Sunnerberg<br \/>\nText, Foto<\/p>\n","protected":false},"excerpt":{"rendered":"<p>2010-07-11 Vi hade i den heta sommarv\u00e4rmen storbes\u00f6k i Motala av Kristdemokraternas rikssommar kampanjteam som \u00e4r ute och turnerar Sverige runt denna sommaren. Nu var deras kampanjsikte inst\u00e4llt att vara i Varmobaden, Motala och d\u00e4r gick varenda hink och spade och \u00e4ven ocks\u00e5 tidningen Vardagsliv \u00e5t i sommarv\u00e4rmen som l\u00e5g omkring mellan 30-35 grader varmt <a class=\"read-more-link\" href=\"https:\/\/wp.kristdemokraterna.se\/motala\/valet2010\/sommarkampanj-motala-beach\/\">Read More<\/a><\/p>\n","protected":false},"author":686,"featured_media":0,"parent":538,"menu_order":0,"comment_status":"closed","ping_status":"closed","template":"","meta":{"_acf_changed":false,"footnotes":""},"class_list":["post-964","page","type-page","status-publish","hentry"],"acf":[],"yoast_head":"<!-- This site is optimized with the Yoast SEO plugin v27.4 - https:\/\/yoast.com\/product\/yoast-seo-wordpress\/ -->\n<title>Sommarkampanj Motala beach - Kristdemokraterna i Motala<\/title>\n<meta name=\"robots\" content=\"index, follow, max-snippet:-1, max-image-preview:large, max-video-preview:-1\" \/>\n<link rel=\"canonical\" href=\"https:\/\/wp.kristdemokraterna.se\/motala\/valet2010\/sommarkampanj-motala-beach\/\" \/>\n<meta property=\"og:locale\" content=\"sv_SE\" \/>\n<meta property=\"og:type\" content=\"article\" \/>\n<meta property=\"og:title\" content=\"Sommarkampanj Motala beach - Kristdemokraterna i Motala\" \/>\n<meta property=\"og:description\" content=\"2010-07-11 Vi hade i den heta sommarv\u00e4rmen storbes\u00f6k i Motala av Kristdemokraternas rikssommar kampanjteam som \u00e4r ute och turnerar Sverige runt denna sommaren. Nu var deras kampanjsikte inst\u00e4llt att vara i Varmobaden, Motala och d\u00e4r gick varenda hink och spade och \u00e4ven ocks\u00e5 tidningen Vardagsliv \u00e5t i sommarv\u00e4rmen som l\u00e5g omkring mellan 30-35 grader varmt Read More\" \/>\n<meta property=\"og:url\" content=\"https:\/\/wp.kristdemokraterna.se\/motala\/valet2010\/sommarkampanj-motala-beach\/\" \/>\n<meta property=\"og:site_name\" content=\"Kristdemokraterna i Motala\" \/>\n<meta property=\"article:modified_time\" content=\"2015-04-08T11:47:08+00:00\" \/>\n<meta property=\"og:image\" content=\"http:\/\/wp.kristdemokraterna.se\/motala\/files\/2010\/08\/bildstartsida_varamon.jpg\" \/>\n<meta name=\"twitter:card\" content=\"summary_large_image\" \/>\n<meta name=\"twitter:label1\" content=\"Ber\u00e4knad l\u00e4stid\" \/>\n\t<meta name=\"twitter:data1\" content=\"1 minut\" \/>\n<script type=\"application\/ld+json\" class=\"yoast-schema-graph\">{\"@context\":\"https:\\\/\\\/schema.org\",\"@graph\":[{\"@type\":\"WebPage\",\"@id\":\"https:\\\/\\\/wp.kristdemokraterna.se\\\/motala\\\/valet2010\\\/sommarkampanj-motala-beach\\\/\",\"url\":\"https:\\\/\\\/wp.kristdemokraterna.se\\\/motala\\\/valet2010\\\/sommarkampanj-motala-beach\\\/\",\"name\":\"Sommarkampanj Motala beach - Kristdemokraterna i Motala\",\"isPartOf\":{\"@id\":\"https:\\\/\\\/wp.kristdemokraterna.se\\\/motala\\\/#website\"},\"primaryImageOfPage\":{\"@id\":\"https:\\\/\\\/wp.kristdemokraterna.se\\\/motala\\\/valet2010\\\/sommarkampanj-motala-beach\\\/#primaryimage\"},\"image\":{\"@id\":\"https:\\\/\\\/wp.kristdemokraterna.se\\\/motala\\\/valet2010\\\/sommarkampanj-motala-beach\\\/#primaryimage\"},\"thumbnailUrl\":\"http:\\\/\\\/wp.kristdemokraterna.se\\\/motala\\\/files\\\/2010\\\/08\\\/bildstartsida_varamon.jpg\",\"datePublished\":\"2010-08-04T17:30:21+00:00\",\"dateModified\":\"2015-04-08T11:47:08+00:00\",\"breadcrumb\":{\"@id\":\"https:\\\/\\\/wp.kristdemokraterna.se\\\/motala\\\/valet2010\\\/sommarkampanj-motala-beach\\\/#breadcrumb\"},\"inLanguage\":\"sv-SE\",\"potentialAction\":[{\"@type\":\"ReadAction\",\"target\":[\"https:\\\/\\\/wp.kristdemokraterna.se\\\/motala\\\/valet2010\\\/sommarkampanj-motala-beach\\\/\"]}]},{\"@type\":\"ImageObject\",\"inLanguage\":\"sv-SE\",\"@id\":\"https:\\\/\\\/wp.kristdemokraterna.se\\\/motala\\\/valet2010\\\/sommarkampanj-motala-beach\\\/#primaryimage\",\"url\":\"https:\\\/\\\/wp.kristdemokraterna.se\\\/motala\\\/files\\\/2010\\\/08\\\/bildstartsida_varamon.jpg\",\"contentUrl\":\"https:\\\/\\\/wp.kristdemokraterna.se\\\/motala\\\/files\\\/2010\\\/08\\\/bildstartsida_varamon.jpg\",\"width\":400,\"height\":267},{\"@type\":\"BreadcrumbList\",\"@id\":\"https:\\\/\\\/wp.kristdemokraterna.se\\\/motala\\\/valet2010\\\/sommarkampanj-motala-beach\\\/#breadcrumb\",\"itemListElement\":[{\"@type\":\"ListItem\",\"position\":1,\"name\":\"Hem\",\"item\":\"https:\\\/\\\/wp.kristdemokraterna.se\\\/motala\\\/\"},{\"@type\":\"ListItem\",\"position\":2,\"name\":\"Valet 19 sept 2010\",\"item\":\"https:\\\/\\\/wp.kristdemokraterna.se\\\/motala\\\/valet2010\\\/\"},{\"@type\":\"ListItem\",\"position\":3,\"name\":\"Sommarkampanj Motala beach\"}]},{\"@type\":\"WebSite\",\"@id\":\"https:\\\/\\\/wp.kristdemokraterna.se\\\/motala\\\/#website\",\"url\":\"https:\\\/\\\/wp.kristdemokraterna.se\\\/motala\\\/\",\"name\":\"Kristdemokraterna i Motala\",\"description\":\"Kristdemokraterna\",\"inLanguage\":\"sv-SE\"}]}<\/script>\n<!-- \/ Yoast SEO plugin. -->","yoast_head_json":{"title":"Sommarkampanj Motala beach - Kristdemokraterna i Motala","robots":{"index":"index","follow":"follow","max-snippet":"max-snippet:-1","max-image-preview":"max-image-preview:large","max-video-preview":"max-video-preview:-1"},"canonical":"https:\/\/wp.kristdemokraterna.se\/motala\/valet2010\/sommarkampanj-motala-beach\/","og_locale":"sv_SE","og_type":"article","og_title":"Sommarkampanj Motala beach - Kristdemokraterna i Motala","og_description":"2010-07-11 Vi hade i den heta sommarv\u00e4rmen storbes\u00f6k i Motala av Kristdemokraternas rikssommar kampanjteam som \u00e4r ute och turnerar Sverige runt denna sommaren. Nu var deras kampanjsikte inst\u00e4llt att vara i Varmobaden, Motala och d\u00e4r gick varenda hink och spade och \u00e4ven ocks\u00e5 tidningen Vardagsliv \u00e5t i sommarv\u00e4rmen som l\u00e5g omkring mellan 30-35 grader varmt Read More","og_url":"https:\/\/wp.kristdemokraterna.se\/motala\/valet2010\/sommarkampanj-motala-beach\/","og_site_name":"Kristdemokraterna i Motala","article_modified_time":"2015-04-08T11:47:08+00:00","og_image":[{"url":"http:\/\/wp.kristdemokraterna.se\/motala\/files\/2010\/08\/bildstartsida_varamon.jpg","type":"","width":"","height":""}],"twitter_card":"summary_large_image","twitter_misc":{"Ber\u00e4knad l\u00e4stid":"1 minut"},"schema":{"@context":"https:\/\/schema.org","@graph":[{"@type":"WebPage","@id":"https:\/\/wp.kristdemokraterna.se\/motala\/valet2010\/sommarkampanj-motala-beach\/","url":"https:\/\/wp.kristdemokraterna.se\/motala\/valet2010\/sommarkampanj-motala-beach\/","name":"Sommarkampanj Motala beach - Kristdemokraterna i Motala","isPartOf":{"@id":"https:\/\/wp.kristdemokraterna.se\/motala\/#website"},"primaryImageOfPage":{"@id":"https:\/\/wp.kristdemokraterna.se\/motala\/valet2010\/sommarkampanj-motala-beach\/#primaryimage"},"image":{"@id":"https:\/\/wp.kristdemokraterna.se\/motala\/valet2010\/sommarkampanj-motala-beach\/#primaryimage"},"thumbnailUrl":"http:\/\/wp.kristdemokraterna.se\/motala\/files\/2010\/08\/bildstartsida_varamon.jpg","datePublished":"2010-08-04T17:30:21+00:00","dateModified":"2015-04-08T11:47:08+00:00","breadcrumb":{"@id":"https:\/\/wp.kristdemokraterna.se\/motala\/valet2010\/sommarkampanj-motala-beach\/#breadcrumb"},"inLanguage":"sv-SE","potentialAction":[{"@type":"ReadAction","target":["https:\/\/wp.kristdemokraterna.se\/motala\/valet2010\/sommarkampanj-motala-beach\/"]}]},{"@type":"ImageObject","inLanguage":"sv-SE","@id":"https:\/\/wp.kristdemokraterna.se\/motala\/valet2010\/sommarkampanj-motala-beach\/#primaryimage","url":"https:\/\/wp.kristdemokraterna.se\/motala\/files\/2010\/08\/bildstartsida_varamon.jpg","contentUrl":"https:\/\/wp.kristdemokraterna.se\/motala\/files\/2010\/08\/bildstartsida_varamon.jpg","width":400,"height":267},{"@type":"BreadcrumbList","@id":"https:\/\/wp.kristdemokraterna.se\/motala\/valet2010\/sommarkampanj-motala-beach\/#breadcrumb","itemListElement":[{"@type":"ListItem","position":1,"name":"Hem","item":"https:\/\/wp.kristdemokraterna.se\/motala\/"},{"@type":"ListItem","position":2,"name":"Valet 19 sept 2010","item":"https:\/\/wp.kristdemokraterna.se\/motala\/valet2010\/"},{"@type":"ListItem","position":3,"name":"Sommarkampanj Motala beach"}]},{"@type":"WebSite","@id":"https:\/\/wp.kristdemokraterna.se\/motala\/#website","url":"https:\/\/wp.kristdemokraterna.se\/motala\/","name":"Kristdemokraterna i Motala","description":"Kristdemokraterna","inLanguage":"sv-SE"}]}},"_links":{"self":[{"href":"https:\/\/wp.kristdemokraterna.se\/motala\/wp-json\/wp\/v2\/pages\/964","targetHints":{"allow":["GET"]}}],"collection":[{"href":"https:\/\/wp.kristdemokraterna.se\/motala\/wp-json\/wp\/v2\/pages"}],"about":[{"href":"https:\/\/wp.kristdemokraterna.se\/motala\/wp-json\/wp\/v2\/types\/page"}],"author":[{"embeddable":true,"href":"https:\/\/wp.kristdemokraterna.se\/motala\/wp-json\/wp\/v2\/users\/686"}],"replies":[{"embeddable":true,"href":"https:\/\/wp.kristdemokraterna.se\/motala\/wp-json\/wp\/v2\/comments?post=964"}],"version-history":[{"count":6,"href":"https:\/\/wp.kristdemokraterna.se\/motala\/wp-json\/wp\/v2\/pages\/964\/revisions"}],"predecessor-version":[{"id":966,"href":"https:\/\/wp.kristdemokraterna.se\/motala\/wp-json\/wp\/v2\/pages\/964\/revisions\/966"}],"up":[{"embeddable":true,"href":"https:\/\/wp.kristdemokraterna.se\/motala\/wp-json\/wp\/v2\/pages\/538"}],"wp:attachment":[{"href":"https:\/\/wp.kristdemokraterna.se\/motala\/wp-json\/wp\/v2\/media?parent=964"}],"curies":[{"name":"wp","href":"https:\/\/api.w.org\/{rel}","templated":true}]}}