{"version":"1.0","provider_name":"Kristdemokraterna i Nacka","provider_url":"https:\/\/wp.kristdemokraterna.se\/nacka","title":"Elever som beh\u00f6ver n\u00e5got extra \u2013 fokus p\u00e5 s\u00e4rbeg\u00e5vning - Kristdemokraterna i Nacka","type":"rich","width":600,"height":338,"html":"<blockquote class=\"wp-embedded-content\" data-secret=\"0CXmUTeLhu\"><a href=\"https:\/\/wp.kristdemokraterna.se\/nacka\/elever-som-behover-nagot-extra-fokus-pa-sarbegavning\/\">Elever som beh\u00f6ver n\u00e5got extra \u2013 fokus p\u00e5 s\u00e4rbeg\u00e5vning<\/a><\/blockquote><iframe sandbox=\"allow-scripts\" security=\"restricted\" src=\"https:\/\/wp.kristdemokraterna.se\/nacka\/elever-som-behover-nagot-extra-fokus-pa-sarbegavning\/embed\/#?secret=0CXmUTeLhu\" width=\"600\" height=\"338\" title=\"\u201dElever som beh\u00f6ver n\u00e5got extra \u2013 fokus p\u00e5 s\u00e4rbeg\u00e5vning\u201d &ndash; Kristdemokraterna i Nacka\" data-secret=\"0CXmUTeLhu\" frameborder=\"0\" marginwidth=\"0\" marginheight=\"0\" scrolling=\"no\" class=\"wp-embedded-content\"><\/iframe><script type=\"text\/javascript\">\n\/* <![CDATA[ *\/\n\/*! This file is auto-generated *\/\n!function(d,l){\"use strict\";l.querySelector&&d.addEventListener&&\"undefined\"!=typeof URL&&(d.wp=d.wp||{},d.wp.receiveEmbedMessage||(d.wp.receiveEmbedMessage=function(e){var t=e.data;if((t||t.secret||t.message||t.value)&&!\/[^a-zA-Z0-9]\/.test(t.secret)){for(var s,r,n,a=l.querySelectorAll('iframe[data-secret=\"'+t.secret+'\"]'),o=l.querySelectorAll('blockquote[data-secret=\"'+t.secret+'\"]'),c=new RegExp(\"^https?:$\",\"i\"),i=0;i<o.length;i++)o[i].style.display=\"none\";for(i=0;i<a.length;i++)s=a[i],e.source===s.contentWindow&&(s.removeAttribute(\"style\"),\"height\"===t.message?(1e3<(r=parseInt(t.value,10))?r=1e3:~~r<200&&(r=200),s.height=r):\"link\"===t.message&&(r=new URL(s.getAttribute(\"src\")),n=new URL(t.value),c.test(n.protocol))&&n.host===r.host&&l.activeElement===s&&(d.top.location.href=t.value))}},d.addEventListener(\"message\",d.wp.receiveEmbedMessage,!1),l.addEventListener(\"DOMContentLoaded\",function(){for(var e,t,s=l.querySelectorAll(\"iframe.wp-embedded-content\"),r=0;r<s.length;r++)(t=(e=s[r]).getAttribute(\"data-secret\"))||(t=Math.random().toString(36).substring(2,12),e.src+=\"#?secret=\"+t,e.setAttribute(\"data-secret\",t)),e.contentWindow.postMessage({message:\"ready\",secret:t},\"*\")},!1)))}(window,document);\n\/\/# sourceURL=https:\/\/wp.kristdemokraterna.se\/nacka\/wp-includes\/js\/wp-embed.min.js\n\/* ]]> *\/\n<\/script>\n","description":"Att vara s\u00e4rbeg\u00e5vad l\u00e5ter kanske som n\u00e5got positivt. Det kan det ocks\u00e5 absolut vara, men inte utan r\u00e4tt f\u00f6ruts\u00e4ttningar. KD Nacka har sedan l\u00e4nge drivit initiativ f\u00f6r att st\u00e4rka skolornas arbete f\u00f6r s\u00e4rbeg\u00e5vade barn. Nu tar vi n\u00e4sta steg! Vi har s\u00e4kert alla en uppfattning om vad som menas med att vara s\u00e4rskilt beg\u00e5vad. En L\u00e4s mer"}