{"version":"1.0","provider_name":"Kristdemokraterna i Nacka","provider_url":"https:\/\/wp.kristdemokraterna.se\/nacka","title":"K\u00f6erna visar att ringleden beh\u00f6vs - Kristdemokraterna i Nacka","type":"rich","width":600,"height":338,"html":"<blockquote class=\"wp-embedded-content\" data-secret=\"nuKCyBsy5k\"><a href=\"https:\/\/wp.kristdemokraterna.se\/nacka\/koerna-visar-att-ringleden-behovs\/\">K\u00f6erna visar att ringleden beh\u00f6vs<\/a><\/blockquote><iframe sandbox=\"allow-scripts\" security=\"restricted\" src=\"https:\/\/wp.kristdemokraterna.se\/nacka\/koerna-visar-att-ringleden-behovs\/embed\/#?secret=nuKCyBsy5k\" width=\"600\" height=\"338\" title=\"\u201dK\u00f6erna visar att ringleden beh\u00f6vs\u201d &ndash; Kristdemokraterna i Nacka\" data-secret=\"nuKCyBsy5k\" frameborder=\"0\" marginwidth=\"0\" marginheight=\"0\" scrolling=\"no\" class=\"wp-embedded-content\"><\/iframe><script type=\"text\/javascript\">\n\/* <![CDATA[ *\/\n\/*! This file is auto-generated *\/\n!function(d,l){\"use strict\";l.querySelector&&d.addEventListener&&\"undefined\"!=typeof URL&&(d.wp=d.wp||{},d.wp.receiveEmbedMessage||(d.wp.receiveEmbedMessage=function(e){var t=e.data;if((t||t.secret||t.message||t.value)&&!\/[^a-zA-Z0-9]\/.test(t.secret)){for(var s,r,n,a=l.querySelectorAll('iframe[data-secret=\"'+t.secret+'\"]'),o=l.querySelectorAll('blockquote[data-secret=\"'+t.secret+'\"]'),c=new RegExp(\"^https?:$\",\"i\"),i=0;i<o.length;i++)o[i].style.display=\"none\";for(i=0;i<a.length;i++)s=a[i],e.source===s.contentWindow&&(s.removeAttribute(\"style\"),\"height\"===t.message?(1e3<(r=parseInt(t.value,10))?r=1e3:~~r<200&&(r=200),s.height=r):\"link\"===t.message&&(r=new URL(s.getAttribute(\"src\")),n=new URL(t.value),c.test(n.protocol))&&n.host===r.host&&l.activeElement===s&&(d.top.location.href=t.value))}},d.addEventListener(\"message\",d.wp.receiveEmbedMessage,!1),l.addEventListener(\"DOMContentLoaded\",function(){for(var e,t,s=l.querySelectorAll(\"iframe.wp-embedded-content\"),r=0;r<s.length;r++)(t=(e=s[r]).getAttribute(\"data-secret\"))||(t=Math.random().toString(36).substring(2,12),e.src+=\"#?secret=\"+t,e.setAttribute(\"data-secret\",t)),e.contentWindow.postMessage({message:\"ready\",secret:t},\"*\")},!1)))}(window,document);\n\/\/# sourceURL=https:\/\/wp.kristdemokraterna.se\/nacka\/wp-includes\/js\/wp-embed.min.js\n\/* ]]> *\/\n<\/script>\n","description":"Trafiken genom Stockholm skapar dagligen l\u00e5nga k\u00f6er. Det \u00e4r inget nytt problem. Inte heller den milj\u00f6p\u00e5verkan k\u00f6erna medverkar till. \u00c4nd\u00e5 menar styret i region Stockholm (S, C, Mp med st\u00f6d av V) att ringleden \u00d6stlig f\u00f6rbindelse inte beh\u00f6vs. De och andra brukar betona att trafiken skulle \u00f6ka p\u00e5 kollektivtrafikens bekostnad. Men att ringleden skulle medverka L\u00e4s mer"}