{"version":"1.0","provider_name":"Kristdemokraterna i Nacka","provider_url":"https:\/\/wp.kristdemokraterna.se\/nacka","title":"Oktober \u00e4r m\u00e5naden f\u00f6r Rosa Bandet - Kristdemokraterna i Nacka","type":"rich","width":600,"height":338,"html":"<blockquote class=\"wp-embedded-content\" data-secret=\"PgbE9cbDfg\"><a href=\"https:\/\/wp.kristdemokraterna.se\/nacka\/oktober-ar-manaden-for-rosa-bandet\/\">Oktober \u00e4r m\u00e5naden f\u00f6r Rosa Bandet<\/a><\/blockquote><iframe sandbox=\"allow-scripts\" security=\"restricted\" src=\"https:\/\/wp.kristdemokraterna.se\/nacka\/oktober-ar-manaden-for-rosa-bandet\/embed\/#?secret=PgbE9cbDfg\" width=\"600\" height=\"338\" title=\"\u201dOktober \u00e4r m\u00e5naden f\u00f6r Rosa Bandet\u201d &ndash; Kristdemokraterna i Nacka\" data-secret=\"PgbE9cbDfg\" frameborder=\"0\" marginwidth=\"0\" marginheight=\"0\" scrolling=\"no\" class=\"wp-embedded-content\"><\/iframe><script type=\"text\/javascript\">\n\/* <![CDATA[ *\/\n\/*! This file is auto-generated *\/\n!function(d,l){\"use strict\";l.querySelector&&d.addEventListener&&\"undefined\"!=typeof URL&&(d.wp=d.wp||{},d.wp.receiveEmbedMessage||(d.wp.receiveEmbedMessage=function(e){var t=e.data;if((t||t.secret||t.message||t.value)&&!\/[^a-zA-Z0-9]\/.test(t.secret)){for(var s,r,n,a=l.querySelectorAll('iframe[data-secret=\"'+t.secret+'\"]'),o=l.querySelectorAll('blockquote[data-secret=\"'+t.secret+'\"]'),c=new RegExp(\"^https?:$\",\"i\"),i=0;i<o.length;i++)o[i].style.display=\"none\";for(i=0;i<a.length;i++)s=a[i],e.source===s.contentWindow&&(s.removeAttribute(\"style\"),\"height\"===t.message?(1e3<(r=parseInt(t.value,10))?r=1e3:~~r<200&&(r=200),s.height=r):\"link\"===t.message&&(r=new URL(s.getAttribute(\"src\")),n=new URL(t.value),c.test(n.protocol))&&n.host===r.host&&l.activeElement===s&&(d.top.location.href=t.value))}},d.addEventListener(\"message\",d.wp.receiveEmbedMessage,!1),l.addEventListener(\"DOMContentLoaded\",function(){for(var e,t,s=l.querySelectorAll(\"iframe.wp-embedded-content\"),r=0;r<s.length;r++)(t=(e=s[r]).getAttribute(\"data-secret\"))||(t=Math.random().toString(36).substring(2,12),e.src+=\"#?secret=\"+t,e.setAttribute(\"data-secret\",t)),e.contentWindow.postMessage({message:\"ready\",secret:t},\"*\")},!1)))}(window,document);\n\/\/# sourceURL=https:\/\/wp.kristdemokraterna.se\/nacka\/wp-includes\/js\/wp-embed.min.js\n\/* ]]> *\/\n<\/script>\n","description":"Br\u00f6stcancer \u00e4r fortfarande den vanligaste cancerformen bland kvinnor. Idag \u00f6verlever 9 av 10 som f\u00e5r diagnosen \u2013 en utveckling som \u00e4r m\u00f6jlig tack vare forskning, tidig uppt\u00e4ckt och b\u00e4ttre behandlingar. Jag b\u00e4r Rosa Bandet som ett st\u00f6d till alla som drabbats \u2013 och f\u00f6r att vi vill se en v\u00e5rd som \u00e4r j\u00e4mlik. Alla, oavsett L\u00e4s mer"}