{"version":"1.0","provider_name":"Kristdemokraterna i Nacka","provider_url":"https:\/\/wp.kristdemokraterna.se\/nacka","title":"Vid kommunfullm\u00e4ktige - Kristdemokraterna i Nacka","type":"rich","width":600,"height":338,"html":"<blockquote class=\"wp-embedded-content\" data-secret=\"beBej0sczz\"><a href=\"https:\/\/wp.kristdemokraterna.se\/nacka\/vid-kommunfullmaktige\/\">Vid kommunfullm\u00e4ktige<\/a><\/blockquote><iframe sandbox=\"allow-scripts\" security=\"restricted\" src=\"https:\/\/wp.kristdemokraterna.se\/nacka\/vid-kommunfullmaktige\/embed\/#?secret=beBej0sczz\" width=\"600\" height=\"338\" title=\"\u201dVid kommunfullm\u00e4ktige\u201d &ndash; Kristdemokraterna i Nacka\" data-secret=\"beBej0sczz\" frameborder=\"0\" marginwidth=\"0\" marginheight=\"0\" scrolling=\"no\" class=\"wp-embedded-content\"><\/iframe><script type=\"text\/javascript\">\n\/* <![CDATA[ *\/\n\/*! This file is auto-generated *\/\n!function(d,l){\"use strict\";l.querySelector&&d.addEventListener&&\"undefined\"!=typeof URL&&(d.wp=d.wp||{},d.wp.receiveEmbedMessage||(d.wp.receiveEmbedMessage=function(e){var t=e.data;if((t||t.secret||t.message||t.value)&&!\/[^a-zA-Z0-9]\/.test(t.secret)){for(var s,r,n,a=l.querySelectorAll('iframe[data-secret=\"'+t.secret+'\"]'),o=l.querySelectorAll('blockquote[data-secret=\"'+t.secret+'\"]'),c=new RegExp(\"^https?:$\",\"i\"),i=0;i<o.length;i++)o[i].style.display=\"none\";for(i=0;i<a.length;i++)s=a[i],e.source===s.contentWindow&&(s.removeAttribute(\"style\"),\"height\"===t.message?(1e3<(r=parseInt(t.value,10))?r=1e3:~~r<200&&(r=200),s.height=r):\"link\"===t.message&&(r=new URL(s.getAttribute(\"src\")),n=new URL(t.value),c.test(n.protocol))&&n.host===r.host&&l.activeElement===s&&(d.top.location.href=t.value))}},d.addEventListener(\"message\",d.wp.receiveEmbedMessage,!1),l.addEventListener(\"DOMContentLoaded\",function(){for(var e,t,s=l.querySelectorAll(\"iframe.wp-embedded-content\"),r=0;r<s.length;r++)(t=(e=s[r]).getAttribute(\"data-secret\"))||(t=Math.random().toString(36).substring(2,12),e.src+=\"#?secret=\"+t,e.setAttribute(\"data-secret\",t)),e.contentWindow.postMessage({message:\"ready\",secret:t},\"*\")},!1)))}(window,document);\n\/\/# sourceURL=https:\/\/wp.kristdemokraterna.se\/nacka\/wp-includes\/js\/wp-embed.min.js\n\/* ]]> *\/\n<\/script>\n","description":"Vid kommunfullm\u00e4ktige i kv\u00e4ll blev de ideologiska skillnaderna tydliga. V\u00e4nstersidan, ledd av Socialdemokraterna, betonade vikten av att kommunen \u00e4ger alla lokaler f\u00f6r sina verksamheter, med argumentet om att \u201dha r\u00e5dighet\u201d. Vi Kristdemokrater tycker att kommunens planmonopol redan ger tillr\u00e4cklig kontroll och att f\u00f6retag generellt arbetar mer effektivt \u00e4n kommunen. Dessutom beslutade v\u00e4nsterblocket att inte \u00f6ppna L\u00e4s mer"}