{"id":373,"date":"2017-12-04T16:47:18","date_gmt":"2017-12-04T15:47:18","guid":{"rendered":"http:\/\/wp.kristdemokraterna.se\/nacka1\/?page_id=373"},"modified":"2024-02-29T08:30:35","modified_gmt":"2024-02-29T07:30:35","slug":"var-politik-i-kommunen","status":"publish","type":"page","link":"https:\/\/wp.kristdemokraterna.se\/nacka\/textsida-fullbredd\/var-politik-i-kommunen\/","title":{"rendered":"V\u00e5r politik i kommunen"},"content":{"rendered":"<p><em>V\u00e5r ideologi kan sammanfattas med orden frihet, ansvar och omtanke. Frihet f\u00f6r alla att styra sina egna liv p\u00e5 alla omr\u00e5den, men ocks\u00e5 ansvar f\u00f6r varandra. Ansvar \u00e4r frihetens f\u00f6ruts\u00e4ttning. En samh\u00e4llsgemenskap med omtanke om medm\u00e4nniskor och natur- och kulturmilj\u00f6n blir f\u00f6ljden. Vad betyder d\u00e5 det i praktiken i Nacka?<\/em><\/p>\n<p>\u2022 St\u00e4rka tryggheten &#8211; Nacka \u00e4r till f\u00f6r alla &#8211; att f\u00f6rebygga och beivra brott g\u00e5r hand i hand med att v\u00e4rna ett vitalt civilsamh\u00e4lle, en robust infrastruktur och ett dugligt civilt f\u00f6rsvar. Nacka ska fungera \u00e4ven under of\u00e4rd.<br \/>\n\u2022 Frihet &amp; ansvar \u2013Vi motarbetar \u00f6verdriven reglering och ser till att den som finns \u00e4r robust och efterlevs. Integritet och autonomi.<br \/>\n\u2022 V\u00e5rda milj\u00f6n \u2013 Vi v\u00e4rnar det gr\u00f6na, det bl\u00e5 och det kulturella n\u00e4r vi bygger, genom innovativt \u00e5terbruk, f\u00f6rsiktig exploatering och ett fokus p\u00e5 trygghet och sk\u00f6nhet.<br \/>\n\u2022 En skola f\u00f6r alla &#8211; Nackas skolor ska vara b\u00e4st &#8211; i verkligheten, f\u00f6r alla elever. Ingen l\u00e4mnas d\u00e4rh\u00e4n och ingen h\u00e5lls tillbaka. Vi driver p\u00e5 f\u00f6r insiktsfull uppf\u00f6ljning, eftert\u00e4nksam digitalisering, flexibilitet, st\u00f6d f\u00f6r elever som beh\u00f6ver det, och innovativ vidareutbildning.<br \/>\n\u2022 Aldrig mer skatt \u00e4n n\u00f6dv\u00e4ndigt \u2013 Det \u00e4r medborgarnas pengar, inte statens. D\u00e4rf\u00f6r vill vi inte spendera pengar p\u00e5 vad som kan l\u00f6sas utan kommunens inblandning, utan fokusera p\u00e5 k\u00e4rnomr\u00e5dena och det som g\u00f6r skillnad p\u00e5 riktigt. Kan skatten s\u00e4nkas s\u00e5 ska vi g\u00f6ra det.<\/p>\n<p><a href=\"https:\/\/wp.kristdemokraterna.se\/nacka\/files\/2022\/08\/kd-nacka-partiprogram-2022.pdf\">L\u00e4s mer i detalj i v\u00e5rt partiprogram!<\/a><\/p>\n<p><strong>Lokalpolitiken<\/strong><\/p>\n<p><strong>Att bo i Nacka<\/strong><br \/>\nNacka \u00e4r en stor liten kommun. Trots att vi redan \u00e4r elfte mest t\u00e4tbefolkade i Sverige har vi n\u00e4rmare till naturen \u00e4n alla j\u00e4mf\u00f6rbara kommuner. Denna blandning av det t\u00e4ta, det gr\u00f6na och det bl\u00e5 \u00e4r en del av Nackas s\u00e4rart. N\u00e4r vi nu bygger s\u00e5 mycket bost\u00e4der \u00e4r det viktigt att detta f\u00e5r best\u00e5. D\u00e4rf\u00f6r f\u00f6rordar vi att vi bygger t\u00e4tt d\u00e4r vi bygger, s\u00e5 att andra delar kan f\u00e5 f\u00f6rbli glesa.<br \/>\nAtt bo i Nacka \u00e4r att bo i en varierande milj\u00f6. Vi vill forts\u00e4tta l\u00e5ta Nacka utvecklas med ett stort m\u00e5tt av frihet f\u00f6r de som bygger sina hus. Det \u00e4r en h\u00f6g byggtakt just nu, och Nacka v\u00e4xer f\u00f6r att kunna v\u00e4lkomna nya grannar. F\u00f6r oss Kristdemokrater \u00e4r det en fr\u00e5ga om att ta v\u00e5rt ansvar f\u00f6r att komma till r\u00e4tta med bostadsbristen och att bygga ett samh\u00e4lle d\u00e4r alla f\u00e5r plats. Men ett s\u00e5 storskaligt byggande st\u00e4ller ocks\u00e5 krav p\u00e5 hur vi planerar och bygger &#8211; b\u00e5de trygghet och sk\u00f6nhet \u00e4r viktiga faktorer f\u00f6r att Nacka \u00e4ven i framtiden ska vara en bra plats att bo p\u00e5. Vi ska verkligen inte g\u00f6ra om den funktionalistiska erans misstag att bygga sovst\u00e4der eller andra skrivbordsprodukter. Samh\u00e4llen v\u00e4xer fram, och d\u00e5 kr\u00e4vs en v\u00e4l avv\u00e4gd balans mellan vildvuxen frihet och politisk styrning. Men n\u00e4r styrning g\u00f6rs, s\u00e5 ska den vara framsynt och ha m\u00e4nniskan i centrum. Men allt handlar inte bara om det nya som byggs. I alla v\u00e5ra existerande omr\u00e5den ska vardagslivet i all sin variation fungera.<br \/>\nN\u00e4r vi bygger och utvecklar Nacka beh\u00f6ver vi ta h\u00e4nsyn till att omv\u00e4rlden inte ser ut som vi \u00f6nskade oss efter Berlinmurens fall. Den \u201dstrategiska time-outen\u201d \u00e4r \u00f6ver och vi beh\u00f6ver ta h\u00e4nsyn till olika typer av hot, b\u00e5de kriser och antagonistiskt destabiliserande krafter n\u00e4r vi bygger infrastruktur. Redundans, l\u00e5ngsiktighet och \u00e4gande \u00e4r n\u00e5gra aspekter som beh\u00f6ver avv\u00e4gas i nya projekt och n\u00e4r vi restaurerar befintliga anl\u00e4ggningar. En robust infrastruktur och ett starkt civilt f\u00f6rsvar kommer att vara till god nytta \u00e4ven vid kriser som v\u00e4derfenomen, l\u00e5ngvariga str\u00f6mavbrott eller pandemier.<br \/>\nVi kan aldrig bortse fr\u00e5n att Nacka \u00e4r en till ytan liten kommun, angr\u00e4nsande v\u00e5r st\u00f6rsta stad. I en s\u00e5dan kommun kan man aldrig f\u00f6rv\u00e4nta sig att kunna ha tillg\u00e5ng till allt, p\u00e5 en g\u00e5ng. Att utveckla Nacka \u00e4r att balansera bevarande av natur och gr\u00f6nytor, att anl\u00e4gga bost\u00e4der, arbetsplatser och allm\u00e4nnyttigheter, samt att h\u00e5lla ekonomin i balans. Det inneb\u00e4r att m\u00e5nga initiativ som i sig \u00e4r v\u00e4rdefulla f\u00e5r st\u00e5 tillbaka n\u00e4r vi t\u00e4nker p\u00e5 helheten. Ekonomi \u00e4r konsten att f\u00f6rdela begr\u00e4nsade resurser som har alternativa anv\u00e4ndningsomr\u00e5den.<\/p>\n<p><strong>Att arbeta och driva f\u00f6retag<\/strong><br \/>\nUtan f\u00f6retag &#8211; ingen v\u00e4lf\u00e4rd. F\u00f6r att kommunen ska kunna ta sitt ansvar i milj\u00f6- eller sociala fr\u00e5gor kr\u00e4vs en solid ekonomi, och basen f\u00f6r det \u00e4r ett v\u00e4lm\u00e5ende n\u00e4ringsliv. I takt med att Nacka v\u00e4xer och bygger stad beh\u00f6ver kommunen attrahera nya f\u00f6retagare. Nacka \u00e4r en kommun mitt i naturen, med skog, hav och sj\u00f6ar inp\u00e5 knuten. Det tar bara n\u00e5gra minuter in till Stockholm, land- eller sj\u00f6v\u00e4gen. Dessa argument borde utnyttjas f\u00f6r att locka hit innovativa f\u00f6retag i milj\u00f6ns anda. Det ska vara attraktivt och f\u00f6rdelaktigt att driva s\u00e5 v\u00e4l sm\u00e5 som stora f\u00f6retag i Nacka. Vi anser att det \u00e4r av yttersta vikt att vi som kommun arbetar f\u00f6r att underl\u00e4tta f\u00f6retagsklimatet och m\u00f6jligg\u00f6ra att Nacka blir en kommun d\u00e4r f\u00f6retag kan bildas, utvecklas och v\u00e4xa sig st\u00f6rre. De yrkesutbildningar som leder till arbete och som skapar f\u00f6ruts\u00e4ttningar f\u00f6r arbetss\u00f6kande att matcha arbetsgivarnas behov av kompetens just i v\u00e5r kommun borde prioriteras inom vuxenutbildningen. Fr\u00e5gan om ett attraktivt f\u00f6retagsklimat p\u00e5verkar allt fr\u00e5n utbildning och infrastruktur till den ekonomiska f\u00f6rvaltningen.<\/p>\n<p><strong>Milj\u00f6n och naturen<\/strong><br \/>\nF\u00f6r oss \u00e4r det sj\u00e4lvklart att v\u00e4rna om naturen och v\u00e5r n\u00e4rmilj\u00f6. Nacka har den stora f\u00f6rm\u00e5nen att vara en kommun med absolut n\u00e4rhet till natur, sj\u00f6ar och hav. Vi har flera fantastiska naturreservat, friluftsomr\u00e5den och naturmilj\u00f6er som vi ska forts\u00e4tta att v\u00e5rda, skydda och tillg\u00e4ngligg\u00f6ra. Frisk luft och gr\u00f6nska f\u00f6rebygger oh\u00e4lsa och minskar stress. D\u00e4rf\u00f6r vill vi f\u00f6rb\u00e4ttra infrastrukturen kring v\u00e5ra vandringsleder och tillg\u00e4ngligg\u00f6ra dessa omr\u00e5den f\u00f6r fler genom att placera ut sittplatser p\u00e5 l\u00e4mpliga st\u00e4llen s\u00e5 att man kan vila p\u00e5 promenaden. Vi vill \u00e4ven anl\u00e4gga grillplatser och vindskydd, s\u00e4kerst\u00e4lla att v\u00e5ra vatten \u00e4r rena s\u00e5 att det g\u00e5r att bada i v\u00e5ra sj\u00f6ar och fiska i v\u00e5ra vatten. Vi vill ocks\u00e5 utveckla sj\u00f6trafiken till och fr\u00e5n Nacka. Och mycket mer.<br \/>\nMilj\u00f6 \u00e4r dock mer \u00e4n bara natur &#8211; v\u00e5r vardag utspelas till stor del i det exploaterade, i kulturmilj\u00f6n. All m\u00e4nsklig verksamhet har en inverkan p\u00e5 den \u00f6vriga naturen. Hur vi bygger och brukar v\u00e5r omgivning \u00e4r en viktig del i milj\u00f6v\u00e5rden. D\u00e4rf\u00f6r prioriterar vi insatser som g\u00f6r att kulturarbetet kan frodas, och \u00e4ven det estetiska och det trygghetsskapande n\u00e4r vi bygger. Nacka stad ska vara en plats som b\u00e4st upplevs fr\u00e5n markniv\u00e5!<br \/>\nKommunen ska alltid str\u00e4va efter att vara klimatsmart i sitt arbete. Men vi skall \u00e4gna oss \u00e5t insatser som inte bara \u00e4r symboliska, utan som g\u00f6r faktisk skillnad. I stadsplaneringen ska vi \u00f6ppna m\u00f6jligheter f\u00f6r framtida tekniker, utan att gl\u00f6mma bort de behov m\u00e4nniskor har i vardagen.<\/p>\n<p><strong>Att leva i Nacka<\/strong><br \/>\nNacka ska vara en kommun d\u00e4r mycket finns tillg\u00e4ngligt, och d\u00e4r variationen frodas. Vi vet inte hur exempelvis olika trafikformer kommer att utvecklas, men vi kan vara s\u00e4kra p\u00e5 att m\u00e4nniskor kommer att ha ett l\u00e5ngt mer flexibelt behov av att r\u00f6ra sig runt i kommunen \u00e4n vad som kan tillm\u00f6tesg\u00e5s av n\u00e5gon viss kommunal trafikl\u00f6sning eller fordonsform. \u00c4ven om bilar idag \u00e4r en del av milj\u00f6problemen, s\u00e5 \u00e4r den frihet de inneb\u00e4r f\u00f6r den enskilde omistlig.<br \/>\nAtt vi i framtiden kommer att vilja ha en s\u00e5dan m\u00f6jlighet till personlig r\u00f6rlighet \u00e4r ofr\u00e5nkomligt. D\u00e4rf\u00f6r kommer vi att se till att v\u00e5ra stadsdelar byggs redo f\u00f6r en bred flora trafikslag, anpassningsbart till framtiden.<br \/>\nNacka ska ocks\u00e5 vara en kommun d\u00e4r man kan b\u00e5de studera och arbeta p\u00e5 hemmaplan. Vi arbetar of\u00f6rtrutet f\u00f6r att st\u00e4rka utbildningsutbudet p\u00e5 alla olika niv\u00e5er, att g\u00f6ra kommunen attraktiv f\u00f6r f\u00f6retag och innovationscentrum, och st\u00f6dja kreativa l\u00f6sningar som m\u00f6jligg\u00f6r flexibla, men \u00e4nd\u00e5 sociala, distansarbetsplatser.<br \/>\nKommunen ska vara en attraktiv plats att leva i f\u00f6r alla \u00e5ldrar. Oavsett om du \u00e4r ung, gammal eller n\u00e5got mitt emellan. Alla m\u00e4nniskor i Nacka ska alla ha tillg\u00e5ng till attraktiva milj\u00f6er och god samh\u00e4llsservice. Friheten att kunna forma och ta ansvar f\u00f6r sitt eget liv skall inte n\u00e5got som upph\u00f6r efter pensions\u00e5ldern, eller \u00e4r helt outvecklat f\u00f6re myndighets\u00e5ldern. Vi driver en politik utifr\u00e5n utg\u00e5ngspunkten att alla m\u00e4nniskor m\u00e5r b\u00e4st av att kunna v\u00e4lja sj\u00e4lva, i s\u00e5 v\u00e4l skola som \u00e4ldreomsorg och allt d\u00e4remellan.<\/p>\n<p>&nbsp;<\/p>\n<p>&nbsp;<\/p>\n","protected":false},"excerpt":{"rendered":"<p>V\u00e5r ideologi kan sammanfattas med orden frihet, ansvar och omtanke. Frihet f\u00f6r alla att styra sina egna liv p\u00e5 alla omr\u00e5den, men ocks\u00e5 ansvar f\u00f6r varandra. Ansvar \u00e4r frihetens f\u00f6ruts\u00e4ttning. En samh\u00e4llsgemenskap med omtanke om medm\u00e4nniskor och natur- och kulturmilj\u00f6n blir f\u00f6ljden. Vad betyder d\u00e5 det i praktiken i Nacka? \u2022 St\u00e4rka tryggheten &#8211; Nacka <a class=\"read-more-link\" href=\"https:\/\/wp.kristdemokraterna.se\/nacka\/textsida-fullbredd\/var-politik-i-kommunen\/\">L\u00e4s mer<\/a><\/p>\n","protected":false},"author":789,"featured_media":0,"parent":272,"menu_order":0,"comment_status":"closed","ping_status":"closed","template":"page.php","meta":{"_acf_changed":false,"footnotes":""},"class_list":["post-373","page","type-page","status-publish","hentry"],"acf":[],"yoast_head":"<!-- This site is optimized with the Yoast SEO plugin v27.5 - https:\/\/yoast.com\/product\/yoast-seo-wordpress\/ -->\n<title>V\u00e5r politik i kommunen - Kristdemokraterna i Nacka<\/title>\n<meta name=\"robots\" content=\"index, follow, max-snippet:-1, max-image-preview:large, max-video-preview:-1\" \/>\n<link rel=\"canonical\" href=\"https:\/\/wp.kristdemokraterna.se\/nacka\/textsida-fullbredd\/var-politik-i-kommunen\/\" \/>\n<meta property=\"og:locale\" content=\"sv_SE\" \/>\n<meta property=\"og:type\" content=\"article\" \/>\n<meta property=\"og:title\" content=\"V\u00e5r politik i kommunen - Kristdemokraterna i Nacka\" \/>\n<meta property=\"og:description\" content=\"V\u00e5r ideologi kan sammanfattas med orden frihet, ansvar och omtanke. Frihet f\u00f6r alla att styra sina egna liv p\u00e5 alla omr\u00e5den, men ocks\u00e5 ansvar f\u00f6r varandra. Ansvar \u00e4r frihetens f\u00f6ruts\u00e4ttning. En samh\u00e4llsgemenskap med omtanke om medm\u00e4nniskor och natur- och kulturmilj\u00f6n blir f\u00f6ljden. Vad betyder d\u00e5 det i praktiken i Nacka? \u2022 St\u00e4rka tryggheten &#8211; Nacka L\u00e4s mer\" \/>\n<meta property=\"og:url\" content=\"https:\/\/wp.kristdemokraterna.se\/nacka\/textsida-fullbredd\/var-politik-i-kommunen\/\" \/>\n<meta property=\"og:site_name\" content=\"Kristdemokraterna i Nacka\" \/>\n<meta property=\"article:modified_time\" content=\"2024-02-29T07:30:35+00:00\" \/>\n<meta name=\"twitter:card\" content=\"summary_large_image\" \/>\n<meta name=\"twitter:label1\" content=\"Ber\u00e4knad l\u00e4stid\" \/>\n\t<meta name=\"twitter:data1\" content=\"7 minuter\" \/>\n<script type=\"application\/ld+json\" class=\"yoast-schema-graph\">{\"@context\":\"https:\\\/\\\/schema.org\",\"@graph\":[{\"@type\":\"WebPage\",\"@id\":\"https:\\\/\\\/wp.kristdemokraterna.se\\\/nacka\\\/textsida-fullbredd\\\/var-politik-i-kommunen\\\/\",\"url\":\"https:\\\/\\\/wp.kristdemokraterna.se\\\/nacka\\\/textsida-fullbredd\\\/var-politik-i-kommunen\\\/\",\"name\":\"V\u00e5r politik i kommunen - Kristdemokraterna i Nacka\",\"isPartOf\":{\"@id\":\"https:\\\/\\\/wp.kristdemokraterna.se\\\/nacka\\\/#website\"},\"datePublished\":\"2017-12-04T15:47:18+00:00\",\"dateModified\":\"2024-02-29T07:30:35+00:00\",\"breadcrumb\":{\"@id\":\"https:\\\/\\\/wp.kristdemokraterna.se\\\/nacka\\\/textsida-fullbredd\\\/var-politik-i-kommunen\\\/#breadcrumb\"},\"inLanguage\":\"sv-SE\",\"potentialAction\":[{\"@type\":\"ReadAction\",\"target\":[\"https:\\\/\\\/wp.kristdemokraterna.se\\\/nacka\\\/textsida-fullbredd\\\/var-politik-i-kommunen\\\/\"]}]},{\"@type\":\"BreadcrumbList\",\"@id\":\"https:\\\/\\\/wp.kristdemokraterna.se\\\/nacka\\\/textsida-fullbredd\\\/var-politik-i-kommunen\\\/#breadcrumb\",\"itemListElement\":[{\"@type\":\"ListItem\",\"position\":1,\"name\":\"Hem\",\"item\":\"https:\\\/\\\/wp.kristdemokraterna.se\\\/nacka\\\/\"},{\"@type\":\"ListItem\",\"position\":2,\"name\":\"Vad vi st\u00e5r f\u00f6r!\",\"item\":\"https:\\\/\\\/wp.kristdemokraterna.se\\\/nacka\\\/textsida-fullbredd\\\/\"},{\"@type\":\"ListItem\",\"position\":3,\"name\":\"V\u00e5r politik i kommunen\"}]},{\"@type\":\"WebSite\",\"@id\":\"https:\\\/\\\/wp.kristdemokraterna.se\\\/nacka\\\/#website\",\"url\":\"https:\\\/\\\/wp.kristdemokraterna.se\\\/nacka\\\/\",\"name\":\"Kristdemokraterna i Nacka\",\"description\":\"Vi \u00e4r hj\u00e4rtat till h\u00f6ger\",\"inLanguage\":\"sv-SE\"}]}<\/script>\n<!-- \/ Yoast SEO plugin. -->","yoast_head_json":{"title":"V\u00e5r politik i kommunen - Kristdemokraterna i Nacka","robots":{"index":"index","follow":"follow","max-snippet":"max-snippet:-1","max-image-preview":"max-image-preview:large","max-video-preview":"max-video-preview:-1"},"canonical":"https:\/\/wp.kristdemokraterna.se\/nacka\/textsida-fullbredd\/var-politik-i-kommunen\/","og_locale":"sv_SE","og_type":"article","og_title":"V\u00e5r politik i kommunen - Kristdemokraterna i Nacka","og_description":"V\u00e5r ideologi kan sammanfattas med orden frihet, ansvar och omtanke. Frihet f\u00f6r alla att styra sina egna liv p\u00e5 alla omr\u00e5den, men ocks\u00e5 ansvar f\u00f6r varandra. Ansvar \u00e4r frihetens f\u00f6ruts\u00e4ttning. En samh\u00e4llsgemenskap med omtanke om medm\u00e4nniskor och natur- och kulturmilj\u00f6n blir f\u00f6ljden. Vad betyder d\u00e5 det i praktiken i Nacka? \u2022 St\u00e4rka tryggheten &#8211; Nacka L\u00e4s mer","og_url":"https:\/\/wp.kristdemokraterna.se\/nacka\/textsida-fullbredd\/var-politik-i-kommunen\/","og_site_name":"Kristdemokraterna i Nacka","article_modified_time":"2024-02-29T07:30:35+00:00","twitter_card":"summary_large_image","twitter_misc":{"Ber\u00e4knad l\u00e4stid":"7 minuter"},"schema":{"@context":"https:\/\/schema.org","@graph":[{"@type":"WebPage","@id":"https:\/\/wp.kristdemokraterna.se\/nacka\/textsida-fullbredd\/var-politik-i-kommunen\/","url":"https:\/\/wp.kristdemokraterna.se\/nacka\/textsida-fullbredd\/var-politik-i-kommunen\/","name":"V\u00e5r politik i kommunen - Kristdemokraterna i Nacka","isPartOf":{"@id":"https:\/\/wp.kristdemokraterna.se\/nacka\/#website"},"datePublished":"2017-12-04T15:47:18+00:00","dateModified":"2024-02-29T07:30:35+00:00","breadcrumb":{"@id":"https:\/\/wp.kristdemokraterna.se\/nacka\/textsida-fullbredd\/var-politik-i-kommunen\/#breadcrumb"},"inLanguage":"sv-SE","potentialAction":[{"@type":"ReadAction","target":["https:\/\/wp.kristdemokraterna.se\/nacka\/textsida-fullbredd\/var-politik-i-kommunen\/"]}]},{"@type":"BreadcrumbList","@id":"https:\/\/wp.kristdemokraterna.se\/nacka\/textsida-fullbredd\/var-politik-i-kommunen\/#breadcrumb","itemListElement":[{"@type":"ListItem","position":1,"name":"Hem","item":"https:\/\/wp.kristdemokraterna.se\/nacka\/"},{"@type":"ListItem","position":2,"name":"Vad vi st\u00e5r f\u00f6r!","item":"https:\/\/wp.kristdemokraterna.se\/nacka\/textsida-fullbredd\/"},{"@type":"ListItem","position":3,"name":"V\u00e5r politik i kommunen"}]},{"@type":"WebSite","@id":"https:\/\/wp.kristdemokraterna.se\/nacka\/#website","url":"https:\/\/wp.kristdemokraterna.se\/nacka\/","name":"Kristdemokraterna i Nacka","description":"Vi \u00e4r hj\u00e4rtat till h\u00f6ger","inLanguage":"sv-SE"}]}},"_links":{"self":[{"href":"https:\/\/wp.kristdemokraterna.se\/nacka\/wp-json\/wp\/v2\/pages\/373","targetHints":{"allow":["GET"]}}],"collection":[{"href":"https:\/\/wp.kristdemokraterna.se\/nacka\/wp-json\/wp\/v2\/pages"}],"about":[{"href":"https:\/\/wp.kristdemokraterna.se\/nacka\/wp-json\/wp\/v2\/types\/page"}],"author":[{"embeddable":true,"href":"https:\/\/wp.kristdemokraterna.se\/nacka\/wp-json\/wp\/v2\/users\/789"}],"replies":[{"embeddable":true,"href":"https:\/\/wp.kristdemokraterna.se\/nacka\/wp-json\/wp\/v2\/comments?post=373"}],"version-history":[{"count":8,"href":"https:\/\/wp.kristdemokraterna.se\/nacka\/wp-json\/wp\/v2\/pages\/373\/revisions"}],"predecessor-version":[{"id":1073,"href":"https:\/\/wp.kristdemokraterna.se\/nacka\/wp-json\/wp\/v2\/pages\/373\/revisions\/1073"}],"up":[{"embeddable":true,"href":"https:\/\/wp.kristdemokraterna.se\/nacka\/wp-json\/wp\/v2\/pages\/272"}],"wp:attachment":[{"href":"https:\/\/wp.kristdemokraterna.se\/nacka\/wp-json\/wp\/v2\/media?parent=373"}],"curies":[{"name":"wp","href":"https:\/\/api.w.org\/{rel}","templated":true}]}}