{"id":342,"date":"2017-11-30T15:21:10","date_gmt":"2017-11-30T14:21:10","guid":{"rendered":"http:\/\/wp.kristdemokraterna.se\/norrtalje\/?page_id=342"},"modified":"2023-04-27T08:14:58","modified_gmt":"2023-04-27T06:14:58","slug":"i-var-kommun","status":"publish","type":"page","link":"https:\/\/wp.kristdemokraterna.se\/norrtalje\/i-var-kommun\/","title":{"rendered":"Vad vill vi i v\u00e5r kommun"},"content":{"rendered":"<h3>Kristdemokraterna vill f\u00f6rb\u00e4ttra Norrt\u00e4lje kommun. V\u00e5rt kommunpolitiska program handlar om landsbygden, tryggheten och infrastrukturen. M\u00e5let \u00e4r samh\u00e4llsgemenskap f\u00f6r att hela kommunen ska leva.<\/h3>\n<h3>Klicka p\u00e5 l\u00e4nken nedan f\u00f6r att l\u00e4sa v\u00e5rt Kommunpolitiskta program.<\/h3>\n<p><a href=\"http:\/\/wp.kristdemokraterna.se\/norrtalje\/files\/2022\/05\/kd-norrtalje-kommunpolitiskt-program-2020-2026.pdf\">KD Norrt\u00e4lje Kommunpolitiskt program 2020-2026<\/a><\/p>\n<h3><a href=\"http:\/\/wp.kristdemokraterna.se\/norrtalje\/files\/2022\/08\/kd-norrtalje-kommunpolitiskt-program-2020-2026.jpg\"><img loading=\"lazy\" decoding=\"async\" class=\"alignnone size-medium wp-image-617\" src=\"http:\/\/wp.kristdemokraterna.se\/norrtalje\/files\/2022\/08\/kd-norrtalje-kommunpolitiskt-program-2020-2026-212x300.jpg\" alt=\"\" width=\"212\" height=\"300\" srcset=\"https:\/\/wp.kristdemokraterna.se\/norrtalje\/files\/2022\/08\/kd-norrtalje-kommunpolitiskt-program-2020-2026-212x300.jpg 212w, https:\/\/wp.kristdemokraterna.se\/norrtalje\/files\/2022\/08\/kd-norrtalje-kommunpolitiskt-program-2020-2026-724x1024.jpg 724w, https:\/\/wp.kristdemokraterna.se\/norrtalje\/files\/2022\/08\/kd-norrtalje-kommunpolitiskt-program-2020-2026-768x1087.jpg 768w, https:\/\/wp.kristdemokraterna.se\/norrtalje\/files\/2022\/08\/kd-norrtalje-kommunpolitiskt-program-2020-2026-141x200.jpg 141w, https:\/\/wp.kristdemokraterna.se\/norrtalje\/files\/2022\/08\/kd-norrtalje-kommunpolitiskt-program-2020-2026-370x524.jpg 370w, https:\/\/wp.kristdemokraterna.se\/norrtalje\/files\/2022\/08\/kd-norrtalje-kommunpolitiskt-program-2020-2026-770x1090.jpg 770w, https:\/\/wp.kristdemokraterna.se\/norrtalje\/files\/2022\/08\/kd-norrtalje-kommunpolitiskt-program-2020-2026-450x637.jpg 450w, https:\/\/wp.kristdemokraterna.se\/norrtalje\/files\/2022\/08\/kd-norrtalje-kommunpolitiskt-program-2020-2026-280x396.jpg 280w, https:\/\/wp.kristdemokraterna.se\/norrtalje\/files\/2022\/08\/kd-norrtalje-kommunpolitiskt-program-2020-2026-340x481.jpg 340w, https:\/\/wp.kristdemokraterna.se\/norrtalje\/files\/2022\/08\/kd-norrtalje-kommunpolitiskt-program-2020-2026-40x56.jpg 40w, https:\/\/wp.kristdemokraterna.se\/norrtalje\/files\/2022\/08\/kd-norrtalje-kommunpolitiskt-program-2020-2026.jpg 826w\" sizes=\"auto, (max-width: 212px) 100vw, 212px\" \/><\/a><\/h3>\n<h3>H\u00e4r hittar du mera information om v\u00e5ra tre huvudbudskap<\/h3>\n<h3><a href=\"http:\/\/wp.kristdemokraterna.se\/norrtalje\/files\/2022\/08\/hela-norrtalj-skall-leva.pdf\">1.Hela Norrt\u00e4lje skall leva<\/a><\/h3>\n<h3><a href=\"http:\/\/wp.kristdemokraterna.se\/norrtalje\/files\/2022\/08\/fb-hela-kommunen-skall-leva.jpg\"><img loading=\"lazy\" decoding=\"async\" class=\"alignnone size-medium wp-image-611\" src=\"http:\/\/wp.kristdemokraterna.se\/norrtalje\/files\/2022\/08\/fb-hela-kommunen-skall-leva-300x219.jpg\" alt=\"\" width=\"300\" height=\"219\" \/><\/a><\/h3>\n<h3><a href=\"http:\/\/wp.kristdemokraterna.se\/norrtalje\/files\/2022\/08\/infrastruktur-1.pdf\">2. Infrastruktur &#8211; Alla ska f\u00e5 plats<\/a><\/h3>\n<h3><a href=\"http:\/\/wp.kristdemokraterna.se\/norrtalje\/files\/2022\/08\/infrastruktur-1.jpg\"><img loading=\"lazy\" decoding=\"async\" class=\"alignnone size-medium wp-image-613\" src=\"http:\/\/wp.kristdemokraterna.se\/norrtalje\/files\/2022\/08\/infrastruktur-1-300x191.jpg\" alt=\"\" width=\"300\" height=\"191\" \/><\/a><\/h3>\n<h3><a href=\"http:\/\/wp.kristdemokraterna.se\/norrtalje\/files\/2022\/08\/trygghet-web.pdf\">3. Trygghet en r\u00e4ttighet<\/a><\/h3>\n<p><a href=\"http:\/\/wp.kristdemokraterna.se\/norrtalje\/files\/2022\/08\/trygghet-web.jpg\"><img loading=\"lazy\" decoding=\"async\" class=\"alignnone size-medium wp-image-615\" src=\"http:\/\/wp.kristdemokraterna.se\/norrtalje\/files\/2022\/08\/trygghet-web-300x194.jpg\" alt=\"\" width=\"300\" height=\"194\" \/><\/a><\/p>\n<p>&nbsp;<\/p>\n","protected":false},"excerpt":{"rendered":"<p>Kristdemokraterna vill f\u00f6rb\u00e4ttra Norrt\u00e4lje kommun. V\u00e5rt kommunpolitiska program handlar om landsbygden, tryggheten och infrastrukturen. M\u00e5let \u00e4r samh\u00e4llsgemenskap f\u00f6r att hela kommunen ska leva. Klicka p\u00e5 l\u00e4nken nedan f\u00f6r att l\u00e4sa v\u00e5rt Kommunpolitiskta program. KD Norrt\u00e4lje Kommunpolitiskt program 2020-2026 H\u00e4r hittar du mera information om v\u00e5ra tre huvudbudskap 1.Hela Norrt\u00e4lje skall leva 2. Infrastruktur &#8211; Alla <a class=\"read-more-link\" href=\"https:\/\/wp.kristdemokraterna.se\/norrtalje\/i-var-kommun\/\">L\u00e4s mer<\/a><\/p>\n","protected":false},"author":400,"featured_media":0,"parent":0,"menu_order":0,"comment_status":"closed","ping_status":"closed","template":"page.php","meta":{"_acf_changed":false,"footnotes":""},"class_list":["post-342","page","type-page","status-publish","hentry"],"acf":[],"yoast_head":"<!-- This site is optimized with the Yoast SEO plugin v27.4 - https:\/\/yoast.com\/product\/yoast-seo-wordpress\/ -->\n<title>Vad vill vi i v\u00e5r kommun - Kristdemokraterna | Norrt\u00e4lje<\/title>\n<meta name=\"robots\" content=\"index, follow, max-snippet:-1, max-image-preview:large, max-video-preview:-1\" \/>\n<link rel=\"canonical\" href=\"https:\/\/wp.kristdemokraterna.se\/norrtalje\/i-var-kommun\/\" \/>\n<meta property=\"og:locale\" content=\"sv_SE\" \/>\n<meta property=\"og:type\" content=\"article\" \/>\n<meta property=\"og:title\" content=\"Vad vill vi i v\u00e5r kommun - Kristdemokraterna | Norrt\u00e4lje\" \/>\n<meta property=\"og:description\" content=\"Kristdemokraterna vill f\u00f6rb\u00e4ttra Norrt\u00e4lje kommun. V\u00e5rt kommunpolitiska program handlar om landsbygden, tryggheten och infrastrukturen. M\u00e5let \u00e4r samh\u00e4llsgemenskap f\u00f6r att hela kommunen ska leva. Klicka p\u00e5 l\u00e4nken nedan f\u00f6r att l\u00e4sa v\u00e5rt Kommunpolitiskta program. KD Norrt\u00e4lje Kommunpolitiskt program 2020-2026 H\u00e4r hittar du mera information om v\u00e5ra tre huvudbudskap 1.Hela Norrt\u00e4lje skall leva 2. Infrastruktur &#8211; Alla L\u00e4s mer\" \/>\n<meta property=\"og:url\" content=\"https:\/\/wp.kristdemokraterna.se\/norrtalje\/i-var-kommun\/\" \/>\n<meta property=\"og:site_name\" content=\"Kristdemokraterna | Norrt\u00e4lje\" \/>\n<meta property=\"article:publisher\" content=\"https:\/\/www.facebook.com\/kdnorrtalje\" \/>\n<meta property=\"article:modified_time\" content=\"2023-04-27T06:14:58+00:00\" \/>\n<meta property=\"og:image\" content=\"http:\/\/wp.kristdemokraterna.se\/norrtalje\/files\/2022\/08\/kd-norrtalje-kommunpolitiskt-program-2020-2026-212x300.jpg\" \/>\n<meta name=\"twitter:card\" content=\"summary_large_image\" \/>\n<meta name=\"twitter:label1\" content=\"Ber\u00e4knad l\u00e4stid\" \/>\n\t<meta name=\"twitter:data1\" content=\"7 minuter\" \/>\n<script type=\"application\/ld+json\" class=\"yoast-schema-graph\">{\"@context\":\"https:\\\/\\\/schema.org\",\"@graph\":[{\"@type\":\"WebPage\",\"@id\":\"https:\\\/\\\/wp.kristdemokraterna.se\\\/norrtalje\\\/i-var-kommun\\\/\",\"url\":\"https:\\\/\\\/wp.kristdemokraterna.se\\\/norrtalje\\\/i-var-kommun\\\/\",\"name\":\"Vad vill vi i v\u00e5r kommun - Kristdemokraterna | Norrt\u00e4lje\",\"isPartOf\":{\"@id\":\"https:\\\/\\\/wp.kristdemokraterna.se\\\/norrtalje\\\/#website\"},\"primaryImageOfPage\":{\"@id\":\"https:\\\/\\\/wp.kristdemokraterna.se\\\/norrtalje\\\/i-var-kommun\\\/#primaryimage\"},\"image\":{\"@id\":\"https:\\\/\\\/wp.kristdemokraterna.se\\\/norrtalje\\\/i-var-kommun\\\/#primaryimage\"},\"thumbnailUrl\":\"http:\\\/\\\/wp.kristdemokraterna.se\\\/norrtalje\\\/files\\\/2022\\\/08\\\/kd-norrtalje-kommunpolitiskt-program-2020-2026-212x300.jpg\",\"datePublished\":\"2017-11-30T14:21:10+00:00\",\"dateModified\":\"2023-04-27T06:14:58+00:00\",\"breadcrumb\":{\"@id\":\"https:\\\/\\\/wp.kristdemokraterna.se\\\/norrtalje\\\/i-var-kommun\\\/#breadcrumb\"},\"inLanguage\":\"sv-SE\",\"potentialAction\":[{\"@type\":\"ReadAction\",\"target\":[\"https:\\\/\\\/wp.kristdemokraterna.se\\\/norrtalje\\\/i-var-kommun\\\/\"]}]},{\"@type\":\"ImageObject\",\"inLanguage\":\"sv-SE\",\"@id\":\"https:\\\/\\\/wp.kristdemokraterna.se\\\/norrtalje\\\/i-var-kommun\\\/#primaryimage\",\"url\":\"http:\\\/\\\/wp.kristdemokraterna.se\\\/norrtalje\\\/files\\\/2022\\\/08\\\/kd-norrtalje-kommunpolitiskt-program-2020-2026-212x300.jpg\",\"contentUrl\":\"http:\\\/\\\/wp.kristdemokraterna.se\\\/norrtalje\\\/files\\\/2022\\\/08\\\/kd-norrtalje-kommunpolitiskt-program-2020-2026-212x300.jpg\"},{\"@type\":\"BreadcrumbList\",\"@id\":\"https:\\\/\\\/wp.kristdemokraterna.se\\\/norrtalje\\\/i-var-kommun\\\/#breadcrumb\",\"itemListElement\":[{\"@type\":\"ListItem\",\"position\":1,\"name\":\"Hem\",\"item\":\"https:\\\/\\\/wp.kristdemokraterna.se\\\/norrtalje\\\/\"},{\"@type\":\"ListItem\",\"position\":2,\"name\":\"Vad vill vi i v\u00e5r kommun\"}]},{\"@type\":\"WebSite\",\"@id\":\"https:\\\/\\\/wp.kristdemokraterna.se\\\/norrtalje\\\/#website\",\"url\":\"https:\\\/\\\/wp.kristdemokraterna.se\\\/norrtalje\\\/\",\"name\":\"Kristdemokraterna | Norrt\u00e4lje\",\"description\":\"V\u00e4lkommen till Kristdemokraterna Norrt\u00e4lje\",\"inLanguage\":\"sv-SE\"}]}<\/script>\n<!-- \/ Yoast SEO plugin. -->","yoast_head_json":{"title":"Vad vill vi i v\u00e5r kommun - Kristdemokraterna | Norrt\u00e4lje","robots":{"index":"index","follow":"follow","max-snippet":"max-snippet:-1","max-image-preview":"max-image-preview:large","max-video-preview":"max-video-preview:-1"},"canonical":"https:\/\/wp.kristdemokraterna.se\/norrtalje\/i-var-kommun\/","og_locale":"sv_SE","og_type":"article","og_title":"Vad vill vi i v\u00e5r kommun - Kristdemokraterna | Norrt\u00e4lje","og_description":"Kristdemokraterna vill f\u00f6rb\u00e4ttra Norrt\u00e4lje kommun. V\u00e5rt kommunpolitiska program handlar om landsbygden, tryggheten och infrastrukturen. M\u00e5let \u00e4r samh\u00e4llsgemenskap f\u00f6r att hela kommunen ska leva. Klicka p\u00e5 l\u00e4nken nedan f\u00f6r att l\u00e4sa v\u00e5rt Kommunpolitiskta program. KD Norrt\u00e4lje Kommunpolitiskt program 2020-2026 H\u00e4r hittar du mera information om v\u00e5ra tre huvudbudskap 1.Hela Norrt\u00e4lje skall leva 2. Infrastruktur &#8211; Alla L\u00e4s mer","og_url":"https:\/\/wp.kristdemokraterna.se\/norrtalje\/i-var-kommun\/","og_site_name":"Kristdemokraterna | Norrt\u00e4lje","article_publisher":"https:\/\/www.facebook.com\/kdnorrtalje","article_modified_time":"2023-04-27T06:14:58+00:00","og_image":[{"url":"http:\/\/wp.kristdemokraterna.se\/norrtalje\/files\/2022\/08\/kd-norrtalje-kommunpolitiskt-program-2020-2026-212x300.jpg","type":"","width":"","height":""}],"twitter_card":"summary_large_image","twitter_misc":{"Ber\u00e4knad l\u00e4stid":"7 minuter"},"schema":{"@context":"https:\/\/schema.org","@graph":[{"@type":"WebPage","@id":"https:\/\/wp.kristdemokraterna.se\/norrtalje\/i-var-kommun\/","url":"https:\/\/wp.kristdemokraterna.se\/norrtalje\/i-var-kommun\/","name":"Vad vill vi i v\u00e5r kommun - Kristdemokraterna | Norrt\u00e4lje","isPartOf":{"@id":"https:\/\/wp.kristdemokraterna.se\/norrtalje\/#website"},"primaryImageOfPage":{"@id":"https:\/\/wp.kristdemokraterna.se\/norrtalje\/i-var-kommun\/#primaryimage"},"image":{"@id":"https:\/\/wp.kristdemokraterna.se\/norrtalje\/i-var-kommun\/#primaryimage"},"thumbnailUrl":"http:\/\/wp.kristdemokraterna.se\/norrtalje\/files\/2022\/08\/kd-norrtalje-kommunpolitiskt-program-2020-2026-212x300.jpg","datePublished":"2017-11-30T14:21:10+00:00","dateModified":"2023-04-27T06:14:58+00:00","breadcrumb":{"@id":"https:\/\/wp.kristdemokraterna.se\/norrtalje\/i-var-kommun\/#breadcrumb"},"inLanguage":"sv-SE","potentialAction":[{"@type":"ReadAction","target":["https:\/\/wp.kristdemokraterna.se\/norrtalje\/i-var-kommun\/"]}]},{"@type":"ImageObject","inLanguage":"sv-SE","@id":"https:\/\/wp.kristdemokraterna.se\/norrtalje\/i-var-kommun\/#primaryimage","url":"http:\/\/wp.kristdemokraterna.se\/norrtalje\/files\/2022\/08\/kd-norrtalje-kommunpolitiskt-program-2020-2026-212x300.jpg","contentUrl":"http:\/\/wp.kristdemokraterna.se\/norrtalje\/files\/2022\/08\/kd-norrtalje-kommunpolitiskt-program-2020-2026-212x300.jpg"},{"@type":"BreadcrumbList","@id":"https:\/\/wp.kristdemokraterna.se\/norrtalje\/i-var-kommun\/#breadcrumb","itemListElement":[{"@type":"ListItem","position":1,"name":"Hem","item":"https:\/\/wp.kristdemokraterna.se\/norrtalje\/"},{"@type":"ListItem","position":2,"name":"Vad vill vi i v\u00e5r kommun"}]},{"@type":"WebSite","@id":"https:\/\/wp.kristdemokraterna.se\/norrtalje\/#website","url":"https:\/\/wp.kristdemokraterna.se\/norrtalje\/","name":"Kristdemokraterna | Norrt\u00e4lje","description":"V\u00e4lkommen till Kristdemokraterna Norrt\u00e4lje","inLanguage":"sv-SE"}]}},"_links":{"self":[{"href":"https:\/\/wp.kristdemokraterna.se\/norrtalje\/wp-json\/wp\/v2\/pages\/342","targetHints":{"allow":["GET"]}}],"collection":[{"href":"https:\/\/wp.kristdemokraterna.se\/norrtalje\/wp-json\/wp\/v2\/pages"}],"about":[{"href":"https:\/\/wp.kristdemokraterna.se\/norrtalje\/wp-json\/wp\/v2\/types\/page"}],"author":[{"embeddable":true,"href":"https:\/\/wp.kristdemokraterna.se\/norrtalje\/wp-json\/wp\/v2\/users\/400"}],"replies":[{"embeddable":true,"href":"https:\/\/wp.kristdemokraterna.se\/norrtalje\/wp-json\/wp\/v2\/comments?post=342"}],"version-history":[{"count":11,"href":"https:\/\/wp.kristdemokraterna.se\/norrtalje\/wp-json\/wp\/v2\/pages\/342\/revisions"}],"predecessor-version":[{"id":737,"href":"https:\/\/wp.kristdemokraterna.se\/norrtalje\/wp-json\/wp\/v2\/pages\/342\/revisions\/737"}],"wp:attachment":[{"href":"https:\/\/wp.kristdemokraterna.se\/norrtalje\/wp-json\/wp\/v2\/media?parent=342"}],"curies":[{"name":"wp","href":"https:\/\/api.w.org\/{rel}","templated":true}]}}