{"version":"1.0","provider_name":"Kristdemokraterna \u00d6cker\u00f6","provider_url":"https:\/\/wp.kristdemokraterna.se\/ockero","title":"Detta vill Kristdemokraterna - Kommunpolitiskt valprogram 2022 - Kristdemokraterna \u00d6cker\u00f6","type":"rich","width":600,"height":338,"html":"<blockquote class=\"wp-embedded-content\" data-secret=\"84fqGCn6lp\"><a href=\"https:\/\/wp.kristdemokraterna.se\/ockero\/detta-vill-kristdemokraterna\/\">Detta vill Kristdemokraterna &#8211; Kommunpolitiskt valprogram 2022<\/a><\/blockquote><iframe sandbox=\"allow-scripts\" security=\"restricted\" src=\"https:\/\/wp.kristdemokraterna.se\/ockero\/detta-vill-kristdemokraterna\/embed\/#?secret=84fqGCn6lp\" width=\"600\" height=\"338\" title=\"\u201dDetta vill Kristdemokraterna &#8211; Kommunpolitiskt valprogram 2022\u201d &ndash; Kristdemokraterna \u00d6cker\u00f6\" data-secret=\"84fqGCn6lp\" frameborder=\"0\" marginwidth=\"0\" marginheight=\"0\" scrolling=\"no\" class=\"wp-embedded-content\"><\/iframe><script type=\"text\/javascript\">\n\/* <![CDATA[ *\/\n\/*! This file is auto-generated *\/\n!function(d,l){\"use strict\";l.querySelector&&d.addEventListener&&\"undefined\"!=typeof URL&&(d.wp=d.wp||{},d.wp.receiveEmbedMessage||(d.wp.receiveEmbedMessage=function(e){var t=e.data;if((t||t.secret||t.message||t.value)&&!\/[^a-zA-Z0-9]\/.test(t.secret)){for(var s,r,n,a=l.querySelectorAll('iframe[data-secret=\"'+t.secret+'\"]'),o=l.querySelectorAll('blockquote[data-secret=\"'+t.secret+'\"]'),c=new RegExp(\"^https?:$\",\"i\"),i=0;i<o.length;i++)o[i].style.display=\"none\";for(i=0;i<a.length;i++)s=a[i],e.source===s.contentWindow&&(s.removeAttribute(\"style\"),\"height\"===t.message?(1e3<(r=parseInt(t.value,10))?r=1e3:~~r<200&&(r=200),s.height=r):\"link\"===t.message&&(r=new URL(s.getAttribute(\"src\")),n=new URL(t.value),c.test(n.protocol))&&n.host===r.host&&l.activeElement===s&&(d.top.location.href=t.value))}},d.addEventListener(\"message\",d.wp.receiveEmbedMessage,!1),l.addEventListener(\"DOMContentLoaded\",function(){for(var e,t,s=l.querySelectorAll(\"iframe.wp-embedded-content\"),r=0;r<s.length;r++)(t=(e=s[r]).getAttribute(\"data-secret\"))||(t=Math.random().toString(36).substring(2,12),e.src+=\"#?secret=\"+t,e.setAttribute(\"data-secret\",t)),e.contentWindow.postMessage({message:\"ready\",secret:t},\"*\")},!1)))}(window,document);\n\/\/# sourceURL=https:\/\/wp.kristdemokraterna.se\/ockero\/wp-includes\/js\/wp-embed.min.js\n\/* ]]> *\/\n<\/script>\n","description":"Vi Kristdemokrater lovar att forts\u00e4tta prioritera kommunens k\u00e4rnverksamheter och h\u00e5lla h\u00e5rt i pl\u00e5nboken f\u00f6r att anv\u00e4nda varje skattekrona p\u00e5 b\u00e4sta s\u00e4tt. Det kommer att bli tufft att klara den kommunala ekonomin de n\u00e4rmsta \u00e5ren med en skenande inflation och begynnande l\u00e5gkonjunktur. KD l\u00e4gger d\u00e4rf\u00f6r inga populistiska och kostnadsdrivande vall\u00f6ften f\u00f6r att maximera antalet r\u00f6ster i Read More"}