{"version":"1.0","provider_name":"Kristdemokraterna \u00d6cker\u00f6","provider_url":"https:\/\/wp.kristdemokraterna.se\/ockero","title":"Kommunalt valprogram 2022 - Kristdemokraterna \u00d6cker\u00f6","type":"rich","width":600,"height":338,"html":"<blockquote class=\"wp-embedded-content\" data-secret=\"Q2hhZ65Yfl\"><a href=\"https:\/\/wp.kristdemokraterna.se\/ockero\/kommunpolitiskt-valprogram-2022\/\">Kommunalt valprogram 2022<\/a><\/blockquote><iframe sandbox=\"allow-scripts\" security=\"restricted\" src=\"https:\/\/wp.kristdemokraterna.se\/ockero\/kommunpolitiskt-valprogram-2022\/embed\/#?secret=Q2hhZ65Yfl\" width=\"600\" height=\"338\" title=\"\u201dKommunalt valprogram 2022\u201d &ndash; Kristdemokraterna \u00d6cker\u00f6\" data-secret=\"Q2hhZ65Yfl\" frameborder=\"0\" marginwidth=\"0\" marginheight=\"0\" scrolling=\"no\" class=\"wp-embedded-content\"><\/iframe><script type=\"text\/javascript\">\n\/* <![CDATA[ *\/\n\/*! This file is auto-generated *\/\n!function(d,l){\"use strict\";l.querySelector&&d.addEventListener&&\"undefined\"!=typeof URL&&(d.wp=d.wp||{},d.wp.receiveEmbedMessage||(d.wp.receiveEmbedMessage=function(e){var t=e.data;if((t||t.secret||t.message||t.value)&&!\/[^a-zA-Z0-9]\/.test(t.secret)){for(var s,r,n,a=l.querySelectorAll('iframe[data-secret=\"'+t.secret+'\"]'),o=l.querySelectorAll('blockquote[data-secret=\"'+t.secret+'\"]'),c=new RegExp(\"^https?:$\",\"i\"),i=0;i<o.length;i++)o[i].style.display=\"none\";for(i=0;i<a.length;i++)s=a[i],e.source===s.contentWindow&&(s.removeAttribute(\"style\"),\"height\"===t.message?(1e3<(r=parseInt(t.value,10))?r=1e3:~~r<200&&(r=200),s.height=r):\"link\"===t.message&&(r=new URL(s.getAttribute(\"src\")),n=new URL(t.value),c.test(n.protocol))&&n.host===r.host&&l.activeElement===s&&(d.top.location.href=t.value))}},d.addEventListener(\"message\",d.wp.receiveEmbedMessage,!1),l.addEventListener(\"DOMContentLoaded\",function(){for(var e,t,s=l.querySelectorAll(\"iframe.wp-embedded-content\"),r=0;r<s.length;r++)(t=(e=s[r]).getAttribute(\"data-secret\"))||(t=Math.random().toString(36).substring(2,12),e.src+=\"#?secret=\"+t,e.setAttribute(\"data-secret\",t)),e.contentWindow.postMessage({message:\"ready\",secret:t},\"*\")},!1)))}(window,document);\n\/\/# sourceURL=https:\/\/wp.kristdemokraterna.se\/ockero\/wp-includes\/js\/wp-embed.min.js\n\/* ]]> *\/\n<\/script>\n","description":"Detta dokument \u00e4r Kristdemokraternas kommunpolitiska valprogram f\u00f6r \u00d6cker\u00f6 kommun. H\u00e4r finns ett stort antal konkreta f\u00f6rslag som vi vill verka f\u00f6r under n\u00e4sta mandatperiod. Varje avsnitt inleds med ett kort citat i kursiv stil fr\u00e5n v\u00e5rt principprogram f\u00f6r att koppla ideologin till v\u00e5r politik p\u00e5 ett tydligt s\u00e4tt. Sedan f\u00f6ljer en br\u00f6dtext och som avslutande Read More","thumbnail_url":"http:\/\/wp.kristdemokraterna.se\/ockero\/files\/2022\/08\/bild-pa-kommunpolitiska-handlingsprogrammet-724x1024.jpg"}