{"id":1100,"date":"2022-09-02T19:06:17","date_gmt":"2022-09-02T17:06:17","guid":{"rendered":"https:\/\/wp.kristdemokraterna.se\/odeshog\/?page_id=1100"},"modified":"2022-09-02T19:06:17","modified_gmt":"2022-09-02T17:06:17","slug":"farre-brott","status":"publish","type":"page","link":"https:\/\/wp.kristdemokraterna.se\/odeshog\/nationellt\/aktuella-fragor\/farre-brott\/","title":{"rendered":"F\u00e4rre brott"},"content":{"rendered":"<p><a href=\"http:\/\/wp.kristdemokraterna.se\/odeshog\/files\/2022\/09\/farre-brott.jpg\"><img loading=\"lazy\" decoding=\"async\" class=\"alignnone  wp-image-1101\" src=\"http:\/\/wp.kristdemokraterna.se\/odeshog\/files\/2022\/09\/farre-brott.jpg\" alt=\"\" width=\"350\" height=\"508\" srcset=\"https:\/\/wp.kristdemokraterna.se\/odeshog\/files\/2022\/09\/farre-brott.jpg 509w, https:\/\/wp.kristdemokraterna.se\/odeshog\/files\/2022\/09\/farre-brott-207x300.jpg 207w, https:\/\/wp.kristdemokraterna.se\/odeshog\/files\/2022\/09\/farre-brott-138x200.jpg 138w, https:\/\/wp.kristdemokraterna.se\/odeshog\/files\/2022\/09\/farre-brott-370x537.jpg 370w, https:\/\/wp.kristdemokraterna.se\/odeshog\/files\/2022\/09\/farre-brott-450x653.jpg 450w, https:\/\/wp.kristdemokraterna.se\/odeshog\/files\/2022\/09\/farre-brott-277x402.jpg 277w, https:\/\/wp.kristdemokraterna.se\/odeshog\/files\/2022\/09\/farre-brott-340x494.jpg 340w, https:\/\/wp.kristdemokraterna.se\/odeshog\/files\/2022\/09\/farre-brott-39x56.jpg 39w\" sizes=\"auto, (max-width: 350px) 100vw, 350px\" \/><\/a><\/p>\n<div id=\"svid12_129d3e2817dc23cef322b058\" class=\"sv-text-portlet sv-use-margins c904\">\n<div class=\"sv-text-portlet-content\">\n<p class=\"font-normal\">Sverige befinner sig i en extrem situation. En person i veckan skjuts ihj\u00e4l och varje dag sker en skjutning. S\u00e5 ser det inte ut n\u00e5gon annanstans bland j\u00e4mf\u00f6rbara l\u00e4nder. Samtidigt som vi har den v\u00e4rsta situationen g\u00e4llande skjutningar, har vi n\u00e4stan l\u00e4gst antal poliser per inv\u00e5nare. I svenska f\u00f6rorter har islamistiska extremister en avg\u00f6rande p\u00e5verkan, m\u00e4nniskor v\u00e5gar inte vittna p\u00e5 grund av repressalier och knarkhandel sker \u00f6ppet.<br \/>\nS\u00e5 kan vi inte ha det. Du ska kunna lita p\u00e5 Sverige. Polisen ska ha tid och resurser att bek\u00e4mpa brott oavsett var i landet man bor.<\/p>\n<\/div>\n<\/div>\n<div id=\"svid12_129d3e2817dc23cef322b059\" class=\"sv-text-portlet sv-use-margins\">\n<div class=\"sv-text-portlet-content\">\n<h2 id=\"Huvudforslag\" class=\"font-heading-2\">Huvudf\u00f6rslag<\/h2>\n<ul class=\" font-normal\">\n<li>H\u00f6j polisl\u00f6nerna &#8211; vi har skjutit till statliga medel f\u00f6r h\u00f6gre l\u00f6ner<\/li>\n<li>Renodla polisens uppdrag. Polisen fokuserar idag alldeles f\u00f6r mycket p\u00e5 annat \u00e4n brottsbek\u00e4mpning.<\/li>\n<li>Sk\u00e4rp straffet f\u00f6r vapenbrott till fem \u00e5rs f\u00e4ngelse.<\/li>\n<li>Totalt \u00f6versyn av sekretessreglerna, s\u00e5 att myndigheter kan dela uppgifter mellan sig f\u00f6r att l\u00f6sa brott.<\/li>\n<li>F\u00f6rebygg brott genom att satsa p\u00e5 f\u00f6r\u00e4ldrast\u00f6d.<\/li>\n<\/ul>\n<\/div>\n<\/div>\n<div id=\"svid12_129d3e2817dc23cef322b05a\" class=\"sv-text-portlet sv-use-margins c904\">\n<div class=\"sv-text-portlet-content\">\n<h2 id=\"Ovrigaviktigaforslag\" class=\"font-heading-2\">\u00d6vriga viktiga f\u00f6rslag<\/h2>\n<ul class=\" font-normal\">\n<li>Missfirmelse mot tj\u00e4nsteman, dvs att skrika okv\u00e4dningsord till poliser, ska f\u00f6rbjudas. Den som beg\u00e5r det brottet ska kunna d\u00f6mas till b\u00f6ter men ocks\u00e5 omh\u00e4ndertas och avl\u00e4gsnas fr\u00e5n platsen.<\/li>\n<li>Hela r\u00e4ttsv\u00e4sendet beh\u00f6ver byggas ut. Fler poliser kr\u00e4ver fler \u00e5klagare, domstolar p\u00e5 fler platser i landet och en kraftigt utbyggd kriminalv\u00e5rd.<\/li>\n<li>Se till att Polisen kan ta DNA-prover oftare och spara dem l\u00e4ngre f\u00f6r att s\u00e4kra bevis.<\/li>\n<li>V\u00e4nd bevisb\u00f6rdan f\u00f6r f\u00f6rverkande av brottsvinster. Om n\u00e5gon har en fin bil utan att kunna visa p\u00e5 en rimlig inkomst s\u00e5 ska den bilen kunna beslagtas.<\/li>\n<li>Inf\u00f6r visitationszoner. Pr\u00f6vats med framg\u00e5ng i Danmark, d\u00e4r fr\u00e5gan inte \u00e4r kontroversiell l\u00e4ngre. Svensk polis har mer gemensamt med dansk \u00e4n med amerikansk, \u00e4ven om det varit framg\u00e5ngsrikt \u00e4ven d\u00e4r.<\/li>\n<li>Inf\u00f6r anonyma vittnen. Finns i flera andra l\u00e4nder och bidragit till f\u00e4llande domar.<\/li>\n<\/ul>\n<\/div>\n<\/div>\n","protected":false},"excerpt":{"rendered":"<p>Sverige befinner sig i en extrem situation. En person i veckan skjuts ihj\u00e4l och varje dag sker en skjutning. S\u00e5 ser det inte ut n\u00e5gon annanstans bland j\u00e4mf\u00f6rbara l\u00e4nder. Samtidigt som vi har den v\u00e4rsta situationen g\u00e4llande skjutningar, har vi n\u00e4stan l\u00e4gst antal poliser per inv\u00e5nare. I svenska f\u00f6rorter har islamistiska extremister en avg\u00f6rande p\u00e5verkan, <a class=\"read-more-link\" href=\"https:\/\/wp.kristdemokraterna.se\/odeshog\/nationellt\/aktuella-fragor\/farre-brott\/\">Read More<\/a><\/p>\n","protected":false},"author":747,"featured_media":0,"parent":1081,"menu_order":0,"comment_status":"closed","ping_status":"closed","template":"","meta":{"_acf_changed":false,"footnotes":""},"class_list":["post-1100","page","type-page","status-publish","hentry"],"acf":[],"yoast_head":"<!-- This site is optimized with the Yoast SEO plugin v27.4 - https:\/\/yoast.com\/product\/yoast-seo-wordpress\/ -->\n<title>F\u00e4rre brott - \u00d6desh\u00f6g<\/title>\n<meta name=\"robots\" content=\"index, follow, max-snippet:-1, max-image-preview:large, max-video-preview:-1\" \/>\n<link rel=\"canonical\" href=\"https:\/\/wp.kristdemokraterna.se\/odeshog\/nationellt\/aktuella-fragor\/farre-brott\/\" \/>\n<meta property=\"og:locale\" content=\"sv_SE\" \/>\n<meta property=\"og:type\" content=\"article\" \/>\n<meta property=\"og:title\" content=\"F\u00e4rre brott - \u00d6desh\u00f6g\" \/>\n<meta property=\"og:description\" content=\"Sverige befinner sig i en extrem situation. En person i veckan skjuts ihj\u00e4l och varje dag sker en skjutning. S\u00e5 ser det inte ut n\u00e5gon annanstans bland j\u00e4mf\u00f6rbara l\u00e4nder. Samtidigt som vi har den v\u00e4rsta situationen g\u00e4llande skjutningar, har vi n\u00e4stan l\u00e4gst antal poliser per inv\u00e5nare. I svenska f\u00f6rorter har islamistiska extremister en avg\u00f6rande p\u00e5verkan, Read More\" \/>\n<meta property=\"og:url\" content=\"https:\/\/wp.kristdemokraterna.se\/odeshog\/nationellt\/aktuella-fragor\/farre-brott\/\" \/>\n<meta property=\"og:site_name\" content=\"\u00d6desh\u00f6g\" \/>\n<meta property=\"og:image\" content=\"http:\/\/wp.kristdemokraterna.se\/odeshog\/files\/2022\/09\/farre-brott.jpg\" \/>\n<meta name=\"twitter:card\" content=\"summary_large_image\" \/>\n<meta name=\"twitter:label1\" content=\"Ber\u00e4knad l\u00e4stid\" \/>\n\t<meta name=\"twitter:data1\" content=\"2 minuter\" \/>\n<script type=\"application\/ld+json\" class=\"yoast-schema-graph\">{\"@context\":\"https:\\\/\\\/schema.org\",\"@graph\":[{\"@type\":\"WebPage\",\"@id\":\"https:\\\/\\\/wp.kristdemokraterna.se\\\/odeshog\\\/nationellt\\\/aktuella-fragor\\\/farre-brott\\\/\",\"url\":\"https:\\\/\\\/wp.kristdemokraterna.se\\\/odeshog\\\/nationellt\\\/aktuella-fragor\\\/farre-brott\\\/\",\"name\":\"F\u00e4rre brott - \u00d6desh\u00f6g\",\"isPartOf\":{\"@id\":\"https:\\\/\\\/wp.kristdemokraterna.se\\\/odeshog\\\/#website\"},\"primaryImageOfPage\":{\"@id\":\"https:\\\/\\\/wp.kristdemokraterna.se\\\/odeshog\\\/nationellt\\\/aktuella-fragor\\\/farre-brott\\\/#primaryimage\"},\"image\":{\"@id\":\"https:\\\/\\\/wp.kristdemokraterna.se\\\/odeshog\\\/nationellt\\\/aktuella-fragor\\\/farre-brott\\\/#primaryimage\"},\"thumbnailUrl\":\"http:\\\/\\\/wp.kristdemokraterna.se\\\/odeshog\\\/files\\\/2022\\\/09\\\/farre-brott.jpg\",\"datePublished\":\"2022-09-02T17:06:17+00:00\",\"breadcrumb\":{\"@id\":\"https:\\\/\\\/wp.kristdemokraterna.se\\\/odeshog\\\/nationellt\\\/aktuella-fragor\\\/farre-brott\\\/#breadcrumb\"},\"inLanguage\":\"sv-SE\",\"potentialAction\":[{\"@type\":\"ReadAction\",\"target\":[\"https:\\\/\\\/wp.kristdemokraterna.se\\\/odeshog\\\/nationellt\\\/aktuella-fragor\\\/farre-brott\\\/\"]}]},{\"@type\":\"ImageObject\",\"inLanguage\":\"sv-SE\",\"@id\":\"https:\\\/\\\/wp.kristdemokraterna.se\\\/odeshog\\\/nationellt\\\/aktuella-fragor\\\/farre-brott\\\/#primaryimage\",\"url\":\"http:\\\/\\\/wp.kristdemokraterna.se\\\/odeshog\\\/files\\\/2022\\\/09\\\/farre-brott.jpg\",\"contentUrl\":\"http:\\\/\\\/wp.kristdemokraterna.se\\\/odeshog\\\/files\\\/2022\\\/09\\\/farre-brott.jpg\"},{\"@type\":\"BreadcrumbList\",\"@id\":\"https:\\\/\\\/wp.kristdemokraterna.se\\\/odeshog\\\/nationellt\\\/aktuella-fragor\\\/farre-brott\\\/#breadcrumb\",\"itemListElement\":[{\"@type\":\"ListItem\",\"position\":1,\"name\":\"Hem\",\"item\":\"https:\\\/\\\/wp.kristdemokraterna.se\\\/odeshog\\\/\"},{\"@type\":\"ListItem\",\"position\":2,\"name\":\"Nationellt\",\"item\":\"https:\\\/\\\/wp.kristdemokraterna.se\\\/odeshog\\\/nationellt\\\/\"},{\"@type\":\"ListItem\",\"position\":3,\"name\":\"Aktuella fr\u00e5gor\",\"item\":\"https:\\\/\\\/wp.kristdemokraterna.se\\\/odeshog\\\/nationellt\\\/aktuella-fragor\\\/\"},{\"@type\":\"ListItem\",\"position\":4,\"name\":\"F\u00e4rre brott\"}]},{\"@type\":\"WebSite\",\"@id\":\"https:\\\/\\\/wp.kristdemokraterna.se\\\/odeshog\\\/#website\",\"url\":\"https:\\\/\\\/wp.kristdemokraterna.se\\\/odeshog\\\/\",\"name\":\"\u00d6desh\u00f6g\",\"description\":\"En till Kristdemokraterna webbplats\",\"inLanguage\":\"sv-SE\"}]}<\/script>\n<!-- \/ Yoast SEO plugin. -->","yoast_head_json":{"title":"F\u00e4rre brott - \u00d6desh\u00f6g","robots":{"index":"index","follow":"follow","max-snippet":"max-snippet:-1","max-image-preview":"max-image-preview:large","max-video-preview":"max-video-preview:-1"},"canonical":"https:\/\/wp.kristdemokraterna.se\/odeshog\/nationellt\/aktuella-fragor\/farre-brott\/","og_locale":"sv_SE","og_type":"article","og_title":"F\u00e4rre brott - \u00d6desh\u00f6g","og_description":"Sverige befinner sig i en extrem situation. En person i veckan skjuts ihj\u00e4l och varje dag sker en skjutning. S\u00e5 ser det inte ut n\u00e5gon annanstans bland j\u00e4mf\u00f6rbara l\u00e4nder. Samtidigt som vi har den v\u00e4rsta situationen g\u00e4llande skjutningar, har vi n\u00e4stan l\u00e4gst antal poliser per inv\u00e5nare. I svenska f\u00f6rorter har islamistiska extremister en avg\u00f6rande p\u00e5verkan, Read More","og_url":"https:\/\/wp.kristdemokraterna.se\/odeshog\/nationellt\/aktuella-fragor\/farre-brott\/","og_site_name":"\u00d6desh\u00f6g","og_image":[{"url":"http:\/\/wp.kristdemokraterna.se\/odeshog\/files\/2022\/09\/farre-brott.jpg","type":"","width":"","height":""}],"twitter_card":"summary_large_image","twitter_misc":{"Ber\u00e4knad l\u00e4stid":"2 minuter"},"schema":{"@context":"https:\/\/schema.org","@graph":[{"@type":"WebPage","@id":"https:\/\/wp.kristdemokraterna.se\/odeshog\/nationellt\/aktuella-fragor\/farre-brott\/","url":"https:\/\/wp.kristdemokraterna.se\/odeshog\/nationellt\/aktuella-fragor\/farre-brott\/","name":"F\u00e4rre brott - \u00d6desh\u00f6g","isPartOf":{"@id":"https:\/\/wp.kristdemokraterna.se\/odeshog\/#website"},"primaryImageOfPage":{"@id":"https:\/\/wp.kristdemokraterna.se\/odeshog\/nationellt\/aktuella-fragor\/farre-brott\/#primaryimage"},"image":{"@id":"https:\/\/wp.kristdemokraterna.se\/odeshog\/nationellt\/aktuella-fragor\/farre-brott\/#primaryimage"},"thumbnailUrl":"http:\/\/wp.kristdemokraterna.se\/odeshog\/files\/2022\/09\/farre-brott.jpg","datePublished":"2022-09-02T17:06:17+00:00","breadcrumb":{"@id":"https:\/\/wp.kristdemokraterna.se\/odeshog\/nationellt\/aktuella-fragor\/farre-brott\/#breadcrumb"},"inLanguage":"sv-SE","potentialAction":[{"@type":"ReadAction","target":["https:\/\/wp.kristdemokraterna.se\/odeshog\/nationellt\/aktuella-fragor\/farre-brott\/"]}]},{"@type":"ImageObject","inLanguage":"sv-SE","@id":"https:\/\/wp.kristdemokraterna.se\/odeshog\/nationellt\/aktuella-fragor\/farre-brott\/#primaryimage","url":"http:\/\/wp.kristdemokraterna.se\/odeshog\/files\/2022\/09\/farre-brott.jpg","contentUrl":"http:\/\/wp.kristdemokraterna.se\/odeshog\/files\/2022\/09\/farre-brott.jpg"},{"@type":"BreadcrumbList","@id":"https:\/\/wp.kristdemokraterna.se\/odeshog\/nationellt\/aktuella-fragor\/farre-brott\/#breadcrumb","itemListElement":[{"@type":"ListItem","position":1,"name":"Hem","item":"https:\/\/wp.kristdemokraterna.se\/odeshog\/"},{"@type":"ListItem","position":2,"name":"Nationellt","item":"https:\/\/wp.kristdemokraterna.se\/odeshog\/nationellt\/"},{"@type":"ListItem","position":3,"name":"Aktuella fr\u00e5gor","item":"https:\/\/wp.kristdemokraterna.se\/odeshog\/nationellt\/aktuella-fragor\/"},{"@type":"ListItem","position":4,"name":"F\u00e4rre brott"}]},{"@type":"WebSite","@id":"https:\/\/wp.kristdemokraterna.se\/odeshog\/#website","url":"https:\/\/wp.kristdemokraterna.se\/odeshog\/","name":"\u00d6desh\u00f6g","description":"En till Kristdemokraterna webbplats","inLanguage":"sv-SE"}]}},"_links":{"self":[{"href":"https:\/\/wp.kristdemokraterna.se\/odeshog\/wp-json\/wp\/v2\/pages\/1100","targetHints":{"allow":["GET"]}}],"collection":[{"href":"https:\/\/wp.kristdemokraterna.se\/odeshog\/wp-json\/wp\/v2\/pages"}],"about":[{"href":"https:\/\/wp.kristdemokraterna.se\/odeshog\/wp-json\/wp\/v2\/types\/page"}],"author":[{"embeddable":true,"href":"https:\/\/wp.kristdemokraterna.se\/odeshog\/wp-json\/wp\/v2\/users\/747"}],"replies":[{"embeddable":true,"href":"https:\/\/wp.kristdemokraterna.se\/odeshog\/wp-json\/wp\/v2\/comments?post=1100"}],"version-history":[{"count":1,"href":"https:\/\/wp.kristdemokraterna.se\/odeshog\/wp-json\/wp\/v2\/pages\/1100\/revisions"}],"predecessor-version":[{"id":1102,"href":"https:\/\/wp.kristdemokraterna.se\/odeshog\/wp-json\/wp\/v2\/pages\/1100\/revisions\/1102"}],"up":[{"embeddable":true,"href":"https:\/\/wp.kristdemokraterna.se\/odeshog\/wp-json\/wp\/v2\/pages\/1081"}],"wp:attachment":[{"href":"https:\/\/wp.kristdemokraterna.se\/odeshog\/wp-json\/wp\/v2\/media?parent=1100"}],"curies":[{"name":"wp","href":"https:\/\/api.w.org\/{rel}","templated":true}]}}