{"id":1156,"date":"2026-04-19T15:54:27","date_gmt":"2026-04-19T13:54:27","guid":{"rendered":"https:\/\/wp.kristdemokraterna.se\/odeshog\/?page_id=1156"},"modified":"2026-04-19T17:52:35","modified_gmt":"2026-04-19T15:52:35","slug":"kommunfullmaktige","status":"publish","type":"page","link":"https:\/\/wp.kristdemokraterna.se\/odeshog\/fortroendevalda-alternativ\/kommunfullmaktige\/","title":{"rendered":"Kommunfullm\u00e4ktige"},"content":{"rendered":"<p>Kommunfullm\u00e4ktige \u00e4r kommunens h\u00f6gst beslutande organ som fattar viktiga beslut om t.ex budget, skatt, m\u00e5l och regler. Och kommunfullm\u00e4ktige utser politiker till n\u00e4mnder och styrelser<\/p>\n<p><strong>H\u00e4r \u00e4r kristdemokraternas f\u00f6retr\u00e4dare i \u00d6desh\u00f6gs kommunfullm\u00e4ktige<\/strong><\/p>\n<p>2:e vice ordf\u00f6rande, Helene Thunberg <a href=\"https:\/\/wp.kristdemokraterna.se\/odeshog\/helene-thunberg\/\">L\u00e4s mer<\/a><\/p>\n<p><strong><em>Ledam\u00f6ter<\/em><\/strong><\/p>\n<p>Annicki Oscarsson <a href=\"https:\/\/wp.kristdemokraterna.se\/odeshog\/annicki-oscarsson\/\">L\u00e4s mer<\/a><br \/>\nJonni Harrius <a href=\"https:\/\/wp.kristdemokraterna.se\/odeshog\/jonni-harrius\/\">L\u00e4s mer<\/a><br \/>\nHans Bj\u00f6rn <a href=\"https:\/\/wp.kristdemokraterna.se\/odeshog\/hans-bjorn\/\">L\u00e4s mer<\/a><br \/>\nMagnus Oscarsson <a href=\"https:\/\/wp.kristdemokraterna.se\/odeshog\/magnus-oscarsson\/\">L\u00e4s mer<\/a><br \/>\nAnders Rydberg <a href=\"https:\/\/wp.kristdemokraterna.se\/odeshog\/anders-rydberg\/\">L\u00e4s mer<\/a><br \/>\nPia Bark <a href=\"https:\/\/wp.kristdemokraterna.se\/odeshog\/pia-bark\/\">L\u00e4s mer<\/a><br \/>\nBarbro Landstedt <a href=\"https:\/\/wp.kristdemokraterna.se\/odeshog\/barbro-landstedt\/\">L\u00e4s mer<\/a><br \/>\nFrida Ekviva <a href=\"https:\/\/wp.kristdemokraterna.se\/odeshog\/frida-ekviva\/\">L\u00e4s mer<\/a><br \/>\nMattias Petersson <a href=\"https:\/\/wp.kristdemokraterna.se\/odeshog\/mattias-petersson\/\">L\u00e4s mer<\/a><\/p>\n<p><strong><em>Ers\u00e4ttare<\/em><\/strong><\/p>\n<p>Arne Apelklint <a href=\"https:\/\/wp.kristdemokraterna.se\/odeshog\/arne-apelklint\/\">L\u00e4s mer<\/a><br \/>\nChrister Torebring <a href=\"https:\/\/wp.kristdemokraterna.se\/odeshog\/christer-torebring\/\">L\u00e4s mer<\/a><br \/>\nMarie-Louise Lunell <a href=\"https:\/\/wp.kristdemokraterna.se\/odeshog\/marie-louise-lunell\/\">L\u00e4s mer<\/a><br \/>\nPer-Inge Aler\u00e4ng <a href=\"https:\/\/wp.kristdemokraterna.se\/odeshog\/per-inge-alerang\/\">L\u00e4s mer<\/a><br \/>\nPeter Olofsson <a href=\"https:\/\/wp.kristdemokraterna.se\/odeshog\/peter-olofsson\/\">L\u00e4s mer<\/a><\/p>\n","protected":false},"excerpt":{"rendered":"<p>Kommunfullm\u00e4ktige \u00e4r kommunens h\u00f6gst beslutande organ som fattar viktiga beslut om t.ex budget, skatt, m\u00e5l och regler. Och kommunfullm\u00e4ktige utser politiker till n\u00e4mnder och styrelser H\u00e4r \u00e4r kristdemokraternas f\u00f6retr\u00e4dare i \u00d6desh\u00f6gs kommunfullm\u00e4ktige 2:e vice ordf\u00f6rande, Helene Thunberg L\u00e4s mer Ledam\u00f6ter Annicki Oscarsson L\u00e4s mer Jonni Harrius L\u00e4s mer Hans Bj\u00f6rn L\u00e4s mer Magnus Oscarsson L\u00e4s <a class=\"read-more-link\" href=\"https:\/\/wp.kristdemokraterna.se\/odeshog\/fortroendevalda-alternativ\/kommunfullmaktige\/\">Read More<\/a><\/p>\n","protected":false},"author":747,"featured_media":0,"parent":625,"menu_order":0,"comment_status":"closed","ping_status":"closed","template":"","meta":{"_acf_changed":false,"footnotes":""},"class_list":["post-1156","page","type-page","status-publish","hentry"],"acf":[],"yoast_head":"<!-- This site is optimized with the Yoast SEO plugin v27.4 - https:\/\/yoast.com\/product\/yoast-seo-wordpress\/ -->\n<title>Kommunfullm\u00e4ktige - \u00d6desh\u00f6g<\/title>\n<meta name=\"robots\" content=\"index, follow, max-snippet:-1, max-image-preview:large, max-video-preview:-1\" \/>\n<link rel=\"canonical\" href=\"https:\/\/wp.kristdemokraterna.se\/odeshog\/fortroendevalda-alternativ\/kommunfullmaktige\/\" \/>\n<meta property=\"og:locale\" content=\"sv_SE\" \/>\n<meta property=\"og:type\" content=\"article\" \/>\n<meta property=\"og:title\" content=\"Kommunfullm\u00e4ktige - \u00d6desh\u00f6g\" \/>\n<meta property=\"og:description\" content=\"Kommunfullm\u00e4ktige \u00e4r kommunens h\u00f6gst beslutande organ som fattar viktiga beslut om t.ex budget, skatt, m\u00e5l och regler. Och kommunfullm\u00e4ktige utser politiker till n\u00e4mnder och styrelser H\u00e4r \u00e4r kristdemokraternas f\u00f6retr\u00e4dare i \u00d6desh\u00f6gs kommunfullm\u00e4ktige 2:e vice ordf\u00f6rande, Helene Thunberg L\u00e4s mer Ledam\u00f6ter Annicki Oscarsson L\u00e4s mer Jonni Harrius L\u00e4s mer Hans Bj\u00f6rn L\u00e4s mer Magnus Oscarsson L\u00e4s Read More\" \/>\n<meta property=\"og:url\" content=\"https:\/\/wp.kristdemokraterna.se\/odeshog\/fortroendevalda-alternativ\/kommunfullmaktige\/\" \/>\n<meta property=\"og:site_name\" content=\"\u00d6desh\u00f6g\" \/>\n<meta property=\"article:modified_time\" content=\"2026-04-19T15:52:35+00:00\" \/>\n<meta name=\"twitter:card\" content=\"summary_large_image\" \/>\n<meta name=\"twitter:label1\" content=\"Ber\u00e4knad l\u00e4stid\" \/>\n\t<meta name=\"twitter:data1\" content=\"1 minut\" \/>\n<script type=\"application\/ld+json\" class=\"yoast-schema-graph\">{\"@context\":\"https:\\\/\\\/schema.org\",\"@graph\":[{\"@type\":\"WebPage\",\"@id\":\"https:\\\/\\\/wp.kristdemokraterna.se\\\/odeshog\\\/fortroendevalda-alternativ\\\/kommunfullmaktige\\\/\",\"url\":\"https:\\\/\\\/wp.kristdemokraterna.se\\\/odeshog\\\/fortroendevalda-alternativ\\\/kommunfullmaktige\\\/\",\"name\":\"Kommunfullm\u00e4ktige - \u00d6desh\u00f6g\",\"isPartOf\":{\"@id\":\"https:\\\/\\\/wp.kristdemokraterna.se\\\/odeshog\\\/#website\"},\"datePublished\":\"2026-04-19T13:54:27+00:00\",\"dateModified\":\"2026-04-19T15:52:35+00:00\",\"breadcrumb\":{\"@id\":\"https:\\\/\\\/wp.kristdemokraterna.se\\\/odeshog\\\/fortroendevalda-alternativ\\\/kommunfullmaktige\\\/#breadcrumb\"},\"inLanguage\":\"sv-SE\",\"potentialAction\":[{\"@type\":\"ReadAction\",\"target\":[\"https:\\\/\\\/wp.kristdemokraterna.se\\\/odeshog\\\/fortroendevalda-alternativ\\\/kommunfullmaktige\\\/\"]}]},{\"@type\":\"BreadcrumbList\",\"@id\":\"https:\\\/\\\/wp.kristdemokraterna.se\\\/odeshog\\\/fortroendevalda-alternativ\\\/kommunfullmaktige\\\/#breadcrumb\",\"itemListElement\":[{\"@type\":\"ListItem\",\"position\":1,\"name\":\"Hem\",\"item\":\"https:\\\/\\\/wp.kristdemokraterna.se\\\/odeshog\\\/\"},{\"@type\":\"ListItem\",\"position\":2,\"name\":\"F\u00f6rtroendevalda\",\"item\":\"https:\\\/\\\/wp.kristdemokraterna.se\\\/odeshog\\\/fortroendevalda-alternativ\\\/\"},{\"@type\":\"ListItem\",\"position\":3,\"name\":\"Kommunfullm\u00e4ktige\"}]},{\"@type\":\"WebSite\",\"@id\":\"https:\\\/\\\/wp.kristdemokraterna.se\\\/odeshog\\\/#website\",\"url\":\"https:\\\/\\\/wp.kristdemokraterna.se\\\/odeshog\\\/\",\"name\":\"\u00d6desh\u00f6g\",\"description\":\"En till Kristdemokraterna webbplats\",\"inLanguage\":\"sv-SE\"}]}<\/script>\n<!-- \/ Yoast SEO plugin. -->","yoast_head_json":{"title":"Kommunfullm\u00e4ktige - \u00d6desh\u00f6g","robots":{"index":"index","follow":"follow","max-snippet":"max-snippet:-1","max-image-preview":"max-image-preview:large","max-video-preview":"max-video-preview:-1"},"canonical":"https:\/\/wp.kristdemokraterna.se\/odeshog\/fortroendevalda-alternativ\/kommunfullmaktige\/","og_locale":"sv_SE","og_type":"article","og_title":"Kommunfullm\u00e4ktige - \u00d6desh\u00f6g","og_description":"Kommunfullm\u00e4ktige \u00e4r kommunens h\u00f6gst beslutande organ som fattar viktiga beslut om t.ex budget, skatt, m\u00e5l och regler. Och kommunfullm\u00e4ktige utser politiker till n\u00e4mnder och styrelser H\u00e4r \u00e4r kristdemokraternas f\u00f6retr\u00e4dare i \u00d6desh\u00f6gs kommunfullm\u00e4ktige 2:e vice ordf\u00f6rande, Helene Thunberg L\u00e4s mer Ledam\u00f6ter Annicki Oscarsson L\u00e4s mer Jonni Harrius L\u00e4s mer Hans Bj\u00f6rn L\u00e4s mer Magnus Oscarsson L\u00e4s Read More","og_url":"https:\/\/wp.kristdemokraterna.se\/odeshog\/fortroendevalda-alternativ\/kommunfullmaktige\/","og_site_name":"\u00d6desh\u00f6g","article_modified_time":"2026-04-19T15:52:35+00:00","twitter_card":"summary_large_image","twitter_misc":{"Ber\u00e4knad l\u00e4stid":"1 minut"},"schema":{"@context":"https:\/\/schema.org","@graph":[{"@type":"WebPage","@id":"https:\/\/wp.kristdemokraterna.se\/odeshog\/fortroendevalda-alternativ\/kommunfullmaktige\/","url":"https:\/\/wp.kristdemokraterna.se\/odeshog\/fortroendevalda-alternativ\/kommunfullmaktige\/","name":"Kommunfullm\u00e4ktige - \u00d6desh\u00f6g","isPartOf":{"@id":"https:\/\/wp.kristdemokraterna.se\/odeshog\/#website"},"datePublished":"2026-04-19T13:54:27+00:00","dateModified":"2026-04-19T15:52:35+00:00","breadcrumb":{"@id":"https:\/\/wp.kristdemokraterna.se\/odeshog\/fortroendevalda-alternativ\/kommunfullmaktige\/#breadcrumb"},"inLanguage":"sv-SE","potentialAction":[{"@type":"ReadAction","target":["https:\/\/wp.kristdemokraterna.se\/odeshog\/fortroendevalda-alternativ\/kommunfullmaktige\/"]}]},{"@type":"BreadcrumbList","@id":"https:\/\/wp.kristdemokraterna.se\/odeshog\/fortroendevalda-alternativ\/kommunfullmaktige\/#breadcrumb","itemListElement":[{"@type":"ListItem","position":1,"name":"Hem","item":"https:\/\/wp.kristdemokraterna.se\/odeshog\/"},{"@type":"ListItem","position":2,"name":"F\u00f6rtroendevalda","item":"https:\/\/wp.kristdemokraterna.se\/odeshog\/fortroendevalda-alternativ\/"},{"@type":"ListItem","position":3,"name":"Kommunfullm\u00e4ktige"}]},{"@type":"WebSite","@id":"https:\/\/wp.kristdemokraterna.se\/odeshog\/#website","url":"https:\/\/wp.kristdemokraterna.se\/odeshog\/","name":"\u00d6desh\u00f6g","description":"En till Kristdemokraterna webbplats","inLanguage":"sv-SE"}]}},"_links":{"self":[{"href":"https:\/\/wp.kristdemokraterna.se\/odeshog\/wp-json\/wp\/v2\/pages\/1156","targetHints":{"allow":["GET"]}}],"collection":[{"href":"https:\/\/wp.kristdemokraterna.se\/odeshog\/wp-json\/wp\/v2\/pages"}],"about":[{"href":"https:\/\/wp.kristdemokraterna.se\/odeshog\/wp-json\/wp\/v2\/types\/page"}],"author":[{"embeddable":true,"href":"https:\/\/wp.kristdemokraterna.se\/odeshog\/wp-json\/wp\/v2\/users\/747"}],"replies":[{"embeddable":true,"href":"https:\/\/wp.kristdemokraterna.se\/odeshog\/wp-json\/wp\/v2\/comments?post=1156"}],"version-history":[{"count":5,"href":"https:\/\/wp.kristdemokraterna.se\/odeshog\/wp-json\/wp\/v2\/pages\/1156\/revisions"}],"predecessor-version":[{"id":1179,"href":"https:\/\/wp.kristdemokraterna.se\/odeshog\/wp-json\/wp\/v2\/pages\/1156\/revisions\/1179"}],"up":[{"embeddable":true,"href":"https:\/\/wp.kristdemokraterna.se\/odeshog\/wp-json\/wp\/v2\/pages\/625"}],"wp:attachment":[{"href":"https:\/\/wp.kristdemokraterna.se\/odeshog\/wp-json\/wp\/v2\/media?parent=1156"}],"curies":[{"name":"wp","href":"https:\/\/api.w.org\/{rel}","templated":true}]}}