{"id":1191,"date":"2026-04-19T18:22:02","date_gmt":"2026-04-19T16:22:02","guid":{"rendered":"https:\/\/wp.kristdemokraterna.se\/odeshog\/?page_id=1191"},"modified":"2026-04-19T18:23:00","modified_gmt":"2026-04-19T16:23:00","slug":"odeshogs-utvecklings-ab","status":"publish","type":"page","link":"https:\/\/wp.kristdemokraterna.se\/odeshog\/fortroendevalda-alternativ\/odeshogs-utvecklings-ab\/","title":{"rendered":"\u00d6desh\u00f6gs Utvecklings AB"},"content":{"rendered":"<p>\u00d6desh\u00f6gs Utvecklings AB \u00e4ger fastigheter och jobbar f\u00f6r att utveckla n\u00e4ringslivet och locka f\u00f6retag till \u00d6desh\u00f6g.<\/p>\n<p><strong>H\u00e4r \u00e4r kristdemokraternas f\u00f6retr\u00e4dare i \u00d6desh\u00f6gs Utvecklings AB<\/strong><\/p>\n<p><strong><em>Ledam\u00f6ter<\/em><\/strong><\/p>\n<p>Jonni Harrius<\/p>\n","protected":false},"excerpt":{"rendered":"<p>\u00d6desh\u00f6gs Utvecklings AB \u00e4ger fastigheter och jobbar f\u00f6r att utveckla n\u00e4ringslivet och locka f\u00f6retag till \u00d6desh\u00f6g. H\u00e4r \u00e4r kristdemokraternas f\u00f6retr\u00e4dare i \u00d6desh\u00f6gs Utvecklings AB Ledam\u00f6ter Jonni Harrius<\/p>\n","protected":false},"author":747,"featured_media":0,"parent":625,"menu_order":0,"comment_status":"closed","ping_status":"closed","template":"","meta":{"_acf_changed":false,"footnotes":""},"class_list":["post-1191","page","type-page","status-publish","hentry"],"acf":[],"yoast_head":"<!-- This site is optimized with the Yoast SEO plugin v27.4 - https:\/\/yoast.com\/product\/yoast-seo-wordpress\/ -->\n<title>\u00d6desh\u00f6gs Utvecklings AB - \u00d6desh\u00f6g<\/title>\n<meta name=\"robots\" content=\"index, follow, max-snippet:-1, max-image-preview:large, max-video-preview:-1\" \/>\n<link rel=\"canonical\" href=\"https:\/\/wp.kristdemokraterna.se\/odeshog\/fortroendevalda-alternativ\/odeshogs-utvecklings-ab\/\" \/>\n<meta property=\"og:locale\" content=\"sv_SE\" \/>\n<meta property=\"og:type\" content=\"article\" \/>\n<meta property=\"og:title\" content=\"\u00d6desh\u00f6gs Utvecklings AB - \u00d6desh\u00f6g\" \/>\n<meta property=\"og:description\" content=\"\u00d6desh\u00f6gs Utvecklings AB \u00e4ger fastigheter och jobbar f\u00f6r att utveckla n\u00e4ringslivet och locka f\u00f6retag till \u00d6desh\u00f6g. H\u00e4r \u00e4r kristdemokraternas f\u00f6retr\u00e4dare i \u00d6desh\u00f6gs Utvecklings AB Ledam\u00f6ter Jonni Harrius\" \/>\n<meta property=\"og:url\" content=\"https:\/\/wp.kristdemokraterna.se\/odeshog\/fortroendevalda-alternativ\/odeshogs-utvecklings-ab\/\" \/>\n<meta property=\"og:site_name\" content=\"\u00d6desh\u00f6g\" \/>\n<meta property=\"article:modified_time\" content=\"2026-04-19T16:23:00+00:00\" \/>\n<meta name=\"twitter:card\" content=\"summary_large_image\" \/>\n<meta name=\"twitter:label1\" content=\"Ber\u00e4knad l\u00e4stid\" \/>\n\t<meta name=\"twitter:data1\" content=\"1 minut\" \/>\n<script type=\"application\/ld+json\" class=\"yoast-schema-graph\">{\"@context\":\"https:\\\/\\\/schema.org\",\"@graph\":[{\"@type\":\"WebPage\",\"@id\":\"https:\\\/\\\/wp.kristdemokraterna.se\\\/odeshog\\\/fortroendevalda-alternativ\\\/odeshogs-utvecklings-ab\\\/\",\"url\":\"https:\\\/\\\/wp.kristdemokraterna.se\\\/odeshog\\\/fortroendevalda-alternativ\\\/odeshogs-utvecklings-ab\\\/\",\"name\":\"\u00d6desh\u00f6gs Utvecklings AB - \u00d6desh\u00f6g\",\"isPartOf\":{\"@id\":\"https:\\\/\\\/wp.kristdemokraterna.se\\\/odeshog\\\/#website\"},\"datePublished\":\"2026-04-19T16:22:02+00:00\",\"dateModified\":\"2026-04-19T16:23:00+00:00\",\"breadcrumb\":{\"@id\":\"https:\\\/\\\/wp.kristdemokraterna.se\\\/odeshog\\\/fortroendevalda-alternativ\\\/odeshogs-utvecklings-ab\\\/#breadcrumb\"},\"inLanguage\":\"sv-SE\",\"potentialAction\":[{\"@type\":\"ReadAction\",\"target\":[\"https:\\\/\\\/wp.kristdemokraterna.se\\\/odeshog\\\/fortroendevalda-alternativ\\\/odeshogs-utvecklings-ab\\\/\"]}]},{\"@type\":\"BreadcrumbList\",\"@id\":\"https:\\\/\\\/wp.kristdemokraterna.se\\\/odeshog\\\/fortroendevalda-alternativ\\\/odeshogs-utvecklings-ab\\\/#breadcrumb\",\"itemListElement\":[{\"@type\":\"ListItem\",\"position\":1,\"name\":\"Hem\",\"item\":\"https:\\\/\\\/wp.kristdemokraterna.se\\\/odeshog\\\/\"},{\"@type\":\"ListItem\",\"position\":2,\"name\":\"F\u00f6rtroendevalda\",\"item\":\"https:\\\/\\\/wp.kristdemokraterna.se\\\/odeshog\\\/fortroendevalda-alternativ\\\/\"},{\"@type\":\"ListItem\",\"position\":3,\"name\":\"\u00d6desh\u00f6gs Utvecklings AB\"}]},{\"@type\":\"WebSite\",\"@id\":\"https:\\\/\\\/wp.kristdemokraterna.se\\\/odeshog\\\/#website\",\"url\":\"https:\\\/\\\/wp.kristdemokraterna.se\\\/odeshog\\\/\",\"name\":\"\u00d6desh\u00f6g\",\"description\":\"En till Kristdemokraterna webbplats\",\"inLanguage\":\"sv-SE\"}]}<\/script>\n<!-- \/ Yoast SEO plugin. -->","yoast_head_json":{"title":"\u00d6desh\u00f6gs Utvecklings AB - \u00d6desh\u00f6g","robots":{"index":"index","follow":"follow","max-snippet":"max-snippet:-1","max-image-preview":"max-image-preview:large","max-video-preview":"max-video-preview:-1"},"canonical":"https:\/\/wp.kristdemokraterna.se\/odeshog\/fortroendevalda-alternativ\/odeshogs-utvecklings-ab\/","og_locale":"sv_SE","og_type":"article","og_title":"\u00d6desh\u00f6gs Utvecklings AB - \u00d6desh\u00f6g","og_description":"\u00d6desh\u00f6gs Utvecklings AB \u00e4ger fastigheter och jobbar f\u00f6r att utveckla n\u00e4ringslivet och locka f\u00f6retag till \u00d6desh\u00f6g. H\u00e4r \u00e4r kristdemokraternas f\u00f6retr\u00e4dare i \u00d6desh\u00f6gs Utvecklings AB Ledam\u00f6ter Jonni Harrius","og_url":"https:\/\/wp.kristdemokraterna.se\/odeshog\/fortroendevalda-alternativ\/odeshogs-utvecklings-ab\/","og_site_name":"\u00d6desh\u00f6g","article_modified_time":"2026-04-19T16:23:00+00:00","twitter_card":"summary_large_image","twitter_misc":{"Ber\u00e4knad l\u00e4stid":"1 minut"},"schema":{"@context":"https:\/\/schema.org","@graph":[{"@type":"WebPage","@id":"https:\/\/wp.kristdemokraterna.se\/odeshog\/fortroendevalda-alternativ\/odeshogs-utvecklings-ab\/","url":"https:\/\/wp.kristdemokraterna.se\/odeshog\/fortroendevalda-alternativ\/odeshogs-utvecklings-ab\/","name":"\u00d6desh\u00f6gs Utvecklings AB - \u00d6desh\u00f6g","isPartOf":{"@id":"https:\/\/wp.kristdemokraterna.se\/odeshog\/#website"},"datePublished":"2026-04-19T16:22:02+00:00","dateModified":"2026-04-19T16:23:00+00:00","breadcrumb":{"@id":"https:\/\/wp.kristdemokraterna.se\/odeshog\/fortroendevalda-alternativ\/odeshogs-utvecklings-ab\/#breadcrumb"},"inLanguage":"sv-SE","potentialAction":[{"@type":"ReadAction","target":["https:\/\/wp.kristdemokraterna.se\/odeshog\/fortroendevalda-alternativ\/odeshogs-utvecklings-ab\/"]}]},{"@type":"BreadcrumbList","@id":"https:\/\/wp.kristdemokraterna.se\/odeshog\/fortroendevalda-alternativ\/odeshogs-utvecklings-ab\/#breadcrumb","itemListElement":[{"@type":"ListItem","position":1,"name":"Hem","item":"https:\/\/wp.kristdemokraterna.se\/odeshog\/"},{"@type":"ListItem","position":2,"name":"F\u00f6rtroendevalda","item":"https:\/\/wp.kristdemokraterna.se\/odeshog\/fortroendevalda-alternativ\/"},{"@type":"ListItem","position":3,"name":"\u00d6desh\u00f6gs Utvecklings AB"}]},{"@type":"WebSite","@id":"https:\/\/wp.kristdemokraterna.se\/odeshog\/#website","url":"https:\/\/wp.kristdemokraterna.se\/odeshog\/","name":"\u00d6desh\u00f6g","description":"En till Kristdemokraterna webbplats","inLanguage":"sv-SE"}]}},"_links":{"self":[{"href":"https:\/\/wp.kristdemokraterna.se\/odeshog\/wp-json\/wp\/v2\/pages\/1191","targetHints":{"allow":["GET"]}}],"collection":[{"href":"https:\/\/wp.kristdemokraterna.se\/odeshog\/wp-json\/wp\/v2\/pages"}],"about":[{"href":"https:\/\/wp.kristdemokraterna.se\/odeshog\/wp-json\/wp\/v2\/types\/page"}],"author":[{"embeddable":true,"href":"https:\/\/wp.kristdemokraterna.se\/odeshog\/wp-json\/wp\/v2\/users\/747"}],"replies":[{"embeddable":true,"href":"https:\/\/wp.kristdemokraterna.se\/odeshog\/wp-json\/wp\/v2\/comments?post=1191"}],"version-history":[{"count":1,"href":"https:\/\/wp.kristdemokraterna.se\/odeshog\/wp-json\/wp\/v2\/pages\/1191\/revisions"}],"predecessor-version":[{"id":1192,"href":"https:\/\/wp.kristdemokraterna.se\/odeshog\/wp-json\/wp\/v2\/pages\/1191\/revisions\/1192"}],"up":[{"embeddable":true,"href":"https:\/\/wp.kristdemokraterna.se\/odeshog\/wp-json\/wp\/v2\/pages\/625"}],"wp:attachment":[{"href":"https:\/\/wp.kristdemokraterna.se\/odeshog\/wp-json\/wp\/v2\/media?parent=1191"}],"curies":[{"name":"wp","href":"https:\/\/api.w.org\/{rel}","templated":true}]}}