{"id":757,"date":"2022-05-13T11:03:11","date_gmt":"2022-05-13T09:03:11","guid":{"rendered":"https:\/\/wp.kristdemokraterna.se\/odeshog\/?page_id=757"},"modified":"2026-04-19T12:07:35","modified_gmt":"2026-04-19T10:07:35","slug":"kommunlista-2026","status":"publish","type":"page","link":"https:\/\/wp.kristdemokraterna.se\/odeshog\/i-kommunen\/kommunlista-2026\/","title":{"rendered":"Kommunlista 2026"},"content":{"rendered":"<table style=\"height: 953px\" width=\"648\">\n<tbody>\n<tr>\n<td width=\"40\">1<\/td>\n<td width=\"200\">Annicki Oscarsson<\/td>\n<td width=\"300\">Regionr\u00e5d, \u00d6desh\u00f6g<\/td>\n<td width=\"70\"><a href=\"https:\/\/wp.kristdemokraterna.se\/odeshog\/annicki-oscarsson\/\">L\u00e4s mer<\/a><\/td>\n<\/tr>\n<tr>\n<td>2<\/td>\n<td>Jonni Harrius<\/td>\n<td>F\u00f6retagare, V\u00e4derstad<\/td>\n<td><a href=\"https:\/\/wp.kristdemokraterna.se\/odeshog\/jonni-harrius\/\">L\u00e4s mer<\/a><\/td>\n<\/tr>\n<tr>\n<td>3<\/td>\n<td>Hans Bj\u00f6rn<\/td>\n<td>Business controller, \u00d6desh\u00f6g<\/td>\n<td><a href=\"https:\/\/wp.kristdemokraterna.se\/odeshog\/hans-bjorn\/\">L\u00e4s mer<\/a><\/td>\n<\/tr>\n<tr>\n<td>4<\/td>\n<td>Magnus Oscarsson<\/td>\n<td>Riksdagsledamot, \u00d6desh\u00f6g<\/td>\n<td><a href=\"https:\/\/wp.kristdemokraterna.se\/odeshog\/magnus-oscarsson\/\">L\u00e4s mer<\/a><\/td>\n<\/tr>\n<tr>\n<td>5<\/td>\n<td>Irene Ehn<\/td>\n<td>Pension\u00e4r<\/td>\n<td><a href=\"https:\/\/wp.kristdemokraterna.se\/odeshog\/irene-ehn\/\">L\u00e4s mer<\/a><\/td>\n<\/tr>\n<tr>\n<td>6<\/td>\n<td>Anders Rydberg<\/td>\n<td>F\u00f6retagare, \u00d6desh\u00f6g<\/td>\n<td><a href=\"https:\/\/wp.kristdemokraterna.se\/odeshog\/anders-rydberg\/\">L\u00e4s mer<\/a><\/td>\n<\/tr>\n<tr>\n<td>7<\/td>\n<td>Per-Inge Aler\u00e4ng<\/td>\n<td>Systemutvecklare, \u00d6desh\u00f6g<\/td>\n<td><a href=\"https:\/\/wp.kristdemokraterna.se\/odeshog\/per-inge-alerang\/\">L\u00e4s mer<\/a><\/td>\n<\/tr>\n<tr>\n<td>8<\/td>\n<td>Pia Bark<\/td>\n<td>Undersk\u00f6terska, \u00d6desh\u00f6g<\/td>\n<td><a href=\"https:\/\/wp.kristdemokraterna.se\/odeshog\/pia-bark\/\">L\u00e4s mer<\/a><\/td>\n<\/tr>\n<tr>\n<td>9<\/td>\n<td>Barbro Landstedt<\/td>\n<td>Pension\u00e4r, \u00d6desh\u00f6g<\/td>\n<td><a href=\"https:\/\/wp.kristdemokraterna.se\/odeshog\/barbro-landstedt\/\">L\u00e4s mer<\/a><\/td>\n<\/tr>\n<tr>\n<td>10<\/td>\n<td>Marie-Louise Lunell<\/td>\n<td>Undersk\u00f6terska, \u00d6desh\u00f6g<\/td>\n<td><a href=\"https:\/\/wp.kristdemokraterna.se\/odeshog\/marie-louise-lunell\/\">L\u00e4s mer<\/a><\/td>\n<\/tr>\n<tr>\n<td>11<\/td>\n<td>Mattias Petersson<\/td>\n<td>Resursarbetare, \u00d6desh\u00f6g<\/td>\n<td><a href=\"https:\/\/wp.kristdemokraterna.se\/odeshog\/mattias-petersson\/\">L\u00e4s mer<\/a><\/td>\n<\/tr>\n<tr>\n<td>12<\/td>\n<td>Nikolai Hamstein<\/td>\n<td>KBT terapeut, \u00d6desh\u00f6g<\/td>\n<td><a href=\"https:\/\/wp.kristdemokraterna.se\/odeshog\/nikolai-hamstein\/\">L\u00e4s mer<\/a><\/td>\n<\/tr>\n<tr>\n<td>13<\/td>\n<td>Jan de Bruin<\/td>\n<td>Pension\u00e4r, \u00d6desh\u00f6g<\/td>\n<td><a href=\"https:\/\/wp.kristdemokraterna.se\/odeshog\/jan-de-bruin\/\">L\u00e4s mer<\/a><\/td>\n<\/tr>\n<tr>\n<td>14<\/td>\n<td>Erik Bj\u00f6rnell<\/td>\n<td>Ungdomsledare, \u00d6desh\u00f6g<\/td>\n<td><a href=\"https:\/\/wp.kristdemokraterna.se\/odeshog\/erik-bjornell\/\">L\u00e4s mer<\/a><\/td>\n<\/tr>\n<tr>\n<td>15<\/td>\n<td>Lennart \u00c5berg<\/td>\n<td>Fris\u00f6r, \u00d6desh\u00f6g<\/td>\n<td><a href=\"https:\/\/wp.kristdemokraterna.se\/odeshog\/lennart-aberg\/\">L\u00e4s mer<\/a><\/td>\n<\/tr>\n<tr>\n<td>16<\/td>\n<td>Ingemar Landstedt<\/td>\n<td>Pension\u00e4r, \u00d6desh\u00f6g<\/td>\n<td><a href=\"https:\/\/wp.kristdemokraterna.se\/odeshog\/ingemar-landstedt\/\">L\u00e4s mer<\/a><\/td>\n<\/tr>\n<tr>\n<td>17<\/td>\n<td>Gunilla Karlsson<\/td>\n<td>Pension\u00e4r, \u00d6desh\u00f6g<\/td>\n<td><a href=\"https:\/\/wp.kristdemokraterna.se\/odeshog\/gunilla-karlsson\/\">L\u00e4s mer<\/a><\/td>\n<\/tr>\n<tr>\n<td>18<\/td>\n<td>Christian Niemeyer<\/td>\n<td>Systemutvecklare, \u00d6desh\u00f6g<\/td>\n<td><a href=\"https:\/\/wp.kristdemokraterna.se\/odeshog\/christian-niemeyer\/\">L\u00e4s mer<\/a><\/td>\n<\/tr>\n<tr>\n<td>19<\/td>\n<td>Ingegerd Carlsson<\/td>\n<td>Pension\u00e4r, \u00d6desh\u00f6g<\/td>\n<td><a href=\"https:\/\/wp.kristdemokraterna.se\/odeshog\/ingegerd-carlsson\/\">L\u00e4s mer<\/a><\/td>\n<\/tr>\n<tr>\n<td>20<\/td>\n<td>Mats H\u00f6gsveden<\/td>\n<td>Emballerare\/Mont\u00f6r, \u00d6desh\u00f6g,<\/td>\n<td><a href=\"https:\/\/wp.kristdemokraterna.se\/odeshog\/mats-hogsveden\/\">L\u00e4s mer<\/a><\/td>\n<\/tr>\n<tr>\n<td>21<\/td>\n<td>Helene Thunberg<\/td>\n<td>Undersk\u00f6terska, V\u00e4derstad<\/td>\n<td><a href=\"https:\/\/wp.kristdemokraterna.se\/odeshog\/helene-thunberg\/\">L\u00e4s mer<\/a><\/td>\n<\/tr>\n<tr>\n<td>22<\/td>\n<td>Frida Ekviva<\/td>\n<td>Florist, \u00d6desh\u00f6g<\/td>\n<td><a href=\"https:\/\/wp.kristdemokraterna.se\/odeshog\/frida-ekviva\/\">L\u00e4s mer<\/a><\/td>\n<\/tr>\n<tr>\n<td>23<\/td>\n<td>Arne Apelklint<\/td>\n<td>Pension\u00e4r, \u00d6desh\u00f6g<\/td>\n<td><a href=\"https:\/\/wp.kristdemokraterna.se\/odeshog\/arne-apelklint\/\">L\u00e4s mer<\/a><\/td>\n<\/tr>\n<tr>\n<td>24<\/td>\n<td>Urban Forss<\/td>\n<td>Lantbrukare, V\u00e4derstad<\/td>\n<td><a href=\"https:\/\/wp.kristdemokraterna.se\/odeshog\/urban-forss\/\">L\u00e4s mer<\/a><\/td>\n<\/tr>\n<tr>\n<td>25<\/td>\n<td>Charlotte Gustafsson<\/td>\n<td>Pension\u00e4r, \u00d6desh\u00f6g<\/td>\n<td><a href=\"https:\/\/wp.kristdemokraterna.se\/odeshog\/charlotte-gustafsson\/\">L\u00e4s mer<\/a><\/td>\n<\/tr>\n<tr>\n<td>26<\/td>\n<td>Inger Kroon<\/td>\n<td>R\u00f6st- och talpedagog, \u00d6desh\u00f6g<\/td>\n<td><a href=\"https:\/\/wp.kristdemokraterna.se\/odeshog\/inger-kroon\/\">L\u00e4s mer<\/a><\/td>\n<\/tr>\n<tr>\n<td>27<\/td>\n<td>Peter Olofsson<\/td>\n<td>Chefredakt\u00f6r, \u00d6desh\u00f6g<\/td>\n<td><a href=\"https:\/\/wp.kristdemokraterna.se\/odeshog\/peter-olofsson\/\">L\u00e4s mer<\/a><\/td>\n<\/tr>\n<tr>\n<td>28<\/td>\n<td>Margareta ten Westenend<\/td>\n<td>Pension\u00e4r, \u00d6desh\u00f6g<\/td>\n<td><a href=\"https:\/\/wp.kristdemokraterna.se\/odeshog\/margareta-ten-westenend\/\">L\u00e4s mer<\/a><\/td>\n<\/tr>\n<tr>\n<td>29<\/td>\n<td>Emma Henrysson<\/td>\n<td>Egenf\u00f6retagare, \u00d6desh\u00f6g<\/td>\n<td><a href=\"https:\/\/wp.kristdemokraterna.se\/odeshog\/emma-henrysson\/\">L\u00e4s mer<\/a><\/td>\n<\/tr>\n<tr>\n<td>30<\/td>\n<td>Christer Torebring<\/td>\n<td>Pension\u00e4r, H\u00e4stholmen<\/td>\n<td><a href=\"https:\/\/wp.kristdemokraterna.se\/odeshog\/christer-torebring\/\">L\u00e4s mer<\/a><\/td>\n<\/tr>\n<tr>\n<td>31<\/td>\n<td>Viviann Hansson<\/td>\n<td>Pension\u00e4r, H\u00e4stholmen<\/td>\n<td><a href=\"https:\/\/wp.kristdemokraterna.se\/odeshog\/viviann-hansson\/\">L\u00e4s mer<\/a><\/td>\n<\/tr>\n<tr>\n<td>32<\/td>\n<td>Jonny St\u00e5lknapp<\/td>\n<td>Pension\u00e4r, \u00d6desh\u00f6g<\/td>\n<td><a href=\"https:\/\/wp.kristdemokraterna.se\/odeshog\/jonny-stalknapp\/\">L\u00e4s mer<\/a><\/td>\n<\/tr>\n<tr>\n<td><\/td>\n<td><\/td>\n<td><\/td>\n<td><\/td>\n<\/tr>\n<\/tbody>\n<\/table>\n","protected":false},"excerpt":{"rendered":"<p>1 Annicki Oscarsson Regionr\u00e5d, \u00d6desh\u00f6g L\u00e4s mer 2 Jonni Harrius F\u00f6retagare, V\u00e4derstad L\u00e4s mer 3 Hans Bj\u00f6rn Business controller, \u00d6desh\u00f6g L\u00e4s mer 4 Magnus Oscarsson Riksdagsledamot, \u00d6desh\u00f6g L\u00e4s mer 5 Irene Ehn Pension\u00e4r L\u00e4s mer 6 Anders Rydberg F\u00f6retagare, \u00d6desh\u00f6g L\u00e4s mer 7 Per-Inge Aler\u00e4ng Systemutvecklare, \u00d6desh\u00f6g L\u00e4s mer 8 Pia Bark Undersk\u00f6terska, \u00d6desh\u00f6g L\u00e4s <a class=\"read-more-link\" href=\"https:\/\/wp.kristdemokraterna.se\/odeshog\/i-kommunen\/kommunlista-2026\/\">Read More<\/a><\/p>\n","protected":false},"author":747,"featured_media":0,"parent":40,"menu_order":2,"comment_status":"closed","ping_status":"closed","template":"","meta":{"_acf_changed":false,"footnotes":""},"class_list":["post-757","page","type-page","status-publish","hentry"],"acf":[],"yoast_head":"<!-- This site is optimized with the Yoast SEO plugin v27.4 - https:\/\/yoast.com\/product\/yoast-seo-wordpress\/ -->\n<title>Kommunlista 2026 - \u00d6desh\u00f6g<\/title>\n<meta name=\"robots\" content=\"index, follow, max-snippet:-1, max-image-preview:large, max-video-preview:-1\" \/>\n<link rel=\"canonical\" href=\"https:\/\/wp.kristdemokraterna.se\/odeshog\/i-kommunen\/kommunlista-2026\/\" \/>\n<meta property=\"og:locale\" content=\"sv_SE\" \/>\n<meta property=\"og:type\" content=\"article\" \/>\n<meta property=\"og:title\" content=\"Kommunlista 2026 - \u00d6desh\u00f6g\" \/>\n<meta property=\"og:description\" content=\"1 Annicki Oscarsson Regionr\u00e5d, \u00d6desh\u00f6g L\u00e4s mer 2 Jonni Harrius F\u00f6retagare, V\u00e4derstad L\u00e4s mer 3 Hans Bj\u00f6rn Business controller, \u00d6desh\u00f6g L\u00e4s mer 4 Magnus Oscarsson Riksdagsledamot, \u00d6desh\u00f6g L\u00e4s mer 5 Irene Ehn Pension\u00e4r L\u00e4s mer 6 Anders Rydberg F\u00f6retagare, \u00d6desh\u00f6g L\u00e4s mer 7 Per-Inge Aler\u00e4ng Systemutvecklare, \u00d6desh\u00f6g L\u00e4s mer 8 Pia Bark Undersk\u00f6terska, \u00d6desh\u00f6g L\u00e4s Read More\" \/>\n<meta property=\"og:url\" content=\"https:\/\/wp.kristdemokraterna.se\/odeshog\/i-kommunen\/kommunlista-2026\/\" \/>\n<meta property=\"og:site_name\" content=\"\u00d6desh\u00f6g\" \/>\n<meta property=\"article:modified_time\" content=\"2026-04-19T10:07:35+00:00\" \/>\n<meta name=\"twitter:card\" content=\"summary_large_image\" \/>\n<meta name=\"twitter:label1\" content=\"Ber\u00e4knad l\u00e4stid\" \/>\n\t<meta name=\"twitter:data1\" content=\"2 minuter\" \/>\n<script type=\"application\/ld+json\" class=\"yoast-schema-graph\">{\"@context\":\"https:\\\/\\\/schema.org\",\"@graph\":[{\"@type\":\"WebPage\",\"@id\":\"https:\\\/\\\/wp.kristdemokraterna.se\\\/odeshog\\\/i-kommunen\\\/kommunlista-2026\\\/\",\"url\":\"https:\\\/\\\/wp.kristdemokraterna.se\\\/odeshog\\\/i-kommunen\\\/kommunlista-2026\\\/\",\"name\":\"Kommunlista 2026 - \u00d6desh\u00f6g\",\"isPartOf\":{\"@id\":\"https:\\\/\\\/wp.kristdemokraterna.se\\\/odeshog\\\/#website\"},\"datePublished\":\"2022-05-13T09:03:11+00:00\",\"dateModified\":\"2026-04-19T10:07:35+00:00\",\"breadcrumb\":{\"@id\":\"https:\\\/\\\/wp.kristdemokraterna.se\\\/odeshog\\\/i-kommunen\\\/kommunlista-2026\\\/#breadcrumb\"},\"inLanguage\":\"sv-SE\",\"potentialAction\":[{\"@type\":\"ReadAction\",\"target\":[\"https:\\\/\\\/wp.kristdemokraterna.se\\\/odeshog\\\/i-kommunen\\\/kommunlista-2026\\\/\"]}]},{\"@type\":\"BreadcrumbList\",\"@id\":\"https:\\\/\\\/wp.kristdemokraterna.se\\\/odeshog\\\/i-kommunen\\\/kommunlista-2026\\\/#breadcrumb\",\"itemListElement\":[{\"@type\":\"ListItem\",\"position\":1,\"name\":\"Hem\",\"item\":\"https:\\\/\\\/wp.kristdemokraterna.se\\\/odeshog\\\/\"},{\"@type\":\"ListItem\",\"position\":2,\"name\":\"I Kommunen\",\"item\":\"https:\\\/\\\/wp.kristdemokraterna.se\\\/odeshog\\\/i-kommunen\\\/\"},{\"@type\":\"ListItem\",\"position\":3,\"name\":\"Kommunlista 2026\"}]},{\"@type\":\"WebSite\",\"@id\":\"https:\\\/\\\/wp.kristdemokraterna.se\\\/odeshog\\\/#website\",\"url\":\"https:\\\/\\\/wp.kristdemokraterna.se\\\/odeshog\\\/\",\"name\":\"\u00d6desh\u00f6g\",\"description\":\"En till Kristdemokraterna webbplats\",\"inLanguage\":\"sv-SE\"}]}<\/script>\n<!-- \/ Yoast SEO plugin. -->","yoast_head_json":{"title":"Kommunlista 2026 - \u00d6desh\u00f6g","robots":{"index":"index","follow":"follow","max-snippet":"max-snippet:-1","max-image-preview":"max-image-preview:large","max-video-preview":"max-video-preview:-1"},"canonical":"https:\/\/wp.kristdemokraterna.se\/odeshog\/i-kommunen\/kommunlista-2026\/","og_locale":"sv_SE","og_type":"article","og_title":"Kommunlista 2026 - \u00d6desh\u00f6g","og_description":"1 Annicki Oscarsson Regionr\u00e5d, \u00d6desh\u00f6g L\u00e4s mer 2 Jonni Harrius F\u00f6retagare, V\u00e4derstad L\u00e4s mer 3 Hans Bj\u00f6rn Business controller, \u00d6desh\u00f6g L\u00e4s mer 4 Magnus Oscarsson Riksdagsledamot, \u00d6desh\u00f6g L\u00e4s mer 5 Irene Ehn Pension\u00e4r L\u00e4s mer 6 Anders Rydberg F\u00f6retagare, \u00d6desh\u00f6g L\u00e4s mer 7 Per-Inge Aler\u00e4ng Systemutvecklare, \u00d6desh\u00f6g L\u00e4s mer 8 Pia Bark Undersk\u00f6terska, \u00d6desh\u00f6g L\u00e4s Read More","og_url":"https:\/\/wp.kristdemokraterna.se\/odeshog\/i-kommunen\/kommunlista-2026\/","og_site_name":"\u00d6desh\u00f6g","article_modified_time":"2026-04-19T10:07:35+00:00","twitter_card":"summary_large_image","twitter_misc":{"Ber\u00e4knad l\u00e4stid":"2 minuter"},"schema":{"@context":"https:\/\/schema.org","@graph":[{"@type":"WebPage","@id":"https:\/\/wp.kristdemokraterna.se\/odeshog\/i-kommunen\/kommunlista-2026\/","url":"https:\/\/wp.kristdemokraterna.se\/odeshog\/i-kommunen\/kommunlista-2026\/","name":"Kommunlista 2026 - \u00d6desh\u00f6g","isPartOf":{"@id":"https:\/\/wp.kristdemokraterna.se\/odeshog\/#website"},"datePublished":"2022-05-13T09:03:11+00:00","dateModified":"2026-04-19T10:07:35+00:00","breadcrumb":{"@id":"https:\/\/wp.kristdemokraterna.se\/odeshog\/i-kommunen\/kommunlista-2026\/#breadcrumb"},"inLanguage":"sv-SE","potentialAction":[{"@type":"ReadAction","target":["https:\/\/wp.kristdemokraterna.se\/odeshog\/i-kommunen\/kommunlista-2026\/"]}]},{"@type":"BreadcrumbList","@id":"https:\/\/wp.kristdemokraterna.se\/odeshog\/i-kommunen\/kommunlista-2026\/#breadcrumb","itemListElement":[{"@type":"ListItem","position":1,"name":"Hem","item":"https:\/\/wp.kristdemokraterna.se\/odeshog\/"},{"@type":"ListItem","position":2,"name":"I Kommunen","item":"https:\/\/wp.kristdemokraterna.se\/odeshog\/i-kommunen\/"},{"@type":"ListItem","position":3,"name":"Kommunlista 2026"}]},{"@type":"WebSite","@id":"https:\/\/wp.kristdemokraterna.se\/odeshog\/#website","url":"https:\/\/wp.kristdemokraterna.se\/odeshog\/","name":"\u00d6desh\u00f6g","description":"En till Kristdemokraterna webbplats","inLanguage":"sv-SE"}]}},"_links":{"self":[{"href":"https:\/\/wp.kristdemokraterna.se\/odeshog\/wp-json\/wp\/v2\/pages\/757","targetHints":{"allow":["GET"]}}],"collection":[{"href":"https:\/\/wp.kristdemokraterna.se\/odeshog\/wp-json\/wp\/v2\/pages"}],"about":[{"href":"https:\/\/wp.kristdemokraterna.se\/odeshog\/wp-json\/wp\/v2\/types\/page"}],"author":[{"embeddable":true,"href":"https:\/\/wp.kristdemokraterna.se\/odeshog\/wp-json\/wp\/v2\/users\/747"}],"replies":[{"embeddable":true,"href":"https:\/\/wp.kristdemokraterna.se\/odeshog\/wp-json\/wp\/v2\/comments?post=757"}],"version-history":[{"count":11,"href":"https:\/\/wp.kristdemokraterna.se\/odeshog\/wp-json\/wp\/v2\/pages\/757\/revisions"}],"predecessor-version":[{"id":1128,"href":"https:\/\/wp.kristdemokraterna.se\/odeshog\/wp-json\/wp\/v2\/pages\/757\/revisions\/1128"}],"up":[{"embeddable":true,"href":"https:\/\/wp.kristdemokraterna.se\/odeshog\/wp-json\/wp\/v2\/pages\/40"}],"wp:attachment":[{"href":"https:\/\/wp.kristdemokraterna.se\/odeshog\/wp-json\/wp\/v2\/media?parent=757"}],"curies":[{"name":"wp","href":"https:\/\/api.w.org\/{rel}","templated":true}]}}