{"id":815,"date":"2022-05-14T09:39:31","date_gmt":"2022-05-14T07:39:31","guid":{"rendered":"https:\/\/wp.kristdemokraterna.se\/odeshog\/?page_id=815"},"modified":"2026-04-20T19:30:47","modified_gmt":"2026-04-20T17:30:47","slug":"regionlista-2026","status":"publish","type":"page","link":"https:\/\/wp.kristdemokraterna.se\/odeshog\/i-landstinget\/regionlista-2026\/","title":{"rendered":"Regionlista 2026"},"content":{"rendered":"<p>&nbsp;<\/p>\n<table width=\"650\">\n<tbody>\n<tr>\n<td width=\"40\"><span style=\"color: #808080\">1<\/span><\/td>\n<td width=\"200\"><span style=\"color: #808080\">Per Larsson<\/span><\/td>\n<td width=\"300\"><span style=\"color: #808080\">47, Regionr\u00e5d, Link\u00f6ping<\/span><\/td>\n<td width=\"70\"><\/td>\n<\/tr>\n<tr>\n<td>2<\/td>\n<td>Annicki Oscarsson<\/td>\n<td>53, Regionr\u00e5d, \u00d6desh\u00f6g<\/td>\n<td>\u00a0<a href=\"https:\/\/wp.kristdemokraterna.se\/odeshog\/annicki-oscarsson\/\">L\u00e4s mer<\/a><\/td>\n<\/tr>\n<tr>\n<td><span style=\"color: #808080\">3<\/span><\/td>\n<td><span style=\"color: #808080\">Magnus Sj\u00f6berg<\/span><\/td>\n<td><span style=\"color: #808080\">49, Projektansvarig, Mj\u00f6lby<\/span><\/td>\n<td><\/td>\n<\/tr>\n<tr>\n<td><span style=\"color: #808080\">4<\/span><\/td>\n<td><span style=\"color: #808080\">Patrik Stenlund<\/span><\/td>\n<td><span style=\"color: #808080\">59, Drifttekniker, Vadstena<\/span><\/td>\n<td><\/td>\n<\/tr>\n<tr>\n<td><span style=\"color: #808080\">5<\/span><\/td>\n<td><span style=\"color: #808080\">Johan H\u00e4ggblom<\/span><\/td>\n<td><span style=\"color: #808080\">32, Civilingenj\u00f6r, Mj\u00f6lby<\/span><\/td>\n<td><\/td>\n<\/tr>\n<tr>\n<td><span style=\"color: #808080\">6<\/span><\/td>\n<td><span style=\"color: #808080\">Lena K\u00e4cker Johansson<\/span><\/td>\n<td><span style=\"color: #808080\">61, Distriktssk\u00f6terska, Rimforsa<\/span><\/td>\n<td><\/td>\n<\/tr>\n<tr>\n<td><span style=\"color: #808080\">7<\/span><\/td>\n<td><span style=\"color: #808080\">Martin Zetterlund<\/span><\/td>\n<td><span style=\"color: #808080\">48, Specialistsjuksk\u00f6terska, Link\u00f6ping<\/span><\/td>\n<td><\/td>\n<\/tr>\n<tr>\n<td><span style=\"color: #808080\">8<\/span><\/td>\n<td><span style=\"color: #808080\">Max Dahlgren<\/span><\/td>\n<td><span style=\"color: #808080\">21, Politisk sekreterare, \u00c5tvidaberg<\/span><\/td>\n<td><\/td>\n<\/tr>\n<tr>\n<td><span style=\"color: #808080\">9<\/span><\/td>\n<td><span style=\"color: #808080\">Bengt-Olof Idmyr<\/span><\/td>\n<td><span style=\"color: #808080\">68, Tandl\u00e4kare, Mj\u00f6lby<\/span><\/td>\n<td><\/td>\n<\/tr>\n<tr>\n<td><span style=\"color: #808080\">10<\/span><\/td>\n<td><span style=\"color: #808080\">Linda Masman<\/span><\/td>\n<td><span style=\"color: #808080\">49, Undersk\u00f6terska, Ydre<\/span><\/td>\n<td><\/td>\n<\/tr>\n<tr>\n<td><span style=\"color: #808080\">11<\/span><\/td>\n<td><span style=\"color: #808080\">Tomas Tekmen<\/span><\/td>\n<td><span style=\"color: #808080\">45, Kommunalr\u00e5d, Norrk\u00f6ping<\/span><\/td>\n<td><\/td>\n<\/tr>\n<tr>\n<td><span style=\"color: #808080\">12<\/span><\/td>\n<td><span style=\"color: #808080\">Staffan Danielsson<\/span><\/td>\n<td><span style=\"color: #808080\">79, Agronom, Link\u00f6ping<\/span><\/td>\n<td><\/td>\n<\/tr>\n<tr>\n<td><span style=\"color: #808080\">13<\/span><\/td>\n<td><span style=\"color: #808080\">Anders Eksmo<\/span><\/td>\n<td>\u00a0<span style=\"color: #808080\">64, Gymnasiel\u00e4rare, S\u00f6derk\u00f6ping<\/span><\/td>\n<td><\/td>\n<\/tr>\n<tr>\n<td><span style=\"color: #808080\">14<\/span><\/td>\n<td><span style=\"color: #808080\">Peter Gustavsson<\/span><\/td>\n<td><span style=\"color: #808080\">63, Ekonomiassistent, Ydre<\/span><\/td>\n<td><\/td>\n<\/tr>\n<tr>\n<td><span style=\"color: #808080\">15<\/span><\/td>\n<td><span style=\"color: #808080\">Leane H\u00f6gberg<\/span><\/td>\n<td><span style=\"color: #808080\">64, Bist\u00e5ndshandl\u00e4ggare, Boxholm<\/span><\/td>\n<td><\/td>\n<\/tr>\n<tr>\n<td>16<\/td>\n<td>Jonni Harrius<\/td>\n<td>63, F\u00f6retagare, V\u00e4derstad<\/td>\n<td><a href=\"https:\/\/wp.kristdemokraterna.se\/odeshog\/jonni-harrius\/\">L\u00e4s mer<\/a><\/td>\n<\/tr>\n<tr>\n<td><span style=\"color: #808080\">17<\/span><\/td>\n<td><span style=\"color: #808080\">Birre Waern<\/span><\/td>\n<td><span style=\"color: #808080\">63, Undersk\u00f6terska, Link\u00f6ping<\/span><\/td>\n<td><\/td>\n<\/tr>\n<tr>\n<td>18<\/td>\n<td>Hans Bj\u00f6rn<\/td>\n<td>50, Business Controller, \u00d6desh\u00f6g<\/td>\n<td><a href=\"https:\/\/wp.kristdemokraterna.se\/odeshog\/hans-bjorn\/\">L\u00e4s mer<\/a><\/td>\n<\/tr>\n<tr>\n<td>19<\/td>\n<td>Per-Inge Aler\u00e4ng<\/td>\n<td>54, Systemutvecklare, \u00d6desh\u00f6g<\/td>\n<td><a href=\"https:\/\/wp.kristdemokraterna.se\/odeshog\/per-inge-alerang\/\">L\u00e4s mer<\/a><\/td>\n<\/tr>\n<tr>\n<td><span style=\"color: #808080\">20<\/span><\/td>\n<td><span style=\"color: #808080\">Elin Boreson Stenlund<\/span><\/td>\n<td><span style=\"color: #808080\">48, Biomedicinsk analytiker, Vadstena<\/span><\/td>\n<td><\/td>\n<\/tr>\n<tr>\n<td>21<\/td>\n<td>Irene Ehn<\/td>\n<td>Pension\u00e4r, \u00d6desh\u00f6g<\/td>\n<td><a href=\"https:\/\/wp.kristdemokraterna.se\/odeshog\/irene-ehn\/\">L\u00e4s mer<\/a><\/td>\n<\/tr>\n<tr>\n<td>22<\/td>\n<td>Lennart \u00c5berg<\/td>\n<td>72, Fris\u00f6r, \u00d6desh\u00f6g<\/td>\n<td><a href=\"https:\/\/wp.kristdemokraterna.se\/odeshog\/lennart-aberg\/\">L\u00e4s mer<\/a><\/td>\n<\/tr>\n<tr>\n<td><span style=\"color: #808080\">23<\/span><\/td>\n<td><span style=\"color: #808080\">Evert Andersson<\/span><\/td>\n<td><span style=\"color: #808080\">78, Ingenj\u00f6r, Boxholm<\/span><\/td>\n<td><\/td>\n<\/tr>\n<tr>\n<td>24<\/td>\n<td>Anders Rydberg<\/td>\n<td>64, F\u00f6retagare, \u00d6desh\u00f6g<\/td>\n<td><a href=\"https:\/\/wp.kristdemokraterna.se\/odeshog\/anders-rydberg\/\">L\u00e4s mer<\/a><\/td>\n<\/tr>\n<tr>\n<td><span style=\"color: #808080\">25<\/span><\/td>\n<td><span style=\"color: #808080\">Johnny Martinsson<\/span><\/td>\n<td><span style=\"color: #808080\">80, Pension\u00e4r, Ydre<\/span><\/td>\n<td><\/td>\n<\/tr>\n<\/tbody>\n<\/table>\n<table width=\"650\">\n<tbody>\n<tr>\n<td>26\u00a0 \u00a0 \u00a0 Marie-Louise Lunell\u00a0 \u00a0 \u00a0 \u00a0 \u00a0 \u00a0 \u00a0 \u00a0 72, Undersk\u00f6terska, \u00d6desh\u00f6g\u00a0 \u00a0 \u00a0 \u00a0 \u00a0 \u00a0 \u00a0 \u00a0 \u00a0 \u00a0 \u00a0 \u00a0 <a href=\"https:\/\/wp.kristdemokraterna.se\/odeshog\/marie-louise-lunell\/\">L\u00e4s mer<\/a><\/td>\n<\/tr>\n<\/tbody>\n<\/table>\n<p>&nbsp;<\/p>\n","protected":false},"excerpt":{"rendered":"<p>&nbsp; 1 Per Larsson 47, Regionr\u00e5d, Link\u00f6ping 2 Annicki Oscarsson 53, Regionr\u00e5d, \u00d6desh\u00f6g \u00a0L\u00e4s mer 3 Magnus Sj\u00f6berg 49, Projektansvarig, Mj\u00f6lby 4 Patrik Stenlund 59, Drifttekniker, Vadstena 5 Johan H\u00e4ggblom 32, Civilingenj\u00f6r, Mj\u00f6lby 6 Lena K\u00e4cker Johansson 61, Distriktssk\u00f6terska, Rimforsa 7 Martin Zetterlund 48, Specialistsjuksk\u00f6terska, Link\u00f6ping 8 Max Dahlgren 21, Politisk sekreterare, \u00c5tvidaberg 9 Bengt-Olof <a class=\"read-more-link\" href=\"https:\/\/wp.kristdemokraterna.se\/odeshog\/i-landstinget\/regionlista-2026\/\">Read More<\/a><\/p>\n","protected":false},"author":747,"featured_media":0,"parent":43,"menu_order":1,"comment_status":"closed","ping_status":"closed","template":"","meta":{"_acf_changed":false,"footnotes":""},"class_list":["post-815","page","type-page","status-publish","hentry"],"acf":[],"yoast_head":"<!-- This site is optimized with the Yoast SEO plugin v27.5 - https:\/\/yoast.com\/product\/yoast-seo-wordpress\/ -->\n<title>Regionlista 2026 - \u00d6desh\u00f6g<\/title>\n<meta name=\"robots\" content=\"index, follow, max-snippet:-1, max-image-preview:large, max-video-preview:-1\" \/>\n<link rel=\"canonical\" href=\"https:\/\/wp.kristdemokraterna.se\/odeshog\/i-landstinget\/regionlista-2026\/\" \/>\n<meta property=\"og:locale\" content=\"sv_SE\" \/>\n<meta property=\"og:type\" content=\"article\" \/>\n<meta property=\"og:title\" content=\"Regionlista 2026 - \u00d6desh\u00f6g\" \/>\n<meta property=\"og:description\" content=\"&nbsp; 1 Per Larsson 47, Regionr\u00e5d, Link\u00f6ping 2 Annicki Oscarsson 53, Regionr\u00e5d, \u00d6desh\u00f6g \u00a0L\u00e4s mer 3 Magnus Sj\u00f6berg 49, Projektansvarig, Mj\u00f6lby 4 Patrik Stenlund 59, Drifttekniker, Vadstena 5 Johan H\u00e4ggblom 32, Civilingenj\u00f6r, Mj\u00f6lby 6 Lena K\u00e4cker Johansson 61, Distriktssk\u00f6terska, Rimforsa 7 Martin Zetterlund 48, Specialistsjuksk\u00f6terska, Link\u00f6ping 8 Max Dahlgren 21, Politisk sekreterare, \u00c5tvidaberg 9 Bengt-Olof Read More\" \/>\n<meta property=\"og:url\" content=\"https:\/\/wp.kristdemokraterna.se\/odeshog\/i-landstinget\/regionlista-2026\/\" \/>\n<meta property=\"og:site_name\" content=\"\u00d6desh\u00f6g\" \/>\n<meta property=\"article:modified_time\" content=\"2026-04-20T17:30:47+00:00\" \/>\n<meta name=\"twitter:card\" content=\"summary_large_image\" \/>\n<meta name=\"twitter:label1\" content=\"Ber\u00e4knad l\u00e4stid\" \/>\n\t<meta name=\"twitter:data1\" content=\"1 minut\" \/>\n<script type=\"application\/ld+json\" class=\"yoast-schema-graph\">{\"@context\":\"https:\\\/\\\/schema.org\",\"@graph\":[{\"@type\":\"WebPage\",\"@id\":\"https:\\\/\\\/wp.kristdemokraterna.se\\\/odeshog\\\/i-landstinget\\\/regionlista-2026\\\/\",\"url\":\"https:\\\/\\\/wp.kristdemokraterna.se\\\/odeshog\\\/i-landstinget\\\/regionlista-2026\\\/\",\"name\":\"Regionlista 2026 - \u00d6desh\u00f6g\",\"isPartOf\":{\"@id\":\"https:\\\/\\\/wp.kristdemokraterna.se\\\/odeshog\\\/#website\"},\"datePublished\":\"2022-05-14T07:39:31+00:00\",\"dateModified\":\"2026-04-20T17:30:47+00:00\",\"breadcrumb\":{\"@id\":\"https:\\\/\\\/wp.kristdemokraterna.se\\\/odeshog\\\/i-landstinget\\\/regionlista-2026\\\/#breadcrumb\"},\"inLanguage\":\"sv-SE\",\"potentialAction\":[{\"@type\":\"ReadAction\",\"target\":[\"https:\\\/\\\/wp.kristdemokraterna.se\\\/odeshog\\\/i-landstinget\\\/regionlista-2026\\\/\"]}]},{\"@type\":\"BreadcrumbList\",\"@id\":\"https:\\\/\\\/wp.kristdemokraterna.se\\\/odeshog\\\/i-landstinget\\\/regionlista-2026\\\/#breadcrumb\",\"itemListElement\":[{\"@type\":\"ListItem\",\"position\":1,\"name\":\"Hem\",\"item\":\"https:\\\/\\\/wp.kristdemokraterna.se\\\/odeshog\\\/\"},{\"@type\":\"ListItem\",\"position\":2,\"name\":\"I Regionen\",\"item\":\"https:\\\/\\\/wp.kristdemokraterna.se\\\/odeshog\\\/i-landstinget\\\/\"},{\"@type\":\"ListItem\",\"position\":3,\"name\":\"Regionlista 2026\"}]},{\"@type\":\"WebSite\",\"@id\":\"https:\\\/\\\/wp.kristdemokraterna.se\\\/odeshog\\\/#website\",\"url\":\"https:\\\/\\\/wp.kristdemokraterna.se\\\/odeshog\\\/\",\"name\":\"\u00d6desh\u00f6g\",\"description\":\"En till Kristdemokraterna webbplats\",\"inLanguage\":\"sv-SE\"}]}<\/script>\n<!-- \/ Yoast SEO plugin. -->","yoast_head_json":{"title":"Regionlista 2026 - \u00d6desh\u00f6g","robots":{"index":"index","follow":"follow","max-snippet":"max-snippet:-1","max-image-preview":"max-image-preview:large","max-video-preview":"max-video-preview:-1"},"canonical":"https:\/\/wp.kristdemokraterna.se\/odeshog\/i-landstinget\/regionlista-2026\/","og_locale":"sv_SE","og_type":"article","og_title":"Regionlista 2026 - \u00d6desh\u00f6g","og_description":"&nbsp; 1 Per Larsson 47, Regionr\u00e5d, Link\u00f6ping 2 Annicki Oscarsson 53, Regionr\u00e5d, \u00d6desh\u00f6g \u00a0L\u00e4s mer 3 Magnus Sj\u00f6berg 49, Projektansvarig, Mj\u00f6lby 4 Patrik Stenlund 59, Drifttekniker, Vadstena 5 Johan H\u00e4ggblom 32, Civilingenj\u00f6r, Mj\u00f6lby 6 Lena K\u00e4cker Johansson 61, Distriktssk\u00f6terska, Rimforsa 7 Martin Zetterlund 48, Specialistsjuksk\u00f6terska, Link\u00f6ping 8 Max Dahlgren 21, Politisk sekreterare, \u00c5tvidaberg 9 Bengt-Olof Read More","og_url":"https:\/\/wp.kristdemokraterna.se\/odeshog\/i-landstinget\/regionlista-2026\/","og_site_name":"\u00d6desh\u00f6g","article_modified_time":"2026-04-20T17:30:47+00:00","twitter_card":"summary_large_image","twitter_misc":{"Ber\u00e4knad l\u00e4stid":"1 minut"},"schema":{"@context":"https:\/\/schema.org","@graph":[{"@type":"WebPage","@id":"https:\/\/wp.kristdemokraterna.se\/odeshog\/i-landstinget\/regionlista-2026\/","url":"https:\/\/wp.kristdemokraterna.se\/odeshog\/i-landstinget\/regionlista-2026\/","name":"Regionlista 2026 - \u00d6desh\u00f6g","isPartOf":{"@id":"https:\/\/wp.kristdemokraterna.se\/odeshog\/#website"},"datePublished":"2022-05-14T07:39:31+00:00","dateModified":"2026-04-20T17:30:47+00:00","breadcrumb":{"@id":"https:\/\/wp.kristdemokraterna.se\/odeshog\/i-landstinget\/regionlista-2026\/#breadcrumb"},"inLanguage":"sv-SE","potentialAction":[{"@type":"ReadAction","target":["https:\/\/wp.kristdemokraterna.se\/odeshog\/i-landstinget\/regionlista-2026\/"]}]},{"@type":"BreadcrumbList","@id":"https:\/\/wp.kristdemokraterna.se\/odeshog\/i-landstinget\/regionlista-2026\/#breadcrumb","itemListElement":[{"@type":"ListItem","position":1,"name":"Hem","item":"https:\/\/wp.kristdemokraterna.se\/odeshog\/"},{"@type":"ListItem","position":2,"name":"I Regionen","item":"https:\/\/wp.kristdemokraterna.se\/odeshog\/i-landstinget\/"},{"@type":"ListItem","position":3,"name":"Regionlista 2026"}]},{"@type":"WebSite","@id":"https:\/\/wp.kristdemokraterna.se\/odeshog\/#website","url":"https:\/\/wp.kristdemokraterna.se\/odeshog\/","name":"\u00d6desh\u00f6g","description":"En till Kristdemokraterna webbplats","inLanguage":"sv-SE"}]}},"_links":{"self":[{"href":"https:\/\/wp.kristdemokraterna.se\/odeshog\/wp-json\/wp\/v2\/pages\/815","targetHints":{"allow":["GET"]}}],"collection":[{"href":"https:\/\/wp.kristdemokraterna.se\/odeshog\/wp-json\/wp\/v2\/pages"}],"about":[{"href":"https:\/\/wp.kristdemokraterna.se\/odeshog\/wp-json\/wp\/v2\/types\/page"}],"author":[{"embeddable":true,"href":"https:\/\/wp.kristdemokraterna.se\/odeshog\/wp-json\/wp\/v2\/users\/747"}],"replies":[{"embeddable":true,"href":"https:\/\/wp.kristdemokraterna.se\/odeshog\/wp-json\/wp\/v2\/comments?post=815"}],"version-history":[{"count":11,"href":"https:\/\/wp.kristdemokraterna.se\/odeshog\/wp-json\/wp\/v2\/pages\/815\/revisions"}],"predecessor-version":[{"id":1216,"href":"https:\/\/wp.kristdemokraterna.se\/odeshog\/wp-json\/wp\/v2\/pages\/815\/revisions\/1216"}],"up":[{"embeddable":true,"href":"https:\/\/wp.kristdemokraterna.se\/odeshog\/wp-json\/wp\/v2\/pages\/43"}],"wp:attachment":[{"href":"https:\/\/wp.kristdemokraterna.se\/odeshog\/wp-json\/wp\/v2\/media?parent=815"}],"curies":[{"name":"wp","href":"https:\/\/api.w.org\/{rel}","templated":true}]}}