{"id":819,"date":"2022-05-14T09:50:23","date_gmt":"2022-05-14T07:50:23","guid":{"rendered":"https:\/\/wp.kristdemokraterna.se\/odeshog\/?page_id=819"},"modified":"2022-05-16T14:57:01","modified_gmt":"2022-05-16T12:57:01","slug":"nationellt","status":"publish","type":"page","link":"https:\/\/wp.kristdemokraterna.se\/odeshog\/nationellt\/","title":{"rendered":"Nationellt"},"content":{"rendered":"<p>Kristdemokraternas tre viktigaste fr\u00e5gor:<\/p>\n<ul>\n<li><strong>Sjukv\u00e5rd<br \/>\n<\/strong>Det \u00e4r n\u00e4r man \u00e4r som svagast som man ska vara s\u00e4ker p\u00e5 att v\u00e4lf\u00e4rden \u00e4r som starkast. Men m\u00e5nga patienter f\u00e5r inte v\u00e5rd i tid idag. V\u00e5rdk\u00f6erna till operation eller specialistv\u00e5rd har f\u00f6rdubblats under nuvarande regering. Svensk sjukv\u00e5rd beh\u00f6ver en genomgripande reform f\u00f6r att alla ska f\u00e5 r\u00e4tt\u00a0behandling och omv\u00e5rdnad. Alla skall ha r\u00e4tt till god v\u00e5rd i tid oavsett var i landet man bor. V\u00e5r fr\u00e4msta reform f\u00f6r att uppn\u00e5 detta \u00e4r att avskaffa landstingens sjukhusansvar.<\/li>\n<li><strong>\u00c4ldre<br \/>\n<\/strong>Vi vill bygga ett samh\u00e4lle d\u00e4r m\u00e4nniskor kan \u00e5ldras i trygghet och v\u00e4rdighet. \u00c4ldre ska kunna leva ett aktivt liv och ha inflytande \u00f6ver sin vardag med bibeh\u00e5llet oberoende, bem\u00f6tas med respekt och ha tillg\u00e5ng till god v\u00e5rd och omsorg. Det friska \u00e5ldrandet, att se \u00e4ldre som en resurs att ta tillvara och att ha ett v\u00e4l fungerande samspel mellan generationerna \u00e4r ocks\u00e5 viktiga best\u00e5ndsdelar i v\u00e5r \u00e4ldrepolitik. Tv\u00e5 av v\u00e5ra st\u00f6rre f\u00f6rslag \u00e4r att inf\u00f6ra en \u00e4ldreboendegaranti och att slopa pension\u00e4rsskatten.<\/li>\n<li><strong>Trygghet<br \/>\n<\/strong>En av statens grunduppgifter \u00e4r att se till att medborgarna \u00e4r trygga. Man ska kunna lita p\u00e5 att polisen kommer n\u00e4r man larmar. D\u00e4rf\u00f6r vill vi se fler poliser, och de ska ha resurser att f\u00f6rebygga, f\u00f6rhindra och\u00a0ingripa mot\u00a0brott. N\u00e4r m\u00e4nniskor uts\u00e4tts f\u00f6r v\u00e5ldsbrott, r\u00e5n, sexuella trakasserier eller inbrott i sitt hem m\u00e5ste r\u00e4ttsv\u00e4sendet agera. Och vi ska alltid st\u00e5 p\u00e5 brottsoffrets sida.<\/li>\n<\/ul>\n<hr \/>\n<p>Kristdemokraterna identifierar ytterligare tv\u00e5 politikomr\u00e5de som genomsyrar v\u00e5r politik.<\/p>\n<ul>\n<li><strong>Familj<br \/>\n<\/strong>Familjepolitiken \u00e4r som en fond f\u00f6r all v\u00e5r politik. Sverige st\u00e5r inf\u00f6r ett familjepolitiskt v\u00e4gval d\u00e4r partier p\u00e5 hela den politiska skalan aktivt vill f\u00f6rsvaga familjens roll i samh\u00e4llet, medan Kristdemokraterna tv\u00e4rtom vill st\u00e4rka den. Politiken ska st\u00f6dja familjerna, inte styra. Kristdemokraterna vill m\u00f6jligg\u00f6ra mer tid f\u00f6r barnen, underl\u00e4tta familjebildning, \u00f6ka familjers handlingsutrymme, uppv\u00e4rdera f\u00f6r\u00e4ldraskapet, m\u00f6jligg\u00f6ra olika barnomsorgsformer samt st\u00e4rka barnfamiljers ekonomi.<\/li>\n<li><strong>Jobb och integration<br \/>\n<\/strong>Att ha ett arbete skapar gemenskap, ansvar och utveckling. N\u00e4r fler m\u00e4nniskor syssels\u00e4tts f\u00f6rst\u00e4rks ocks\u00e5 v\u00e4lf\u00e4rdsresurserna. Trots h\u00f6gkonjunktur \u00f6kar klyftorna p\u00e5 arbetsmarknaden. Den m\u00e5ste d\u00e4rf\u00f6r f\u00f6r\u00e4ndras f\u00f6r att passa fler. Jobb \u00e4r en av nycklarna till god integration. Vi ser ocks\u00e5 hur viktigt v\u00e4rderingarna \u00e4r i integrationsarbetet. Ett samh\u00e4llet byggs p\u00e5 en gemensam v\u00e4rdegrund, d\u00e4r vissa v\u00e4rderingar inte \u00e4r valbara.<\/li>\n<\/ul>\n","protected":false},"excerpt":{"rendered":"<p>Kristdemokraternas tre viktigaste fr\u00e5gor: Sjukv\u00e5rd Det \u00e4r n\u00e4r man \u00e4r som svagast som man ska vara s\u00e4ker p\u00e5 att v\u00e4lf\u00e4rden \u00e4r som starkast. Men m\u00e5nga patienter f\u00e5r inte v\u00e5rd i tid idag. V\u00e5rdk\u00f6erna till operation eller specialistv\u00e5rd har f\u00f6rdubblats under nuvarande regering. Svensk sjukv\u00e5rd beh\u00f6ver en genomgripande reform f\u00f6r att alla ska f\u00e5 r\u00e4tt\u00a0behandling och <a class=\"read-more-link\" href=\"https:\/\/wp.kristdemokraterna.se\/odeshog\/nationellt\/\">Read More<\/a><\/p>\n","protected":false},"author":747,"featured_media":0,"parent":0,"menu_order":0,"comment_status":"closed","ping_status":"closed","template":"","meta":{"_acf_changed":false,"footnotes":""},"class_list":["post-819","page","type-page","status-publish","hentry"],"acf":[],"yoast_head":"<!-- This site is optimized with the Yoast SEO plugin v27.4 - https:\/\/yoast.com\/product\/yoast-seo-wordpress\/ -->\n<title>Nationellt - \u00d6desh\u00f6g<\/title>\n<meta name=\"robots\" content=\"index, follow, max-snippet:-1, max-image-preview:large, max-video-preview:-1\" \/>\n<link rel=\"canonical\" href=\"https:\/\/wp.kristdemokraterna.se\/odeshog\/nationellt\/\" \/>\n<meta property=\"og:locale\" content=\"sv_SE\" \/>\n<meta property=\"og:type\" content=\"article\" \/>\n<meta property=\"og:title\" content=\"Nationellt - \u00d6desh\u00f6g\" \/>\n<meta property=\"og:description\" content=\"Kristdemokraternas tre viktigaste fr\u00e5gor: Sjukv\u00e5rd Det \u00e4r n\u00e4r man \u00e4r som svagast som man ska vara s\u00e4ker p\u00e5 att v\u00e4lf\u00e4rden \u00e4r som starkast. Men m\u00e5nga patienter f\u00e5r inte v\u00e5rd i tid idag. V\u00e5rdk\u00f6erna till operation eller specialistv\u00e5rd har f\u00f6rdubblats under nuvarande regering. Svensk sjukv\u00e5rd beh\u00f6ver en genomgripande reform f\u00f6r att alla ska f\u00e5 r\u00e4tt\u00a0behandling och Read More\" \/>\n<meta property=\"og:url\" content=\"https:\/\/wp.kristdemokraterna.se\/odeshog\/nationellt\/\" \/>\n<meta property=\"og:site_name\" content=\"\u00d6desh\u00f6g\" \/>\n<meta property=\"article:modified_time\" content=\"2022-05-16T12:57:01+00:00\" \/>\n<meta name=\"twitter:card\" content=\"summary_large_image\" \/>\n<meta name=\"twitter:label1\" content=\"Ber\u00e4knad l\u00e4stid\" \/>\n\t<meta name=\"twitter:data1\" content=\"2 minuter\" \/>\n<script type=\"application\/ld+json\" class=\"yoast-schema-graph\">{\"@context\":\"https:\\\/\\\/schema.org\",\"@graph\":[{\"@type\":\"WebPage\",\"@id\":\"https:\\\/\\\/wp.kristdemokraterna.se\\\/odeshog\\\/nationellt\\\/\",\"url\":\"https:\\\/\\\/wp.kristdemokraterna.se\\\/odeshog\\\/nationellt\\\/\",\"name\":\"Nationellt - \u00d6desh\u00f6g\",\"isPartOf\":{\"@id\":\"https:\\\/\\\/wp.kristdemokraterna.se\\\/odeshog\\\/#website\"},\"datePublished\":\"2022-05-14T07:50:23+00:00\",\"dateModified\":\"2022-05-16T12:57:01+00:00\",\"breadcrumb\":{\"@id\":\"https:\\\/\\\/wp.kristdemokraterna.se\\\/odeshog\\\/nationellt\\\/#breadcrumb\"},\"inLanguage\":\"sv-SE\",\"potentialAction\":[{\"@type\":\"ReadAction\",\"target\":[\"https:\\\/\\\/wp.kristdemokraterna.se\\\/odeshog\\\/nationellt\\\/\"]}]},{\"@type\":\"BreadcrumbList\",\"@id\":\"https:\\\/\\\/wp.kristdemokraterna.se\\\/odeshog\\\/nationellt\\\/#breadcrumb\",\"itemListElement\":[{\"@type\":\"ListItem\",\"position\":1,\"name\":\"Hem\",\"item\":\"https:\\\/\\\/wp.kristdemokraterna.se\\\/odeshog\\\/\"},{\"@type\":\"ListItem\",\"position\":2,\"name\":\"Nationellt\"}]},{\"@type\":\"WebSite\",\"@id\":\"https:\\\/\\\/wp.kristdemokraterna.se\\\/odeshog\\\/#website\",\"url\":\"https:\\\/\\\/wp.kristdemokraterna.se\\\/odeshog\\\/\",\"name\":\"\u00d6desh\u00f6g\",\"description\":\"En till Kristdemokraterna webbplats\",\"inLanguage\":\"sv-SE\"}]}<\/script>\n<!-- \/ Yoast SEO plugin. -->","yoast_head_json":{"title":"Nationellt - \u00d6desh\u00f6g","robots":{"index":"index","follow":"follow","max-snippet":"max-snippet:-1","max-image-preview":"max-image-preview:large","max-video-preview":"max-video-preview:-1"},"canonical":"https:\/\/wp.kristdemokraterna.se\/odeshog\/nationellt\/","og_locale":"sv_SE","og_type":"article","og_title":"Nationellt - \u00d6desh\u00f6g","og_description":"Kristdemokraternas tre viktigaste fr\u00e5gor: Sjukv\u00e5rd Det \u00e4r n\u00e4r man \u00e4r som svagast som man ska vara s\u00e4ker p\u00e5 att v\u00e4lf\u00e4rden \u00e4r som starkast. Men m\u00e5nga patienter f\u00e5r inte v\u00e5rd i tid idag. V\u00e5rdk\u00f6erna till operation eller specialistv\u00e5rd har f\u00f6rdubblats under nuvarande regering. Svensk sjukv\u00e5rd beh\u00f6ver en genomgripande reform f\u00f6r att alla ska f\u00e5 r\u00e4tt\u00a0behandling och Read More","og_url":"https:\/\/wp.kristdemokraterna.se\/odeshog\/nationellt\/","og_site_name":"\u00d6desh\u00f6g","article_modified_time":"2022-05-16T12:57:01+00:00","twitter_card":"summary_large_image","twitter_misc":{"Ber\u00e4knad l\u00e4stid":"2 minuter"},"schema":{"@context":"https:\/\/schema.org","@graph":[{"@type":"WebPage","@id":"https:\/\/wp.kristdemokraterna.se\/odeshog\/nationellt\/","url":"https:\/\/wp.kristdemokraterna.se\/odeshog\/nationellt\/","name":"Nationellt - \u00d6desh\u00f6g","isPartOf":{"@id":"https:\/\/wp.kristdemokraterna.se\/odeshog\/#website"},"datePublished":"2022-05-14T07:50:23+00:00","dateModified":"2022-05-16T12:57:01+00:00","breadcrumb":{"@id":"https:\/\/wp.kristdemokraterna.se\/odeshog\/nationellt\/#breadcrumb"},"inLanguage":"sv-SE","potentialAction":[{"@type":"ReadAction","target":["https:\/\/wp.kristdemokraterna.se\/odeshog\/nationellt\/"]}]},{"@type":"BreadcrumbList","@id":"https:\/\/wp.kristdemokraterna.se\/odeshog\/nationellt\/#breadcrumb","itemListElement":[{"@type":"ListItem","position":1,"name":"Hem","item":"https:\/\/wp.kristdemokraterna.se\/odeshog\/"},{"@type":"ListItem","position":2,"name":"Nationellt"}]},{"@type":"WebSite","@id":"https:\/\/wp.kristdemokraterna.se\/odeshog\/#website","url":"https:\/\/wp.kristdemokraterna.se\/odeshog\/","name":"\u00d6desh\u00f6g","description":"En till Kristdemokraterna webbplats","inLanguage":"sv-SE"}]}},"_links":{"self":[{"href":"https:\/\/wp.kristdemokraterna.se\/odeshog\/wp-json\/wp\/v2\/pages\/819","targetHints":{"allow":["GET"]}}],"collection":[{"href":"https:\/\/wp.kristdemokraterna.se\/odeshog\/wp-json\/wp\/v2\/pages"}],"about":[{"href":"https:\/\/wp.kristdemokraterna.se\/odeshog\/wp-json\/wp\/v2\/types\/page"}],"author":[{"embeddable":true,"href":"https:\/\/wp.kristdemokraterna.se\/odeshog\/wp-json\/wp\/v2\/users\/747"}],"replies":[{"embeddable":true,"href":"https:\/\/wp.kristdemokraterna.se\/odeshog\/wp-json\/wp\/v2\/comments?post=819"}],"version-history":[{"count":2,"href":"https:\/\/wp.kristdemokraterna.se\/odeshog\/wp-json\/wp\/v2\/pages\/819\/revisions"}],"predecessor-version":[{"id":923,"href":"https:\/\/wp.kristdemokraterna.se\/odeshog\/wp-json\/wp\/v2\/pages\/819\/revisions\/923"}],"wp:attachment":[{"href":"https:\/\/wp.kristdemokraterna.se\/odeshog\/wp-json\/wp\/v2\/media?parent=819"}],"curies":[{"name":"wp","href":"https:\/\/api.w.org\/{rel}","templated":true}]}}