{"version":"1.0","provider_name":"Kristdemokraterna i \u00d6rebro","provider_url":"https:\/\/wp.kristdemokraterna.se\/orebro","title":"Kommunalr\u00e5d Susanne - Kristdemokraterna i \u00d6rebro","type":"rich","width":600,"height":338,"html":"<blockquote class=\"wp-embedded-content\" data-secret=\"TB79Uf3IUd\"><a href=\"https:\/\/wp.kristdemokraterna.se\/orebro\/kontakta-oss\/kommunalrad\/\">Kommunalr\u00e5d Susanne<\/a><\/blockquote><iframe sandbox=\"allow-scripts\" security=\"restricted\" src=\"https:\/\/wp.kristdemokraterna.se\/orebro\/kontakta-oss\/kommunalrad\/embed\/#?secret=TB79Uf3IUd\" width=\"600\" height=\"338\" title=\"\u201dKommunalr\u00e5d Susanne\u201d &ndash; Kristdemokraterna i \u00d6rebro\" data-secret=\"TB79Uf3IUd\" frameborder=\"0\" marginwidth=\"0\" marginheight=\"0\" scrolling=\"no\" class=\"wp-embedded-content\"><\/iframe><script type=\"text\/javascript\">\n\/* <![CDATA[ *\/\n\/*! This file is auto-generated *\/\n!function(d,l){\"use strict\";l.querySelector&&d.addEventListener&&\"undefined\"!=typeof URL&&(d.wp=d.wp||{},d.wp.receiveEmbedMessage||(d.wp.receiveEmbedMessage=function(e){var t=e.data;if((t||t.secret||t.message||t.value)&&!\/[^a-zA-Z0-9]\/.test(t.secret)){for(var s,r,n,a=l.querySelectorAll('iframe[data-secret=\"'+t.secret+'\"]'),o=l.querySelectorAll('blockquote[data-secret=\"'+t.secret+'\"]'),c=new RegExp(\"^https?:$\",\"i\"),i=0;i<o.length;i++)o[i].style.display=\"none\";for(i=0;i<a.length;i++)s=a[i],e.source===s.contentWindow&&(s.removeAttribute(\"style\"),\"height\"===t.message?(1e3<(r=parseInt(t.value,10))?r=1e3:~~r<200&&(r=200),s.height=r):\"link\"===t.message&&(r=new URL(s.getAttribute(\"src\")),n=new URL(t.value),c.test(n.protocol))&&n.host===r.host&&l.activeElement===s&&(d.top.location.href=t.value))}},d.addEventListener(\"message\",d.wp.receiveEmbedMessage,!1),l.addEventListener(\"DOMContentLoaded\",function(){for(var e,t,s=l.querySelectorAll(\"iframe.wp-embedded-content\"),r=0;r<s.length;r++)(t=(e=s[r]).getAttribute(\"data-secret\"))||(t=Math.random().toString(36).substring(2,12),e.src+=\"#?secret=\"+t,e.setAttribute(\"data-secret\",t)),e.contentWindow.postMessage({message:\"ready\",secret:t},\"*\")},!1)))}(window,document);\n\/\/# sourceURL=https:\/\/wp.kristdemokraterna.se\/orebro\/wp-includes\/js\/wp-embed.min.js\n\/* ]]> *\/\n<\/script>\n","description":"Kristdemokraternas kommunalr\u00e5d i \u00d6rebro heter Susanne Lindholm Henningsson. Susanne tilltr\u00e4dde i februari 2022 och har tidigare arbetat som regionchef p\u00e5 studief\u00f6rbundet Bilda och har l\u00e5ng erfarenhet av politiska uppdrag samt tidigare arbetat med bist\u00e5ndsfr\u00e5gor och som hotellchef. \u2013 Kommunalr\u00e5d \u00e4r ett av de finaste f\u00f6rtroendeuppdrag man kan f\u00e5 och jag ser fram emot att forts\u00e4tta Read More","thumbnail_url":"http:\/\/wp.kristdemokraterna.se\/orebro\/files\/2022\/12\/susanne_webbplats-540x360.jpg"}