{"version":"1.0","provider_name":"Kristdemokraterna i \u00d6rebro","provider_url":"https:\/\/wp.kristdemokraterna.se\/orebro","title":"Trygga familjer bygger ett tryggt samh\u00e4lle - Kristdemokraterna i \u00d6rebro","type":"rich","width":600,"height":338,"html":"<blockquote class=\"wp-embedded-content\" data-secret=\"xv7GPDaYWV\"><a href=\"https:\/\/wp.kristdemokraterna.se\/orebro\/trygga-familjer-bygger-ett-tryggt-samhalle\/\">Trygga familjer bygger ett tryggt samh\u00e4lle<\/a><\/blockquote><iframe sandbox=\"allow-scripts\" security=\"restricted\" src=\"https:\/\/wp.kristdemokraterna.se\/orebro\/trygga-familjer-bygger-ett-tryggt-samhalle\/embed\/#?secret=xv7GPDaYWV\" width=\"600\" height=\"338\" title=\"\u201dTrygga familjer bygger ett tryggt samh\u00e4lle\u201d &ndash; Kristdemokraterna i \u00d6rebro\" data-secret=\"xv7GPDaYWV\" frameborder=\"0\" marginwidth=\"0\" marginheight=\"0\" scrolling=\"no\" class=\"wp-embedded-content\"><\/iframe><script type=\"text\/javascript\">\n\/* <![CDATA[ *\/\n\/*! This file is auto-generated *\/\n!function(d,l){\"use strict\";l.querySelector&&d.addEventListener&&\"undefined\"!=typeof URL&&(d.wp=d.wp||{},d.wp.receiveEmbedMessage||(d.wp.receiveEmbedMessage=function(e){var t=e.data;if((t||t.secret||t.message||t.value)&&!\/[^a-zA-Z0-9]\/.test(t.secret)){for(var s,r,n,a=l.querySelectorAll('iframe[data-secret=\"'+t.secret+'\"]'),o=l.querySelectorAll('blockquote[data-secret=\"'+t.secret+'\"]'),c=new RegExp(\"^https?:$\",\"i\"),i=0;i<o.length;i++)o[i].style.display=\"none\";for(i=0;i<a.length;i++)s=a[i],e.source===s.contentWindow&&(s.removeAttribute(\"style\"),\"height\"===t.message?(1e3<(r=parseInt(t.value,10))?r=1e3:~~r<200&&(r=200),s.height=r):\"link\"===t.message&&(r=new URL(s.getAttribute(\"src\")),n=new URL(t.value),c.test(n.protocol))&&n.host===r.host&&l.activeElement===s&&(d.top.location.href=t.value))}},d.addEventListener(\"message\",d.wp.receiveEmbedMessage,!1),l.addEventListener(\"DOMContentLoaded\",function(){for(var e,t,s=l.querySelectorAll(\"iframe.wp-embedded-content\"),r=0;r<s.length;r++)(t=(e=s[r]).getAttribute(\"data-secret\"))||(t=Math.random().toString(36).substring(2,12),e.src+=\"#?secret=\"+t,e.setAttribute(\"data-secret\",t)),e.contentWindow.postMessage({message:\"ready\",secret:t},\"*\")},!1)))}(window,document);\n\/\/# sourceURL=https:\/\/wp.kristdemokraterna.se\/orebro\/wp-includes\/js\/wp-embed.min.js\n\/* ]]> *\/\n<\/script>\n","description":"M\u00e5nga m\u00e4nniskor oroas av samh\u00e4llsutvecklingen och undrar vart vi \u00e4r p\u00e5 v\u00e4g n\u00e5gonstans. Vi h\u00f6r om narkotikahandel, r\u00e5n av unga p\u00e5 \u00f6ppen gata, stenkastning och bristande integration. Vi kristdemokrater hymlar inte om utmaningarna och problemen. Vi p\u00e5talar dem. Det finns ingen snabb och enkel l\u00f6sning, det tror vi att de flesta vid det h\u00e4r laget Read More"}