{"version":"1.0","provider_name":"Kristdemokraterna i \u00d6rebro","provider_url":"https:\/\/wp.kristdemokraterna.se\/orebro","title":"V\u00e5r politik - Kristdemokraterna i \u00d6rebro","type":"rich","width":600,"height":338,"html":"<blockquote class=\"wp-embedded-content\" data-secret=\"4ZtpraKbDa\"><a href=\"https:\/\/wp.kristdemokraterna.se\/orebro\/var-politik\/\">V\u00e5r politik<\/a><\/blockquote><iframe sandbox=\"allow-scripts\" security=\"restricted\" src=\"https:\/\/wp.kristdemokraterna.se\/orebro\/var-politik\/embed\/#?secret=4ZtpraKbDa\" width=\"600\" height=\"338\" title=\"\u201dV\u00e5r politik\u201d &ndash; Kristdemokraterna i \u00d6rebro\" data-secret=\"4ZtpraKbDa\" frameborder=\"0\" marginwidth=\"0\" marginheight=\"0\" scrolling=\"no\" class=\"wp-embedded-content\"><\/iframe><script type=\"text\/javascript\">\n\/* <![CDATA[ *\/\n\/*! This file is auto-generated *\/\n!function(d,l){\"use strict\";l.querySelector&&d.addEventListener&&\"undefined\"!=typeof URL&&(d.wp=d.wp||{},d.wp.receiveEmbedMessage||(d.wp.receiveEmbedMessage=function(e){var t=e.data;if((t||t.secret||t.message||t.value)&&!\/[^a-zA-Z0-9]\/.test(t.secret)){for(var s,r,n,a=l.querySelectorAll('iframe[data-secret=\"'+t.secret+'\"]'),o=l.querySelectorAll('blockquote[data-secret=\"'+t.secret+'\"]'),c=new RegExp(\"^https?:$\",\"i\"),i=0;i<o.length;i++)o[i].style.display=\"none\";for(i=0;i<a.length;i++)s=a[i],e.source===s.contentWindow&&(s.removeAttribute(\"style\"),\"height\"===t.message?(1e3<(r=parseInt(t.value,10))?r=1e3:~~r<200&&(r=200),s.height=r):\"link\"===t.message&&(r=new URL(s.getAttribute(\"src\")),n=new URL(t.value),c.test(n.protocol))&&n.host===r.host&&l.activeElement===s&&(d.top.location.href=t.value))}},d.addEventListener(\"message\",d.wp.receiveEmbedMessage,!1),l.addEventListener(\"DOMContentLoaded\",function(){for(var e,t,s=l.querySelectorAll(\"iframe.wp-embedded-content\"),r=0;r<s.length;r++)(t=(e=s[r]).getAttribute(\"data-secret\"))||(t=Math.random().toString(36).substring(2,12),e.src+=\"#?secret=\"+t,e.setAttribute(\"data-secret\",t)),e.contentWindow.postMessage({message:\"ready\",secret:t},\"*\")},!1)))}(window,document);\n\/\/# sourceURL=https:\/\/wp.kristdemokraterna.se\/orebro\/wp-includes\/js\/wp-embed.min.js\n\/* ]]> *\/\n<\/script>\n","description":"Kristdemokraterna v\u00e4rnar alla m\u00e4nniskors lika v\u00e4rde och s\u00e4tter m\u00e4nniskan i centrum. Vi beh\u00f6ver ett solidariskt samh\u00e4lle som skapar ett \u00d6rebro som \u00e4r h\u00e5llbart f\u00f6r v\u00e5ra barn och barnbarn. Med den grunden vill vi st\u00e5 f\u00f6r ett v\u00e4lf\u00e4rdsl\u00f6fte till alla \u00d6rebros inv\u00e5nare. \u00d6rebro har utvecklats mycket de senaste \u00e5ren &#8211; f\u00f6retag, f\u00f6reningar och m\u00e4nniskor vill bes\u00f6ka, Read More","thumbnail_url":"http:\/\/wp.kristdemokraterna.se\/orebro\/files\/2022\/12\/handlingsprogram_2022_webb-211x300.jpg"}