{"version":"1.0","provider_name":"Kristdemokraterna i \u00d6rebro","provider_url":"https:\/\/wp.kristdemokraterna.se\/orebro","title":"KD \u00d6rebros Handlingsprogram 2023-2027 - Kristdemokraterna i \u00d6rebro","type":"rich","width":600,"height":338,"html":"<blockquote class=\"wp-embedded-content\" data-secret=\"2VYN7TH2iJ\"><a href=\"https:\/\/wp.kristdemokraterna.se\/orebro\/var-politik\/kd-orebros-handlingsprogram-2023-2027\/\">KD \u00d6rebros Handlingsprogram 2023-2027<\/a><\/blockquote><iframe sandbox=\"allow-scripts\" security=\"restricted\" src=\"https:\/\/wp.kristdemokraterna.se\/orebro\/var-politik\/kd-orebros-handlingsprogram-2023-2027\/embed\/#?secret=2VYN7TH2iJ\" width=\"600\" height=\"338\" title=\"\u201dKD \u00d6rebros Handlingsprogram 2023-2027\u201d &ndash; Kristdemokraterna i \u00d6rebro\" data-secret=\"2VYN7TH2iJ\" frameborder=\"0\" marginwidth=\"0\" marginheight=\"0\" scrolling=\"no\" class=\"wp-embedded-content\"><\/iframe><script type=\"text\/javascript\">\n\/* <![CDATA[ *\/\n\/*! This file is auto-generated *\/\n!function(d,l){\"use strict\";l.querySelector&&d.addEventListener&&\"undefined\"!=typeof URL&&(d.wp=d.wp||{},d.wp.receiveEmbedMessage||(d.wp.receiveEmbedMessage=function(e){var t=e.data;if((t||t.secret||t.message||t.value)&&!\/[^a-zA-Z0-9]\/.test(t.secret)){for(var s,r,n,a=l.querySelectorAll('iframe[data-secret=\"'+t.secret+'\"]'),o=l.querySelectorAll('blockquote[data-secret=\"'+t.secret+'\"]'),c=new RegExp(\"^https?:$\",\"i\"),i=0;i<o.length;i++)o[i].style.display=\"none\";for(i=0;i<a.length;i++)s=a[i],e.source===s.contentWindow&&(s.removeAttribute(\"style\"),\"height\"===t.message?(1e3<(r=parseInt(t.value,10))?r=1e3:~~r<200&&(r=200),s.height=r):\"link\"===t.message&&(r=new URL(s.getAttribute(\"src\")),n=new URL(t.value),c.test(n.protocol))&&n.host===r.host&&l.activeElement===s&&(d.top.location.href=t.value))}},d.addEventListener(\"message\",d.wp.receiveEmbedMessage,!1),l.addEventListener(\"DOMContentLoaded\",function(){for(var e,t,s=l.querySelectorAll(\"iframe.wp-embedded-content\"),r=0;r<s.length;r++)(t=(e=s[r]).getAttribute(\"data-secret\"))||(t=Math.random().toString(36).substring(2,12),e.src+=\"#?secret=\"+t,e.setAttribute(\"data-secret\",t)),e.contentWindow.postMessage({message:\"ready\",secret:t},\"*\")},!1)))}(window,document);\n\/\/# sourceURL=https:\/\/wp.kristdemokraterna.se\/orebro\/wp-includes\/js\/wp-embed.min.js\n\/* ]]> *\/\n<\/script>\n","description":"Nu presenterar Kristdemokraterna i \u00d6rebro sitt handlingsprogram f\u00f6r mandatperioden 2023-2027 med rubriken \u201dF\u00f6r ett varmare och tryggare \u00d6rebro\u201d. Ett gediget arbete ligger bakom handlingsprogrammet som b\u00e5de fokuserar p\u00e5 kommunens st\u00f6rsta utmaningar, men som ocks\u00e5 inneh\u00e5ller flera relativt enkla f\u00f6rslag p\u00e5 hur v\u00e5r stad kan utvecklas till att bli \u00e4nnu b\u00e4ttre. Nedanst\u00e5ende omr\u00e5den utg\u00f6r de tre Read More","thumbnail_url":"https:\/\/wp.kristdemokraterna.se\/orebro\/files\/2022\/06\/handlingsprogram_22_webb.jpg","thumbnail_width":770,"thumbnail_height":513}