{"id":1080,"date":"2022-07-30T16:05:48","date_gmt":"2022-07-30T14:05:48","guid":{"rendered":"https:\/\/wp.kristdemokraterna.se\/orkelljunga\/?page_id=1080"},"modified":"2026-04-02T20:22:01","modified_gmt":"2026-04-02T18:22:01","slug":"vad-vill-vi","status":"publish","type":"page","link":"https:\/\/wp.kristdemokraterna.se\/orkelljunga\/vad-vill-vi\/","title":{"rendered":"V\u00e5r Politik"},"content":{"rendered":"<p>Nedan kan du l\u00e4sa vad vi i Kristdemokraterna vill arbeta och verka f\u00f6r under mandatperioden 2026-2030.<\/p>\n<p><strong><span style=\"color: #3366ff\">\u00c4ldreomsorgen<\/span><\/strong><\/p>\n<ul>\n<li>\u00e4ldre med hemtj\u00e4nst ska kunna f\u00e5 v\u00e4lja k\u00f6n p\u00e5 den hemtj\u00e4nstpersonal som genomf\u00f6r insatserna i deras hem.<\/li>\n<li>Vi vill att personalt\u00e4theten \u00e4r tillr\u00e4ckligt h\u00f6g inom hemtj\u00e4nsten och p\u00e5 v\u00e5ra \u00e4ldreboenden s\u00e5 att kommunen kan erbjuda en h\u00f6gkvalitativ v\u00e5rd utan stressad personal.<\/li>\n<li>all personal inom omsorgen som jobbar v\u00e5rdn\u00e4ra m\u00e5ste kunna kommunicera p\u00e5 god svenska.<\/li>\n<li>Vi vill ha fler platser i anpassade boenden f\u00f6r \u00e4ldre s\u00e5som seniorboenden och trygghetsboenden.<\/li>\n<li>antalet hemtj\u00e4nstpersonal per hemtj\u00e4nstmottagare ska inte vara fler \u00e4n att den enskilde kan l\u00e4ra k\u00e4nna alla.<\/li>\n<li>kommunens v\u00e5rd och omsorg ska vara personcentrerad, d\u00e4r insatserna ska vara samordnade och utg\u00e5 fr\u00e5n den enskildes behov, situation, f\u00f6rm\u00e5gor och preferenser.<\/li>\n<li>kommunen ska erbjuda tr\u00e4ffpunkter f\u00f6r \u00e4ldre i samverkan med civilsamh\u00e4llet, med en variation av aktiviteter.<\/li>\n<\/ul>\n<p><strong><span style=\"color: #3366ff\">Utbildning<\/span><\/strong><\/p>\n<ul>\n<li>Vi vill se en \u00f6kad arbetsro i klassrummet f\u00f6r att skapa s\u00e5 god l\u00e4randemilj\u00f6 som m\u00f6jligt.<\/li>\n<li>Vi vill att skolan anst\u00e4ller l\u00e4rarassistenter i syfte att bist\u00e5 l\u00e4raren i klassrummet s\u00e5 att l\u00e4raren kan fokusera p\u00e5 det pedagogiska arbetet med eleverna.<\/li>\n<li>V\u00e4rna om v\u00e5ra nuvarande byaskolors fortsatta verksamhet i Eket, \u00c5sljunga och Sk\u00e5nes Fagerhult.<\/li>\n<li>Vi vill ha mindre barngrupper i f\u00f6rskolan. F\u00f6rskolans barngrupper ska f\u00f6r ett- till tre\u00e5ringar inte vara st\u00f6rre \u00e4n 12 barn. F\u00f6r \u00e4ldre barn ska de inte vara st\u00f6rre \u00e4n 15 barn per grupp.<\/li>\n<li>Vi vill att kommunen ska b\u00f6rja arbeta mer aktivt f\u00f6r att m\u00f6jligg\u00f6ra pedagogisk omsorg som en alternativ barnomsorg.<\/li>\n<li>Vi vill se en minskning av sk\u00e4rmanv\u00e4ndningen i skolan.<\/li>\n<li>Skolan m\u00e5ste kunna garantera en s\u00e4ker IT- och l\u00e4randemilj\u00f6 f\u00f6r eleverna vid anv\u00e4ndning av digitala hj\u00e4lpmedel.<\/li>\n<li>Inf\u00f6ra tv\u00e5l\u00e4rarsystem f\u00f6r \u00e4mnet matematik i grundskolan.<\/li>\n<li>Kommunalt och enskilt drivna skolor ska ges likv\u00e4rdiga f\u00f6ruts\u00e4ttningar s\u00e5v\u00e4l ekonomiskt som verksamhetsm\u00e4ssigt.<\/li>\n<li>V\u00e4rna friskolors j\u00e4mb\u00f6rdiga st\u00e4llning med kommunala skolor och bibeh\u00e5lla valm\u00f6jligheterna.<\/li>\n<li>Vi ska ha en skola som \u00e4r fri fr\u00e5n narkotika.<\/li>\n<li>Varje grundskola ska aktivt, och utan dr\u00f6jsm\u00e5l, uppm\u00e4rksamma elever som har h\u00f6g fr\u00e5nvaro och vidta de \u00e5tg\u00e4rder som kr\u00e4vs f\u00f6r att f\u00e5 tillbaka elever som har omfattande problematisk fr\u00e5nvaro.<\/li>\n<li>Nolltolerans ska g\u00e4lla mot s\u00e5v\u00e4l mobbing som kr\u00e4nkande behandling. Mobbaren, inte offret, b\u00f6r efter utredning och samtal som inte givit effekt, flyttas till annan skola.<\/li>\n<li>Ge st\u00f6d \u00e5t b\u00e5de l\u00e5g- och h\u00f6gpresterande elever s\u00e5 att alla kan blomma ut i sin fulla kompetens.<\/li>\n<li>F\u00f6rl\u00e4nga \u00f6ppettider p\u00e5 nattis\/korttidfritids (OB-omsorg) f\u00f6r att underl\u00e4tta livspusslet.<\/li>\n<li>Vi vill arbeta f\u00f6r antalet gymnasiebeh\u00f6riga h\u00f6gstadieelever \u00f6kar.<\/li>\n<\/ul>\n<p><strong><span style=\"color: #3366ff\">Sociala insatser<\/span><\/strong><\/p>\n<ul>\n<li>Vi vill att kommunen \u00e5terigen ska vara en valbar utf\u00f6rare av personlig assistans.<\/li>\n<li>Slopa avgiften f\u00f6r boendest\u00f6d.<\/li>\n<li>F\u00f6rl\u00e4nga \u00f6ppettider p\u00e5 korttidsboende under LSS<\/li>\n<li>F\u00f6rst\u00e4rka f\u00f6rebyggandeenheten p\u00e5 socialf\u00f6rvaltningen.<\/li>\n<li>Vi vill arbeta f\u00f6r att restaurangen och tr\u00e4ffpunkten blir av i samband med renoveringen av det s\u00e4rskilda boendet Solg\u00e5rden i Sk\u00e5nes Fagerhult.<\/li>\n<li>Forts\u00e4tta v\u00e5rt arbete med att st\u00e4rka kommunens olika verksamheter i arbetet mot psykisk oh\u00e4lsa, s\u00e4rskilt f\u00f6r barn och unga.<\/li>\n<li>Kommunen ska bedriva ett aktivt arbete f\u00f6r att motverka missbruk och beroendeproblem vad g\u00e4ller ANDTS (alkohol, narkotika, doping, tobak och spel). S\u00e4rskilt fokus ska l\u00e4ggas p\u00e5 barn och unga.<\/li>\n<li>Arbeta f\u00f6r att ingen fastnar i ett bidragsberoende.<\/li>\n<\/ul>\n<p><strong><span style=\"color: #3366ff\">Landsbygd &amp; samh\u00e4llsutveckling<\/span><\/strong><\/p>\n<ul>\n<li>Stoppa nedsl\u00e4ckning av gatubelysningen p\u00e5 landsbygden.<\/li>\n<li>St\u00e4rka upp det ekonomiska st\u00f6det f\u00f6r v\u00e5ra v\u00e4gf\u00f6reningar- och samf\u00e4lligheter genom att \u00f6ka storleken p\u00e5 drift- och underh\u00e5llsbidragen samt instifta ett s\u00e4rskilt s\u00f6kbart investeringsbidrag.<\/li>\n<li>St\u00f6dja byalagens initiativ f\u00f6r att skapa attraktiva och levande bygemenskaper.<\/li>\n<li>Forts\u00e4tta verka f\u00f6r byggnation av bost\u00e4der i hela kommunen.<\/li>\n<li>Forts\u00e4tta skapa f\u00f6ruts\u00e4ttningar f\u00f6r f\u00f6retags- och industrietableringar i hela kommunen.<\/li>\n<li>Forts\u00e4tta arbetet med att f\u00f6rsk\u00f6na de centrala delarna i kommunens orter.<\/li>\n<li>Jord- och skogsbruk ska kunna ske i hela kommunen och d\u00e4rigenom skapa en levande landsbygd. Detta kr\u00e4ver en fortsatt f\u00f6rst\u00e4rkning av \u00e4gander\u00e4tten, s\u00e5 att inte s\u00e4rintressen f\u00e5r h\u00e4rja fritt.<\/li>\n<li>Matproduktionen m\u00e5ste lyftas fram och prioriteras.<\/li>\n<li>Lyfta fram Pinn\u00e5ns kvalit\u00e9er i centrala \u00d6rkelljunga.<\/li>\n<li>Forts\u00e4tta arbeta f\u00f6r \u00f6kad polisn\u00e4rvaro.<\/li>\n<li>Verka f\u00f6r ett \u00e5terinf\u00f6rande av folktandv\u00e5rden i kommunen.<\/li>\n<\/ul>\n<p><strong><span style=\"color: #3366ff\">Kultur och fritid<\/span><\/strong><\/p>\n<ul>\n<li>Vi ska ha r\u00e4ttvisa f\u00f6reningsbidrag.<\/li>\n<li>Tillf\u00f6ra mer resurser till kulturskolan f\u00f6r att korta k\u00f6erna och minska v\u00e4ntetiderna.<\/li>\n<li>Tillse att satsningen med aktiviteter riktade till motorburen ungdom forts\u00e4tter.<\/li>\n<li>Kommunen ska tillhandah\u00e5lla en plats d\u00e4r motorintresserade ungdomar kan tr\u00e4ffas och umg\u00e5s. Det ska finnas m\u00f6jlighet att ta med sina fordon.<\/li>\n<li>St\u00e4rka upp arbetet gentemot f\u00f6reningarna genom en kommunal f\u00f6reningsst\u00f6djare.<\/li>\n<li>Att det inf\u00f6rs en ambulerande fritidsledare som \u00e5ker runt till v\u00e5ra byar och h\u00e5ller i aktiviteter f\u00f6r barn och unga i kommunala idrottsanl\u00e4ggningar.<\/li>\n<li>Vi vill att kommunen uppf\u00f6r en multiarena i j\u00e4rnv\u00e4gsparken i Sk\u00e5nes Fagerhult.<\/li>\n<\/ul>\n<p><strong><span style=\"color: #3366ff\">Milj\u00f6<\/span><\/strong><\/p>\n<ul>\n<li>Kommunen ska arbeta f\u00f6r en \u00f6kad andel n\u00e4rproducerade livsmedel i m\u00e5ltidsverksamheten inom f\u00f6rskola, skola och \u00e4ldreomsorg.<\/li>\n<li>Forts\u00e4tta att producera klimatsmart energi med t.ex. solceller. Vid alla nybyggnationer i kommunal regi ska energibehovet tillgodoses med smart energi.<\/li>\n<li>V\u00e4rna om den odlingsbara marken i kommunen.<\/li>\n<\/ul>\n<p><strong><span style=\"color: #3366ff\">\u00d6vrigt<\/span><\/strong><\/p>\n<ul>\n<li>Vi vill att kommunen ska ers\u00e4tta kommunala medarbetare med 10% av l\u00f6nen vid f\u00f6r\u00e4ldraledighet och n\u00e4r personal \u00e4r lediga f\u00f6r tj\u00e4nstg\u00f6ring inom civilf\u00f6rsvaret eller F\u00f6rsvarsmakten.<\/li>\n<li>Vi vill att kommunen ska etablera ett medborgarkontor som kan m\u00f6ta v\u00e5ra inv\u00e5nare som har fr\u00e5gor eller \u00e4renden.<\/li>\n<li>Vi vill verka f\u00f6r att kommunen arbetar aktivt med beredskapsarbetet och ser \u00f6ver m\u00f6jligheten att h\u00e5lla beredskapslager av exempelvis drivmedel f\u00f6r att kunna uppr\u00e4tth\u00e5lla n\u00f6dv\u00e4ndig verksamhet \u00e4ven i kris- och krig.<\/li>\n<li>Vi vill att kommuninv\u00e5narna ges m\u00f6jlighet att v\u00e4cka \u00e4renden i kommunfullm\u00e4ktige genom medborgarf\u00f6rslag.<\/li>\n<\/ul>\n","protected":false},"excerpt":{"rendered":"<p>Nedan kan du l\u00e4sa vad vi i Kristdemokraterna vill arbeta och verka f\u00f6r under mandatperioden 2026-2030. \u00c4ldreomsorgen \u00e4ldre med hemtj\u00e4nst ska kunna f\u00e5 v\u00e4lja k\u00f6n p\u00e5 den hemtj\u00e4nstpersonal som genomf\u00f6r insatserna i deras hem. Vi vill att personalt\u00e4theten \u00e4r tillr\u00e4ckligt h\u00f6g inom hemtj\u00e4nsten och p\u00e5 v\u00e5ra \u00e4ldreboenden s\u00e5 att kommunen kan erbjuda en h\u00f6gkvalitativ v\u00e5rd <a class=\"read-more-link\" href=\"https:\/\/wp.kristdemokraterna.se\/orkelljunga\/vad-vill-vi\/\">L\u00e4s mer<\/a><\/p>\n","protected":false},"author":961,"featured_media":0,"parent":0,"menu_order":0,"comment_status":"closed","ping_status":"closed","template":"","meta":{"_acf_changed":false,"footnotes":""},"class_list":["post-1080","page","type-page","status-publish","hentry"],"acf":[],"yoast_head":"<!-- This site is optimized with the Yoast SEO plugin v27.4 - https:\/\/yoast.com\/product\/yoast-seo-wordpress\/ -->\n<title>V\u00e5r Politik - Kristdemokraterna | \u00d6rkelljunga<\/title>\n<meta name=\"robots\" content=\"index, follow, max-snippet:-1, max-image-preview:large, max-video-preview:-1\" \/>\n<link rel=\"canonical\" href=\"https:\/\/wp.kristdemokraterna.se\/orkelljunga\/vad-vill-vi\/\" \/>\n<meta property=\"og:locale\" content=\"sv_SE\" \/>\n<meta property=\"og:type\" content=\"article\" \/>\n<meta property=\"og:title\" content=\"V\u00e5r Politik - Kristdemokraterna | \u00d6rkelljunga\" \/>\n<meta property=\"og:description\" content=\"Nedan kan du l\u00e4sa vad vi i Kristdemokraterna vill arbeta och verka f\u00f6r under mandatperioden 2026-2030. \u00c4ldreomsorgen \u00e4ldre med hemtj\u00e4nst ska kunna f\u00e5 v\u00e4lja k\u00f6n p\u00e5 den hemtj\u00e4nstpersonal som genomf\u00f6r insatserna i deras hem. Vi vill att personalt\u00e4theten \u00e4r tillr\u00e4ckligt h\u00f6g inom hemtj\u00e4nsten och p\u00e5 v\u00e5ra \u00e4ldreboenden s\u00e5 att kommunen kan erbjuda en h\u00f6gkvalitativ v\u00e5rd L\u00e4s mer\" \/>\n<meta property=\"og:url\" content=\"https:\/\/wp.kristdemokraterna.se\/orkelljunga\/vad-vill-vi\/\" \/>\n<meta property=\"og:site_name\" content=\"Kristdemokraterna | \u00d6rkelljunga\" \/>\n<meta property=\"article:modified_time\" content=\"2026-04-02T18:22:01+00:00\" \/>\n<meta name=\"twitter:card\" content=\"summary_large_image\" \/>\n<meta name=\"twitter:label1\" content=\"Ber\u00e4knad l\u00e4stid\" \/>\n\t<meta name=\"twitter:data1\" content=\"5 minuter\" \/>\n<script type=\"application\/ld+json\" class=\"yoast-schema-graph\">{\"@context\":\"https:\\\/\\\/schema.org\",\"@graph\":[{\"@type\":\"WebPage\",\"@id\":\"https:\\\/\\\/wp.kristdemokraterna.se\\\/orkelljunga\\\/vad-vill-vi\\\/\",\"url\":\"https:\\\/\\\/wp.kristdemokraterna.se\\\/orkelljunga\\\/vad-vill-vi\\\/\",\"name\":\"V\u00e5r Politik - Kristdemokraterna | \u00d6rkelljunga\",\"isPartOf\":{\"@id\":\"https:\\\/\\\/wp.kristdemokraterna.se\\\/orkelljunga\\\/#website\"},\"datePublished\":\"2022-07-30T14:05:48+00:00\",\"dateModified\":\"2026-04-02T18:22:01+00:00\",\"breadcrumb\":{\"@id\":\"https:\\\/\\\/wp.kristdemokraterna.se\\\/orkelljunga\\\/vad-vill-vi\\\/#breadcrumb\"},\"inLanguage\":\"sv-SE\",\"potentialAction\":[{\"@type\":\"ReadAction\",\"target\":[\"https:\\\/\\\/wp.kristdemokraterna.se\\\/orkelljunga\\\/vad-vill-vi\\\/\"]}]},{\"@type\":\"BreadcrumbList\",\"@id\":\"https:\\\/\\\/wp.kristdemokraterna.se\\\/orkelljunga\\\/vad-vill-vi\\\/#breadcrumb\",\"itemListElement\":[{\"@type\":\"ListItem\",\"position\":1,\"name\":\"Hem\",\"item\":\"https:\\\/\\\/wp.kristdemokraterna.se\\\/orkelljunga\\\/\"},{\"@type\":\"ListItem\",\"position\":2,\"name\":\"V\u00e5r Politik\"}]},{\"@type\":\"WebSite\",\"@id\":\"https:\\\/\\\/wp.kristdemokraterna.se\\\/orkelljunga\\\/#website\",\"url\":\"https:\\\/\\\/wp.kristdemokraterna.se\\\/orkelljunga\\\/\",\"name\":\"Kristdemokraterna | \u00d6rkelljunga\",\"description\":\"\u00c4nnu en webbplats hos Kristdemokraterna\",\"inLanguage\":\"sv-SE\"}]}<\/script>\n<!-- \/ Yoast SEO plugin. -->","yoast_head_json":{"title":"V\u00e5r Politik - Kristdemokraterna | \u00d6rkelljunga","robots":{"index":"index","follow":"follow","max-snippet":"max-snippet:-1","max-image-preview":"max-image-preview:large","max-video-preview":"max-video-preview:-1"},"canonical":"https:\/\/wp.kristdemokraterna.se\/orkelljunga\/vad-vill-vi\/","og_locale":"sv_SE","og_type":"article","og_title":"V\u00e5r Politik - Kristdemokraterna | \u00d6rkelljunga","og_description":"Nedan kan du l\u00e4sa vad vi i Kristdemokraterna vill arbeta och verka f\u00f6r under mandatperioden 2026-2030. \u00c4ldreomsorgen \u00e4ldre med hemtj\u00e4nst ska kunna f\u00e5 v\u00e4lja k\u00f6n p\u00e5 den hemtj\u00e4nstpersonal som genomf\u00f6r insatserna i deras hem. Vi vill att personalt\u00e4theten \u00e4r tillr\u00e4ckligt h\u00f6g inom hemtj\u00e4nsten och p\u00e5 v\u00e5ra \u00e4ldreboenden s\u00e5 att kommunen kan erbjuda en h\u00f6gkvalitativ v\u00e5rd L\u00e4s mer","og_url":"https:\/\/wp.kristdemokraterna.se\/orkelljunga\/vad-vill-vi\/","og_site_name":"Kristdemokraterna | \u00d6rkelljunga","article_modified_time":"2026-04-02T18:22:01+00:00","twitter_card":"summary_large_image","twitter_misc":{"Ber\u00e4knad l\u00e4stid":"5 minuter"},"schema":{"@context":"https:\/\/schema.org","@graph":[{"@type":"WebPage","@id":"https:\/\/wp.kristdemokraterna.se\/orkelljunga\/vad-vill-vi\/","url":"https:\/\/wp.kristdemokraterna.se\/orkelljunga\/vad-vill-vi\/","name":"V\u00e5r Politik - Kristdemokraterna | \u00d6rkelljunga","isPartOf":{"@id":"https:\/\/wp.kristdemokraterna.se\/orkelljunga\/#website"},"datePublished":"2022-07-30T14:05:48+00:00","dateModified":"2026-04-02T18:22:01+00:00","breadcrumb":{"@id":"https:\/\/wp.kristdemokraterna.se\/orkelljunga\/vad-vill-vi\/#breadcrumb"},"inLanguage":"sv-SE","potentialAction":[{"@type":"ReadAction","target":["https:\/\/wp.kristdemokraterna.se\/orkelljunga\/vad-vill-vi\/"]}]},{"@type":"BreadcrumbList","@id":"https:\/\/wp.kristdemokraterna.se\/orkelljunga\/vad-vill-vi\/#breadcrumb","itemListElement":[{"@type":"ListItem","position":1,"name":"Hem","item":"https:\/\/wp.kristdemokraterna.se\/orkelljunga\/"},{"@type":"ListItem","position":2,"name":"V\u00e5r Politik"}]},{"@type":"WebSite","@id":"https:\/\/wp.kristdemokraterna.se\/orkelljunga\/#website","url":"https:\/\/wp.kristdemokraterna.se\/orkelljunga\/","name":"Kristdemokraterna | \u00d6rkelljunga","description":"\u00c4nnu en webbplats hos Kristdemokraterna","inLanguage":"sv-SE"}]}},"_links":{"self":[{"href":"https:\/\/wp.kristdemokraterna.se\/orkelljunga\/wp-json\/wp\/v2\/pages\/1080","targetHints":{"allow":["GET"]}}],"collection":[{"href":"https:\/\/wp.kristdemokraterna.se\/orkelljunga\/wp-json\/wp\/v2\/pages"}],"about":[{"href":"https:\/\/wp.kristdemokraterna.se\/orkelljunga\/wp-json\/wp\/v2\/types\/page"}],"author":[{"embeddable":true,"href":"https:\/\/wp.kristdemokraterna.se\/orkelljunga\/wp-json\/wp\/v2\/users\/961"}],"replies":[{"embeddable":true,"href":"https:\/\/wp.kristdemokraterna.se\/orkelljunga\/wp-json\/wp\/v2\/comments?post=1080"}],"version-history":[{"count":16,"href":"https:\/\/wp.kristdemokraterna.se\/orkelljunga\/wp-json\/wp\/v2\/pages\/1080\/revisions"}],"predecessor-version":[{"id":1183,"href":"https:\/\/wp.kristdemokraterna.se\/orkelljunga\/wp-json\/wp\/v2\/pages\/1080\/revisions\/1183"}],"wp:attachment":[{"href":"https:\/\/wp.kristdemokraterna.se\/orkelljunga\/wp-json\/wp\/v2\/media?parent=1080"}],"curies":[{"name":"wp","href":"https:\/\/api.w.org\/{rel}","templated":true}]}}