{"id":1135,"date":"2023-01-15T15:21:10","date_gmt":"2023-01-15T14:21:10","guid":{"rendered":"http:\/\/wp.kristdemokraterna.se\/ornskoldsvik\/?page_id=342"},"modified":"2023-01-15T15:21:10","modified_gmt":"2023-01-15T14:21:10","slug":"i-var-kommun-2","status":"publish","type":"page","link":"https:\/\/wp.kristdemokraterna.se\/ornskoldsvik\/i-var-kommun-2\/","title":{"rendered":"OM KRISTDEMOKRATERNA"},"content":{"rendered":"<h3>Arbete, f\u00f6retagande och Boende<\/h3>\n<p>Varje m\u00e4nniska har behov av gemenskap med andra, ta eget ansvar och utvecklas som person. Ett arbete \u00e4r d\u00e4rf\u00f6r viktigt f\u00f6r varje m\u00e4nniska. Vi vill ha ett samh\u00e4lle som tar vara p\u00e5 alla m\u00e4nniskors m\u00f6jligheter och inneboende f\u00f6rm\u00e5ga. Alla kan inte arbeta 100 procent av heltid, men alla ska ha m\u00f6jlighet att arbeta 100 procent av sin f\u00f6rm\u00e5ga.<\/p>\n<p><i><\/i>Idag \u00e4r bostadskrisen ett faktum. Detta \u00e4r ett enormt problem f\u00f6r m\u00e4nniskor, inte minst ungdomar som g\u00f6r sin entr\u00e9 p\u00e5 bostadsmarknaden. Till m\u00e4nniskans grundl\u00e4ggande behov och r\u00e4ttigheter h\u00f6r att ha en bostad, en plats att kalla sitt hem. Det \u00e4r d\u00e4r man k\u00e4nner trygghet.<\/p>\n<p>&nbsp;<\/p>\n<h3>Ekonomi och skatter<\/h3>\n<p>Kristdemokraternas ekonomiska politik bygger p\u00e5 att marknadsekonomin m\u00e5ste kombineras med en socialt ansvarsfull politik f\u00f6r att s\u00e4kra s\u00e5v\u00e4l en b\u00e4ttre v\u00e4lf\u00e4rdsutveckling som en skatteniv\u00e5 som ger vanliga m\u00e4nniskor mer pengar kvar i pl\u00e5nboken. Det i sin tur \u00f6kar friheten och det personliga ansvarstagandet.<\/p>\n<p>&nbsp;<\/p>\n<h3>Familj<\/h3>\n<p>Familjen \u00e4r den viktigaste gemenskapen. Barn som v\u00e4xer upp i trygga familjer f\u00e5r goda f\u00f6ruts\u00e4ttningar att klara livets utmaningar. Vi vet samtidigt att barn och unga m\u00e5r allt s\u00e4mre i dag. En viktig del i att f\u00f6rb\u00e4ttra uppv\u00e4xtvillkoren f\u00f6r barn och unga \u00e4r att st\u00f6dja familjen. Kristdemokraterna vill st\u00f6dja och f\u00f6rvalta de v\u00e4rden och f\u00f6ruts\u00e4ttningar som bidrar till att familjen kan fungera.<\/p>\n<p>&nbsp;<\/p>\n<h3>F\u00f6rsvar, Utrikes och bist\u00e5nd<\/h3>\n<p><i><\/i>Utg\u00e5ngspunkt f\u00f6r den kristdemokratiska s\u00e4kerhetspolitiken \u00e4r varje m\u00e4nniskas r\u00e4tt till liv och v\u00e4rdighet. Dess \u00f6vergripande m\u00e5l \u00e4r att bidra till fred, frihet och s\u00e4kerhet f\u00f6r alla m\u00e4nniskor i samh\u00e4llet och att solidariskt bidra till en fredlig utveckling i omv\u00e4rlden.<\/p>\n<p><i><\/i>De \u00f6vergripande m\u00e5len f\u00f6r Sveriges utvecklingssamarbete m\u00e5ste vara att h\u00e4vda m\u00e4nniskov\u00e4rdet, fr\u00e4mja m\u00e4nskliga r\u00e4ttigheter och demokrati samt h\u00f6ja de fattigas levnadsniv\u00e5. Den enskilda m\u00e4nniskans situation m\u00e5ste vara i fokus f\u00f6r detta arbete. Id\u00e9n om att alla m\u00e4nniskor, var de \u00e4n bor, har samma v\u00e4rde och att vi alla har ett ansvar f\u00f6r varandra utg\u00f6r en stark motivation till den solidaritet som \u00e4r grundl\u00e4ggande i den kristdemokratiska ideologin. Genom \u00f6kad delaktighet i samh\u00e4llet, starkare civila samh\u00e4llen och st\u00f6rre spridning av makt och resurser fr\u00e4mjas f\u00f6ruts\u00e4ttningarna f\u00f6r en h\u00e5llbar utveckling.<\/p>\n<p>&nbsp;<\/p>\n<h3>Jord- och skogsbruk\/Milj\u00f6 och energi<\/h3>\n<p><i><\/i>Kristdemokraternas milj\u00f6- och energipolitik grundar sig p\u00e5 f\u00f6rvaltarskapsprincipen. M\u00e4nniskan har ett ansvar att f\u00f6rvalta de \u00e4ndliga resurserna och naturv\u00e4rdena.\u00a0 I detta ing\u00e5r \u00e4ven att v\u00e5rda och underh\u00e5lla v\u00e5ra befintliga byggnader, ist\u00e4llet f\u00f6r att l\u00e5ta dem f\u00f6rfalla och st\u00e4ndigt bygga nytt. Vi beh\u00f6ver vara r\u00e4dda om v\u00e5ra resurser s\u00e5 de r\u00e4cker \u00e4ven till kommande generationer.<\/p>\n<p>Kristdemokraterna styrs av f\u00f6rvaltartanken. Detta inneb\u00e4r att m\u00e4nniskan ska nyttja jordens resurser varsamt, efter behov. Naturens v\u00e4rde kan inte bara r\u00e4knas i vad den ger i produktion. Inte minst f\u00f6r v\u00e5r rekreation \u00e4r den ov\u00e4rderlig.<\/p>\n<p>&nbsp;<\/p>\n<h3>J\u00e4mst\u00e4lldhet<\/h3>\n<p>Kvinnor och m\u00e4n ska ha lika villkor att forma sitt liv utifr\u00e5n sina egna \u00f6nskem\u00e5l. D\u00e4r \u00e4r samh\u00e4llet inte i dag. Det finns hem d\u00e4r kvinnor inte f\u00e5r g\u00e5 ut eller v\u00e4lja vem de vill gift sig med. Utseendefixering och h\u00e5rda prestationskrav skapar stress och driver m\u00e5nga unga kvinnor mot psykisk oh\u00e4lsa. V\u00e5ld i n\u00e4ra relationer \u00e4r ett allvarligt, och till stora delar dolt, samh\u00e4llsproblem.<\/p>\n<p>&nbsp;<\/p>\n<h3>Kultur och Religion<\/h3>\n<p><i><\/i>Det svenska kulturarvet b\u00e4rs till stor del upp av immateriella v\u00e4rden. Det \u00e4r s\u00e5dant som m\u00e4nniskolivet okr\u00e4nkbarhet, individers frihet och integritet, alla m\u00e4nniskors lika v\u00e4rde, j\u00e4mst\u00e4lldhet mellan kvinnor och m\u00e4n samt solidaritet med svaga. Detta grundar sig i den etik som f\u00f6rvaltas av kristen tradition och v\u00e4sterl\u00e4ndsk humanism. Den id\u00e9traditionen har gett upphov till de dygder som pr\u00e4glar v\u00e5rt samh\u00e4lle som r\u00e4ttsk\u00e4nsla, mod, solidaritet, \u00e4rlighet, generositet, tolerans och ansvarstagande.<\/p>\n<p>Kristen etik utg\u00f6r till stor del den v\u00e4rdegrund som v\u00e5rt samh\u00e4lle vilar p\u00e5. Att vara medvetenhet om sin egna historiska identitet skapar trygga medborgare och \u00e4r en viktig f\u00f6ruts\u00e4ttning f\u00f6r att kunna f\u00f6rst\u00e5 m\u00e4nniskor med annan religi\u00f6s och kulturell bakgrund.<\/p>\n<p>&nbsp;<\/p>\n<h3>Lag och r\u00e4tt<\/h3>\n<p>Sverige ska vara ett tryggt land att leva i, oavsett vem man \u00e4r eller var man bor. En av statens absolut viktigaste uppgifter \u00e4r att genom ett v\u00e4l fungerande r\u00e4ttsv\u00e4sende ge medborgarna trygghet.<\/p>\n<p>&nbsp;<\/p>\n<h3>Migration och integration<\/h3>\n<p><i><\/i>Kristdemokraterna vill ha ett flyktingmottagande som v\u00e4rnar \u00f6ppenhet och respekt f\u00f6r asylr\u00e4tten. Sverige ska ge skydd till m\u00e4nniskor som flyr undan f\u00f6rf\u00f6ljelse, krig och f\u00f6rtryck. Men f\u00f6r att klara ett gott mottagande m\u00e5ste det vara ordning och reda i asylmottagningen. Den ska vara reglerad och kontrollerad samt kombineras med en effektiv och v\u00e4lfungerande integrationspolitik.<\/p>\n<p>&nbsp;<\/p>\n<h3>Skola och utbildning<\/h3>\n<p>Skolans uppgift \u00e4r att ge varje elev kunskaper som \u00e4r n\u00f6dv\u00e4ndiga f\u00f6r att leva och verka i ett modernt samh\u00e4lle och att tillsammans med f\u00f6r\u00e4ldrarna fostra eleverna till ansvarsk\u00e4nnande medborgare. V\u00e5r utbildningspolitik fokuserar p\u00e5 kunskap, bildning och arbetsro och d\u00e4r varje skola har stor frihet att utforma verksamheten.<\/p>\n<p>&nbsp;<\/p>\n<h3>V\u00e5rd och omsorg<\/h3>\n<p>Sverige befinner sig i en v\u00e5rdkris d\u00e4r personal fattas och k\u00f6erna \u00e4r olagligt l\u00e5nga. Kristdemokraterna vill l\u00e4mna styret med 21 regioner och g\u00e5 \u00f6ver till en nationellt styrd v\u00e5rd. Detta skulle korta k\u00f6erna och generera r\u00e4ttvis v\u00e5rd till alla m\u00e4nniskor oavsett var du bor i Sverige.<\/p>\n","protected":false},"excerpt":{"rendered":"<p>Arbete, f\u00f6retagande och Boende Varje m\u00e4nniska har behov av gemenskap med andra, ta eget ansvar och utvecklas som person. Ett arbete \u00e4r d\u00e4rf\u00f6r viktigt f\u00f6r varje m\u00e4nniska. Vi vill ha ett samh\u00e4lle som tar vara p\u00e5 alla m\u00e4nniskors m\u00f6jligheter och inneboende f\u00f6rm\u00e5ga. Alla kan inte arbeta 100 procent av heltid, men alla ska ha m\u00f6jlighet <a class=\"read-more-link\" href=\"https:\/\/wp.kristdemokraterna.se\/ornskoldsvik\/i-var-kommun-2\/\">L\u00e4s mer<\/a><\/p>\n","protected":false},"author":444,"featured_media":714,"parent":0,"menu_order":0,"comment_status":"closed","ping_status":"closed","template":"page.php","meta":{"_acf_changed":false,"footnotes":""},"class_list":["post-1135","page","type-page","status-publish","hentry"],"acf":[],"yoast_head":"<!-- This site is optimized with the Yoast SEO plugin v27.4 - https:\/\/yoast.com\/product\/yoast-seo-wordpress\/ -->\n<title>OM KRISTDEMOKRATERNA - Kristdemokraterna | \u00d6rnsk\u00f6ldsvik<\/title>\n<meta name=\"description\" content=\"H\u00e4r kan du l\u00e4sa vad kristdemokraterna st\u00e5r f\u00f6r i olika fr\u00e5gor s\u00e5som v\u00e5rd och omsorg, skola, landsbygdsfr\u00e5gor, arbete och f\u00f6retagande m.m.\" \/>\n<meta name=\"robots\" content=\"index, follow, max-snippet:-1, max-image-preview:large, max-video-preview:-1\" \/>\n<link rel=\"canonical\" href=\"https:\/\/wp.kristdemokraterna.se\/ornskoldsvik\/i-var-kommun-2\/\" \/>\n<meta property=\"og:locale\" content=\"sv_SE\" \/>\n<meta property=\"og:type\" content=\"article\" \/>\n<meta property=\"og:title\" content=\"OM KRISTDEMOKRATERNA - Kristdemokraterna | \u00d6rnsk\u00f6ldsvik\" \/>\n<meta property=\"og:description\" content=\"H\u00e4r kan du l\u00e4sa vad kristdemokraterna st\u00e5r f\u00f6r i olika fr\u00e5gor s\u00e5som v\u00e5rd och omsorg, skola, landsbygdsfr\u00e5gor, arbete och f\u00f6retagande m.m.\" \/>\n<meta property=\"og:url\" content=\"https:\/\/wp.kristdemokraterna.se\/ornskoldsvik\/i-var-kommun-2\/\" \/>\n<meta property=\"og:site_name\" content=\"Kristdemokraterna | \u00d6rnsk\u00f6ldsvik\" \/>\n<meta name=\"twitter:card\" content=\"summary_large_image\" \/>\n<meta name=\"twitter:label1\" content=\"Ber\u00e4knad l\u00e4stid\" \/>\n\t<meta name=\"twitter:data1\" content=\"5 minuter\" \/>\n<script type=\"application\/ld+json\" class=\"yoast-schema-graph\">{\"@context\":\"https:\\\/\\\/schema.org\",\"@graph\":[{\"@type\":\"WebPage\",\"@id\":\"https:\\\/\\\/wp.kristdemokraterna.se\\\/ornskoldsvik\\\/i-var-kommun-2\\\/\",\"url\":\"https:\\\/\\\/wp.kristdemokraterna.se\\\/ornskoldsvik\\\/i-var-kommun-2\\\/\",\"name\":\"OM KRISTDEMOKRATERNA - Kristdemokraterna | \u00d6rnsk\u00f6ldsvik\",\"isPartOf\":{\"@id\":\"https:\\\/\\\/wp.kristdemokraterna.se\\\/ornskoldsvik\\\/#website\"},\"primaryImageOfPage\":{\"@id\":\"https:\\\/\\\/wp.kristdemokraterna.se\\\/ornskoldsvik\\\/i-var-kommun-2\\\/#primaryimage\"},\"image\":{\"@id\":\"https:\\\/\\\/wp.kristdemokraterna.se\\\/ornskoldsvik\\\/i-var-kommun-2\\\/#primaryimage\"},\"thumbnailUrl\":\"\",\"datePublished\":\"2023-01-15T14:21:10+00:00\",\"description\":\"H\u00e4r kan du l\u00e4sa vad kristdemokraterna st\u00e5r f\u00f6r i olika fr\u00e5gor s\u00e5som v\u00e5rd och omsorg, skola, landsbygdsfr\u00e5gor, arbete och f\u00f6retagande m.m.\",\"breadcrumb\":{\"@id\":\"https:\\\/\\\/wp.kristdemokraterna.se\\\/ornskoldsvik\\\/i-var-kommun-2\\\/#breadcrumb\"},\"inLanguage\":\"sv-SE\",\"potentialAction\":[{\"@type\":\"ReadAction\",\"target\":[\"https:\\\/\\\/wp.kristdemokraterna.se\\\/ornskoldsvik\\\/i-var-kommun-2\\\/\"]}]},{\"@type\":\"ImageObject\",\"inLanguage\":\"sv-SE\",\"@id\":\"https:\\\/\\\/wp.kristdemokraterna.se\\\/ornskoldsvik\\\/i-var-kommun-2\\\/#primaryimage\",\"url\":\"\",\"contentUrl\":\"\"},{\"@type\":\"BreadcrumbList\",\"@id\":\"https:\\\/\\\/wp.kristdemokraterna.se\\\/ornskoldsvik\\\/i-var-kommun-2\\\/#breadcrumb\",\"itemListElement\":[{\"@type\":\"ListItem\",\"position\":1,\"name\":\"Hem\",\"item\":\"https:\\\/\\\/wp.kristdemokraterna.se\\\/ornskoldsvik\\\/\"},{\"@type\":\"ListItem\",\"position\":2,\"name\":\"OM KRISTDEMOKRATERNA\"}]},{\"@type\":\"WebSite\",\"@id\":\"https:\\\/\\\/wp.kristdemokraterna.se\\\/ornskoldsvik\\\/#website\",\"url\":\"https:\\\/\\\/wp.kristdemokraterna.se\\\/ornskoldsvik\\\/\",\"name\":\"Kristdemokraterna | \u00d6rnsk\u00f6ldsvik\",\"description\":\"En till Kristdemokraterna webbplats\",\"inLanguage\":\"sv-SE\"}]}<\/script>\n<!-- \/ Yoast SEO plugin. -->","yoast_head_json":{"title":"OM KRISTDEMOKRATERNA - Kristdemokraterna | \u00d6rnsk\u00f6ldsvik","description":"H\u00e4r kan du l\u00e4sa vad kristdemokraterna st\u00e5r f\u00f6r i olika fr\u00e5gor s\u00e5som v\u00e5rd och omsorg, skola, landsbygdsfr\u00e5gor, arbete och f\u00f6retagande m.m.","robots":{"index":"index","follow":"follow","max-snippet":"max-snippet:-1","max-image-preview":"max-image-preview:large","max-video-preview":"max-video-preview:-1"},"canonical":"https:\/\/wp.kristdemokraterna.se\/ornskoldsvik\/i-var-kommun-2\/","og_locale":"sv_SE","og_type":"article","og_title":"OM KRISTDEMOKRATERNA - Kristdemokraterna | \u00d6rnsk\u00f6ldsvik","og_description":"H\u00e4r kan du l\u00e4sa vad kristdemokraterna st\u00e5r f\u00f6r i olika fr\u00e5gor s\u00e5som v\u00e5rd och omsorg, skola, landsbygdsfr\u00e5gor, arbete och f\u00f6retagande m.m.","og_url":"https:\/\/wp.kristdemokraterna.se\/ornskoldsvik\/i-var-kommun-2\/","og_site_name":"Kristdemokraterna | \u00d6rnsk\u00f6ldsvik","twitter_card":"summary_large_image","twitter_misc":{"Ber\u00e4knad l\u00e4stid":"5 minuter"},"schema":{"@context":"https:\/\/schema.org","@graph":[{"@type":"WebPage","@id":"https:\/\/wp.kristdemokraterna.se\/ornskoldsvik\/i-var-kommun-2\/","url":"https:\/\/wp.kristdemokraterna.se\/ornskoldsvik\/i-var-kommun-2\/","name":"OM KRISTDEMOKRATERNA - Kristdemokraterna | \u00d6rnsk\u00f6ldsvik","isPartOf":{"@id":"https:\/\/wp.kristdemokraterna.se\/ornskoldsvik\/#website"},"primaryImageOfPage":{"@id":"https:\/\/wp.kristdemokraterna.se\/ornskoldsvik\/i-var-kommun-2\/#primaryimage"},"image":{"@id":"https:\/\/wp.kristdemokraterna.se\/ornskoldsvik\/i-var-kommun-2\/#primaryimage"},"thumbnailUrl":"","datePublished":"2023-01-15T14:21:10+00:00","description":"H\u00e4r kan du l\u00e4sa vad kristdemokraterna st\u00e5r f\u00f6r i olika fr\u00e5gor s\u00e5som v\u00e5rd och omsorg, skola, landsbygdsfr\u00e5gor, arbete och f\u00f6retagande m.m.","breadcrumb":{"@id":"https:\/\/wp.kristdemokraterna.se\/ornskoldsvik\/i-var-kommun-2\/#breadcrumb"},"inLanguage":"sv-SE","potentialAction":[{"@type":"ReadAction","target":["https:\/\/wp.kristdemokraterna.se\/ornskoldsvik\/i-var-kommun-2\/"]}]},{"@type":"ImageObject","inLanguage":"sv-SE","@id":"https:\/\/wp.kristdemokraterna.se\/ornskoldsvik\/i-var-kommun-2\/#primaryimage","url":"","contentUrl":""},{"@type":"BreadcrumbList","@id":"https:\/\/wp.kristdemokraterna.se\/ornskoldsvik\/i-var-kommun-2\/#breadcrumb","itemListElement":[{"@type":"ListItem","position":1,"name":"Hem","item":"https:\/\/wp.kristdemokraterna.se\/ornskoldsvik\/"},{"@type":"ListItem","position":2,"name":"OM KRISTDEMOKRATERNA"}]},{"@type":"WebSite","@id":"https:\/\/wp.kristdemokraterna.se\/ornskoldsvik\/#website","url":"https:\/\/wp.kristdemokraterna.se\/ornskoldsvik\/","name":"Kristdemokraterna | \u00d6rnsk\u00f6ldsvik","description":"En till Kristdemokraterna webbplats","inLanguage":"sv-SE"}]}},"_links":{"self":[{"href":"https:\/\/wp.kristdemokraterna.se\/ornskoldsvik\/wp-json\/wp\/v2\/pages\/1135","targetHints":{"allow":["GET"]}}],"collection":[{"href":"https:\/\/wp.kristdemokraterna.se\/ornskoldsvik\/wp-json\/wp\/v2\/pages"}],"about":[{"href":"https:\/\/wp.kristdemokraterna.se\/ornskoldsvik\/wp-json\/wp\/v2\/types\/page"}],"author":[{"embeddable":true,"href":"https:\/\/wp.kristdemokraterna.se\/ornskoldsvik\/wp-json\/wp\/v2\/users\/444"}],"replies":[{"embeddable":true,"href":"https:\/\/wp.kristdemokraterna.se\/ornskoldsvik\/wp-json\/wp\/v2\/comments?post=1135"}],"version-history":[{"count":0,"href":"https:\/\/wp.kristdemokraterna.se\/ornskoldsvik\/wp-json\/wp\/v2\/pages\/1135\/revisions"}],"wp:featuredmedia":[{"embeddable":true,"href":"https:\/\/wp.kristdemokraterna.se\/ornskoldsvik\/wp-json\/"}],"wp:attachment":[{"href":"https:\/\/wp.kristdemokraterna.se\/ornskoldsvik\/wp-json\/wp\/v2\/media?parent=1135"}],"curies":[{"name":"wp","href":"https:\/\/api.w.org\/{rel}","templated":true}]}}