{"id":375,"date":"2026-04-04T16:48:06","date_gmt":"2026-04-04T14:48:06","guid":{"rendered":"https:\/\/wp.kristdemokraterna.se\/ornskoldsvik2\/?page_id=375"},"modified":"2026-04-16T19:37:11","modified_gmt":"2026-04-16T17:37:11","slug":"var-politik-i-landstinget","status":"publish","type":"page","link":"https:\/\/wp.kristdemokraterna.se\/ornskoldsvik\/textsida-fullbredd\/var-politik-i-landstinget\/","title":{"rendered":"V\u00e5r politik i Regionen"},"content":{"rendered":"<h2 data-section-id=\"1ko9e5u\" data-start=\"111\" data-end=\"140\"><strong style=\"font-size: 16px\" data-start=\"146\" data-end=\"183\"><a href=\"https:\/\/wp.kristdemokraterna.se\/ornskoldsvik\/files\/2026\/04\/659015442_1342056487954219_8704078366406989350_n.jpg\"><img loading=\"lazy\" decoding=\"async\" class=\"alignnone size-medium wp-image-1242\" src=\"https:\/\/wp.kristdemokraterna.se\/ornskoldsvik\/files\/2026\/04\/659015442_1342056487954219_8704078366406989350_n-300x225.jpg\" alt=\"\" width=\"300\" height=\"225\" srcset=\"https:\/\/wp.kristdemokraterna.se\/ornskoldsvik\/files\/2026\/04\/659015442_1342056487954219_8704078366406989350_n-300x225.jpg 300w, https:\/\/wp.kristdemokraterna.se\/ornskoldsvik\/files\/2026\/04\/659015442_1342056487954219_8704078366406989350_n-267x200.jpg 267w, https:\/\/wp.kristdemokraterna.se\/ornskoldsvik\/files\/2026\/04\/659015442_1342056487954219_8704078366406989350_n-370x278.jpg 370w, https:\/\/wp.kristdemokraterna.se\/ornskoldsvik\/files\/2026\/04\/659015442_1342056487954219_8704078366406989350_n-450x338.jpg 450w, https:\/\/wp.kristdemokraterna.se\/ornskoldsvik\/files\/2026\/04\/659015442_1342056487954219_8704078366406989350_n-280x210.jpg 280w, https:\/\/wp.kristdemokraterna.se\/ornskoldsvik\/files\/2026\/04\/659015442_1342056487954219_8704078366406989350_n-340x255.jpg 340w, https:\/\/wp.kristdemokraterna.se\/ornskoldsvik\/files\/2026\/04\/659015442_1342056487954219_8704078366406989350_n-200x150.jpg 200w, https:\/\/wp.kristdemokraterna.se\/ornskoldsvik\/files\/2026\/04\/659015442_1342056487954219_8704078366406989350_n-75x56.jpg 75w, https:\/\/wp.kristdemokraterna.se\/ornskoldsvik\/files\/2026\/04\/659015442_1342056487954219_8704078366406989350_n.jpg 720w\" sizes=\"auto, (max-width: 300px) 100vw, 300px\" \/><\/a><br \/>\nGod och n\u00e4ra v\u00e5rd i hela regionen<\/strong><\/h2>\n<p data-start=\"185\" data-end=\"367\">Den som \u00e4r sjuk ska kunna lita p\u00e5 att f\u00e5 v\u00e5rd i tid \u2013 oavsett var i <span class=\"hover:entity-accent entity-underline inline cursor-pointer align-baseline\"><span class=\"whitespace-normal\">Region V\u00e4sternorrland<\/span><\/span> man bor. V\u00e5rden ska vara tillg\u00e4nglig, j\u00e4mlik och utg\u00e5 fr\u00e5n patientens behov.<\/p>\n<p data-start=\"369\" data-end=\"377\">Vi vill:<\/p>\n<ul data-start=\"379\" data-end=\"744\">\n<li data-section-id=\"edtb32\" data-start=\"379\" data-end=\"439\">Korta v\u00e5rdk\u00f6erna och s\u00e4kerst\u00e4lla att fler f\u00e5r v\u00e5rd i tid<\/li>\n<li data-section-id=\"bdq81h\" data-start=\"440\" data-end=\"513\">\u00d6ka antalet v\u00e5rdplatser och f\u00f6rb\u00e4ttra arbetsmilj\u00f6n f\u00f6r v\u00e5rdpersonalen<\/li>\n<li data-section-id=\"fybrmk\" data-start=\"514\" data-end=\"582\">Utveckla den n\u00e4ra v\u00e5rden och st\u00e4rka prim\u00e4rv\u00e5rden i hela regionen<\/li>\n<li data-section-id=\"13fhbp0\" data-start=\"583\" data-end=\"669\">Ta tillvara id\u00e9buren v\u00e5rd och fler akt\u00f6rer f\u00f6r att \u00f6ka kvalitet och tillg\u00e4nglighet<\/li>\n<li data-section-id=\"51pv51\" data-start=\"670\" data-end=\"744\">S\u00e4kerst\u00e4lla en l\u00e5ngsiktigt h\u00e5llbar utveckling f\u00f6r sjukhusen i regionen<\/li>\n<\/ul>\n<p data-start=\"746\" data-end=\"1245\">Vi vill ocks\u00e5 st\u00e4rka Sveriges v\u00e5rdberedskap. Ett viktigt steg \u00e4r att pr\u00f6va nya l\u00f6sningar d\u00e4r mindre sjukhus f\u00e5r en tydligare roll i kris och h\u00f6jd beredskap. H\u00e4r ser vi <span class=\"hover:entity-accent entity-underline inline cursor-pointer align-baseline\"><span class=\"whitespace-normal\">Sollefte\u00e5 sjukhus<\/span><\/span> som en m\u00f6jlig pilot f\u00f6r ett beredskapssjukhus \u2013 en satsning som b\u00e5de st\u00e4rker tryggheten i regionen och s\u00e4krar viktig v\u00e5rdkompetens lokalt. F\u00f6rslaget har lyfts nationellt av <span class=\"hover:entity-accent entity-underline inline cursor-pointer align-baseline\"><span class=\"whitespace-normal\">Ebba Busch<\/span><\/span> och \u00e4r ett exempel p\u00e5 hur vi vill kombinera tillg\u00e4nglig v\u00e5rd med st\u00e4rkt beredskap.<\/p>\n<hr data-start=\"1247\" data-end=\"1250\" \/>\n<h3 data-section-id=\"17kkono\" data-start=\"1252\" data-end=\"1296\"><span role=\"text\"><strong data-start=\"1256\" data-end=\"1296\">Trygg och tillg\u00e4nglig v\u00e5rd f\u00f6r \u00e4ldre<\/strong><\/span><\/h3>\n<p data-start=\"1298\" data-end=\"1543\">\u00c4ldre ska k\u00e4nna trygghet i att v\u00e5rden finns d\u00e4r n\u00e4r den beh\u00f6vs. V\u00e5rden ska pr\u00e4glas av kvalitet, kontinuitet och respekt f\u00f6r individens behov. F\u00f6r m\u00e5nga \u00e4ldre \u00e4r kontakten med v\u00e5rden omfattande \u2013 d\u00e5 m\u00e5ste den ocks\u00e5 fungera smidigt och h\u00e4nga ihop.<\/p>\n<p data-start=\"1545\" data-end=\"1553\">Vi vill:<\/p>\n<ul data-start=\"1555\" data-end=\"1900\">\n<li data-section-id=\"2cl5o\" data-start=\"1555\" data-end=\"1631\">St\u00e4rka den geriatriska v\u00e5rden och \u00f6ka kompetensen kring \u00e4ldres sjukdomar<\/li>\n<li data-section-id=\"1h05iq1\" data-start=\"1632\" data-end=\"1694\">S\u00e4kerst\u00e4lla fler v\u00e5rdplatser f\u00f6r \u00e4ldre med stora v\u00e5rdbehov<\/li>\n<li data-section-id=\"1lcrvlu\" data-start=\"1695\" data-end=\"1761\">Inf\u00f6ra fast l\u00e4karkontakt f\u00f6r \u00e4ldre med omfattande v\u00e5rdinsatser<\/li>\n<li data-section-id=\"1ola2q4\" data-start=\"1762\" data-end=\"1839\">F\u00f6rb\u00e4ttra samverkan mellan region och kommun f\u00f6r en mer sammanh\u00e5llen v\u00e5rd<\/li>\n<li data-section-id=\"13mcym\" data-start=\"1840\" data-end=\"1900\">\u00d6ka kontinuiteten s\u00e5 att \u00e4ldre m\u00f6ter f\u00e4rre v\u00e5rdkontakter<\/li>\n<\/ul>\n<hr data-start=\"1902\" data-end=\"1905\" \/>\n<h3 data-section-id=\"1ddx7ya\" data-start=\"1907\" data-end=\"1946\"><span role=\"text\"><strong data-start=\"1911\" data-end=\"1946\">Starkare psykisk h\u00e4lsa f\u00f6r unga<\/strong><\/span><\/h3>\n<p data-start=\"1948\" data-end=\"2083\">Den psykiska oh\u00e4lsan bland barn och unga \u00e4r en av v\u00e5r tids st\u00f6rsta utmaningar. Ingen ska beh\u00f6va v\u00e4nta i m\u00e5nader p\u00e5 st\u00f6d och behandling.<\/p>\n<p data-start=\"2085\" data-end=\"2093\">Vi vill:<\/p>\n<ul data-start=\"2095\" data-end=\"2300\">\n<li data-section-id=\"1ntnjiq\" data-start=\"2095\" data-end=\"2150\">Korta k\u00f6erna till barn- och ungdomspsykiatrin (BUP)<\/li>\n<li data-section-id=\"d67y33\" data-start=\"2151\" data-end=\"2199\">St\u00e4rka f\u00f6rsta linjens v\u00e5rd f\u00f6r barn och unga<\/li>\n<li data-section-id=\"b46xna\" data-start=\"2200\" data-end=\"2253\">\u00d6ka samverkan mellan skola, v\u00e5rd och socialtj\u00e4nst<\/li>\n<li data-section-id=\"qnu4a2\" data-start=\"2254\" data-end=\"2300\">Ge b\u00e4ttre st\u00f6d till f\u00f6r\u00e4ldrar och familjer<\/li>\n<\/ul>\n<hr data-start=\"2302\" data-end=\"2305\" \/>\n<p data-start=\"2307\" data-end=\"2449\">V\u00e5r utg\u00e5ngspunkt \u00e4r tydlig: v\u00e5rden ska finnas n\u00e4ra, fungera n\u00e4r den beh\u00f6vs och bidra till trygghet i hela regionen \u2013 b\u00e5de i vardag och i kris.<\/p>\n","protected":false},"excerpt":{"rendered":"<p>God och n\u00e4ra v\u00e5rd i hela regionen Den som \u00e4r sjuk ska kunna lita p\u00e5 att f\u00e5 v\u00e5rd i tid \u2013 oavsett var i Region V\u00e4sternorrland man bor. V\u00e5rden ska vara tillg\u00e4nglig, j\u00e4mlik och utg\u00e5 fr\u00e5n patientens behov. Vi vill: Korta v\u00e5rdk\u00f6erna och s\u00e4kerst\u00e4lla att fler f\u00e5r v\u00e5rd i tid \u00d6ka antalet v\u00e5rdplatser och f\u00f6rb\u00e4ttra <a class=\"read-more-link\" href=\"https:\/\/wp.kristdemokraterna.se\/ornskoldsvik\/textsida-fullbredd\/var-politik-i-landstinget\/\">L\u00e4s mer<\/a><\/p>\n","protected":false},"author":439,"featured_media":714,"parent":272,"menu_order":0,"comment_status":"closed","ping_status":"closed","template":"page.php","meta":{"_acf_changed":false,"footnotes":""},"class_list":["post-375","page","type-page","status-publish","hentry"],"acf":[],"yoast_head":"<!-- This site is optimized with the Yoast SEO plugin v27.4 - https:\/\/yoast.com\/product\/yoast-seo-wordpress\/ -->\n<title>V\u00e5r politik i Regionen - Kristdemokraterna | \u00d6rnsk\u00f6ldsvik<\/title>\n<meta name=\"robots\" content=\"index, follow, max-snippet:-1, max-image-preview:large, max-video-preview:-1\" \/>\n<link rel=\"canonical\" href=\"https:\/\/wp.kristdemokraterna.se\/ornskoldsvik\/textsida-fullbredd\/var-politik-i-landstinget\/\" \/>\n<meta property=\"og:locale\" content=\"sv_SE\" \/>\n<meta property=\"og:type\" content=\"article\" \/>\n<meta property=\"og:title\" content=\"V\u00e5r politik i Regionen - Kristdemokraterna | \u00d6rnsk\u00f6ldsvik\" \/>\n<meta property=\"og:description\" content=\"God och n\u00e4ra v\u00e5rd i hela regionen Den som \u00e4r sjuk ska kunna lita p\u00e5 att f\u00e5 v\u00e5rd i tid \u2013 oavsett var i Region V\u00e4sternorrland man bor. V\u00e5rden ska vara tillg\u00e4nglig, j\u00e4mlik och utg\u00e5 fr\u00e5n patientens behov. Vi vill: Korta v\u00e5rdk\u00f6erna och s\u00e4kerst\u00e4lla att fler f\u00e5r v\u00e5rd i tid \u00d6ka antalet v\u00e5rdplatser och f\u00f6rb\u00e4ttra L\u00e4s mer\" \/>\n<meta property=\"og:url\" content=\"https:\/\/wp.kristdemokraterna.se\/ornskoldsvik\/textsida-fullbredd\/var-politik-i-landstinget\/\" \/>\n<meta property=\"og:site_name\" content=\"Kristdemokraterna | \u00d6rnsk\u00f6ldsvik\" \/>\n<meta property=\"article:modified_time\" content=\"2026-04-16T17:37:11+00:00\" \/>\n<meta property=\"og:image\" content=\"https:\/\/wp.kristdemokraterna.se\/ornskoldsvik\/files\/2026\/04\/659015442_1342056487954219_8704078366406989350_n.jpg\" \/>\n\t<meta property=\"og:image:width\" content=\"720\" \/>\n\t<meta property=\"og:image:height\" content=\"540\" \/>\n\t<meta property=\"og:image:type\" content=\"image\/jpeg\" \/>\n<meta name=\"twitter:card\" content=\"summary_large_image\" \/>\n<meta name=\"twitter:label1\" content=\"Ber\u00e4knad l\u00e4stid\" \/>\n\t<meta name=\"twitter:data1\" content=\"2 minuter\" \/>\n<script type=\"application\/ld+json\" class=\"yoast-schema-graph\">{\"@context\":\"https:\\\/\\\/schema.org\",\"@graph\":[{\"@type\":\"WebPage\",\"@id\":\"https:\\\/\\\/wp.kristdemokraterna.se\\\/ornskoldsvik\\\/textsida-fullbredd\\\/var-politik-i-landstinget\\\/\",\"url\":\"https:\\\/\\\/wp.kristdemokraterna.se\\\/ornskoldsvik\\\/textsida-fullbredd\\\/var-politik-i-landstinget\\\/\",\"name\":\"V\u00e5r politik i Regionen - Kristdemokraterna | \u00d6rnsk\u00f6ldsvik\",\"isPartOf\":{\"@id\":\"https:\\\/\\\/wp.kristdemokraterna.se\\\/ornskoldsvik\\\/#website\"},\"primaryImageOfPage\":{\"@id\":\"https:\\\/\\\/wp.kristdemokraterna.se\\\/ornskoldsvik\\\/textsida-fullbredd\\\/var-politik-i-landstinget\\\/#primaryimage\"},\"image\":{\"@id\":\"https:\\\/\\\/wp.kristdemokraterna.se\\\/ornskoldsvik\\\/textsida-fullbredd\\\/var-politik-i-landstinget\\\/#primaryimage\"},\"thumbnailUrl\":\"\",\"datePublished\":\"2026-04-04T14:48:06+00:00\",\"dateModified\":\"2026-04-16T17:37:11+00:00\",\"breadcrumb\":{\"@id\":\"https:\\\/\\\/wp.kristdemokraterna.se\\\/ornskoldsvik\\\/textsida-fullbredd\\\/var-politik-i-landstinget\\\/#breadcrumb\"},\"inLanguage\":\"sv-SE\",\"potentialAction\":[{\"@type\":\"ReadAction\",\"target\":[\"https:\\\/\\\/wp.kristdemokraterna.se\\\/ornskoldsvik\\\/textsida-fullbredd\\\/var-politik-i-landstinget\\\/\"]}]},{\"@type\":\"ImageObject\",\"inLanguage\":\"sv-SE\",\"@id\":\"https:\\\/\\\/wp.kristdemokraterna.se\\\/ornskoldsvik\\\/textsida-fullbredd\\\/var-politik-i-landstinget\\\/#primaryimage\",\"url\":\"\",\"contentUrl\":\"\"},{\"@type\":\"BreadcrumbList\",\"@id\":\"https:\\\/\\\/wp.kristdemokraterna.se\\\/ornskoldsvik\\\/textsida-fullbredd\\\/var-politik-i-landstinget\\\/#breadcrumb\",\"itemListElement\":[{\"@type\":\"ListItem\",\"position\":1,\"name\":\"Hem\",\"item\":\"https:\\\/\\\/wp.kristdemokraterna.se\\\/ornskoldsvik\\\/\"},{\"@type\":\"ListItem\",\"position\":2,\"name\":\"Vad vi st\u00e5r f\u00f6r!\",\"item\":\"https:\\\/\\\/wp.kristdemokraterna.se\\\/ornskoldsvik\\\/textsida-fullbredd\\\/\"},{\"@type\":\"ListItem\",\"position\":3,\"name\":\"V\u00e5r politik i Regionen\"}]},{\"@type\":\"WebSite\",\"@id\":\"https:\\\/\\\/wp.kristdemokraterna.se\\\/ornskoldsvik\\\/#website\",\"url\":\"https:\\\/\\\/wp.kristdemokraterna.se\\\/ornskoldsvik\\\/\",\"name\":\"Kristdemokraterna | \u00d6rnsk\u00f6ldsvik\",\"description\":\"En till Kristdemokraterna webbplats\",\"inLanguage\":\"sv-SE\"}]}<\/script>\n<!-- \/ Yoast SEO plugin. -->","yoast_head_json":{"title":"V\u00e5r politik i Regionen - Kristdemokraterna | \u00d6rnsk\u00f6ldsvik","robots":{"index":"index","follow":"follow","max-snippet":"max-snippet:-1","max-image-preview":"max-image-preview:large","max-video-preview":"max-video-preview:-1"},"canonical":"https:\/\/wp.kristdemokraterna.se\/ornskoldsvik\/textsida-fullbredd\/var-politik-i-landstinget\/","og_locale":"sv_SE","og_type":"article","og_title":"V\u00e5r politik i Regionen - Kristdemokraterna | \u00d6rnsk\u00f6ldsvik","og_description":"God och n\u00e4ra v\u00e5rd i hela regionen Den som \u00e4r sjuk ska kunna lita p\u00e5 att f\u00e5 v\u00e5rd i tid \u2013 oavsett var i Region V\u00e4sternorrland man bor. V\u00e5rden ska vara tillg\u00e4nglig, j\u00e4mlik och utg\u00e5 fr\u00e5n patientens behov. Vi vill: Korta v\u00e5rdk\u00f6erna och s\u00e4kerst\u00e4lla att fler f\u00e5r v\u00e5rd i tid \u00d6ka antalet v\u00e5rdplatser och f\u00f6rb\u00e4ttra L\u00e4s mer","og_url":"https:\/\/wp.kristdemokraterna.se\/ornskoldsvik\/textsida-fullbredd\/var-politik-i-landstinget\/","og_site_name":"Kristdemokraterna | \u00d6rnsk\u00f6ldsvik","article_modified_time":"2026-04-16T17:37:11+00:00","og_image":[{"width":720,"height":540,"url":"https:\/\/wp.kristdemokraterna.se\/ornskoldsvik\/files\/2026\/04\/659015442_1342056487954219_8704078366406989350_n.jpg","type":"image\/jpeg"}],"twitter_card":"summary_large_image","twitter_misc":{"Ber\u00e4knad l\u00e4stid":"2 minuter"},"schema":{"@context":"https:\/\/schema.org","@graph":[{"@type":"WebPage","@id":"https:\/\/wp.kristdemokraterna.se\/ornskoldsvik\/textsida-fullbredd\/var-politik-i-landstinget\/","url":"https:\/\/wp.kristdemokraterna.se\/ornskoldsvik\/textsida-fullbredd\/var-politik-i-landstinget\/","name":"V\u00e5r politik i Regionen - Kristdemokraterna | \u00d6rnsk\u00f6ldsvik","isPartOf":{"@id":"https:\/\/wp.kristdemokraterna.se\/ornskoldsvik\/#website"},"primaryImageOfPage":{"@id":"https:\/\/wp.kristdemokraterna.se\/ornskoldsvik\/textsida-fullbredd\/var-politik-i-landstinget\/#primaryimage"},"image":{"@id":"https:\/\/wp.kristdemokraterna.se\/ornskoldsvik\/textsida-fullbredd\/var-politik-i-landstinget\/#primaryimage"},"thumbnailUrl":"","datePublished":"2026-04-04T14:48:06+00:00","dateModified":"2026-04-16T17:37:11+00:00","breadcrumb":{"@id":"https:\/\/wp.kristdemokraterna.se\/ornskoldsvik\/textsida-fullbredd\/var-politik-i-landstinget\/#breadcrumb"},"inLanguage":"sv-SE","potentialAction":[{"@type":"ReadAction","target":["https:\/\/wp.kristdemokraterna.se\/ornskoldsvik\/textsida-fullbredd\/var-politik-i-landstinget\/"]}]},{"@type":"ImageObject","inLanguage":"sv-SE","@id":"https:\/\/wp.kristdemokraterna.se\/ornskoldsvik\/textsida-fullbredd\/var-politik-i-landstinget\/#primaryimage","url":"","contentUrl":""},{"@type":"BreadcrumbList","@id":"https:\/\/wp.kristdemokraterna.se\/ornskoldsvik\/textsida-fullbredd\/var-politik-i-landstinget\/#breadcrumb","itemListElement":[{"@type":"ListItem","position":1,"name":"Hem","item":"https:\/\/wp.kristdemokraterna.se\/ornskoldsvik\/"},{"@type":"ListItem","position":2,"name":"Vad vi st\u00e5r f\u00f6r!","item":"https:\/\/wp.kristdemokraterna.se\/ornskoldsvik\/textsida-fullbredd\/"},{"@type":"ListItem","position":3,"name":"V\u00e5r politik i Regionen"}]},{"@type":"WebSite","@id":"https:\/\/wp.kristdemokraterna.se\/ornskoldsvik\/#website","url":"https:\/\/wp.kristdemokraterna.se\/ornskoldsvik\/","name":"Kristdemokraterna | \u00d6rnsk\u00f6ldsvik","description":"En till Kristdemokraterna webbplats","inLanguage":"sv-SE"}]}},"_links":{"self":[{"href":"https:\/\/wp.kristdemokraterna.se\/ornskoldsvik\/wp-json\/wp\/v2\/pages\/375","targetHints":{"allow":["GET"]}}],"collection":[{"href":"https:\/\/wp.kristdemokraterna.se\/ornskoldsvik\/wp-json\/wp\/v2\/pages"}],"about":[{"href":"https:\/\/wp.kristdemokraterna.se\/ornskoldsvik\/wp-json\/wp\/v2\/types\/page"}],"author":[{"embeddable":true,"href":"https:\/\/wp.kristdemokraterna.se\/ornskoldsvik\/wp-json\/wp\/v2\/users\/439"}],"replies":[{"embeddable":true,"href":"https:\/\/wp.kristdemokraterna.se\/ornskoldsvik\/wp-json\/wp\/v2\/comments?post=375"}],"version-history":[{"count":4,"href":"https:\/\/wp.kristdemokraterna.se\/ornskoldsvik\/wp-json\/wp\/v2\/pages\/375\/revisions"}],"predecessor-version":[{"id":1265,"href":"https:\/\/wp.kristdemokraterna.se\/ornskoldsvik\/wp-json\/wp\/v2\/pages\/375\/revisions\/1265"}],"up":[{"embeddable":true,"href":"https:\/\/wp.kristdemokraterna.se\/ornskoldsvik\/wp-json\/wp\/v2\/pages\/272"}],"wp:featuredmedia":[{"embeddable":true,"href":"https:\/\/wp.kristdemokraterna.se\/ornskoldsvik\/wp-json\/"}],"wp:attachment":[{"href":"https:\/\/wp.kristdemokraterna.se\/ornskoldsvik\/wp-json\/wp\/v2\/media?parent=375"}],"curies":[{"name":"wp","href":"https:\/\/api.w.org\/{rel}","templated":true}]}}