{"id":269,"date":"2017-11-29T16:48:28","date_gmt":"2017-11-29T15:48:28","guid":{"rendered":"https:\/\/wp.kristdemokraterna.se\/orust\/?page_id=269"},"modified":"2025-02-11T16:46:42","modified_gmt":"2025-02-11T15:46:42","slug":"textsida-med-vanster-sidebar","status":"publish","type":"page","link":"https:\/\/wp.kristdemokraterna.se\/orust\/textsida-med-vanster-sidebar\/","title":{"rendered":"V\u00e5r partiavdelning"},"content":{"rendered":"<h2>Styrelsen best\u00e5r av<\/h2>\n<ul>\n<li>Violet Petersson:\u00a0 Ordf\u00f6rande<\/li>\n<li>Christian Forslund: vice Ordf\u00f6rande<\/li>\n<li>Christian Forslund: sekreterare<\/li>\n<li>Ulf Sj\u00f6linder: kass\u00f6r<\/li>\n<li>Ers\u00e4ttare: Peter Artman<\/li>\n<li>Ers\u00e4ttare: Tracy Oleh\u00e4ll<\/li>\n<li>Ers\u00e4ttare: Martin Midb\u00f6e<\/li>\n<\/ul>\n<p>&nbsp;<\/p>\n<ul>\n<li>Mail: sjolinder.ulf@yahoo.com<\/li>\n<\/ul>\n<p>&nbsp;<\/p>\n<p>&nbsp;<\/p>\n<p>&nbsp;<\/p>\n","protected":false},"excerpt":{"rendered":"<p>Styrelsen best\u00e5r av Violet Petersson:\u00a0 Ordf\u00f6rande Christian Forslund: vice Ordf\u00f6rande Christian Forslund: sekreterare Ulf Sj\u00f6linder: kass\u00f6r Ers\u00e4ttare: Peter Artman Ers\u00e4ttare: Tracy Oleh\u00e4ll Ers\u00e4ttare: Martin Midb\u00f6e &nbsp; Mail: sjolinder.ulf@yahoo.com &nbsp; &nbsp; &nbsp;<\/p>\n","protected":false},"author":493,"featured_media":714,"parent":0,"menu_order":0,"comment_status":"closed","ping_status":"closed","template":"page.php","meta":{"_acf_changed":false,"footnotes":""},"class_list":["post-269","page","type-page","status-publish","hentry"],"acf":[],"yoast_head":"<!-- This site is optimized with the Yoast SEO plugin v27.4 - https:\/\/yoast.com\/product\/yoast-seo-wordpress\/ -->\n<title>V\u00e5r partiavdelning - Kristdemokraterna | Orust<\/title>\n<meta name=\"robots\" content=\"index, follow, max-snippet:-1, max-image-preview:large, max-video-preview:-1\" \/>\n<link rel=\"canonical\" href=\"https:\/\/wp.kristdemokraterna.se\/orust\/textsida-med-vanster-sidebar\/\" \/>\n<meta property=\"og:locale\" content=\"sv_SE\" \/>\n<meta property=\"og:type\" content=\"article\" \/>\n<meta property=\"og:title\" content=\"V\u00e5r partiavdelning - Kristdemokraterna | Orust\" \/>\n<meta property=\"og:description\" content=\"Styrelsen best\u00e5r av Violet Petersson:\u00a0 Ordf\u00f6rande Christian Forslund: vice Ordf\u00f6rande Christian Forslund: sekreterare Ulf Sj\u00f6linder: kass\u00f6r Ers\u00e4ttare: Peter Artman Ers\u00e4ttare: Tracy Oleh\u00e4ll Ers\u00e4ttare: Martin Midb\u00f6e &nbsp; Mail: sjolinder.ulf@yahoo.com &nbsp; &nbsp; &nbsp;\" \/>\n<meta property=\"og:url\" content=\"https:\/\/wp.kristdemokraterna.se\/orust\/textsida-med-vanster-sidebar\/\" \/>\n<meta property=\"og:site_name\" content=\"Kristdemokraterna | Orust\" \/>\n<meta property=\"article:modified_time\" content=\"2025-02-11T15:46:42+00:00\" \/>\n<meta name=\"twitter:card\" content=\"summary_large_image\" \/>\n<meta name=\"twitter:label1\" content=\"Ber\u00e4knad l\u00e4stid\" \/>\n\t<meta name=\"twitter:data1\" content=\"1 minut\" \/>\n<script type=\"application\/ld+json\" class=\"yoast-schema-graph\">{\"@context\":\"https:\\\/\\\/schema.org\",\"@graph\":[{\"@type\":\"WebPage\",\"@id\":\"https:\\\/\\\/wp.kristdemokraterna.se\\\/orust\\\/textsida-med-vanster-sidebar\\\/\",\"url\":\"https:\\\/\\\/wp.kristdemokraterna.se\\\/orust\\\/textsida-med-vanster-sidebar\\\/\",\"name\":\"V\u00e5r partiavdelning - Kristdemokraterna | Orust\",\"isPartOf\":{\"@id\":\"https:\\\/\\\/wp.kristdemokraterna.se\\\/orust\\\/#website\"},\"primaryImageOfPage\":{\"@id\":\"https:\\\/\\\/wp.kristdemokraterna.se\\\/orust\\\/textsida-med-vanster-sidebar\\\/#primaryimage\"},\"image\":{\"@id\":\"https:\\\/\\\/wp.kristdemokraterna.se\\\/orust\\\/textsida-med-vanster-sidebar\\\/#primaryimage\"},\"thumbnailUrl\":\"\",\"datePublished\":\"2017-11-29T15:48:28+00:00\",\"dateModified\":\"2025-02-11T15:46:42+00:00\",\"breadcrumb\":{\"@id\":\"https:\\\/\\\/wp.kristdemokraterna.se\\\/orust\\\/textsida-med-vanster-sidebar\\\/#breadcrumb\"},\"inLanguage\":\"sv-SE\",\"potentialAction\":[{\"@type\":\"ReadAction\",\"target\":[\"https:\\\/\\\/wp.kristdemokraterna.se\\\/orust\\\/textsida-med-vanster-sidebar\\\/\"]}]},{\"@type\":\"ImageObject\",\"inLanguage\":\"sv-SE\",\"@id\":\"https:\\\/\\\/wp.kristdemokraterna.se\\\/orust\\\/textsida-med-vanster-sidebar\\\/#primaryimage\",\"url\":\"\",\"contentUrl\":\"\"},{\"@type\":\"BreadcrumbList\",\"@id\":\"https:\\\/\\\/wp.kristdemokraterna.se\\\/orust\\\/textsida-med-vanster-sidebar\\\/#breadcrumb\",\"itemListElement\":[{\"@type\":\"ListItem\",\"position\":1,\"name\":\"Hem\",\"item\":\"https:\\\/\\\/wp.kristdemokraterna.se\\\/orust\\\/\"},{\"@type\":\"ListItem\",\"position\":2,\"name\":\"V\u00e5r partiavdelning\"}]},{\"@type\":\"WebSite\",\"@id\":\"https:\\\/\\\/wp.kristdemokraterna.se\\\/orust\\\/#website\",\"url\":\"https:\\\/\\\/wp.kristdemokraterna.se\\\/orust\\\/\",\"name\":\"Kristdemokraterna | Orust\",\"description\":\"En till Kristdemokraterna webbplats\",\"inLanguage\":\"sv-SE\"}]}<\/script>\n<!-- \/ Yoast SEO plugin. -->","yoast_head_json":{"title":"V\u00e5r partiavdelning - Kristdemokraterna | Orust","robots":{"index":"index","follow":"follow","max-snippet":"max-snippet:-1","max-image-preview":"max-image-preview:large","max-video-preview":"max-video-preview:-1"},"canonical":"https:\/\/wp.kristdemokraterna.se\/orust\/textsida-med-vanster-sidebar\/","og_locale":"sv_SE","og_type":"article","og_title":"V\u00e5r partiavdelning - Kristdemokraterna | Orust","og_description":"Styrelsen best\u00e5r av Violet Petersson:\u00a0 Ordf\u00f6rande Christian Forslund: vice Ordf\u00f6rande Christian Forslund: sekreterare Ulf Sj\u00f6linder: kass\u00f6r Ers\u00e4ttare: Peter Artman Ers\u00e4ttare: Tracy Oleh\u00e4ll Ers\u00e4ttare: Martin Midb\u00f6e &nbsp; Mail: sjolinder.ulf@yahoo.com &nbsp; &nbsp; &nbsp;","og_url":"https:\/\/wp.kristdemokraterna.se\/orust\/textsida-med-vanster-sidebar\/","og_site_name":"Kristdemokraterna | Orust","article_modified_time":"2025-02-11T15:46:42+00:00","twitter_card":"summary_large_image","twitter_misc":{"Ber\u00e4knad l\u00e4stid":"1 minut"},"schema":{"@context":"https:\/\/schema.org","@graph":[{"@type":"WebPage","@id":"https:\/\/wp.kristdemokraterna.se\/orust\/textsida-med-vanster-sidebar\/","url":"https:\/\/wp.kristdemokraterna.se\/orust\/textsida-med-vanster-sidebar\/","name":"V\u00e5r partiavdelning - Kristdemokraterna | Orust","isPartOf":{"@id":"https:\/\/wp.kristdemokraterna.se\/orust\/#website"},"primaryImageOfPage":{"@id":"https:\/\/wp.kristdemokraterna.se\/orust\/textsida-med-vanster-sidebar\/#primaryimage"},"image":{"@id":"https:\/\/wp.kristdemokraterna.se\/orust\/textsida-med-vanster-sidebar\/#primaryimage"},"thumbnailUrl":"","datePublished":"2017-11-29T15:48:28+00:00","dateModified":"2025-02-11T15:46:42+00:00","breadcrumb":{"@id":"https:\/\/wp.kristdemokraterna.se\/orust\/textsida-med-vanster-sidebar\/#breadcrumb"},"inLanguage":"sv-SE","potentialAction":[{"@type":"ReadAction","target":["https:\/\/wp.kristdemokraterna.se\/orust\/textsida-med-vanster-sidebar\/"]}]},{"@type":"ImageObject","inLanguage":"sv-SE","@id":"https:\/\/wp.kristdemokraterna.se\/orust\/textsida-med-vanster-sidebar\/#primaryimage","url":"","contentUrl":""},{"@type":"BreadcrumbList","@id":"https:\/\/wp.kristdemokraterna.se\/orust\/textsida-med-vanster-sidebar\/#breadcrumb","itemListElement":[{"@type":"ListItem","position":1,"name":"Hem","item":"https:\/\/wp.kristdemokraterna.se\/orust\/"},{"@type":"ListItem","position":2,"name":"V\u00e5r partiavdelning"}]},{"@type":"WebSite","@id":"https:\/\/wp.kristdemokraterna.se\/orust\/#website","url":"https:\/\/wp.kristdemokraterna.se\/orust\/","name":"Kristdemokraterna | Orust","description":"En till Kristdemokraterna webbplats","inLanguage":"sv-SE"}]}},"_links":{"self":[{"href":"https:\/\/wp.kristdemokraterna.se\/orust\/wp-json\/wp\/v2\/pages\/269","targetHints":{"allow":["GET"]}}],"collection":[{"href":"https:\/\/wp.kristdemokraterna.se\/orust\/wp-json\/wp\/v2\/pages"}],"about":[{"href":"https:\/\/wp.kristdemokraterna.se\/orust\/wp-json\/wp\/v2\/types\/page"}],"author":[{"embeddable":true,"href":"https:\/\/wp.kristdemokraterna.se\/orust\/wp-json\/wp\/v2\/users\/493"}],"replies":[{"embeddable":true,"href":"https:\/\/wp.kristdemokraterna.se\/orust\/wp-json\/wp\/v2\/comments?post=269"}],"version-history":[{"count":19,"href":"https:\/\/wp.kristdemokraterna.se\/orust\/wp-json\/wp\/v2\/pages\/269\/revisions"}],"predecessor-version":[{"id":341,"href":"https:\/\/wp.kristdemokraterna.se\/orust\/wp-json\/wp\/v2\/pages\/269\/revisions\/341"}],"wp:featuredmedia":[{"embeddable":true,"href":"https:\/\/wp.kristdemokraterna.se\/orust\/wp-json\/"}],"wp:attachment":[{"href":"https:\/\/wp.kristdemokraterna.se\/orust\/wp-json\/wp\/v2\/media?parent=269"}],"curies":[{"name":"wp","href":"https:\/\/api.w.org\/{rel}","templated":true}]}}