{"id":373,"date":"2017-12-04T16:47:18","date_gmt":"2017-12-04T15:47:18","guid":{"rendered":"https:\/\/wp.kristdemokraterna.se\/orust\/?page_id=373"},"modified":"2022-09-06T08:16:45","modified_gmt":"2022-09-06T06:16:45","slug":"var-politik-i-kommunen","status":"publish","type":"page","link":"https:\/\/wp.kristdemokraterna.se\/orust\/textsida-fullbredd\/var-politik-i-kommunen\/","title":{"rendered":"V\u00e5r politik i kommunen"},"content":{"rendered":"<h1 style=\"text-align: left\"><strong>KD p\u00e5 Orust \u00e4r REDO att:<\/strong><\/h1>\n<p><a href=\"https:\/\/wp.kristdemokraterna.se\/orust\/files\/2022\/06\/img_20211023_100104.jpg\"><img loading=\"lazy\" decoding=\"async\" class=\"wp-image-556 alignleft\" src=\"https:\/\/wp.kristdemokraterna.se\/orust\/files\/2022\/06\/img_20211023_100104-300x135.jpg\" alt=\"\" width=\"513\" height=\"231\" srcset=\"https:\/\/wp.kristdemokraterna.se\/orust\/files\/2022\/06\/img_20211023_100104-300x135.jpg 300w, https:\/\/wp.kristdemokraterna.se\/orust\/files\/2022\/06\/img_20211023_100104-1024x461.jpg 1024w, https:\/\/wp.kristdemokraterna.se\/orust\/files\/2022\/06\/img_20211023_100104-768x346.jpg 768w, https:\/\/wp.kristdemokraterna.se\/orust\/files\/2022\/06\/img_20211023_100104-1536x691.jpg 1536w, https:\/\/wp.kristdemokraterna.se\/orust\/files\/2022\/06\/img_20211023_100104-370x167.jpg 370w, https:\/\/wp.kristdemokraterna.se\/orust\/files\/2022\/06\/img_20211023_100104-770x347.jpg 770w, https:\/\/wp.kristdemokraterna.se\/orust\/files\/2022\/06\/img_20211023_100104-450x203.jpg 450w, https:\/\/wp.kristdemokraterna.se\/orust\/files\/2022\/06\/img_20211023_100104-280x126.jpg 280w, https:\/\/wp.kristdemokraterna.se\/orust\/files\/2022\/06\/img_20211023_100104-340x153.jpg 340w, https:\/\/wp.kristdemokraterna.se\/orust\/files\/2022\/06\/img_20211023_100104-200x90.jpg 200w, https:\/\/wp.kristdemokraterna.se\/orust\/files\/2022\/06\/img_20211023_100104-124x56.jpg 124w, https:\/\/wp.kristdemokraterna.se\/orust\/files\/2022\/06\/img_20211023_100104.jpg 1886w\" sizes=\"auto, (max-width: 513px) 100vw, 513px\" \/><\/a><\/p>\n<p>&nbsp;<\/p>\n<p>&nbsp;<\/p>\n<p>&nbsp;<\/p>\n<p>&nbsp;<\/p>\n<p>&nbsp;<\/p>\n<p>&nbsp;<\/p>\n<p>&nbsp;<\/p>\n<ul>\n<li>Ge personalresurser till f\u00f6rskolan f\u00f6r att minska BARNGRUPPERNA till h\u00f6gst 12 per grupp.<\/li>\n<li>Anpassa organisationen s\u00e5 SAMVERKAN sker mellan myndigheter utifr\u00e5n BARNETS B\u00c4STA f\u00f6r att hj\u00e4lp och st\u00f6d ska komma till familjen i tid.<\/li>\n<li>Att det i kommunen tills\u00e4tts en BARNOMBUDSMAN<\/li>\n<li>Arbeta f\u00f6r ett GEMENSAMT SAMH\u00c4LLSANSVAR, d\u00e4r det f\u00f6rebyggande t\u00e4nket \u00e4r viktigt f\u00f6r SAMVERKAN mellan f\u00f6r\u00e4ldrar, egenansvar, skola -fritid, lokala f\u00f6reningar.<\/li>\n<li>Att VARJE ELEV F\u00c5R SAMTAL som g\u00f6r att undervisning kan ske efter dennes behov, antingen att f\u00e5 st\u00f6d eller utmaningar i l\u00e4randet.<\/li>\n<li>Ge personal inom skolan KOMPETENSUTVECKLING och att framf\u00f6r allt motverka den \u00f6kande psykiska oh\u00e4lsan hos unga.<\/li>\n<li>Att det ska finnas en ELEVH\u00c4LSOGARANTI, att alla har m\u00f6jlighet att n\u00e5 n\u00e5gon av elevh\u00e4lsans personal varje dag. f\u00f6r ungdomar<\/li>\n<li>Att v\u00e4rna om arbetsmilj\u00f6 och b\u00e4ttre l\u00f6ner f\u00f6r V\u00e5rd och Omsorgs-personal<\/li>\n<li>Att ge \u00c4LDRE en boendegaranti (utan bist\u00e5ndsbed\u00f6mning) till personer \u00f6ver 85 \u00e5r<\/li>\n<li>Att arbeta f\u00f6r att det byggs SENIOR- TRYGGHETSBOENDEN<\/li>\n<li>Erbjuda \u00c4LDRE-SAMTAL till personer \u00f6ver 65 \u00e5r f\u00f6r info om kommunens resurser.<\/li>\n<li>Erbjuda aktiviteter f\u00f6r att MOTVERKA OFRIVILLIG ENSAMHET i SAMVERKAN med civilsamh\u00e4llet- att blanda \u00e5lderskategorier!<\/li>\n<li>Att verka f\u00f6r att l\u00e4ttare f\u00e5 BYGGLOV till en rimlig kostnad med en f\u00f6rhandsgranskning f\u00f6r vatten och avlopp.<\/li>\n<li>Att f\u00f6renkla f\u00f6retagandet i kommunen<\/li>\n<li>Att verka f\u00f6r fler VILLATOMTER (Industritomter)p\u00e5 Orust.<\/li>\n<li>Att m\u00f6jligg\u00f6ra boende f\u00f6r ungdomar till en rimlig kostnad.<\/li>\n<\/ul>\n","protected":false},"excerpt":{"rendered":"<p>KD p\u00e5 Orust \u00e4r REDO att: &nbsp; &nbsp; &nbsp; &nbsp; &nbsp; &nbsp; &nbsp; Ge personalresurser till f\u00f6rskolan f\u00f6r att minska BARNGRUPPERNA till h\u00f6gst 12 per grupp. Anpassa organisationen s\u00e5 SAMVERKAN sker mellan myndigheter utifr\u00e5n BARNETS B\u00c4STA f\u00f6r att hj\u00e4lp och st\u00f6d ska komma till familjen i tid. Att det i kommunen tills\u00e4tts en BARNOMBUDSMAN Arbeta <a class=\"read-more-link\" href=\"https:\/\/wp.kristdemokraterna.se\/orust\/textsida-fullbredd\/var-politik-i-kommunen\/\">L\u00e4s mer<\/a><\/p>\n","protected":false},"author":493,"featured_media":714,"parent":272,"menu_order":0,"comment_status":"closed","ping_status":"closed","template":"page.php","meta":{"_acf_changed":false,"footnotes":""},"class_list":["post-373","page","type-page","status-publish","hentry"],"acf":[],"yoast_head":"<!-- This site is optimized with the Yoast SEO plugin v27.4 - https:\/\/yoast.com\/product\/yoast-seo-wordpress\/ -->\n<title>V\u00e5r politik i kommunen - Kristdemokraterna | Orust<\/title>\n<meta name=\"robots\" content=\"index, follow, max-snippet:-1, max-image-preview:large, max-video-preview:-1\" \/>\n<link rel=\"canonical\" href=\"https:\/\/wp.kristdemokraterna.se\/orust\/textsida-fullbredd\/var-politik-i-kommunen\/\" \/>\n<meta property=\"og:locale\" content=\"sv_SE\" \/>\n<meta property=\"og:type\" content=\"article\" \/>\n<meta property=\"og:title\" content=\"V\u00e5r politik i kommunen - Kristdemokraterna | Orust\" \/>\n<meta property=\"og:description\" content=\"KD p\u00e5 Orust \u00e4r REDO att: &nbsp; &nbsp; &nbsp; &nbsp; &nbsp; &nbsp; &nbsp; Ge personalresurser till f\u00f6rskolan f\u00f6r att minska BARNGRUPPERNA till h\u00f6gst 12 per grupp. Anpassa organisationen s\u00e5 SAMVERKAN sker mellan myndigheter utifr\u00e5n BARNETS B\u00c4STA f\u00f6r att hj\u00e4lp och st\u00f6d ska komma till familjen i tid. Att det i kommunen tills\u00e4tts en BARNOMBUDSMAN Arbeta L\u00e4s mer\" \/>\n<meta property=\"og:url\" content=\"https:\/\/wp.kristdemokraterna.se\/orust\/textsida-fullbredd\/var-politik-i-kommunen\/\" \/>\n<meta property=\"og:site_name\" content=\"Kristdemokraterna | Orust\" \/>\n<meta property=\"article:modified_time\" content=\"2022-09-06T06:16:45+00:00\" \/>\n<meta property=\"og:image\" content=\"https:\/\/wp.kristdemokraterna.se\/orust\/files\/2022\/06\/img_20211023_100104-300x135.jpg\" \/>\n<meta name=\"twitter:card\" content=\"summary_large_image\" \/>\n<meta name=\"twitter:label1\" content=\"Ber\u00e4knad l\u00e4stid\" \/>\n\t<meta name=\"twitter:data1\" content=\"2 minuter\" \/>\n<script type=\"application\/ld+json\" class=\"yoast-schema-graph\">{\"@context\":\"https:\\\/\\\/schema.org\",\"@graph\":[{\"@type\":\"WebPage\",\"@id\":\"https:\\\/\\\/wp.kristdemokraterna.se\\\/orust\\\/textsida-fullbredd\\\/var-politik-i-kommunen\\\/\",\"url\":\"https:\\\/\\\/wp.kristdemokraterna.se\\\/orust\\\/textsida-fullbredd\\\/var-politik-i-kommunen\\\/\",\"name\":\"V\u00e5r politik i kommunen - Kristdemokraterna | Orust\",\"isPartOf\":{\"@id\":\"https:\\\/\\\/wp.kristdemokraterna.se\\\/orust\\\/#website\"},\"primaryImageOfPage\":{\"@id\":\"https:\\\/\\\/wp.kristdemokraterna.se\\\/orust\\\/textsida-fullbredd\\\/var-politik-i-kommunen\\\/#primaryimage\"},\"image\":{\"@id\":\"https:\\\/\\\/wp.kristdemokraterna.se\\\/orust\\\/textsida-fullbredd\\\/var-politik-i-kommunen\\\/#primaryimage\"},\"thumbnailUrl\":\"\",\"datePublished\":\"2017-12-04T15:47:18+00:00\",\"dateModified\":\"2022-09-06T06:16:45+00:00\",\"breadcrumb\":{\"@id\":\"https:\\\/\\\/wp.kristdemokraterna.se\\\/orust\\\/textsida-fullbredd\\\/var-politik-i-kommunen\\\/#breadcrumb\"},\"inLanguage\":\"sv-SE\",\"potentialAction\":[{\"@type\":\"ReadAction\",\"target\":[\"https:\\\/\\\/wp.kristdemokraterna.se\\\/orust\\\/textsida-fullbredd\\\/var-politik-i-kommunen\\\/\"]}]},{\"@type\":\"ImageObject\",\"inLanguage\":\"sv-SE\",\"@id\":\"https:\\\/\\\/wp.kristdemokraterna.se\\\/orust\\\/textsida-fullbredd\\\/var-politik-i-kommunen\\\/#primaryimage\",\"url\":\"\",\"contentUrl\":\"\"},{\"@type\":\"BreadcrumbList\",\"@id\":\"https:\\\/\\\/wp.kristdemokraterna.se\\\/orust\\\/textsida-fullbredd\\\/var-politik-i-kommunen\\\/#breadcrumb\",\"itemListElement\":[{\"@type\":\"ListItem\",\"position\":1,\"name\":\"Hem\",\"item\":\"https:\\\/\\\/wp.kristdemokraterna.se\\\/orust\\\/\"},{\"@type\":\"ListItem\",\"position\":2,\"name\":\"Vad vi st\u00e5r f\u00f6r!\",\"item\":\"https:\\\/\\\/wp.kristdemokraterna.se\\\/orust\\\/textsida-fullbredd\\\/\"},{\"@type\":\"ListItem\",\"position\":3,\"name\":\"V\u00e5r politik i kommunen\"}]},{\"@type\":\"WebSite\",\"@id\":\"https:\\\/\\\/wp.kristdemokraterna.se\\\/orust\\\/#website\",\"url\":\"https:\\\/\\\/wp.kristdemokraterna.se\\\/orust\\\/\",\"name\":\"Kristdemokraterna | Orust\",\"description\":\"En till Kristdemokraterna webbplats\",\"inLanguage\":\"sv-SE\"}]}<\/script>\n<!-- \/ Yoast SEO plugin. -->","yoast_head_json":{"title":"V\u00e5r politik i kommunen - Kristdemokraterna | Orust","robots":{"index":"index","follow":"follow","max-snippet":"max-snippet:-1","max-image-preview":"max-image-preview:large","max-video-preview":"max-video-preview:-1"},"canonical":"https:\/\/wp.kristdemokraterna.se\/orust\/textsida-fullbredd\/var-politik-i-kommunen\/","og_locale":"sv_SE","og_type":"article","og_title":"V\u00e5r politik i kommunen - Kristdemokraterna | Orust","og_description":"KD p\u00e5 Orust \u00e4r REDO att: &nbsp; &nbsp; &nbsp; &nbsp; &nbsp; &nbsp; &nbsp; Ge personalresurser till f\u00f6rskolan f\u00f6r att minska BARNGRUPPERNA till h\u00f6gst 12 per grupp. Anpassa organisationen s\u00e5 SAMVERKAN sker mellan myndigheter utifr\u00e5n BARNETS B\u00c4STA f\u00f6r att hj\u00e4lp och st\u00f6d ska komma till familjen i tid. Att det i kommunen tills\u00e4tts en BARNOMBUDSMAN Arbeta L\u00e4s mer","og_url":"https:\/\/wp.kristdemokraterna.se\/orust\/textsida-fullbredd\/var-politik-i-kommunen\/","og_site_name":"Kristdemokraterna | Orust","article_modified_time":"2022-09-06T06:16:45+00:00","og_image":[{"url":"https:\/\/wp.kristdemokraterna.se\/orust\/files\/2022\/06\/img_20211023_100104-300x135.jpg","type":"","width":"","height":""}],"twitter_card":"summary_large_image","twitter_misc":{"Ber\u00e4knad l\u00e4stid":"2 minuter"},"schema":{"@context":"https:\/\/schema.org","@graph":[{"@type":"WebPage","@id":"https:\/\/wp.kristdemokraterna.se\/orust\/textsida-fullbredd\/var-politik-i-kommunen\/","url":"https:\/\/wp.kristdemokraterna.se\/orust\/textsida-fullbredd\/var-politik-i-kommunen\/","name":"V\u00e5r politik i kommunen - Kristdemokraterna | Orust","isPartOf":{"@id":"https:\/\/wp.kristdemokraterna.se\/orust\/#website"},"primaryImageOfPage":{"@id":"https:\/\/wp.kristdemokraterna.se\/orust\/textsida-fullbredd\/var-politik-i-kommunen\/#primaryimage"},"image":{"@id":"https:\/\/wp.kristdemokraterna.se\/orust\/textsida-fullbredd\/var-politik-i-kommunen\/#primaryimage"},"thumbnailUrl":"","datePublished":"2017-12-04T15:47:18+00:00","dateModified":"2022-09-06T06:16:45+00:00","breadcrumb":{"@id":"https:\/\/wp.kristdemokraterna.se\/orust\/textsida-fullbredd\/var-politik-i-kommunen\/#breadcrumb"},"inLanguage":"sv-SE","potentialAction":[{"@type":"ReadAction","target":["https:\/\/wp.kristdemokraterna.se\/orust\/textsida-fullbredd\/var-politik-i-kommunen\/"]}]},{"@type":"ImageObject","inLanguage":"sv-SE","@id":"https:\/\/wp.kristdemokraterna.se\/orust\/textsida-fullbredd\/var-politik-i-kommunen\/#primaryimage","url":"","contentUrl":""},{"@type":"BreadcrumbList","@id":"https:\/\/wp.kristdemokraterna.se\/orust\/textsida-fullbredd\/var-politik-i-kommunen\/#breadcrumb","itemListElement":[{"@type":"ListItem","position":1,"name":"Hem","item":"https:\/\/wp.kristdemokraterna.se\/orust\/"},{"@type":"ListItem","position":2,"name":"Vad vi st\u00e5r f\u00f6r!","item":"https:\/\/wp.kristdemokraterna.se\/orust\/textsida-fullbredd\/"},{"@type":"ListItem","position":3,"name":"V\u00e5r politik i kommunen"}]},{"@type":"WebSite","@id":"https:\/\/wp.kristdemokraterna.se\/orust\/#website","url":"https:\/\/wp.kristdemokraterna.se\/orust\/","name":"Kristdemokraterna | Orust","description":"En till Kristdemokraterna webbplats","inLanguage":"sv-SE"}]}},"_links":{"self":[{"href":"https:\/\/wp.kristdemokraterna.se\/orust\/wp-json\/wp\/v2\/pages\/373","targetHints":{"allow":["GET"]}}],"collection":[{"href":"https:\/\/wp.kristdemokraterna.se\/orust\/wp-json\/wp\/v2\/pages"}],"about":[{"href":"https:\/\/wp.kristdemokraterna.se\/orust\/wp-json\/wp\/v2\/types\/page"}],"author":[{"embeddable":true,"href":"https:\/\/wp.kristdemokraterna.se\/orust\/wp-json\/wp\/v2\/users\/493"}],"replies":[{"embeddable":true,"href":"https:\/\/wp.kristdemokraterna.se\/orust\/wp-json\/wp\/v2\/comments?post=373"}],"version-history":[{"count":6,"href":"https:\/\/wp.kristdemokraterna.se\/orust\/wp-json\/wp\/v2\/pages\/373\/revisions"}],"predecessor-version":[{"id":595,"href":"https:\/\/wp.kristdemokraterna.se\/orust\/wp-json\/wp\/v2\/pages\/373\/revisions\/595"}],"up":[{"embeddable":true,"href":"https:\/\/wp.kristdemokraterna.se\/orust\/wp-json\/wp\/v2\/pages\/272"}],"wp:featuredmedia":[{"embeddable":true,"href":"https:\/\/wp.kristdemokraterna.se\/orust\/wp-json\/"}],"wp:attachment":[{"href":"https:\/\/wp.kristdemokraterna.se\/orust\/wp-json\/wp\/v2\/media?parent=373"}],"curies":[{"name":"wp","href":"https:\/\/api.w.org\/{rel}","templated":true}]}}