{"id":485,"date":"2022-04-06T00:25:12","date_gmt":"2022-04-05T22:25:12","guid":{"rendered":"https:\/\/wp.kristdemokraterna.se\/osteraker\/?page_id=485"},"modified":"2022-04-06T00:25:12","modified_gmt":"2022-04-05T22:25:12","slug":"program-for-kd-osteraker-2022-2026","status":"publish","type":"page","link":"https:\/\/wp.kristdemokraterna.se\/osteraker\/program-for-kd-osteraker-2022-2026\/","title":{"rendered":"&#8211; program f\u00f6r KD \u00d6ster\u00e5ker 2022-2026"},"content":{"rendered":"<p><strong>H\u00d6JD SKOLPENG, ST\u00c4RKT F\u00d6RENINGSLIV OCH KLARSPR\u00c5K OM \u00c4LDRES BEHOV &#8211; FOKUS I KOMMUNVALET 2022<\/strong><\/p>\n<p><strong>H\u00d6J SKOLPENGEN &#8211; OCH SATSA P\u00c5 FRITIDSHEM<\/strong><br \/>\nFritidshem: f\u00f6rst\u00e4rkt budget till mer personal, fortbildning och \u00f6kade \u00f6ppettider.<br \/>\nMINSKADE UNDERVISNINGSGRUPPER &#8211; flexibla med snittm\u00e5l MAX 25\/elever.<br \/>\n\u00d6kad budget till barn med s\u00e4rskilda behov. Fler specialpedagoger anst\u00e4lls.<br \/>\nAnpassningar f\u00f6r NPF-elever i alla skolor. Anpassad klass p\u00e5 \u00d6GY (infoteknik\/media.<br \/>\nGymnasieutbildningar f\u00f6r undersk\u00f6terskor och barnsk\u00f6tare inr\u00e4ttas.<br \/>\n\u00d6kad budget till tryckta l\u00e4romedel.<br \/>\nSKOLBIBLIOTEK tillf\u00f6rs \u00f6kade resurser.<br \/>\nELEVV\u00c5RDEN f\u00f6rst\u00e4rks ute p\u00e5 enskilda skolenheter.<br \/>\nIDROTT OCH H\u00c4LSA ges extra timf\u00f6rst\u00e4rkning &#8211; \u00e4ven p\u00e5 gymnasiet.<br \/>\nTYDLIGHET OM \u00c4LDRES BEHOV<br \/>\nVOLONT\u00c4RER GES \u00d6KAT ST\u00d6D<br \/>\nFLER TRYGGHETSBOENDEN beh\u00f6ver byggas.<br \/>\nV\u00c5RD- OCH OMSORGSN\u00c4MNDENS budget ses \u00f6ver f\u00f6r att kunna m\u00f6ta faktiska behov.<br \/>\nM\u00f6tesplatsen FYREN och de f\u00f6reningar som verkar d\u00e4r ges \u00f6kade resurser.<br \/>\nV\u00c4NTJ\u00c4NSTENS verksamhet och volont\u00e4rerna ges \u00f6kat st\u00f6d.<br \/>\nFINSKT \u00c4LDREBOENDE alternativt del av boende inr\u00e4ttas.<br \/>\n\u00d6ster\u00e5ker skall bli en \u00e4nnu b\u00e4ttre \u201dLSS-kommun\u201d undermandatperioden.<br \/>\nSYN- OCH H\u00d6RSELSKADADES behov bevakas \u2013resurser tillf\u00f6rs om s\u00e5 beh\u00f6vs.<br \/>\nKVINNOJOUREN ges \u00f6kat st\u00f6d och tillr\u00e4ckliga medel.<\/p>\n<p><strong>F\u00d6RENINGSLIV, KULTUR OCH IDROTT<\/strong><br \/>\nMINIRINK F\u00d6R HOCKEY OCH KONST\u00c5KNING projekteras. Ny hockeysarg k\u00f6pes.<br \/>\nNy vinterhall fotboll. Nytt f\u00f6rr\u00e5d Sk\u00e4rg\u00e5rdsstadshallen. Boende vid turneringar utreds.<br \/>\nHACKSTAHALLENS handbollsarena renoveras. P-platser i n\u00e4rheten s\u00e4kerst\u00e4lls.<br \/>\n\u00d6STER\u00c5KERS BIBLIOTEK f\u00e5r f\u00f6rst\u00e4rkt budget.<br \/>\nBISKOPSTUNA \u2013 nytt interaktivt bes\u00f6kscenter skapas.<br \/>\n\u00c5KERSBERGA MOTORUNGDOM: ny avskild plats f\u00f6r bilk\u00f6rning utreds.<br \/>\nS\u00c4BY KULTURHUS skapas och blir en m\u00f6tesplats \u00f6ver generationsgr\u00e4nserna.<br \/>\nNY SIMHALL \u2013 byggs under mandatperioden.<\/p>\n<p><strong>SAMH\u00c4LLSPLANERING, TRAFIK, KLIMAT OCH NATUR<\/strong><br \/>\nNYA CYKELV\u00c4GAR ANL\u00c4GGS till exempel till \u00d6ster\u00e5kers Kyrka och Garnsviksbadet samt p\u00e5 Ljuster\u00f6\u00a0 \u00a0 \u00a0 \u00a0 \u00a0 \u00a0 \u00a0 \u00a0 \u00a0 \u00a0 \u00a0 \u00a0 \u00a0 \u00a0 \u00a0 \u00a0 \u00a0 \u00a0 \u00a0 \u00a0 \u00a0 \u00a0 \u00a0 \u00a0 \u00a0 \u00a0 \u00a0 \u00a0 \u00a0 \u00a0 \u00a0 \u00a0 \u00a0 \u00a0 \u2013 viktigt f\u00f6r tillg\u00e4nglighet,s\u00e4kerhet och klimat!<br \/>\nINFARTSPARKERINGAR: fler byggs \u2013 viktigt ur klimatsynpunkt.<br \/>\nNej till nya P-avgifter!<br \/>\nPARKERINGSKVOTEN VID NYBYGGEN skall \u00f6verensst\u00e4mma med de boendes behov.<br \/>\nRIDV\u00c4GAR: Behovet av nya eller f\u00f6rb\u00e4ttrade ridv\u00e4gar utreds.<br \/>\nTRYGGHET: G\u00e4ngkriminalitet och droghandel bek\u00e4mpas med h\u00f6g prioritet.<br \/>\nSK\u00c4RG\u00c5RDEN: b\u00e4ttre villkor f\u00f6r f\u00f6retagande, boende, transporter och service.<br \/>\nFINSKT F\u00d6RVALTNINGSOMR\u00c5DE: \u00f6kat engagemang och st\u00f6d utifr\u00e5n v\u00e5ra \u00e5taganden.<br \/>\nNATUREN SKALL SKYDDAS &#8211; \u00d6ster\u00e5ker skall v\u00e4xa varsamt med h\u00e4nsyn till milj\u00f6\/natur.<\/p>\n","protected":false},"excerpt":{"rendered":"<p>H\u00d6JD SKOLPENG, ST\u00c4RKT F\u00d6RENINGSLIV OCH KLARSPR\u00c5K OM \u00c4LDRES BEHOV &#8211; FOKUS I KOMMUNVALET 2022 H\u00d6J SKOLPENGEN &#8211; OCH SATSA P\u00c5 FRITIDSHEM Fritidshem: f\u00f6rst\u00e4rkt budget till mer personal, fortbildning och \u00f6kade \u00f6ppettider. MINSKADE UNDERVISNINGSGRUPPER &#8211; flexibla med snittm\u00e5l MAX 25\/elever. \u00d6kad budget till barn med s\u00e4rskilda behov. Fler specialpedagoger anst\u00e4lls. Anpassningar f\u00f6r NPF-elever i alla skolor. <a class=\"read-more-link\" href=\"https:\/\/wp.kristdemokraterna.se\/osteraker\/program-for-kd-osteraker-2022-2026\/\">Read More<\/a><\/p>\n","protected":false},"author":425,"featured_media":0,"parent":0,"menu_order":0,"comment_status":"closed","ping_status":"closed","template":"","meta":{"_acf_changed":false,"footnotes":""},"class_list":["post-485","page","type-page","status-publish","hentry"],"acf":[],"yoast_head":"<!-- This site is optimized with the Yoast SEO plugin v27.4 - https:\/\/yoast.com\/product\/yoast-seo-wordpress\/ -->\n<title>- program f\u00f6r KD \u00d6ster\u00e5ker 2022-2026 - \u00d6ster\u00e5ker<\/title>\n<meta name=\"robots\" content=\"index, follow, max-snippet:-1, max-image-preview:large, max-video-preview:-1\" \/>\n<link rel=\"canonical\" href=\"https:\/\/wp.kristdemokraterna.se\/osteraker\/program-for-kd-osteraker-2022-2026\/\" \/>\n<meta property=\"og:locale\" content=\"sv_SE\" \/>\n<meta property=\"og:type\" content=\"article\" \/>\n<meta property=\"og:title\" content=\"- program f\u00f6r KD \u00d6ster\u00e5ker 2022-2026 - \u00d6ster\u00e5ker\" \/>\n<meta property=\"og:description\" content=\"H\u00d6JD SKOLPENG, ST\u00c4RKT F\u00d6RENINGSLIV OCH KLARSPR\u00c5K OM \u00c4LDRES BEHOV &#8211; FOKUS I KOMMUNVALET 2022 H\u00d6J SKOLPENGEN &#8211; OCH SATSA P\u00c5 FRITIDSHEM Fritidshem: f\u00f6rst\u00e4rkt budget till mer personal, fortbildning och \u00f6kade \u00f6ppettider. MINSKADE UNDERVISNINGSGRUPPER &#8211; flexibla med snittm\u00e5l MAX 25\/elever. \u00d6kad budget till barn med s\u00e4rskilda behov. Fler specialpedagoger anst\u00e4lls. Anpassningar f\u00f6r NPF-elever i alla skolor. Read More\" \/>\n<meta property=\"og:url\" content=\"https:\/\/wp.kristdemokraterna.se\/osteraker\/program-for-kd-osteraker-2022-2026\/\" \/>\n<meta property=\"og:site_name\" content=\"\u00d6ster\u00e5ker\" \/>\n<meta name=\"twitter:card\" content=\"summary_large_image\" \/>\n<meta name=\"twitter:label1\" content=\"Ber\u00e4knad l\u00e4stid\" \/>\n\t<meta name=\"twitter:data1\" content=\"2 minuter\" \/>\n<script type=\"application\/ld+json\" class=\"yoast-schema-graph\">{\"@context\":\"https:\\\/\\\/schema.org\",\"@graph\":[{\"@type\":\"WebPage\",\"@id\":\"https:\\\/\\\/wp.kristdemokraterna.se\\\/osteraker\\\/program-for-kd-osteraker-2022-2026\\\/\",\"url\":\"https:\\\/\\\/wp.kristdemokraterna.se\\\/osteraker\\\/program-for-kd-osteraker-2022-2026\\\/\",\"name\":\"- program f\u00f6r KD \u00d6ster\u00e5ker 2022-2026 - \u00d6ster\u00e5ker\",\"isPartOf\":{\"@id\":\"https:\\\/\\\/wp.kristdemokraterna.se\\\/osteraker\\\/#website\"},\"datePublished\":\"2022-04-05T22:25:12+00:00\",\"breadcrumb\":{\"@id\":\"https:\\\/\\\/wp.kristdemokraterna.se\\\/osteraker\\\/program-for-kd-osteraker-2022-2026\\\/#breadcrumb\"},\"inLanguage\":\"sv-SE\",\"potentialAction\":[{\"@type\":\"ReadAction\",\"target\":[\"https:\\\/\\\/wp.kristdemokraterna.se\\\/osteraker\\\/program-for-kd-osteraker-2022-2026\\\/\"]}]},{\"@type\":\"BreadcrumbList\",\"@id\":\"https:\\\/\\\/wp.kristdemokraterna.se\\\/osteraker\\\/program-for-kd-osteraker-2022-2026\\\/#breadcrumb\",\"itemListElement\":[{\"@type\":\"ListItem\",\"position\":1,\"name\":\"Hem\",\"item\":\"https:\\\/\\\/wp.kristdemokraterna.se\\\/osteraker\\\/\"},{\"@type\":\"ListItem\",\"position\":2,\"name\":\"&#8211; program f\u00f6r KD \u00d6ster\u00e5ker 2022-2026\"}]},{\"@type\":\"WebSite\",\"@id\":\"https:\\\/\\\/wp.kristdemokraterna.se\\\/osteraker\\\/#website\",\"url\":\"https:\\\/\\\/wp.kristdemokraterna.se\\\/osteraker\\\/\",\"name\":\"\u00d6ster\u00e5ker\",\"description\":\"En till Kristdemokraterna webbplats\",\"inLanguage\":\"sv-SE\"}]}<\/script>\n<!-- \/ Yoast SEO plugin. -->","yoast_head_json":{"title":"- program f\u00f6r KD \u00d6ster\u00e5ker 2022-2026 - \u00d6ster\u00e5ker","robots":{"index":"index","follow":"follow","max-snippet":"max-snippet:-1","max-image-preview":"max-image-preview:large","max-video-preview":"max-video-preview:-1"},"canonical":"https:\/\/wp.kristdemokraterna.se\/osteraker\/program-for-kd-osteraker-2022-2026\/","og_locale":"sv_SE","og_type":"article","og_title":"- program f\u00f6r KD \u00d6ster\u00e5ker 2022-2026 - \u00d6ster\u00e5ker","og_description":"H\u00d6JD SKOLPENG, ST\u00c4RKT F\u00d6RENINGSLIV OCH KLARSPR\u00c5K OM \u00c4LDRES BEHOV &#8211; FOKUS I KOMMUNVALET 2022 H\u00d6J SKOLPENGEN &#8211; OCH SATSA P\u00c5 FRITIDSHEM Fritidshem: f\u00f6rst\u00e4rkt budget till mer personal, fortbildning och \u00f6kade \u00f6ppettider. MINSKADE UNDERVISNINGSGRUPPER &#8211; flexibla med snittm\u00e5l MAX 25\/elever. \u00d6kad budget till barn med s\u00e4rskilda behov. Fler specialpedagoger anst\u00e4lls. Anpassningar f\u00f6r NPF-elever i alla skolor. Read More","og_url":"https:\/\/wp.kristdemokraterna.se\/osteraker\/program-for-kd-osteraker-2022-2026\/","og_site_name":"\u00d6ster\u00e5ker","twitter_card":"summary_large_image","twitter_misc":{"Ber\u00e4knad l\u00e4stid":"2 minuter"},"schema":{"@context":"https:\/\/schema.org","@graph":[{"@type":"WebPage","@id":"https:\/\/wp.kristdemokraterna.se\/osteraker\/program-for-kd-osteraker-2022-2026\/","url":"https:\/\/wp.kristdemokraterna.se\/osteraker\/program-for-kd-osteraker-2022-2026\/","name":"- program f\u00f6r KD \u00d6ster\u00e5ker 2022-2026 - \u00d6ster\u00e5ker","isPartOf":{"@id":"https:\/\/wp.kristdemokraterna.se\/osteraker\/#website"},"datePublished":"2022-04-05T22:25:12+00:00","breadcrumb":{"@id":"https:\/\/wp.kristdemokraterna.se\/osteraker\/program-for-kd-osteraker-2022-2026\/#breadcrumb"},"inLanguage":"sv-SE","potentialAction":[{"@type":"ReadAction","target":["https:\/\/wp.kristdemokraterna.se\/osteraker\/program-for-kd-osteraker-2022-2026\/"]}]},{"@type":"BreadcrumbList","@id":"https:\/\/wp.kristdemokraterna.se\/osteraker\/program-for-kd-osteraker-2022-2026\/#breadcrumb","itemListElement":[{"@type":"ListItem","position":1,"name":"Hem","item":"https:\/\/wp.kristdemokraterna.se\/osteraker\/"},{"@type":"ListItem","position":2,"name":"&#8211; program f\u00f6r KD \u00d6ster\u00e5ker 2022-2026"}]},{"@type":"WebSite","@id":"https:\/\/wp.kristdemokraterna.se\/osteraker\/#website","url":"https:\/\/wp.kristdemokraterna.se\/osteraker\/","name":"\u00d6ster\u00e5ker","description":"En till Kristdemokraterna webbplats","inLanguage":"sv-SE"}]}},"_links":{"self":[{"href":"https:\/\/wp.kristdemokraterna.se\/osteraker\/wp-json\/wp\/v2\/pages\/485","targetHints":{"allow":["GET"]}}],"collection":[{"href":"https:\/\/wp.kristdemokraterna.se\/osteraker\/wp-json\/wp\/v2\/pages"}],"about":[{"href":"https:\/\/wp.kristdemokraterna.se\/osteraker\/wp-json\/wp\/v2\/types\/page"}],"author":[{"embeddable":true,"href":"https:\/\/wp.kristdemokraterna.se\/osteraker\/wp-json\/wp\/v2\/users\/425"}],"replies":[{"embeddable":true,"href":"https:\/\/wp.kristdemokraterna.se\/osteraker\/wp-json\/wp\/v2\/comments?post=485"}],"version-history":[{"count":4,"href":"https:\/\/wp.kristdemokraterna.se\/osteraker\/wp-json\/wp\/v2\/pages\/485\/revisions"}],"predecessor-version":[{"id":489,"href":"https:\/\/wp.kristdemokraterna.se\/osteraker\/wp-json\/wp\/v2\/pages\/485\/revisions\/489"}],"wp:attachment":[{"href":"https:\/\/wp.kristdemokraterna.se\/osteraker\/wp-json\/wp\/v2\/media?parent=485"}],"curies":[{"name":"wp","href":"https:\/\/api.w.org\/{rel}","templated":true}]}}