{"version":"1.0","provider_name":"Kristdemokraterna | \u00d6sterg\u00f6tland","provider_url":"https:\/\/wp.kristdemokraterna.se\/ostergotland","title":"Vill EU ta \u00f6ver den svenska skogen? - Kristdemokraterna | \u00d6sterg\u00f6tland","type":"rich","width":600,"height":338,"html":"<blockquote class=\"wp-embedded-content\" data-secret=\"DzzrMRSzxD\"><a href=\"https:\/\/wp.kristdemokraterna.se\/ostergotland\/vill-eu-ta-over-den-svenska-skogen\/\">Vill EU ta \u00f6ver den svenska skogen?<\/a><\/blockquote><iframe sandbox=\"allow-scripts\" security=\"restricted\" src=\"https:\/\/wp.kristdemokraterna.se\/ostergotland\/vill-eu-ta-over-den-svenska-skogen\/embed\/#?secret=DzzrMRSzxD\" width=\"600\" height=\"338\" title=\"\u201dVill EU ta \u00f6ver den svenska skogen?\u201d &ndash; Kristdemokraterna | \u00d6sterg\u00f6tland\" data-secret=\"DzzrMRSzxD\" frameborder=\"0\" marginwidth=\"0\" marginheight=\"0\" scrolling=\"no\" class=\"wp-embedded-content\"><\/iframe><script type=\"text\/javascript\">\n\/* <![CDATA[ *\/\n\/*! This file is auto-generated *\/\n!function(d,l){\"use strict\";l.querySelector&&d.addEventListener&&\"undefined\"!=typeof URL&&(d.wp=d.wp||{},d.wp.receiveEmbedMessage||(d.wp.receiveEmbedMessage=function(e){var t=e.data;if((t||t.secret||t.message||t.value)&&!\/[^a-zA-Z0-9]\/.test(t.secret)){for(var s,r,n,a=l.querySelectorAll('iframe[data-secret=\"'+t.secret+'\"]'),o=l.querySelectorAll('blockquote[data-secret=\"'+t.secret+'\"]'),c=new RegExp(\"^https?:$\",\"i\"),i=0;i<o.length;i++)o[i].style.display=\"none\";for(i=0;i<a.length;i++)s=a[i],e.source===s.contentWindow&&(s.removeAttribute(\"style\"),\"height\"===t.message?(1e3<(r=parseInt(t.value,10))?r=1e3:~~r<200&&(r=200),s.height=r):\"link\"===t.message&&(r=new URL(s.getAttribute(\"src\")),n=new URL(t.value),c.test(n.protocol))&&n.host===r.host&&l.activeElement===s&&(d.top.location.href=t.value))}},d.addEventListener(\"message\",d.wp.receiveEmbedMessage,!1),l.addEventListener(\"DOMContentLoaded\",function(){for(var e,t,s=l.querySelectorAll(\"iframe.wp-embedded-content\"),r=0;r<s.length;r++)(t=(e=s[r]).getAttribute(\"data-secret\"))||(t=Math.random().toString(36).substring(2,12),e.src+=\"#?secret=\"+t,e.setAttribute(\"data-secret\",t)),e.contentWindow.postMessage({message:\"ready\",secret:t},\"*\")},!1)))}(window,document);\n\/\/# sourceURL=https:\/\/wp.kristdemokraterna.se\/ostergotland\/wp-includes\/js\/wp-embed.min.js\n\/* ]]> *\/\n<\/script>\n","description":"Webbinarium torsdag 3 mars kl. 19.00\u00a0 Det nationella best\u00e4mmande \u00f6ver skogen \u00e4r i farozonen. Kunskapen i Bryssel om v\u00e5rt h\u00e5llbara nordiska skogsbruk \u00e4r l\u00e5g och viljan att styra \u00e4r h\u00f6g. Nuvarande inriktning fr\u00e5n EU \u00e4r mindre brukande och mer bevarande, d\u00e4rf\u00f6r \u00e4r det enormt viktigt att f\u00f6rklara och arbeta f\u00f6r nyttan med skogsbruk. Moderator \u00e4r: L\u00e4s mer"}