{"version":"1.0","provider_name":"Kristdemokraterna | \u00d6stermalm","provider_url":"https:\/\/wp.kristdemokraterna.se\/ostermalm","title":"L\u00e5t ordningsvakter verka p\u00e5 \u00d6stermalm - Kristdemokraterna | \u00d6stermalm","type":"rich","width":600,"height":338,"html":"<blockquote class=\"wp-embedded-content\" data-secret=\"9b36bnueQH\"><a href=\"https:\/\/wp.kristdemokraterna.se\/ostermalm\/lat-ordningsvakter-verka-pa-ostermalm\/\">L\u00e5t ordningsvakter verka p\u00e5 \u00d6stermalm<\/a><\/blockquote><iframe sandbox=\"allow-scripts\" security=\"restricted\" src=\"https:\/\/wp.kristdemokraterna.se\/ostermalm\/lat-ordningsvakter-verka-pa-ostermalm\/embed\/#?secret=9b36bnueQH\" width=\"600\" height=\"338\" title=\"\u201dL\u00e5t ordningsvakter verka p\u00e5 \u00d6stermalm\u201d &ndash; Kristdemokraterna | \u00d6stermalm\" data-secret=\"9b36bnueQH\" frameborder=\"0\" marginwidth=\"0\" marginheight=\"0\" scrolling=\"no\" class=\"wp-embedded-content\"><\/iframe><script type=\"text\/javascript\">\n\/* <![CDATA[ *\/\n\/*! This file is auto-generated *\/\n!function(d,l){\"use strict\";l.querySelector&&d.addEventListener&&\"undefined\"!=typeof URL&&(d.wp=d.wp||{},d.wp.receiveEmbedMessage||(d.wp.receiveEmbedMessage=function(e){var t=e.data;if((t||t.secret||t.message||t.value)&&!\/[^a-zA-Z0-9]\/.test(t.secret)){for(var s,r,n,a=l.querySelectorAll('iframe[data-secret=\"'+t.secret+'\"]'),o=l.querySelectorAll('blockquote[data-secret=\"'+t.secret+'\"]'),c=new RegExp(\"^https?:$\",\"i\"),i=0;i<o.length;i++)o[i].style.display=\"none\";for(i=0;i<a.length;i++)s=a[i],e.source===s.contentWindow&&(s.removeAttribute(\"style\"),\"height\"===t.message?(1e3<(r=parseInt(t.value,10))?r=1e3:~~r<200&&(r=200),s.height=r):\"link\"===t.message&&(r=new URL(s.getAttribute(\"src\")),n=new URL(t.value),c.test(n.protocol))&&n.host===r.host&&l.activeElement===s&&(d.top.location.href=t.value))}},d.addEventListener(\"message\",d.wp.receiveEmbedMessage,!1),l.addEventListener(\"DOMContentLoaded\",function(){for(var e,t,s=l.querySelectorAll(\"iframe.wp-embedded-content\"),r=0;r<s.length;r++)(t=(e=s[r]).getAttribute(\"data-secret\"))||(t=Math.random().toString(36).substring(2,12),e.src+=\"#?secret=\"+t,e.setAttribute(\"data-secret\",t)),e.contentWindow.postMessage({message:\"ready\",secret:t},\"*\")},!1)))}(window,document);\n\/\/# sourceURL=https:\/\/wp.kristdemokraterna.se\/ostermalm\/wp-includes\/js\/wp-embed.min.js\n\/* ]]> *\/\n<\/script>\n","description":"De kommunala ordningsvakterna har p\u00e5 tre \u00e5r \u00f6kat fr\u00e5n 18 till 180 stycken. Men p\u00e5 \u00d6stermalm saknas tillst\u00e5nd f\u00f6r dem att verka. Det vill vi \u00e4ndra p\u00e5! De kommunala ordningsvakterna utg\u00f6r ett komplement till den polisi\u00e4ra n\u00e4rvaron. Vi vill skapa opinion f\u00f6r att \u00e4ven \u00d6stermalm ska bli tryggare! Vi vill g\u00e4rna m\u00f6ta boende inom \u00d6stermalms Read More"}