{"version":"1.0","provider_name":"Kristdemokraterna | \u00d6stermalm","provider_url":"https:\/\/wp.kristdemokraterna.se\/ostermalm","title":"Startskott f\u00f6r ett tryggare Humleg\u00e5rden - Kristdemokraterna | \u00d6stermalm","type":"rich","width":600,"height":338,"html":"<blockquote class=\"wp-embedded-content\" data-secret=\"AZb4PzlGGy\"><a href=\"https:\/\/wp.kristdemokraterna.se\/ostermalm\/startskott-for-ett-tryggare-humlegarden\/\">Startskott f\u00f6r ett tryggare Humleg\u00e5rden<\/a><\/blockquote><iframe sandbox=\"allow-scripts\" security=\"restricted\" src=\"https:\/\/wp.kristdemokraterna.se\/ostermalm\/startskott-for-ett-tryggare-humlegarden\/embed\/#?secret=AZb4PzlGGy\" width=\"600\" height=\"338\" title=\"\u201dStartskott f\u00f6r ett tryggare Humleg\u00e5rden\u201d &ndash; Kristdemokraterna | \u00d6stermalm\" data-secret=\"AZb4PzlGGy\" frameborder=\"0\" marginwidth=\"0\" marginheight=\"0\" scrolling=\"no\" class=\"wp-embedded-content\"><\/iframe><script type=\"text\/javascript\">\n\/* <![CDATA[ *\/\n\/*! This file is auto-generated *\/\n!function(d,l){\"use strict\";l.querySelector&&d.addEventListener&&\"undefined\"!=typeof URL&&(d.wp=d.wp||{},d.wp.receiveEmbedMessage||(d.wp.receiveEmbedMessage=function(e){var t=e.data;if((t||t.secret||t.message||t.value)&&!\/[^a-zA-Z0-9]\/.test(t.secret)){for(var s,r,n,a=l.querySelectorAll('iframe[data-secret=\"'+t.secret+'\"]'),o=l.querySelectorAll('blockquote[data-secret=\"'+t.secret+'\"]'),c=new RegExp(\"^https?:$\",\"i\"),i=0;i<o.length;i++)o[i].style.display=\"none\";for(i=0;i<a.length;i++)s=a[i],e.source===s.contentWindow&&(s.removeAttribute(\"style\"),\"height\"===t.message?(1e3<(r=parseInt(t.value,10))?r=1e3:~~r<200&&(r=200),s.height=r):\"link\"===t.message&&(r=new URL(s.getAttribute(\"src\")),n=new URL(t.value),c.test(n.protocol))&&n.host===r.host&&l.activeElement===s&&(d.top.location.href=t.value))}},d.addEventListener(\"message\",d.wp.receiveEmbedMessage,!1),l.addEventListener(\"DOMContentLoaded\",function(){for(var e,t,s=l.querySelectorAll(\"iframe.wp-embedded-content\"),r=0;r<s.length;r++)(t=(e=s[r]).getAttribute(\"data-secret\"))||(t=Math.random().toString(36).substring(2,12),e.src+=\"#?secret=\"+t,e.setAttribute(\"data-secret\",t)),e.contentWindow.postMessage({message:\"ready\",secret:t},\"*\")},!1)))}(window,document);\n\/\/# sourceURL=https:\/\/wp.kristdemokraterna.se\/ostermalm\/wp-includes\/js\/wp-embed.min.js\n\/* ]]> *\/\n<\/script>\n","description":"Jag har pratat med Mitt i \u00d6stermalm om de investeringar vi g\u00f6r f\u00f6r \u00f6kad trygghet i Humleg\u00e5rden. Parken har av m\u00e5nga m\u00e4nniskor l\u00e4nge upplevts otrygg, inte minst under kv\u00e4llstid, s\u00e4ger Erik Slottner (KD). Genom \u00f6kad belysning och siktf\u00f6rb\u00e4ttrade \u00e5tg\u00e4rder l\u00e4ngs med parkens norra och v\u00e4stra delar, blir detta startskottet f\u00f6r ett tryggare Humleg\u00e5rden. Med en Read More"}