{"id":269,"date":"2017-11-29T16:48:28","date_gmt":"2017-11-29T15:48:28","guid":{"rendered":"http:\/\/wp.kristdemokraterna.se\/ovanaker\/?page_id=269"},"modified":"2023-10-05T11:33:04","modified_gmt":"2023-10-05T09:33:04","slug":"textsida-med-vanster-sidebar","status":"publish","type":"page","link":"https:\/\/wp.kristdemokraterna.se\/ovanaker\/vilka-vi-ar\/textsida-med-vanster-sidebar\/","title":{"rendered":"Partiavdelningens styrelse"},"content":{"rendered":"<p><a href=\"http:\/\/wp.kristdemokraterna.se\/ovanaker\/files\/2023\/10\/brokvist-2-scaled.jpg\"><img loading=\"lazy\" decoding=\"async\" class=\" wp-image-665 alignright\" src=\"http:\/\/wp.kristdemokraterna.se\/ovanaker\/files\/2023\/10\/brokvist-2-200x300.jpg\" alt=\"\" width=\"477\" height=\"716\" srcset=\"https:\/\/wp.kristdemokraterna.se\/ovanaker\/files\/2023\/10\/brokvist-2-200x300.jpg 200w, https:\/\/wp.kristdemokraterna.se\/ovanaker\/files\/2023\/10\/brokvist-2-683x1024.jpg 683w, https:\/\/wp.kristdemokraterna.se\/ovanaker\/files\/2023\/10\/brokvist-2-768x1151.jpg 768w, https:\/\/wp.kristdemokraterna.se\/ovanaker\/files\/2023\/10\/brokvist-2-1025x1536.jpg 1025w, https:\/\/wp.kristdemokraterna.se\/ovanaker\/files\/2023\/10\/brokvist-2-1367x2048.jpg 1367w, https:\/\/wp.kristdemokraterna.se\/ovanaker\/files\/2023\/10\/brokvist-2-133x200.jpg 133w, https:\/\/wp.kristdemokraterna.se\/ovanaker\/files\/2023\/10\/brokvist-2-370x554.jpg 370w, https:\/\/wp.kristdemokraterna.se\/ovanaker\/files\/2023\/10\/brokvist-2-770x1154.jpg 770w, https:\/\/wp.kristdemokraterna.se\/ovanaker\/files\/2023\/10\/brokvist-2-450x674.jpg 450w, https:\/\/wp.kristdemokraterna.se\/ovanaker\/files\/2023\/10\/brokvist-2-268x402.jpg 268w, https:\/\/wp.kristdemokraterna.se\/ovanaker\/files\/2023\/10\/brokvist-2-340x509.jpg 340w, https:\/\/wp.kristdemokraterna.se\/ovanaker\/files\/2023\/10\/brokvist-2-37x56.jpg 37w, https:\/\/wp.kristdemokraterna.se\/ovanaker\/files\/2023\/10\/brokvist-2-scaled.jpg 1709w\" sizes=\"auto, (max-width: 477px) 100vw, 477px\" \/><\/a><\/p>\n<p>Ordf\u00f6rande: Lars-Erik H\u00e4ggblom<\/p>\n<p>F\u00f6rste Vice ordf\u00f6rande: Jennie Forsblom<\/p>\n<p>Andre Vice ordf\u00f6rande: Bertil Eriksson<\/p>\n<h5>Ledam\u00f6ter<\/h5>\n<p>Anita Oss\u00e9n Johansson<\/p>\n<p>Kerstin N\u00e4slund<\/p>\n<p>Andreas Kissner<\/p>\n<p>Claes H\u00e4ggblom<\/p>\n<h5>Ers\u00e4ttare<\/h5>\n<p>David Arwe<\/p>\n<p>Ing-Britt Fredriksson<\/p>\n<p>Maria Jonsson<\/p>\n<p>Felix Karsbo<\/p>\n<p>Isa Wallmyr<\/p>\n<p>&nbsp;<\/p>\n<p>&nbsp;<\/p>\n<p>&nbsp;<\/p>\n","protected":false},"excerpt":{"rendered":"<p>Ordf\u00f6rande: Lars-Erik H\u00e4ggblom F\u00f6rste Vice ordf\u00f6rande: Jennie Forsblom Andre Vice ordf\u00f6rande: Bertil Eriksson Ledam\u00f6ter Anita Oss\u00e9n Johansson Kerstin N\u00e4slund Andreas Kissner Claes H\u00e4ggblom Ers\u00e4ttare David Arwe Ing-Britt Fredriksson Maria Jonsson Felix Karsbo Isa Wallmyr &nbsp; &nbsp; &nbsp;<\/p>\n","protected":false},"author":579,"featured_media":0,"parent":710,"menu_order":0,"comment_status":"closed","ping_status":"closed","template":"page.php","meta":{"_acf_changed":false,"footnotes":""},"class_list":["post-269","page","type-page","status-publish","hentry"],"acf":[],"yoast_head":"<!-- This site is optimized with the Yoast SEO plugin v27.4 - https:\/\/yoast.com\/product\/yoast-seo-wordpress\/ -->\n<title>Partiavdelningens styrelse - Kristdemokraterna i Ovan\u00e5ker<\/title>\n<meta name=\"robots\" content=\"index, follow, max-snippet:-1, max-image-preview:large, max-video-preview:-1\" \/>\n<link rel=\"canonical\" href=\"https:\/\/wp.kristdemokraterna.se\/ovanaker\/vilka-vi-ar\/textsida-med-vanster-sidebar\/\" \/>\n<meta property=\"og:locale\" content=\"sv_SE\" \/>\n<meta property=\"og:type\" content=\"article\" \/>\n<meta property=\"og:title\" content=\"Partiavdelningens styrelse - Kristdemokraterna i Ovan\u00e5ker\" \/>\n<meta property=\"og:description\" content=\"Ordf\u00f6rande: Lars-Erik H\u00e4ggblom F\u00f6rste Vice ordf\u00f6rande: Jennie Forsblom Andre Vice ordf\u00f6rande: Bertil Eriksson Ledam\u00f6ter Anita Oss\u00e9n Johansson Kerstin N\u00e4slund Andreas Kissner Claes H\u00e4ggblom Ers\u00e4ttare David Arwe Ing-Britt Fredriksson Maria Jonsson Felix Karsbo Isa Wallmyr &nbsp; &nbsp; &nbsp;\" \/>\n<meta property=\"og:url\" content=\"https:\/\/wp.kristdemokraterna.se\/ovanaker\/vilka-vi-ar\/textsida-med-vanster-sidebar\/\" \/>\n<meta property=\"og:site_name\" content=\"Kristdemokraterna i Ovan\u00e5ker\" \/>\n<meta property=\"article:modified_time\" content=\"2023-10-05T09:33:04+00:00\" \/>\n<meta property=\"og:image\" content=\"http:\/\/wp.kristdemokraterna.se\/ovanaker\/files\/2023\/10\/brokvist-2-200x300.jpg\" \/>\n<meta name=\"twitter:card\" content=\"summary_large_image\" \/>\n<meta name=\"twitter:label1\" content=\"Ber\u00e4knad l\u00e4stid\" \/>\n\t<meta name=\"twitter:data1\" content=\"1 minut\" \/>\n<script type=\"application\/ld+json\" class=\"yoast-schema-graph\">{\"@context\":\"https:\\\/\\\/schema.org\",\"@graph\":[{\"@type\":\"WebPage\",\"@id\":\"https:\\\/\\\/wp.kristdemokraterna.se\\\/ovanaker\\\/vilka-vi-ar\\\/textsida-med-vanster-sidebar\\\/\",\"url\":\"https:\\\/\\\/wp.kristdemokraterna.se\\\/ovanaker\\\/vilka-vi-ar\\\/textsida-med-vanster-sidebar\\\/\",\"name\":\"Partiavdelningens styrelse - Kristdemokraterna i Ovan\u00e5ker\",\"isPartOf\":{\"@id\":\"https:\\\/\\\/wp.kristdemokraterna.se\\\/ovanaker\\\/#website\"},\"primaryImageOfPage\":{\"@id\":\"https:\\\/\\\/wp.kristdemokraterna.se\\\/ovanaker\\\/vilka-vi-ar\\\/textsida-med-vanster-sidebar\\\/#primaryimage\"},\"image\":{\"@id\":\"https:\\\/\\\/wp.kristdemokraterna.se\\\/ovanaker\\\/vilka-vi-ar\\\/textsida-med-vanster-sidebar\\\/#primaryimage\"},\"thumbnailUrl\":\"http:\\\/\\\/wp.kristdemokraterna.se\\\/ovanaker\\\/files\\\/2023\\\/10\\\/brokvist-2-200x300.jpg\",\"datePublished\":\"2017-11-29T15:48:28+00:00\",\"dateModified\":\"2023-10-05T09:33:04+00:00\",\"breadcrumb\":{\"@id\":\"https:\\\/\\\/wp.kristdemokraterna.se\\\/ovanaker\\\/vilka-vi-ar\\\/textsida-med-vanster-sidebar\\\/#breadcrumb\"},\"inLanguage\":\"sv-SE\",\"potentialAction\":[{\"@type\":\"ReadAction\",\"target\":[\"https:\\\/\\\/wp.kristdemokraterna.se\\\/ovanaker\\\/vilka-vi-ar\\\/textsida-med-vanster-sidebar\\\/\"]}]},{\"@type\":\"ImageObject\",\"inLanguage\":\"sv-SE\",\"@id\":\"https:\\\/\\\/wp.kristdemokraterna.se\\\/ovanaker\\\/vilka-vi-ar\\\/textsida-med-vanster-sidebar\\\/#primaryimage\",\"url\":\"http:\\\/\\\/wp.kristdemokraterna.se\\\/ovanaker\\\/files\\\/2023\\\/10\\\/brokvist-2-200x300.jpg\",\"contentUrl\":\"http:\\\/\\\/wp.kristdemokraterna.se\\\/ovanaker\\\/files\\\/2023\\\/10\\\/brokvist-2-200x300.jpg\"},{\"@type\":\"BreadcrumbList\",\"@id\":\"https:\\\/\\\/wp.kristdemokraterna.se\\\/ovanaker\\\/vilka-vi-ar\\\/textsida-med-vanster-sidebar\\\/#breadcrumb\",\"itemListElement\":[{\"@type\":\"ListItem\",\"position\":1,\"name\":\"Hem\",\"item\":\"https:\\\/\\\/wp.kristdemokraterna.se\\\/ovanaker\\\/\"},{\"@type\":\"ListItem\",\"position\":2,\"name\":\"Vilka vi \u00e4r\",\"item\":\"https:\\\/\\\/wp.kristdemokraterna.se\\\/ovanaker\\\/vilka-vi-ar\\\/\"},{\"@type\":\"ListItem\",\"position\":3,\"name\":\"Partiavdelningens styrelse\"}]},{\"@type\":\"WebSite\",\"@id\":\"https:\\\/\\\/wp.kristdemokraterna.se\\\/ovanaker\\\/#website\",\"url\":\"https:\\\/\\\/wp.kristdemokraterna.se\\\/ovanaker\\\/\",\"name\":\"Kristdemokraterna i Ovan\u00e5ker\",\"description\":\"En till Kristdemokraterna webbplats\",\"inLanguage\":\"sv-SE\"}]}<\/script>\n<!-- \/ Yoast SEO plugin. -->","yoast_head_json":{"title":"Partiavdelningens styrelse - Kristdemokraterna i Ovan\u00e5ker","robots":{"index":"index","follow":"follow","max-snippet":"max-snippet:-1","max-image-preview":"max-image-preview:large","max-video-preview":"max-video-preview:-1"},"canonical":"https:\/\/wp.kristdemokraterna.se\/ovanaker\/vilka-vi-ar\/textsida-med-vanster-sidebar\/","og_locale":"sv_SE","og_type":"article","og_title":"Partiavdelningens styrelse - Kristdemokraterna i Ovan\u00e5ker","og_description":"Ordf\u00f6rande: Lars-Erik H\u00e4ggblom F\u00f6rste Vice ordf\u00f6rande: Jennie Forsblom Andre Vice ordf\u00f6rande: Bertil Eriksson Ledam\u00f6ter Anita Oss\u00e9n Johansson Kerstin N\u00e4slund Andreas Kissner Claes H\u00e4ggblom Ers\u00e4ttare David Arwe Ing-Britt Fredriksson Maria Jonsson Felix Karsbo Isa Wallmyr &nbsp; &nbsp; &nbsp;","og_url":"https:\/\/wp.kristdemokraterna.se\/ovanaker\/vilka-vi-ar\/textsida-med-vanster-sidebar\/","og_site_name":"Kristdemokraterna i Ovan\u00e5ker","article_modified_time":"2023-10-05T09:33:04+00:00","og_image":[{"url":"http:\/\/wp.kristdemokraterna.se\/ovanaker\/files\/2023\/10\/brokvist-2-200x300.jpg","type":"","width":"","height":""}],"twitter_card":"summary_large_image","twitter_misc":{"Ber\u00e4knad l\u00e4stid":"1 minut"},"schema":{"@context":"https:\/\/schema.org","@graph":[{"@type":"WebPage","@id":"https:\/\/wp.kristdemokraterna.se\/ovanaker\/vilka-vi-ar\/textsida-med-vanster-sidebar\/","url":"https:\/\/wp.kristdemokraterna.se\/ovanaker\/vilka-vi-ar\/textsida-med-vanster-sidebar\/","name":"Partiavdelningens styrelse - Kristdemokraterna i Ovan\u00e5ker","isPartOf":{"@id":"https:\/\/wp.kristdemokraterna.se\/ovanaker\/#website"},"primaryImageOfPage":{"@id":"https:\/\/wp.kristdemokraterna.se\/ovanaker\/vilka-vi-ar\/textsida-med-vanster-sidebar\/#primaryimage"},"image":{"@id":"https:\/\/wp.kristdemokraterna.se\/ovanaker\/vilka-vi-ar\/textsida-med-vanster-sidebar\/#primaryimage"},"thumbnailUrl":"http:\/\/wp.kristdemokraterna.se\/ovanaker\/files\/2023\/10\/brokvist-2-200x300.jpg","datePublished":"2017-11-29T15:48:28+00:00","dateModified":"2023-10-05T09:33:04+00:00","breadcrumb":{"@id":"https:\/\/wp.kristdemokraterna.se\/ovanaker\/vilka-vi-ar\/textsida-med-vanster-sidebar\/#breadcrumb"},"inLanguage":"sv-SE","potentialAction":[{"@type":"ReadAction","target":["https:\/\/wp.kristdemokraterna.se\/ovanaker\/vilka-vi-ar\/textsida-med-vanster-sidebar\/"]}]},{"@type":"ImageObject","inLanguage":"sv-SE","@id":"https:\/\/wp.kristdemokraterna.se\/ovanaker\/vilka-vi-ar\/textsida-med-vanster-sidebar\/#primaryimage","url":"http:\/\/wp.kristdemokraterna.se\/ovanaker\/files\/2023\/10\/brokvist-2-200x300.jpg","contentUrl":"http:\/\/wp.kristdemokraterna.se\/ovanaker\/files\/2023\/10\/brokvist-2-200x300.jpg"},{"@type":"BreadcrumbList","@id":"https:\/\/wp.kristdemokraterna.se\/ovanaker\/vilka-vi-ar\/textsida-med-vanster-sidebar\/#breadcrumb","itemListElement":[{"@type":"ListItem","position":1,"name":"Hem","item":"https:\/\/wp.kristdemokraterna.se\/ovanaker\/"},{"@type":"ListItem","position":2,"name":"Vilka vi \u00e4r","item":"https:\/\/wp.kristdemokraterna.se\/ovanaker\/vilka-vi-ar\/"},{"@type":"ListItem","position":3,"name":"Partiavdelningens styrelse"}]},{"@type":"WebSite","@id":"https:\/\/wp.kristdemokraterna.se\/ovanaker\/#website","url":"https:\/\/wp.kristdemokraterna.se\/ovanaker\/","name":"Kristdemokraterna i Ovan\u00e5ker","description":"En till Kristdemokraterna webbplats","inLanguage":"sv-SE"}]}},"_links":{"self":[{"href":"https:\/\/wp.kristdemokraterna.se\/ovanaker\/wp-json\/wp\/v2\/pages\/269","targetHints":{"allow":["GET"]}}],"collection":[{"href":"https:\/\/wp.kristdemokraterna.se\/ovanaker\/wp-json\/wp\/v2\/pages"}],"about":[{"href":"https:\/\/wp.kristdemokraterna.se\/ovanaker\/wp-json\/wp\/v2\/types\/page"}],"author":[{"embeddable":true,"href":"https:\/\/wp.kristdemokraterna.se\/ovanaker\/wp-json\/wp\/v2\/users\/579"}],"replies":[{"embeddable":true,"href":"https:\/\/wp.kristdemokraterna.se\/ovanaker\/wp-json\/wp\/v2\/comments?post=269"}],"version-history":[{"count":24,"href":"https:\/\/wp.kristdemokraterna.se\/ovanaker\/wp-json\/wp\/v2\/pages\/269\/revisions"}],"predecessor-version":[{"id":720,"href":"https:\/\/wp.kristdemokraterna.se\/ovanaker\/wp-json\/wp\/v2\/pages\/269\/revisions\/720"}],"up":[{"embeddable":true,"href":"https:\/\/wp.kristdemokraterna.se\/ovanaker\/wp-json\/wp\/v2\/pages\/710"}],"wp:attachment":[{"href":"https:\/\/wp.kristdemokraterna.se\/ovanaker\/wp-json\/wp\/v2\/media?parent=269"}],"curies":[{"name":"wp","href":"https:\/\/api.w.org\/{rel}","templated":true}]}}