{"version":"1.0","provider_name":"Kristdemokraterna Pite\u00e5","provider_url":"https:\/\/wp.kristdemokraterna.se\/pitea","title":"Stoppa v\u00e4lf\u00e4rdssveket mot v\u00e5ra \u00e4ldre - Kristdemokraterna Pite\u00e5","type":"rich","width":600,"height":338,"html":"<blockquote class=\"wp-embedded-content\" data-secret=\"bLBftgjTpo\"><a href=\"https:\/\/wp.kristdemokraterna.se\/pitea\/stoppa-valfardssveket-mot-vara-aldre\/\">Stoppa v\u00e4lf\u00e4rdssveket mot v\u00e5ra \u00e4ldre<\/a><\/blockquote><iframe sandbox=\"allow-scripts\" security=\"restricted\" src=\"https:\/\/wp.kristdemokraterna.se\/pitea\/stoppa-valfardssveket-mot-vara-aldre\/embed\/#?secret=bLBftgjTpo\" width=\"600\" height=\"338\" title=\"\u201dStoppa v\u00e4lf\u00e4rdssveket mot v\u00e5ra \u00e4ldre\u201d &ndash; Kristdemokraterna Pite\u00e5\" data-secret=\"bLBftgjTpo\" frameborder=\"0\" marginwidth=\"0\" marginheight=\"0\" scrolling=\"no\" class=\"wp-embedded-content\"><\/iframe><script type=\"text\/javascript\">\n\/* <![CDATA[ *\/\n\/*! This file is auto-generated *\/\n!function(d,l){\"use strict\";l.querySelector&&d.addEventListener&&\"undefined\"!=typeof URL&&(d.wp=d.wp||{},d.wp.receiveEmbedMessage||(d.wp.receiveEmbedMessage=function(e){var t=e.data;if((t||t.secret||t.message||t.value)&&!\/[^a-zA-Z0-9]\/.test(t.secret)){for(var s,r,n,a=l.querySelectorAll('iframe[data-secret=\"'+t.secret+'\"]'),o=l.querySelectorAll('blockquote[data-secret=\"'+t.secret+'\"]'),c=new RegExp(\"^https?:$\",\"i\"),i=0;i<o.length;i++)o[i].style.display=\"none\";for(i=0;i<a.length;i++)s=a[i],e.source===s.contentWindow&&(s.removeAttribute(\"style\"),\"height\"===t.message?(1e3<(r=parseInt(t.value,10))?r=1e3:~~r<200&&(r=200),s.height=r):\"link\"===t.message&&(r=new URL(s.getAttribute(\"src\")),n=new URL(t.value),c.test(n.protocol))&&n.host===r.host&&l.activeElement===s&&(d.top.location.href=t.value))}},d.addEventListener(\"message\",d.wp.receiveEmbedMessage,!1),l.addEventListener(\"DOMContentLoaded\",function(){for(var e,t,s=l.querySelectorAll(\"iframe.wp-embedded-content\"),r=0;r<s.length;r++)(t=(e=s[r]).getAttribute(\"data-secret\"))||(t=Math.random().toString(36).substring(2,12),e.src+=\"#?secret=\"+t,e.setAttribute(\"data-secret\",t)),e.contentWindow.postMessage({message:\"ready\",secret:t},\"*\")},!1)))}(window,document);\n\/\/# sourceURL=https:\/\/wp.kristdemokraterna.se\/pitea\/wp-includes\/js\/wp-embed.min.js\n\/* ]]> *\/\n<\/script>\n","thumbnail_url":"https:\/\/wp.kristdemokraterna.se\/pitea\/files\/2017\/08\/woman-1246587_1920.jpg","thumbnail_width":1920,"thumbnail_height":1276,"description":"Britt Pahlin i Kramfors \u00e4r 96 \u00e5r. Hon vill flytta till ett s\u00e4rskilt \u00e4ldreboende, men hennes kommun ans\u00e5g att hon inte hade r\u00e4tt till en plats. N\u00e4r f\u00f6rvaltningsr\u00e4tten gav Britt r\u00e4tt till en plats \u00f6verklagade kommunen. F\u00f6rst n\u00e4r media uppm\u00e4rksammade situationen meddelade kommunen att Britt kommer f\u00e5 en plats. Britt Pahlin \u00e4r inte ensam. \u00d6ver Read More"}