{"version":"1.0","provider_name":"i Region \u00d6sterg\u00f6tland","provider_url":"https:\/\/wp.kristdemokraterna.se\/regionostergotland","title":"Elbrist hotar \u2013 analysera \u00d6sterg\u00f6tlands behov! - i Region \u00d6sterg\u00f6tland","type":"rich","width":600,"height":338,"html":"<blockquote class=\"wp-embedded-content\" data-secret=\"S4jn3ETezJ\"><a href=\"https:\/\/wp.kristdemokraterna.se\/regionostergotland\/elbrist-hotar-analysera-ostergotlands-behov\/\">Elbrist hotar \u2013 analysera \u00d6sterg\u00f6tlands behov!<\/a><\/blockquote><iframe sandbox=\"allow-scripts\" security=\"restricted\" src=\"https:\/\/wp.kristdemokraterna.se\/regionostergotland\/elbrist-hotar-analysera-ostergotlands-behov\/embed\/#?secret=S4jn3ETezJ\" width=\"600\" height=\"338\" title=\"\u201dElbrist hotar \u2013 analysera \u00d6sterg\u00f6tlands behov!\u201d &ndash; i Region \u00d6sterg\u00f6tland\" data-secret=\"S4jn3ETezJ\" frameborder=\"0\" marginwidth=\"0\" marginheight=\"0\" scrolling=\"no\" class=\"wp-embedded-content\"><\/iframe><script type=\"text\/javascript\">\n\/* <![CDATA[ *\/\n\/*! This file is auto-generated *\/\n!function(d,l){\"use strict\";l.querySelector&&d.addEventListener&&\"undefined\"!=typeof URL&&(d.wp=d.wp||{},d.wp.receiveEmbedMessage||(d.wp.receiveEmbedMessage=function(e){var t=e.data;if((t||t.secret||t.message||t.value)&&!\/[^a-zA-Z0-9]\/.test(t.secret)){for(var s,r,n,a=l.querySelectorAll('iframe[data-secret=\"'+t.secret+'\"]'),o=l.querySelectorAll('blockquote[data-secret=\"'+t.secret+'\"]'),c=new RegExp(\"^https?:$\",\"i\"),i=0;i<o.length;i++)o[i].style.display=\"none\";for(i=0;i<a.length;i++)s=a[i],e.source===s.contentWindow&&(s.removeAttribute(\"style\"),\"height\"===t.message?(1e3<(r=parseInt(t.value,10))?r=1e3:~~r<200&&(r=200),s.height=r):\"link\"===t.message&&(r=new URL(s.getAttribute(\"src\")),n=new URL(t.value),c.test(n.protocol))&&n.host===r.host&&l.activeElement===s&&(d.top.location.href=t.value))}},d.addEventListener(\"message\",d.wp.receiveEmbedMessage,!1),l.addEventListener(\"DOMContentLoaded\",function(){for(var e,t,s=l.querySelectorAll(\"iframe.wp-embedded-content\"),r=0;r<s.length;r++)(t=(e=s[r]).getAttribute(\"data-secret\"))||(t=Math.random().toString(36).substring(2,12),e.src+=\"#?secret=\"+t,e.setAttribute(\"data-secret\",t)),e.contentWindow.postMessage({message:\"ready\",secret:t},\"*\")},!1)))}(window,document);\n\/\/# sourceURL=https:\/\/wp.kristdemokraterna.se\/regionostergotland\/wp-includes\/js\/wp-embed.min.js\n\/* ]]> *\/\n<\/script>\n","description":"Sveriges elpris skjuter i h\u00f6jden och larmrapporterna avl\u00f6ser varandra om att f\u00f6retag inte har tillr\u00e4cklig tillg\u00e5ng p\u00e5 el. Fr\u00e5gan om eltillg\u00e5ng och \u00f6verf\u00f6ringskapacitet har inte minst varit p\u00e5 agendan under de kyliga dagarna nu i februari n\u00e4r \u00e5tg\u00e5ngen medf\u00f6rt h\u00f6gre elpriser och produktionsstopp i vissa industrier. Nu vill Moderaterna och Kristdemokraterna att Region \u00d6sterg\u00f6tland analyserar Read More"}