{"version":"1.0","provider_name":"i Region \u00d6sterg\u00f6tland","provider_url":"https:\/\/wp.kristdemokraterna.se\/regionostergotland","title":"Ledarskap f\u00f6r ett b\u00e4ttre \u00d6sterg\u00f6tland - i Region \u00d6sterg\u00f6tland","type":"rich","width":600,"height":338,"html":"<blockquote class=\"wp-embedded-content\" data-secret=\"VuwN9fUPYB\"><a href=\"https:\/\/wp.kristdemokraterna.se\/regionostergotland\/ledarskap-for-ett-battre-ostergotland\/\">Ledarskap f\u00f6r ett b\u00e4ttre \u00d6sterg\u00f6tland<\/a><\/blockquote><iframe sandbox=\"allow-scripts\" security=\"restricted\" src=\"https:\/\/wp.kristdemokraterna.se\/regionostergotland\/ledarskap-for-ett-battre-ostergotland\/embed\/#?secret=VuwN9fUPYB\" width=\"600\" height=\"338\" title=\"\u201dLedarskap f\u00f6r ett b\u00e4ttre \u00d6sterg\u00f6tland\u201d &ndash; i Region \u00d6sterg\u00f6tland\" data-secret=\"VuwN9fUPYB\" frameborder=\"0\" marginwidth=\"0\" marginheight=\"0\" scrolling=\"no\" class=\"wp-embedded-content\"><\/iframe><script type=\"text\/javascript\">\n\/* <![CDATA[ *\/\n\/*! This file is auto-generated *\/\n!function(d,l){\"use strict\";l.querySelector&&d.addEventListener&&\"undefined\"!=typeof URL&&(d.wp=d.wp||{},d.wp.receiveEmbedMessage||(d.wp.receiveEmbedMessage=function(e){var t=e.data;if((t||t.secret||t.message||t.value)&&!\/[^a-zA-Z0-9]\/.test(t.secret)){for(var s,r,n,a=l.querySelectorAll('iframe[data-secret=\"'+t.secret+'\"]'),o=l.querySelectorAll('blockquote[data-secret=\"'+t.secret+'\"]'),c=new RegExp(\"^https?:$\",\"i\"),i=0;i<o.length;i++)o[i].style.display=\"none\";for(i=0;i<a.length;i++)s=a[i],e.source===s.contentWindow&&(s.removeAttribute(\"style\"),\"height\"===t.message?(1e3<(r=parseInt(t.value,10))?r=1e3:~~r<200&&(r=200),s.height=r):\"link\"===t.message&&(r=new URL(s.getAttribute(\"src\")),n=new URL(t.value),c.test(n.protocol))&&n.host===r.host&&l.activeElement===s&&(d.top.location.href=t.value))}},d.addEventListener(\"message\",d.wp.receiveEmbedMessage,!1),l.addEventListener(\"DOMContentLoaded\",function(){for(var e,t,s=l.querySelectorAll(\"iframe.wp-embedded-content\"),r=0;r<s.length;r++)(t=(e=s[r]).getAttribute(\"data-secret\"))||(t=Math.random().toString(36).substring(2,12),e.src+=\"#?secret=\"+t,e.setAttribute(\"data-secret\",t)),e.contentWindow.postMessage({message:\"ready\",secret:t},\"*\")},!1)))}(window,document);\n\/\/# sourceURL=https:\/\/wp.kristdemokraterna.se\/regionostergotland\/wp-includes\/js\/wp-embed.min.js\n\/* ]]> *\/\n<\/script>\n","description":"Idag kan vi presentera ett nytt borgerligt styre f\u00f6r Region \u00d6sterg\u00f6tland \u2013 som best\u00e5r av Moderaterna, Kristdemokraterna och Liberalerna. Det \u00e4r v\u00e5ra tre partier som utg\u00f6r styret, men f\u00f6r att samla en majoritet i regionfullm\u00e4ktige har vi en sakpolitisk \u00f6verenskommelse med Sverigedemokraterna. Vi har haft konstruktiva f\u00f6rhandlingar och har enats om en politisk inriktning f\u00f6r Read More"}