{"version":"1.0","provider_name":"i Region \u00d6sterg\u00f6tland","provider_url":"https:\/\/wp.kristdemokraterna.se\/regionostergotland","title":"Nyhetsbrev vecka 17 - i Region \u00d6sterg\u00f6tland","type":"rich","width":600,"height":338,"html":"<blockquote class=\"wp-embedded-content\" data-secret=\"fSjKuaTKfz\"><a href=\"https:\/\/wp.kristdemokraterna.se\/regionostergotland\/nyhetsbrev-vecka-17-4\/\">Nyhetsbrev vecka 17<\/a><\/blockquote><iframe sandbox=\"allow-scripts\" security=\"restricted\" src=\"https:\/\/wp.kristdemokraterna.se\/regionostergotland\/nyhetsbrev-vecka-17-4\/embed\/#?secret=fSjKuaTKfz\" width=\"600\" height=\"338\" title=\"\u201dNyhetsbrev vecka 17\u201d &ndash; i Region \u00d6sterg\u00f6tland\" data-secret=\"fSjKuaTKfz\" frameborder=\"0\" marginwidth=\"0\" marginheight=\"0\" scrolling=\"no\" class=\"wp-embedded-content\"><\/iframe><script type=\"text\/javascript\">\n\/* <![CDATA[ *\/\n\/*! This file is auto-generated *\/\n!function(d,l){\"use strict\";l.querySelector&&d.addEventListener&&\"undefined\"!=typeof URL&&(d.wp=d.wp||{},d.wp.receiveEmbedMessage||(d.wp.receiveEmbedMessage=function(e){var t=e.data;if((t||t.secret||t.message||t.value)&&!\/[^a-zA-Z0-9]\/.test(t.secret)){for(var s,r,n,a=l.querySelectorAll('iframe[data-secret=\"'+t.secret+'\"]'),o=l.querySelectorAll('blockquote[data-secret=\"'+t.secret+'\"]'),c=new RegExp(\"^https?:$\",\"i\"),i=0;i<o.length;i++)o[i].style.display=\"none\";for(i=0;i<a.length;i++)s=a[i],e.source===s.contentWindow&&(s.removeAttribute(\"style\"),\"height\"===t.message?(1e3<(r=parseInt(t.value,10))?r=1e3:~~r<200&&(r=200),s.height=r):\"link\"===t.message&&(r=new URL(s.getAttribute(\"src\")),n=new URL(t.value),c.test(n.protocol))&&n.host===r.host&&l.activeElement===s&&(d.top.location.href=t.value))}},d.addEventListener(\"message\",d.wp.receiveEmbedMessage,!1),l.addEventListener(\"DOMContentLoaded\",function(){for(var e,t,s=l.querySelectorAll(\"iframe.wp-embedded-content\"),r=0;r<s.length;r++)(t=(e=s[r]).getAttribute(\"data-secret\"))||(t=Math.random().toString(36).substring(2,12),e.src+=\"#?secret=\"+t,e.setAttribute(\"data-secret\",t)),e.contentWindow.postMessage({message:\"ready\",secret:t},\"*\")},!1)))}(window,document);\n\/\/# sourceURL=https:\/\/wp.kristdemokraterna.se\/regionostergotland\/wp-includes\/js\/wp-embed.min.js\n\/* ]]> *\/\n<\/script>\n","description":"Hej! Det \u00e4r Valborgsm\u00e4ssoafton och \u00e4ven om v\u00e4dret har varit aprilm\u00e4ssigt skiftande, k\u00e4nns det bra att v\u00e5ren kalenderm\u00e4ssigt nu verkligen kan h\u00e4lsas v\u00e4lkommen! Ig\u00e5r presenterade Ebba Busch och Jacob Forssmed dessutom Kristdemokraternas ekonomiska v\u00e5rmotion, ocks\u00e5 ett v\u00e5rtecken, fyllt med flera v\u00e4lkomna insatser f\u00f6r h\u00e4lso- och sjukv\u00e5rden i en oerh\u00f6rt pressad tid! P\u00e5 den regionpolitiska fronten Read More","thumbnail_url":"https:\/\/wp.kristdemokraterna.se\/regionostergotland\/files\/2021\/04\/bild-nyhetsbrev-vecka-17-2021.jpg","thumbnail_width":2048,"thumbnail_height":1175}